{"id":115248,"date":"2022-03-22T08:47:00","date_gmt":"2022-03-22T07:47:00","guid":{"rendered":"https:\/\/www.claret.org\/bereishit\/"},"modified":"2024-10-28T16:51:23","modified_gmt":"2024-10-28T15:51:23","slug":"startseite","status":"publish","type":"page","link":"https:\/\/www.claret.org\/de\/","title":{"rendered":"Startseite"},"content":{"rendered":"<p>[et_pb_section fb_built=&#8220;1&#8243; fullwidth=&#8220;on&#8220; _builder_version=&#8220;4.23.4&#8243; _module_preset=&#8220;default&#8220; background_color=&#8220;#d8d8d8&#8243; background_enable_pattern_style=&#8220;on&#8220; background_pattern_style=&#8220;scallops&#8220; global_colors_info=&#8220;{}&#8220;][et_pb_fullwidth_slider admin_label=&#8220;Banner Front&#8220; _builder_version=&#8220;4.23.4&#8243; _module_preset=&#8220;default&#8220; custom_padding=&#8220;5em||5em||true|false&#8220; animation_style=&#8220;fade&#8220; auto=&#8220;on&#8220; global_colors_info=&#8220;{}&#8220;][et_pb_slide heading=&#8220;Verwurzelt in Christus&#8220; _builder_version=&#8220;4.22.2&#8243; _module_preset=&#8220;default&#8220; background_image=&#8220;https:\/\/www.claret.org\/wp-content\/uploads\/2022\/03\/rooted-audacious-cmf-copy.webp&#8220; background_enable_image=&#8220;on&#8220; global_colors_info=&#8220;{}&#8220; sticky_transition=&#8220;on&#8220;]<\/p>\n<p>Wagemutig in der Mission<\/p>\n<p>[\/et_pb_slide][et_pb_slide heading=&#8220;Wir tr\u00e4umen von einer pilgernden Kongregation,&#8220; _builder_version=&#8220;4.22.2&#8243; _module_preset=&#8220;default&#8220; background_image=&#8220;https:\/\/www.claret.org\/wp-content\/uploads\/2022\/03\/pilgrim-congregation.webp&#8220; background_enable_image=&#8220;on&#8220; parallax=&#8220;on&#8220; header_text_shadow_style=&#8220;preset1&#8243; body_text_shadow_style=&#8220;preset1&#8243; text_shadow_style=&#8220;preset1&#8243; global_colors_info=&#8220;{}&#8220; sticky_transition=&#8220;on&#8220;]<\/p>\n<p>die im Glauben an Jesus Christus und in der claretinischen Spiritualit\u00e4t verwurzelt ist.<\/p>\n<p>[\/et_pb_slide][et_pb_slide heading=&#8220;Wir tr\u00e4umen wie Claret von einer Kongregation,&#8220; _builder_version=&#8220;4.22.2&#8243; _module_preset=&#8220;default&#8220; background_image=&#8220;https:\/\/www.claret.org\/wp-content\/uploads\/2023\/02\/CMF-dream2-980&#215;551-1.jpg&#8220; background_enable_image=&#8220;on&#8220; parallax=&#8220;on&#8220; header_text_shadow_style=&#8220;preset1&#8243; body_text_shadow_style=&#8220;preset1&#8243; text_shadow_style=&#8220;preset1&#8243; global_colors_info=&#8220;{}&#8220; sticky_transition=&#8220;on&#8220;]<\/p>\n<p>die nach dem Vorbild Mariens das Wort Gottes in ihrem Herzen bewahrt, erf\u00fcllt und verk\u00fcndet.<\/p>\n<p>[\/et_pb_slide][et_pb_slide heading=&#8220;Wir tr\u00e4umen von einer Kongregation von Missionaren&#8220; _builder_version=&#8220;4.22.2&#8243; _module_preset=&#8220;default&#8220; background_image=&#8220;https:\/\/www.claret.org\/wp-content\/uploads\/2022\/03\/CMF-dream3.webp&#8220; background_enable_image=&#8220;on&#8220; parallax=&#8220;on&#8220; header_text_shadow_style=&#8220;preset1&#8243; body_text_shadow_style=&#8220;preset1&#8243; text_shadow_style=&#8220;preset1&#8243; global_colors_info=&#8220;{}&#8220; sticky_transition=&#8220;on&#8220;]<\/p>\n<p>die ihr Leben, ihre Vielfalt und ihre Ressourcen in Gemeinschaften teilen, die von der Mission und den Diensten gepr\u00e4gt sind, die Gott uns anvertraut hat. Wir ermutigen und begleiten uns gegenseitig als Br\u00fcder durch gegenseitiges Zuh\u00f6ren, ohne jemanden auszuschlie\u00dfen.<\/p>\n<p>[\/et_pb_slide][et_pb_slide heading=&#8220;Wir tr\u00e4umen von einer k\u00fchnen und wandernden Kongregation&#8220; _builder_version=&#8220;4.22.2&#8243; _module_preset=&#8220;default&#8220; background_image=&#8220;https:\/\/www.claret.org\/wp-content\/uploads\/2022\/07\/CMF-dream-4.webp&#8220; background_enable_image=&#8220;on&#8220; parallax=&#8220;on&#8220; header_text_shadow_style=&#8220;preset1&#8243; body_text_shadow_style=&#8220;preset1&#8243; text_shadow_style=&#8220;preset1&#8243; global_colors_info=&#8220;{}&#8220; sticky_transition=&#8220;on&#8220;]<\/p>\n<p>die, vom Geist des Herrn gesandt (vgl. Lk 4,18; Apg 8,28.39), an die Peripherie geht, sich den Jugendlichen n\u00e4hert, mit ihnen geht und sie ermutigt, dem Ruf Gottes zu folgen.<\/p>\n<p>[\/et_pb_slide][et_pb_slide heading=&#8220;Wir tr\u00e4umen von einer Kongregation&#8220; _builder_version=&#8220;4.22.2&#8243; _module_preset=&#8220;default&#8220; background_image=&#8220;https:\/\/www.claret.org\/wp-content\/uploads\/2022\/07\/CMf-dream-5.webp&#8220; background_enable_image=&#8220;on&#8220; parallax=&#8220;on&#8220; header_text_shadow_style=&#8220;preset1&#8243; body_text_shadow_style=&#8220;preset1&#8243; text_shadow_style=&#8220;preset1&#8243; global_colors_info=&#8220;{}&#8220; sticky_transition=&#8220;on&#8220;]<\/p>\n<p>die von der biblischen Animation aller pastoralen Dienste ausgeht (vgl. WD 73), die mit allen Mitteln der gemeinsamen Mission, des interreligi\u00f6sen Dialogs und der intelligenten Nutzung der verschiedenen Kommunikationsmittel evangelisiert.<\/p>\n<p>[\/et_pb_slide][et_pb_slide heading=&#8220;Wir tr\u00e4umen von einer Kongregation&#8220; _builder_version=&#8220;4.22.2&#8243; _module_preset=&#8220;default&#8220; background_image=&#8220;https:\/\/www.claret.org\/wp-content\/uploads\/2022\/03\/CMF-dream6.webp&#8220; background_enable_image=&#8220;on&#8220; parallax=&#8220;on&#8220; header_text_shadow_style=&#8220;preset1&#8243; body_text_shadow_style=&#8220;preset1&#8243; text_shadow_style=&#8220;preset1&#8243; global_colors_info=&#8220;{}&#8220; sticky_transition=&#8220;on&#8220;]<\/p>\n<p>die sich der universalen Br\u00fcderlichkeit (Fratelli tutti), der Gerechtigkeit, dem Frieden und der Sorge um das gemeinsame Haus (Laudato si\u2019) verpflichtet f\u00fchlt. Im Geist der Synodalit\u00e4t arbeiten wir mit Menschen verschiedener Kulturen, Ethnien und Religionen zusammen, um die Welt nach dem Plan Gottes zu ver\u00e4ndern (vgl. CC 46).<\/p>\n<p>[\/et_pb_slide][et_pb_slide heading=&#8220;Wir tr\u00e4umen von einer Kongregation&#8220; _builder_version=&#8220;4.22.2&#8243; _module_preset=&#8220;default&#8220; background_image=&#8220;https:\/\/www.claret.org\/wp-content\/uploads\/2022\/03\/CMF-dream7.webp&#8220; background_enable_image=&#8220;on&#8220; parallax=&#8220;on&#8220; header_text_shadow_style=&#8220;preset1&#8243; body_text_shadow_style=&#8220;preset1&#8243; text_shadow_style=&#8220;preset1&#8243; global_colors_info=&#8220;{}&#8220; sticky_transition=&#8220;on&#8220;]<\/p>\n<p>die bereit ist, auf neue Herausforderungen durch einen ganzheitlichen und kontinuierlichen Ausbildungsprozess zu antworten, offen f\u00fcr die universale Sendung, gem\u00e4\u00df dem Geist und Charisma unseres Vaters und Gr\u00fcnders.<\/p>\n<p>[\/et_pb_slide][\/et_pb_fullwidth_slider][\/et_pb_section][et_pb_section fb_built=&#8220;1&#8243; _builder_version=&#8220;4.23.4&#8243; _module_preset=&#8220;default&#8220; background_color=&#8220;#f9f7de&#8220; custom_padding=&#8220;11px||18px|||&#8220; global_colors_info=&#8220;{}&#8220;][et_pb_row column_structure=&#8220;2_5,3_5&#8243; _builder_version=&#8220;4.23.4&#8243; _module_preset=&#8220;default&#8220; custom_padding=&#8220;||5px|||&#8220; global_colors_info=&#8220;{}&#8220;][et_pb_column type=&#8220;2_5&#8243; _builder_version=&#8220;4.23.4&#8243; _module_preset=&#8220;default&#8220; global_colors_info=&#8220;{}&#8220;][et_pb_text _builder_version=&#8220;4.27.0&#8243; _module_preset=&#8220;default&#8220; header_2_font=&#8220;|700|||||||&#8220; custom_margin=&#8220;||||false|false&#8220; global_colors_info=&#8220;{}&#8220;]<\/p>\n<h2>Videos von den Claretiner Missionen<\/h2>\n<p>[\/et_pb_text][et_pb_video src=&#8220;https:\/\/youtu.be\/X4XmmrRbSjo?si=57KfbPLZcpxKieDs&#8220; _builder_version=&#8220;4.27.2&#8243; _module_preset=&#8220;default&#8220; global_colors_info=&#8220;{}&#8220;][\/et_pb_video][et_pb_text _builder_version=&#8220;4.27.0&#8243; _module_preset=&#8220;default&#8220; header_2_font=&#8220;|700|||||||&#8220; custom_margin=&#8220;||||false|false&#8220; custom_padding=&#8220;1em||||false|false&#8220; global_colors_info=&#8220;{}&#8220;]<\/p>\n<h2><a href=\"https:\/\/www.claret.org\/de\/spiritualitaet-und-gemeinschaftsleben-2\/kongress-der-claretiner-spiritualitaet\/\" target=\"_blank\" rel=\"noopener\">Claretiner Spiritualit\u00e4tskongress<\/a><\/h2>\n<p><a href=\"https:\/\/www.claret.org\/de\/spiritualitaet-und-gemeinschaftsleben-2\/kongress-der-claretiner-spiritualitaet\/\">Materialien<\/a> | <a href=\"https:\/\/www.claret.org\/de\/spiritualitaet-und-gemeinschaftsleben-2\/kongress-der-claretiner-spiritualitaet\/fotos-des-claretian-spirituality-congress\/\">Fotos<\/a> | <a href=\"https:\/\/www.claret.org\/de\/spiritualitaet-und-gemeinschaftsleben-2\/kongress-der-claretiner-spiritualitaet\/videos-des-claretian-spirituality-congress\/\">Filme<\/a> | <a href=\"https:\/\/www.claret.org\/de\/claretian-spirituality-congress-testimonies-2\/\">Zeugnisse<\/a> | <a href=\"https:\/\/www.claret.org\/category\/claretian-spirituality-congress\/\">Chronik<\/a><\/p>\n<p>&nbsp;<\/p>\n<p>[\/et_pb_text][\/et_pb_column][et_pb_column type=&#8220;3_5&#8243; _builder_version=&#8220;4.23.4&#8243; _module_preset=&#8220;default&#8220; global_colors_info=&#8220;{}&#8220;][et_pb_text _builder_version=&#8220;4.27.0&#8243; _module_preset=&#8220;default&#8220; header_2_font=&#8220;|700|||||||&#8220; custom_margin=&#8220;||||false|false&#8220; global_colors_info=&#8220;{}&#8220;]<\/p>\n<h2><a href=\"https:\/\/www.claret.org\/de\/nachrichten\/\" title=\"Latest in the Congregation\">Neueste in der Kongregation<\/a><\/h2>\n<p>[\/et_pb_text][et_pb_post_slider posts_number=&#8220;1&#8243; include_categories=&#8220;89,90,95,112,56,12,1550,4746,28,31,32,4595,39,49,4384,63,51,14,15,35,100,88,113,60,2472,84,78,57,5126,1140,108,114,115,4389,2390,16,75,5113,41,4978,52,17,99,42,65,50,102,43,4999,91,44,61,29,45,106,109,11,107,111,4378,1161,37,2447,79,1146,53,55,2026,101,20,4747,1611,64,5047,110,85,46,4960,5118,13,1880,93,4906,26,27,2412,36,82,4773,21,4908,86,1152,119,97,34,22,1096,116,104,80,47,1151,4899,98,96,117,40,48,1697,105,94,4742,58,76,2435,23,4981,54,87,120,103,4891,81,4300,118,4905,4779,24,30,25&#8243; excerpt_length=&#8220;160&#8243; show_meta=&#8220;off&#8220; _builder_version=&#8220;4.27.0&#8243; _module_preset=&#8220;default&#8220; custom_button=&#8220;on&#8220; button_text_size=&#8220;12px&#8220; button_bg_color=&#8220;#bf6f00&#8243; auto=&#8220;on&#8220; global_colors_info=&#8220;{}&#8220;][\/et_pb_post_slider][\/et_pb_column][\/et_pb_row][\/et_pb_section][et_pb_section fb_built=&#8220;1&#8243; _builder_version=&#8220;4.27.0&#8243; _module_preset=&#8220;default&#8220; use_background_color_gradient=&#8220;on&#8220; background_color_gradient_stops=&#8220;#f9f7de 0%|#ffffff 62%&#8220; custom_margin=&#8220;||||false|false&#8220; custom_padding=&#8220;0px||7px||false|false&#8220; global_colors_info=&#8220;{}&#8220;][et_pb_row column_structure=&#8220;1_4,1_4,1_4,1_4&#8243; _builder_version=&#8220;4.23.4&#8243; _module_preset=&#8220;default&#8220; global_colors_info=&#8220;{}&#8220;][et_pb_column type=&#8220;1_4&#8243; _builder_version=&#8220;4.23.4&#8243; _module_preset=&#8220;default&#8220; global_colors_info=&#8220;{}&#8220;][et_pb_blog fullwidth=&#8220;off&#8220; posts_number=&#8220;1&#8243; include_categories=&#8220;89,12,90,95,112,56,1550,4746,28,31,32,4595,39,49,4384,63,51,14,15,35,100,88,113,60,2472,84,4904,78,57,5126,1140,108,114,115,4389,16,75,5113,41,4978,52,17,99,42,65,50,102,43,4999,91,44,61,29,45,106,109,11,107,111,1161,4378,37,2447,79,1146,53,55,2026,101,20,4747,1611,64,5047,110,85,46,4960,5118,13,1880,93,1162,4906,26,27,2412,36,82,4773,21,4908,86,1152,4903,119,97,34,22,1096,116,4907,104,80,47,1151,4899,98,96,117,40,48,1697,105,94,4742,58,76,2435,23,4981,54,87,83,120,103,4891,81,4300,118,4779,24,1928,2518,30,25&#8243; show_author=&#8220;off&#8220; show_date=&#8220;off&#8220; show_categories=&#8220;off&#8220; show_excerpt=&#8220;off&#8220; show_pagination=&#8220;off&#8220; offset_number=&#8220;1&#8243; _builder_version=&#8220;4.27.0&#8243; _module_preset=&#8220;default&#8220; border_width_all=&#8220;0px&#8220; box_shadow_style_image=&#8220;preset3&#8243; global_colors_info=&#8220;{}&#8220;][\/et_pb_blog][\/et_pb_column][et_pb_column type=&#8220;1_4&#8243; _builder_version=&#8220;4.23.4&#8243; _module_preset=&#8220;default&#8220; global_colors_info=&#8220;{}&#8220;][et_pb_blog fullwidth=&#8220;off&#8220; posts_number=&#8220;1&#8243; include_categories=&#8220;89,12,90,95,112,56,1550,4746,28,31,32,4595,39,49,4384,63,51,14,15,35,100,88,113,60,2472,84,4904,78,57,5126,1140,108,114,115,4389,16,75,5113,41,4978,52,17,99,42,65,50,102,43,4999,91,44,61,29,45,106,109,11,107,111,1161,4378,37,2447,79,1146,53,55,2026,101,20,4747,1611,64,5047,110,85,46,4960,5118,13,1880,93,1162,4906,26,27,2412,36,82,4773,21,4908,86,1152,4903,119,97,34,22,1096,116,4907,104,80,47,1151,4899,98,96,117,40,48,1697,105,94,4742,58,76,2435,23,4981,54,87,83,120,103,4891,81,4300,118,4779,24,1928,2518,30,25&#8243; show_author=&#8220;off&#8220; show_date=&#8220;off&#8220; show_categories=&#8220;off&#8220; show_excerpt=&#8220;off&#8220; show_pagination=&#8220;off&#8220; offset_number=&#8220;2&#8243; _builder_version=&#8220;4.27.0&#8243; _module_preset=&#8220;default&#8220; border_width_all=&#8220;0px&#8220; box_shadow_style_image=&#8220;preset3&#8243; global_colors_info=&#8220;{}&#8220;][\/et_pb_blog][\/et_pb_column][et_pb_column type=&#8220;1_4&#8243; _builder_version=&#8220;4.23.4&#8243; _module_preset=&#8220;default&#8220; global_colors_info=&#8220;{}&#8220;][et_pb_blog fullwidth=&#8220;off&#8220; posts_number=&#8220;1&#8243; include_categories=&#8220;89,12,90,95,112,56,1550,4746,28,31,32,4595,39,49,4384,63,51,14,15,35,100,88,113,60,2472,84,4904,78,57,5126,1140,108,114,115,4389,16,75,5113,41,4978,52,17,99,42,65,50,102,43,4999,91,44,61,29,45,106,109,11,107,111,1161,4378,37,2447,79,1146,53,55,2026,101,20,4747,1611,64,5047,110,85,46,4960,5118,13,1880,93,1162,4906,26,27,2412,36,82,4773,21,4908,86,1152,4903,119,97,34,22,1096,116,4907,104,80,47,1151,4899,98,96,117,40,48,1697,105,94,4742,58,76,2435,23,4981,54,87,83,120,103,4891,81,4300,118,4779,24,1928,2518,30,25&#8243; show_author=&#8220;off&#8220; show_date=&#8220;off&#8220; show_categories=&#8220;off&#8220; show_excerpt=&#8220;off&#8220; show_pagination=&#8220;off&#8220; offset_number=&#8220;3&#8243; _builder_version=&#8220;4.27.0&#8243; _module_preset=&#8220;default&#8220; border_width_all=&#8220;0px&#8220; box_shadow_style_image=&#8220;preset3&#8243; global_colors_info=&#8220;{}&#8220;][\/et_pb_blog][\/et_pb_column][et_pb_column type=&#8220;1_4&#8243; _builder_version=&#8220;4.23.4&#8243; _module_preset=&#8220;default&#8220; global_colors_info=&#8220;{}&#8220;][et_pb_blog fullwidth=&#8220;off&#8220; posts_number=&#8220;1&#8243; include_categories=&#8220;89,12,90,95,112,56,1550,4746,28,31,32,4595,39,49,4384,63,51,14,15,35,100,88,113,60,2472,84,4904,78,57,5126,1140,108,114,115,4389,16,75,5113,41,4978,52,17,99,42,65,50,102,43,4999,91,44,61,29,45,106,109,11,107,111,1161,4378,37,2447,79,1146,53,55,2026,101,20,4747,1611,64,5047,110,85,46,4960,5118,13,1880,93,1162,4906,26,27,2412,36,82,4773,21,4908,86,1152,4903,119,97,34,22,1096,116,4907,104,80,47,1151,4899,98,96,117,40,48,1697,105,94,4742,58,76,2435,23,4981,54,87,83,120,103,4891,81,4300,118,4779,24,1928,2518,30,25&#8243; show_author=&#8220;off&#8220; show_date=&#8220;off&#8220; show_categories=&#8220;off&#8220; show_excerpt=&#8220;off&#8220; show_pagination=&#8220;off&#8220; offset_number=&#8220;4&#8243; _builder_version=&#8220;4.27.0&#8243; _module_preset=&#8220;default&#8220; border_width_all=&#8220;0px&#8220; box_shadow_style_image=&#8220;preset3&#8243; global_colors_info=&#8220;{}&#8220;][\/et_pb_blog][\/et_pb_column][\/et_pb_row][\/et_pb_section][et_pb_section fb_built=&#8220;1&#8243; _builder_version=&#8220;4.23.4&#8243; _module_preset=&#8220;default&#8220; background_color=&#8220;#db2800&#8243; custom_padding=&#8220;1px||0px|||&#8220; saved_tabs=&#8220;all&#8220; global_colors_info=&#8220;{}&#8220;][et_pb_row _builder_version=&#8220;4.17.4&#8243; _module_preset=&#8220;default&#8220; global_colors_info=&#8220;{}&#8220;][et_pb_column type=&#8220;4_4&#8243; _builder_version=&#8220;4.17.4&#8243; _module_preset=&#8220;default&#8220; global_colors_info=&#8220;{}&#8220;][et_pb_text _builder_version=&#8220;4.23.4&#8243; _module_preset=&#8220;default&#8220; text_text_color=&#8220;#FFFFFF&#8220; header_font=&#8220;||||||||&#8220; header_text_align=&#8220;center&#8220; header_text_color=&#8220;#FFFFFF&#8220; header_font_size=&#8220;40px&#8220; header_2_text_align=&#8220;center&#8220; text_orientation=&#8220;center&#8220; background_layout=&#8220;dark&#8220; module_alignment=&#8220;center&#8220; custom_margin=&#8220;8px|||||&#8220; header_font_size_tablet=&#8220;40px&#8220; header_font_size_phone=&#8220;40px&#8220; header_font_size_last_edited=&#8220;on|desktop&#8220; global_colors_info=&#8220;{}&#8220;]<\/p>\n<h2>Claretiner Missionare: Verwurzelt in Christus, k\u00fchn in der Mission<\/h2>\n<p>[\/et_pb_text][\/et_pb_column][\/et_pb_row][\/et_pb_section][et_pb_section fb_built=&#8220;1&#8243; _builder_version=&#8220;4.23.4&#8243; _module_preset=&#8220;default&#8220; background_color=&#8220;#dddddd&#8220; custom_padding=&#8220;21px||11px|||&#8220; global_colors_info=&#8220;{}&#8220;][et_pb_row column_structure=&#8220;1_4,1_4,1_4,1_4&#8243; _builder_version=&#8220;4.22.2&#8243; _module_preset=&#8220;default&#8220; background_color=&#8220;RGBA(255,255,255,0)&#8220; module_alignment=&#8220;center&#8220; custom_margin=&#8220;||||false|false&#8220; custom_padding=&#8220;||8px|||&#8220; global_colors_info=&#8220;{}&#8220;][et_pb_column type=&#8220;1_4&#8243; _builder_version=&#8220;4.17.4&#8243; _module_preset=&#8220;default&#8220; global_colors_info=&#8220;{}&#8220;][et_pb_text _builder_version=&#8220;4.22.2&#8243; _module_preset=&#8220;default&#8220; text_text_color=&#8220;#000000&#8243; header_2_text_color=&#8220;#000000&#8243; header_3_text_color=&#8220;#000000&#8243; link_option_url=&#8220;https:\/\/www.claret.org\/de\/generaloberen\/&#8220; global_colors_info=&#8220;{}&#8220;]<\/p>\n<h3>VOM GENERAL<\/h3>\n<p>[\/et_pb_text][et_pb_text _builder_version=&#8220;4.27.2&#8243; _module_preset=&#8220;default&#8220; link_text_color=&#8220;#000000&#8243; ul_text_color=&#8220;#E09900&#8243; custom_margin=&#8220;||6px||false|false&#8220; custom_padding=&#8220;||||false|false&#8220; hover_enabled=&#8220;0&#8243; global_colors_info=&#8220;{}&#8220; sticky_enabled=&#8220;0&#8243;]<\/p>\n<ul>\n<li><a href=\"\/?page_id=33314\" title=\"Nachrichten\/Rundschreiben\">Nachrichten\/Rundschreiben<\/a><\/li>\n<\/ul>\n<p>[\/et_pb_text][et_pb_blog posts_number=&#8220;1&#8243; include_categories=&#8220;1162&#8243; excerpt_length=&#8220;0&#8243; show_author=&#8220;off&#8220; show_date=&#8220;off&#8220; show_categories=&#8220;off&#8220; show_excerpt=&#8220;off&#8220; show_pagination=&#8220;off&#8220; _builder_version=&#8220;4.23.4&#8243; _module_preset=&#8220;default&#8220; header_text_color=&#8220;#000000&#8243; header_font_size=&#8220;16px&#8220; custom_margin=&#8220;||-21px||false|false&#8220; box_shadow_style_image=&#8220;preset2&#8243; global_colors_info=&#8220;{}&#8220;][\/et_pb_blog][\/et_pb_column][et_pb_column type=&#8220;1_4&#8243; disabled_on=&#8220;off|off|off&#8220; _builder_version=&#8220;4.17.4&#8243; _module_preset=&#8220;default&#8220; global_colors_info=&#8220;{}&#8220;][et_pb_text _builder_version=&#8220;4.22.2&#8243; _module_preset=&#8220;default&#8220; text_text_color=&#8220;#000000&#8243; header_2_text_color=&#8220;#000000&#8243; header_3_text_color=&#8220;#000000&#8243; global_colors_info=&#8220;{}&#8220;]<\/p>\n<h3>NACHRICHTEN \/ MULTIMEDIEN<\/h3>\n<p>[\/et_pb_text][et_pb_sidebar _builder_version=&#8220;4.18.0&#8243; _module_preset=&#8220;default&#8220; custom_margin=&#8220;||0px|||&#8220; global_colors_info=&#8220;{}&#8220;][\/et_pb_sidebar][et_pb_text _builder_version=&#8220;4.24.0&#8243; _module_preset=&#8220;default&#8220; text_text_color=&#8220;#FFFFFF&#8220; link_text_color=&#8220;#000000&#8243; ul_text_color=&#8220;#E09900&#8243; custom_margin=&#8220;||7px|||&#8220; global_colors_info=&#8220;{}&#8220;]<\/p>\n<ul>\n<li><a href=\"https:\/\/www.claret.org\/de\/nachrichten\/\">Alle Nachrichten<\/a><\/li>\n<li><a href=\"https:\/\/www.claret.org\/de\/ressourcen\/videos\/\">Videoaufnahmen<\/a><\/li>\n<li><a href=\"https:\/\/www.claret.org\/resources\/claretian-songs\/\">Claretian Songs<\/a><\/li>\n<li><a href=\"https:\/\/www.claret.org\/de\/claretian-fotos\/\" target=\"_blank\" rel=\"noopener\" title=\"Claretian Photos\">Claretian Photos<\/a><\/li>\n<\/ul>\n<p>[\/et_pb_text][et_pb_text _builder_version=&#8220;4.22.2&#8243; _module_preset=&#8220;default&#8220; text_text_color=&#8220;#FFFFFF&#8220; link_text_color=&#8220;#000000&#8243; ul_text_color=&#8220;#E09900&#8243; custom_margin=&#8220;||7px|||&#8220; global_colors_info=&#8220;{}&#8220;]<\/p>\n<ul>\n<li><a href=\"https:\/\/www.claret.org\/de\/ueber-uns\/necrologium\/\">Necrologium<\/a><\/li>\n<li><a href=\"https:\/\/www.claret.org\/de\/ephemeride\/\">Ephemeris<\/span><\/a><\/li>\n<\/ul>\n<p>[\/et_pb_text][\/et_pb_column][et_pb_column type=&#8220;1_4&#8243; _builder_version=&#8220;4.17.4&#8243; _module_preset=&#8220;default&#8220; global_colors_info=&#8220;{}&#8220;][et_pb_text _builder_version=&#8220;4.22.2&#8243; _module_preset=&#8220;default&#8220; text_text_color=&#8220;#000000&#8243; header_2_text_color=&#8220;#000000&#8243; header_3_text_color=&#8220;#000000&#8243; global_colors_info=&#8220;{}&#8220;]<\/p>\n<h3>DOKUMENTE<\/h3>\n<p>[\/et_pb_text][et_pb_text _builder_version=&#8220;4.23.4&#8243; _module_preset=&#8220;default&#8220; text_text_color=&#8220;#FFFFFF&#8220; link_text_color=&#8220;#000000&#8243; ul_text_color=&#8220;#E09900&#8243; custom_margin=&#8220;-6px||7px|||&#8220; global_colors_info=&#8220;{}&#8220;]<\/p>\n<ul id=\"menu-documents\" class=\"menu\">\n<li id=\"menu-item-114299\" class=\"menu-item menu-item-type-post_type menu-item-object-page menu-item-114299\"><a href=\"https:\/\/www.claret.org\/de\/ressourcen\/kapitelsdokumente\/\">Kapitel dokumentiert<\/a><\/li>\n<li id=\"menu-item-114300\" class=\"menu-item menu-item-type-post_type menu-item-object-page menu-item-114300\"><a href=\"https:\/\/www.claret.org\/de\/ressourcen\/claretiner-liturgie\/\">Claretiner Liturgie<\/a><\/li>\n<li id=\"menu-item-114301\" class=\"menu-item menu-item-type-post_type menu-item-object-page menu-item-114301\"><a href=\"https:\/\/www.claret.org\/de\/ressourcen\/kongregationsdokumente\/\">Gemeindedokumente<\/a><a href=\"https:\/\/www.claret.org\/de\/ueber-uns\/necrologium\/\"><\/a><\/li>\n<li id=\"menu-item-114303\" class=\"menu-item menu-item-type-post_type menu-item-object-page menu-item-114303\"><a href=\"https:\/\/www.claret.org\/de\/ressourcen\/nunc\/\">NUNC<\/a><a href=\"https:\/\/www.claret.org\/de\/ressourcen\/die-schmiede-im-alltaeglichen-leben\/\"><\/a><\/li>\n<li id=\"menu-item-114304\" class=\"menu-item menu-item-type-post_type menu-item-object-page menu-item-114304\"><a href=\"https:\/\/www.claret.org\/de\/ressourcen\/wortmission\/\">Wort Sendung<\/a><\/li>\n<\/ul>\n<p>[\/et_pb_text][et_pb_text _builder_version=&#8220;4.22.2&#8243; _module_preset=&#8220;default&#8220; text_text_color=&#8220;#000000&#8243; header_2_text_color=&#8220;#000000&#8243; header_3_text_color=&#8220;#000000&#8243; global_colors_info=&#8220;{}&#8220;]<\/p>\n<h3>ALLGEMEINE LINKS<\/h3>\n<p>[\/et_pb_text][et_pb_text _builder_version=&#8220;4.27.0&#8243; _module_preset=&#8220;default&#8220; text_text_color=&#8220;#FFFFFF&#8220; link_text_color=&#8220;#000000&#8243; ul_text_color=&#8220;#E09900&#8243; custom_margin=&#8220;-17px||7px|||&#8220; global_colors_info=&#8220;{}&#8220;]<\/p>\n<ul id=\"menu-cmf-websites\" class=\"menu\">\n<li class=\"menu-item menu-item-type-custom menu-item-object-custom menu-item-119199\"><a href=\"https:\/\/postulgen.claret.org\/\" target=\"_blank\" rel=\"noopener nofollow\">Ursachen f\u00fcr Heilige<\/a><\/li>\n<li id=\"menu-item-119199\" class=\"menu-item menu-item-type-custom menu-item-object-custom menu-item-119199\"><a href=\"https:\/\/www.cescvic.org\" rel=\"nofollow noopener\" target=\"_blank\">CESC<\/a><\/li>\n<li id=\"menu-item-119200\" class=\"menu-item menu-item-type-custom menu-item-object-custom menu-item-119200\"><a href=\"http:\/\/www.itercmf.org\/\" rel=\"nofollow noopener\" target=\"_blank\">Claretinerjahr<\/a><\/li>\n<li class=\"menu-item menu-item-type-custom menu-item-object-custom menu-item-119200\"><a href=\"https:\/\/procladeint.org\" target=\"_blank\" rel=\"noopener nofollow\">Proclade Internazionale Onlus<\/a><\/li>\n<li class=\"menu-item menu-item-type-custom menu-item-object-custom menu-item-119200\"><a href=\"http:\/\/claret.cmfgen.org\" target=\"_blank\" rel=\"noopener nofollow\">SECLAR<\/a><\/li>\n<li class=\"menu-item menu-item-type-custom menu-item-object-custom menu-item-119200\"><a href=\"https:\/\/www.somicmf.org\" target=\"_blank\" rel=\"noopener nofollow\">SOMI<\/a><\/li>\n<\/ul>\n<p>[\/et_pb_text][\/et_pb_column][et_pb_column type=&#8220;1_4&#8243; _builder_version=&#8220;4.17.4&#8243; _module_preset=&#8220;default&#8220; global_colors_info=&#8220;{}&#8220;][et_pb_text _builder_version=&#8220;4.24.0&#8243; _module_preset=&#8220;default&#8220; text_text_color=&#8220;#000000&#8243; header_2_text_color=&#8220;#000000&#8243; header_3_text_color=&#8220;#000000&#8243; global_colors_info=&#8220;{}&#8220;]<\/p>\n<h3>PREFECTURE LINKS<\/h3>\n<p>[\/et_pb_text][et_pb_text _builder_version=&#8220;4.24.0&#8243; _module_preset=&#8220;default&#8220; text_text_color=&#8220;#FFFFFF&#8220; link_text_color=&#8220;#000000&#8243; ul_text_color=&#8220;#E09900&#8243; custom_margin=&#8220;||7px|||&#8220; global_colors_info=&#8220;{}&#8220;]<\/p>\n<ul>\n<li id=\"menu-item-114281\" class=\"menu-item menu-item-type-post_type menu-item-object-page menu-item-114281\"><a href=\"https:\/\/www.claret.org\/de\/apostolat\/\">Apostolat<\/a><\/li>\n<li id=\"menu-item-114283\" class=\"menu-item menu-item-type-post_type menu-item-object-page menu-item-114283\"><a href=\"https:\/\/www.claret.org\/de\/biblische-pastoralarbeit-und-kommunikation\/\">Bibel Dienst &#038; amp; Kommunikation<\/a><\/li>\n<li id=\"menu-item-115765\" class=\"menu-item menu-item-type-post_type menu-item-object-page menu-item-115765\"><a href=\"https:\/\/www.claretianformation.com\" target=\"_blank\" rel=\"noopener nofollow\">Bildung<\/a><\/li>\n<li id=\"menu-item-114284\" class=\"menu-item menu-item-type-post_type menu-item-object-page menu-item-114284\"><a href=\"https:\/\/www.claret.org\/de\/spiritualitaet-und-gemeinschaftsleben-2\/\">Spiritualit\u00e4t und Leben in der Gemeinschaft<\/a><\/li>\n<li id=\"menu-item-114282\" class=\"menu-item menu-item-type-post_type menu-item-object-page menu-item-114282\"><a href=\"https:\/\/www.claret.org\/de\/jugendarbeit-und-berufungen\/\">Dienst und Berufung der Jugend<\/a><\/li>\n<\/ul>\n<p>[\/et_pb_text][et_pb_text _builder_version=&#8220;4.23.4&#8243; _module_preset=&#8220;default&#8220; text_text_color=&#8220;#000000&#8243; header_2_text_color=&#8220;#000000&#8243; header_3_text_color=&#8220;#000000&#8243; global_colors_info=&#8220;{}&#8220;]<\/p>\n<h3>anderen Abschnitten<\/h3>\n<p>[\/et_pb_text][et_pb_text _builder_version=&#8220;4.23.4&#8243; _module_preset=&#8220;default&#8220; link_text_color=&#8220;#000000&#8243; ul_text_color=&#8220;#E09900&#8243; global_colors_info=&#8220;{}&#8220;]<\/p>\n<ul>\n<li><span style=\"color: #000000;\"><a href=\"https:\/\/www.claret.org\/apostolate\/institutes-for-consecrated-life\/\" style=\"color: #000000;\">Geweihtes Leben<\/a><\/span><\/li>\n<li><a href=\"https:\/\/www.claret.org\/spirituality-and-community-life\/community\/\"><span style=\"color: #000000;\">Gemeinschaft<\/span><\/a><\/li>\n<li><a href=\"https:\/\/www.claret.org\/de\/claretinerfamilie\/\"><span style=\"color: #000000;\">Claretische Familie<\/span><\/a><\/li>\n<\/ul>\n<p>[\/et_pb_text][et_pb_search _builder_version=&#8220;4.23.4&#8243; _module_preset=&#8220;default&#8220; button_text_color=&#8220;#000000&#8243; background_color=&#8220;#FFFFFF&#8220; global_colors_info=&#8220;{}&#8220;][\/et_pb_search][\/et_pb_column][\/et_pb_row][\/et_pb_section]<\/p>\n","protected":false},"excerpt":{"rendered":"<p>Wagemutig in der Missiondie im Glauben an Jesus Christus und in der claretinischen Spiritualit\u00e4t verwurzelt ist.die nach dem Vorbild Mariens das Wort Gottes in ihrem Herzen bewahrt, erf\u00fcllt und verk\u00fcndet.die ihr Leben, ihre Vielfalt und ihre Ressourcen in Gemeinschaften teilen, die von der Mission und den Diensten gepr\u00e4gt sind, die Gott uns anvertraut hat. Wir [&hellip;]<\/p>\n","protected":false},"author":2,"featured_media":130772,"parent":0,"menu_order":0,"comment_status":"closed","ping_status":"closed","template":"","meta":{"_et_pb_use_builder":"on","_et_pb_old_content":"","_et_gb_content_width":"","footnotes":""},"class_list":["post-115248","page","type-page","status-publish","has-post-thumbnail","hentry"],"jetpack_sharing_enabled":true,"jetpack_shortlink":"https:\/\/wp.me\/PdaBmi-tYQ","jetpack_likes_enabled":true,"_links":{"self":[{"href":"https:\/\/www.claret.org\/de\/wp-json\/wp\/v2\/pages\/115248","targetHints":{"allow":["GET"]}}],"collection":[{"href":"https:\/\/www.claret.org\/de\/wp-json\/wp\/v2\/pages"}],"about":[{"href":"https:\/\/www.claret.org\/de\/wp-json\/wp\/v2\/types\/page"}],"author":[{"embeddable":true,"href":"https:\/\/www.claret.org\/de\/wp-json\/wp\/v2\/users\/2"}],"replies":[{"embeddable":true,"href":"https:\/\/www.claret.org\/de\/wp-json\/wp\/v2\/comments?post=115248"}],"version-history":[{"count":0,"href":"https:\/\/www.claret.org\/de\/wp-json\/wp\/v2\/pages\/115248\/revisions"}],"wp:featuredmedia":[{"embeddable":true,"href":"https:\/\/www.claret.org\/de\/wp-json\/wp\/v2\/media\/130772"}],"wp:attachment":[{"href":"https:\/\/www.claret.org\/de\/wp-json\/wp\/v2\/media?parent=115248"}],"curies":[{"name":"wp","href":"https:\/\/api.w.org\/{rel}","templated":true}]}}