{"id":113912,"date":"2022-03-22T08:47:00","date_gmt":"2022-03-22T07:47:00","guid":{"rendered":"https:\/\/www.claret.org\/bereishit\/"},"modified":"2026-04-27T15:22:51","modified_gmt":"2026-04-27T13:22:51","slug":"inicio","status":"publish","type":"page","link":"https:\/\/www.claret.org\/es\/","title":{"rendered":"Inicio"},"content":{"rendered":"<p>[et_pb_section fb_built=\u00bb1&#8243; fullwidth=\u00bbon\u00bb _builder_version=\u00bb4.23.4&#8243; _module_preset=\u00bbdefault\u00bb background_color=\u00bb#d8d8d8&#8243; background_enable_pattern_style=\u00bbon\u00bb background_pattern_style=\u00bbscallops\u00bb global_colors_info=\u00bb{}\u00bb][et_pb_fullwidth_slider admin_label=\u00bbBanner Front\u00bb _builder_version=\u00bb4.23.4&#8243; _module_preset=\u00bbdefault\u00bb custom_padding=\u00bb5em||5em||true|false\u00bb animation_style=\u00bbfade\u00bb auto=\u00bbon\u00bb global_colors_info=\u00bb{}\u00bb][et_pb_slide heading=\u00bbArraigados en Cristo\u00bb _builder_version=\u00bb4.22.2&#8243; _module_preset=\u00bbdefault\u00bb background_image=\u00bbhttps:\/\/www.claret.org\/wp-content\/uploads\/2022\/03\/rooted-audacious-cmf-copy.webp\u00bb background_enable_image=\u00bbon\u00bb global_colors_info=\u00bb{}\u00bb sticky_transition=\u00bbon\u00bb]<\/p>\n<p>audaces en la misi\u00f3n<\/p>\n<p>[\/et_pb_slide][et_pb_slide heading=\u00bbSo\u00f1amos una Congregaci\u00f3n peregrina\u00bb _builder_version=\u00bb4.22.2&#8243; _module_preset=\u00bbdefault\u00bb background_image=\u00bbhttps:\/\/www.claret.org\/wp-content\/uploads\/2022\/03\/pilgrim-congregation.webp\u00bb background_enable_image=\u00bbon\u00bb parallax=\u00bbon\u00bb header_text_shadow_style=\u00bbpreset1&#8243; body_text_shadow_style=\u00bbpreset1&#8243; text_shadow_style=\u00bbpreset1&#8243; global_colors_info=\u00bb{}\u00bb sticky_transition=\u00bbon\u00bb]<\/p>\n<p>arraigada en la fe en Jesucristo y en la espiritualidad claretiana.<\/p>\n<p>[\/et_pb_slide][et_pb_slide heading=\u00bbSo\u00f1amos con Claret una Congregaci\u00f3n \u00bb _builder_version=\u00bb4.22.2&#8243; _module_preset=\u00bbdefault\u00bb background_image=\u00bbhttps:\/\/www.claret.org\/wp-content\/uploads\/2023\/02\/CMF-dream2-980&#215;551-1.jpg\u00bb background_enable_image=\u00bbon\u00bb parallax=\u00bbon\u00bb header_text_shadow_style=\u00bbpreset1&#8243; body_text_shadow_style=\u00bbpreset1&#8243; text_shadow_style=\u00bbpreset1&#8243; global_colors_info=\u00bb{}\u00bb sticky_transition=\u00bbon\u00bb]<\/p>\n<p>que, a ejemplo de Mar\u00eda, atesora en su coraz\u00f3n, cumple y proclama la Palabra de Dios.<\/p>\n<p>[\/et_pb_slide][et_pb_slide heading=\u00bbSo\u00f1amos una Congregaci\u00f3n de misioneros \u00bb _builder_version=\u00bb4.22.2&#8243; _module_preset=\u00bbdefault\u00bb background_image=\u00bbhttps:\/\/www.claret.org\/wp-content\/uploads\/2022\/03\/CMF-dream3.webp\u00bb background_enable_image=\u00bbon\u00bb parallax=\u00bbon\u00bb header_text_shadow_style=\u00bbpreset1&#8243; body_text_shadow_style=\u00bbpreset1&#8243; text_shadow_style=\u00bbpreset1&#8243; global_colors_info=\u00bb{}\u00bb sticky_transition=\u00bbon\u00bb]<\/p>\n<p>que compartimos nuestra vida, diversidad y recursos en comunidades configuradas por la misi\u00f3n y ministerios que Dios nos conf\u00eda. Nos animamos y acompa\u00f1amos unos a otros, como hermanos, a trav\u00e9s de la mutua escucha, sin descartar a nadie.<\/p>\n<p>[\/et_pb_slide][et_pb_slide heading=\u00bbSo\u00f1amos una Congregaci\u00f3n audaz e itinerante\u00bb _builder_version=\u00bb4.22.2&#8243; _module_preset=\u00bbdefault\u00bb background_image=\u00bbhttps:\/\/www.claret.org\/wp-content\/uploads\/2022\/07\/CMF-dream-4.webp\u00bb background_enable_image=\u00bbon\u00bb parallax=\u00bbon\u00bb header_text_shadow_style=\u00bbpreset1&#8243; body_text_shadow_style=\u00bbpreset1&#8243; text_shadow_style=\u00bbpreset1&#8243; global_colors_info=\u00bb{}\u00bb sticky_transition=\u00bbon\u00bb]<\/p>\n<p>que, enviada por el Esp\u00edritu del Se\u00f1or (cf. Lc 4,18; Hch 8,28.39), sale hacia las periferias, se acerca a los j\u00f3venes, camina con ellos y los anima a responder a la llamada de Dios.<\/p>\n<p>[\/et_pb_slide][et_pb_slide heading=\u00bbSo\u00f1amos una Congregaci\u00f3n\u00bb _builder_version=\u00bb4.22.2&#8243; _module_preset=\u00bbdefault\u00bb background_image=\u00bbhttps:\/\/www.claret.org\/wp-content\/uploads\/2022\/07\/CMf-dream-5.webp\u00bb background_enable_image=\u00bbon\u00bb parallax=\u00bbon\u00bb header_text_shadow_style=\u00bbpreset1&#8243; body_text_shadow_style=\u00bbpreset1&#8243; text_shadow_style=\u00bbpreset1&#8243; global_colors_info=\u00bb{}\u00bb sticky_transition=\u00bbon\u00bb]<\/p>\n<p>que, partiendo de la animaci\u00f3n b\u00edblica de toda la pastoral (cf. VD, 73), evangeliza con todos los medios en misi\u00f3n compartida, en di\u00e1logo interreligioso y haciendo uso inteligente de diferentes medios de comunicaci\u00f3n.<\/p>\n<p>[\/et_pb_slide][et_pb_slide heading=\u00bbSo\u00f1amos una Congregaci\u00f3n\u00bb _builder_version=\u00bb4.22.2&#8243; _module_preset=\u00bbdefault\u00bb background_image=\u00bbhttps:\/\/www.claret.org\/wp-content\/uploads\/2022\/03\/CMF-dream6.webp\u00bb background_enable_image=\u00bbon\u00bb parallax=\u00bbon\u00bb header_text_shadow_style=\u00bbpreset1&#8243; body_text_shadow_style=\u00bbpreset1&#8243; text_shadow_style=\u00bbpreset1&#8243; global_colors_info=\u00bb{}\u00bb sticky_transition=\u00bbon\u00bb]<\/p>\n<p>comprometida con la fraternidad universal (Fratelli tutti), la justicia, la paz y el cuidado de la casa com\u00fan (Laudato si\u2019). Con esp\u00edritu de sinodalidad, colaboramos con gentes de diferentes culturas, etnias y religiones para la transformaci\u00f3n del mundo seg\u00fan el designio de Dios (cf. CC 46).<\/p>\n<p>[\/et_pb_slide][et_pb_slide heading=\u00bbSo\u00f1amos una Congregaci\u00f3n\u00bb _builder_version=\u00bb4.22.2&#8243; _module_preset=\u00bbdefault\u00bb background_image=\u00bbhttps:\/\/www.claret.org\/wp-content\/uploads\/2022\/03\/CMF-dream7.webp\u00bb background_enable_image=\u00bbon\u00bb parallax=\u00bbon\u00bb header_text_shadow_style=\u00bbpreset1&#8243; body_text_shadow_style=\u00bbpreset1&#8243; text_shadow_style=\u00bbpreset1&#8243; global_colors_info=\u00bb{}\u00bb sticky_transition=\u00bbon\u00bb]<\/p>\n<p>preparada para responder a los nuevos desaf\u00edos a trav\u00e9s de un proceso formativo integral y continuado, abierto a la misi\u00f3n universal, seg\u00fan el esp\u00edritu y el carisma de nuestro Padre Fundador.<\/p>\n<p>[\/et_pb_slide][\/et_pb_fullwidth_slider][\/et_pb_section][et_pb_section fb_built=\u00bb1&#8243; fullwidth=\u00bbon\u00bb disabled_on=\u00bboff|off|off\u00bb _builder_version=\u00bb4.27.4&#8243; _module_preset=\u00bbdefault\u00bb global_colors_info=\u00bb{}\u00bb][et_pb_fullwidth_image src=\u00bbhttps:\/\/www.claret.org\/wp-content\/uploads\/2025\/07\/Banner-cmf1.jpg\u00bb title_text=\u00bbBanner cmf%911%93&#8243; url=\u00bb@ET-DC@eyJkeW5hbWljIjp0cnVlLCJjb250ZW50IjoicG9zdF9saW5rX3VybF9wYWdlIiwic2V0dGluZ3MiOnsicG9zdF9pZCI6IjE4MDE2NiJ9fQ==@\u00bb _builder_version=\u00bb4.27.4&#8243; _dynamic_attributes=\u00bburl\u00bb _module_preset=\u00bbdefault\u00bb custom_margin=\u00bb15px||15px||false|false\u00bb border_width_all=\u00bb1px\u00bb border_color_all=\u00bb#E02B20&#8243; global_colors_info=\u00bb{}\u00bb][\/et_pb_fullwidth_image][\/et_pb_section][et_pb_section fb_built=\u00bb1&#8243; _builder_version=\u00bb4.23.4&#8243; _module_preset=\u00bbdefault\u00bb background_color=\u00bb#f9f7de\u00bb custom_padding=\u00bb11px||18px|||\u00bb global_colors_info=\u00bb{}\u00bb][et_pb_row column_structure=\u00bb3_5,2_5&#8243; _builder_version=\u00bb4.23.4&#8243; _module_preset=\u00bbdefault\u00bb custom_padding=\u00bb||5px|||\u00bb global_colors_info=\u00bb{}\u00bb][et_pb_column type=\u00bb3_5&#8243; _builder_version=\u00bb4.23.4&#8243; _module_preset=\u00bbdefault\u00bb global_colors_info=\u00bb{}\u00bb][et_pb_text _builder_version=\u00bb4.27.0&#8243; _module_preset=\u00bbdefault\u00bb header_2_font=\u00bb|700|||||||\u00bb custom_margin=\u00bb||||false|false\u00bb global_colors_info=\u00bb{}\u00bb]<\/p>\n<h2><a title=\"\u00daltimas noticias y novedades en la Congregaci\u00f3n\" href=\"https:\/\/www.claret.org\/es\/noticias\/\">\u00daltimas noticias y novedades en la Congregaci\u00f3n<\/a><\/h2>\n<p>[\/et_pb_text][et_pb_post_slider posts_number=\u00bb1&#8243; include_categories=\u00bb89,90,95,112,56,12,1550,4746,28,31,32,4595,39,49,4384,63,51,14,15,35,100,88,113,60,2472,84,78,57,5126,1140,108,114,115,4389,2390,16,75,5113,41,4978,52,17,99,42,65,50,102,43,4999,91,44,61,29,45,106,109,11,107,111,4378,1161,37,2447,79,1146,53,55,2026,101,20,4747,1611,64,5047,110,85,46,4960,5118,13,1880,93,4906,26,27,2412,36,82,4773,21,4908,86,1152,119,97,34,22,1096,116,104,80,47,1151,4899,98,96,117,40,48,1697,105,94,4742,58,76,2435,23,4981,54,87,120,103,4891,81,4300,118,4905,4779,24,30,25&#8243; excerpt_length=\u00bb20&#8243; show_meta=\u00bboff\u00bb _builder_version=\u00bb4.27.4&#8243; _module_preset=\u00bbdefault\u00bb custom_button=\u00bbon\u00bb button_text_size=\u00bb12px\u00bb button_bg_color=\u00bb#bf6f00&#8243; auto=\u00bbon\u00bb global_colors_info=\u00bb{}\u00bb][\/et_pb_post_slider][\/et_pb_column][et_pb_column type=\u00bb2_5&#8243; _builder_version=\u00bb4.23.4&#8243; _module_preset=\u00bbdefault\u00bb global_colors_info=\u00bb{}\u00bb][et_pb_text _builder_version=\u00bb4.27.4&#8243; _module_preset=\u00bbdefault\u00bb header_2_font=\u00bb|700|||||||\u00bb custom_margin=\u00bb||||false|false\u00bb global_colors_info=\u00bb{}\u00bb]<\/p>\n<h2>V\u00eddeos de la Claretiana<\/h2>\n<p>[\/et_pb_text][et_pb_code _builder_version=\u00bb4.27.6&#8243; _module_preset=\u00bbdefault\u00bb hover_enabled=\u00bb0&#8243; sticky_enabled=\u00bb0&#8243;]<pee><div class=\"epyt-video-wrapper\"><div  data-ep-a=\"fadeIn\"  id=\"_ytid_88166\"  width=\"1080\" height=\"608\"  data-origwidth=\"1080\" data-origheight=\"608\"  data-relstop=\"1\" data-facadesrc=\"https:\/\/www.youtube.com\/embed\/?enablejsapi=1&listType=playlist&list=UU7WxaCUSD_e51q76gFt-7gg&autoplay=0&cc_load_policy=1&cc_lang_pref=&iv_load_policy=3&loop=0&rel=0&fs=1&playsinline=1&autohide=2&hl=en_US&theme=dark&color=red&controls=1&disablekb=0&\" class=\"__youtube_prefs__ epyt-facade  no-lazyload\" data-epautoplay=\"1\" ><img data-spai-excluded=\"true\" class=\"epyt-facade-poster skip-lazy\" loading=\"lazy\"  alt=\"YouTube player\"  data-facadeoembed=\"playlist?list=UU7WxaCUSD_e51q76gFt-7gg\"  \/><button class=\"epyt-facade-play\" aria-label=\"Play\"><svg data-no-lazy=\"1\" height=\"100%\" version=\"1.1\" viewBox=\"0 0 68 48\" width=\"100%\"><path class=\"ytp-large-play-button-bg\" d=\"M66.52,7.74c-0.78-2.93-2.49-5.41-5.42-6.19C55.79,.13,34,0,34,0S12.21,.13,6.9,1.55 C3.97,2.33,2.27,4.81,1.48,7.74C0.06,13.05,0,24,0,24s0.06,10.95,1.48,16.26c0.78,2.93,2.49,5.41,5.42,6.19 C12.21,47.87,34,48,34,48s21.79-0.13,27.1-1.55c2.93-0.78,4.64-3.26,5.42-6.19C67.94,34.95,68,24,68,24S67.94,13.05,66.52,7.74z\" fill=\"#f00\"><\/path><path d=\"M 45,24 27,14 27,34\" fill=\"#fff\"><\/path><\/svg><\/button><\/div><\/div><\/pee>[\/et_pb_code][et_pb_text _builder_version=\u00bb4.27.4&#8243; _module_preset=\u00bbdefault\u00bb text_line_height=\u00bb1em\u00bb header_2_font=\u00bb|700|||||||\u00bb custom_margin=\u00bb||||false|false\u00bb custom_padding=\u00bb1em|||0px|false|false\u00bb global_colors_info=\u00bb{}\u00bb]<\/p>\n<p style=\"text-align: left;\"><a href=\"https:\/\/www.claret.org\/es\/espiritualidad-y-vida-comunitaria\/congreso-de-espiritualidad-claretiana\/\" target=\"_blank\" rel=\"noopener\">Congreso de Espiritualidad<\/a> | <a href=\"https:\/\/youtube.com\/playlist?list=PLfTtdJ70Nonv7jHXuc-Key2OTQ2kdt7fY&amp;si=sdO_0TOFLDm5maMD\" rel=\"nofollow noopener\" target=\"_blank\">Historia Claretiana<\/a><\/p>\n<p><\/p>\n<p style=\"text-align: left;\"><a href=\"https:\/\/youtube.com\/playlist?list=PLfTtdJ70NontZDPnHARD9zTjk2TlY71lW&amp;si=lNiFRGucKgxQqUZO\" rel=\"nofollow noopener\" target=\"_blank\">iClaret Noticias<\/a>\u00a0| <a href=\"https:\/\/youtube.com\/playlist?list=PLfTtdJ70Nonv8lizVF6srIG4V5020VkCl&amp;si=UDN0A_RIqlNwpc75\" rel=\"nofollow noopener\" target=\"_blank\">Misi\u00f3n Claretiana<\/a> | <a href=\"https:\/\/www.claret.org\/es\/peliculas-claretianas\/\">Pel\u00edculas Claretianas<\/a><\/p>\n<p>[\/et_pb_text][\/et_pb_column][\/et_pb_row][\/et_pb_section][et_pb_section fb_built=\u00bb1&#8243; _builder_version=\u00bb4.27.0&#8243; _module_preset=\u00bbdefault\u00bb use_background_color_gradient=\u00bbon\u00bb background_color_gradient_stops=\u00bb#f9f7de 0%|#ffffff 62%\u00bb custom_margin=\u00bb||||false|false\u00bb custom_padding=\u00bb0px||7px||false|false\u00bb global_colors_info=\u00bb{}\u00bb][et_pb_row column_structure=\u00bb1_4,1_4,1_4,1_4&#8243; _builder_version=\u00bb4.23.4&#8243; _module_preset=\u00bbdefault\u00bb global_colors_info=\u00bb{}\u00bb][et_pb_column type=\u00bb1_4&#8243; _builder_version=\u00bb4.23.4&#8243; _module_preset=\u00bbdefault\u00bb global_colors_info=\u00bb{}\u00bb]<\/p>\n<p>[et_pb_blog fullwidth=\u00bboff\u00bb posts_number=\u00bb1&#8243; include_categories=\u00bb89,12,90,95,112,56,1550,4746,28,31,32,4595,39,49,4384,63,51,14,15,35,100,88,113,60,2472,84,4904,78,57,5126,1140,108,114,115,4389,16,75,5113,41,4978,52,17,99,42,65,50,102,43,4999,91,44,61,29,45,106,109,11,107,111,1161,4378,37,2447,79,1146,53,55,2026,101,20,4747,1611,64,5047,110,85,46,4960,5118,13,1880,93,1162,4906,26,27,2412,36,82,4773,21,4908,86,1152,4903,119,97,34,22,1096,116,4907,104,80,47,1151,4899,98,96,117,40,48,1697,105,94,4742,58,76,2435,23,4981,54,87,83,120,103,4891,81,4300,118,4779,24,1928,2518,30,25&#8243; show_author=\u00bboff\u00bb show_date=\u00bboff\u00bb show_categories=\u00bboff\u00bb show_excerpt=\u00bboff\u00bb show_pagination=\u00bboff\u00bb offset_number=\u00bb1&#8243; _builder_version=\u00bb4.27.0&#8243; _module_preset=\u00bbdefault\u00bb border_width_all=\u00bb0px\u00bb box_shadow_style_image=\u00bbpreset3&#8243; global_colors_info=\u00bb{}\u00bb][\/et_pb_blog]<\/p>\n<p>[\/et_pb_column][et_pb_column type=\u00bb1_4&#8243; _builder_version=\u00bb4.23.4&#8243; _module_preset=\u00bbdefault\u00bb global_colors_info=\u00bb{}\u00bb]<\/p>\n<p>[et_pb_blog fullwidth=\u00bboff\u00bb posts_number=\u00bb1&#8243; include_categories=\u00bb89,12,90,95,112,56,1550,4746,28,31,32,4595,39,49,4384,63,51,14,15,35,100,88,113,60,2472,84,4904,78,57,5126,1140,108,114,115,4389,16,75,5113,41,4978,52,17,99,42,65,50,102,43,4999,91,44,61,29,45,106,109,11,107,111,1161,4378,37,2447,79,1146,53,55,2026,101,20,4747,1611,64,5047,110,85,46,4960,5118,13,1880,93,1162,4906,26,27,2412,36,82,4773,21,4908,86,1152,4903,119,97,34,22,1096,116,4907,104,80,47,1151,4899,98,96,117,40,48,1697,105,94,4742,58,76,2435,23,4981,54,87,83,120,103,4891,81,4300,118,4779,24,1928,2518,30,25&#8243; show_author=\u00bboff\u00bb show_date=\u00bboff\u00bb show_categories=\u00bboff\u00bb show_excerpt=\u00bboff\u00bb show_pagination=\u00bboff\u00bb offset_number=\u00bb2&#8243; _builder_version=\u00bb4.27.0&#8243; _module_preset=\u00bbdefault\u00bb border_width_all=\u00bb0px\u00bb box_shadow_style_image=\u00bbpreset3&#8243; global_colors_info=\u00bb{}\u00bb][\/et_pb_blog]<\/p>\n<p>[\/et_pb_column][et_pb_column type=\u00bb1_4&#8243; _builder_version=\u00bb4.23.4&#8243; _module_preset=\u00bbdefault\u00bb global_colors_info=\u00bb{}\u00bb]<\/p>\n<p>[et_pb_blog fullwidth=\u00bboff\u00bb posts_number=\u00bb1&#8243; include_categories=\u00bb89,12,90,95,112,56,1550,4746,28,31,32,4595,39,49,4384,63,51,14,15,35,100,88,113,60,2472,84,4904,78,57,5126,1140,108,114,115,4389,16,75,5113,41,4978,52,17,99,42,65,50,102,43,4999,91,44,61,29,45,106,109,11,107,111,1161,4378,37,2447,79,1146,53,55,2026,101,20,4747,1611,64,5047,110,85,46,4960,5118,13,1880,93,1162,4906,26,27,2412,36,82,4773,21,4908,86,1152,4903,119,97,34,22,1096,116,4907,104,80,47,1151,4899,98,96,117,40,48,1697,105,94,4742,58,76,2435,23,4981,54,87,83,120,103,4891,81,4300,118,4779,24,1928,2518,30,25&#8243; show_author=\u00bboff\u00bb show_date=\u00bboff\u00bb show_categories=\u00bboff\u00bb show_excerpt=\u00bboff\u00bb show_pagination=\u00bboff\u00bb offset_number=\u00bb3&#8243; _builder_version=\u00bb4.27.0&#8243; _module_preset=\u00bbdefault\u00bb border_width_all=\u00bb0px\u00bb box_shadow_style_image=\u00bbpreset3&#8243; global_colors_info=\u00bb{}\u00bb][\/et_pb_blog]<\/p>\n<p>[\/et_pb_column][et_pb_column type=\u00bb1_4&#8243; _builder_version=\u00bb4.23.4&#8243; _module_preset=\u00bbdefault\u00bb global_colors_info=\u00bb{}\u00bb]<\/p>\n<p>[et_pb_blog fullwidth=\u00bboff\u00bb posts_number=\u00bb1&#8243; include_categories=\u00bb89,12,90,95,112,56,1550,4746,28,31,32,4595,39,49,4384,63,51,14,15,35,100,88,113,60,2472,84,4904,78,57,5126,1140,108,114,115,4389,16,75,5113,41,4978,52,17,99,42,65,50,102,43,4999,91,44,61,29,45,106,109,11,107,111,1161,4378,37,2447,79,1146,53,55,2026,101,20,4747,1611,64,5047,110,85,46,4960,5118,13,1880,93,1162,4906,26,27,2412,36,82,4773,21,4908,86,1152,4903,119,97,34,22,1096,116,4907,104,80,47,1151,4899,98,96,117,40,48,1697,105,94,4742,58,76,2435,23,4981,54,87,83,120,103,4891,81,4300,118,4779,24,1928,2518,30,25&#8243; show_author=\u00bboff\u00bb show_date=\u00bboff\u00bb show_categories=\u00bboff\u00bb show_excerpt=\u00bboff\u00bb show_pagination=\u00bboff\u00bb offset_number=\u00bb4&#8243; _builder_version=\u00bb4.27.0&#8243; _module_preset=\u00bbdefault\u00bb border_width_all=\u00bb0px\u00bb box_shadow_style_image=\u00bbpreset3&#8243; global_colors_info=\u00bb{}\u00bb][\/et_pb_blog]<\/p>\n<p>[\/et_pb_column][\/et_pb_row][\/et_pb_section][et_pb_section fb_built=\u00bb1&#8243; _builder_version=\u00bb4.27.5&#8243; _module_preset=\u00bbdefault\u00bb background_color=\u00bb#E02B20&#8243; custom_padding=\u00bb0px||0px||false|false\u00bb global_colors_info=\u00bb{}\u00bb][et_pb_row _builder_version=\u00bb4.27.5&#8243; _module_preset=\u00bbdefault\u00bb background_color=\u00bb#E02B20&#8243; custom_padding=\u00bb||37px|||\u00bb global_colors_info=\u00bb{}\u00bb][et_pb_column type=\u00bb4_4&#8243; _builder_version=\u00bb4.27.5&#8243; _module_preset=\u00bbdefault\u00bb global_colors_info=\u00bb{}\u00bb][et_pb_text _builder_version=\u00bb4.27.5&#8243; _module_preset=\u00bbdefault\u00bb text_font=\u00bbABeeZee|700|||||||\u00bb text_text_color=\u00bb#FFFFFF\u00bb text_font_size=\u00bb23px\u00bb text_orientation=\u00bbcenter\u00bb custom_margin=\u00bb13px||-1px|||\u00bb global_colors_info=\u00bb{}\u00bb]<\/p>\n<p>SOCIAL MEDIA<\/p>\n<p>[\/et_pb_text][\/et_pb_column][\/et_pb_row][\/et_pb_section][et_pb_section fb_built=\u00bb1&#8243; _builder_version=\u00bb4.27.5&#8243; _module_preset=\u00bbdefault\u00bb custom_padding=\u00bb0px||20px|||\u00bb global_colors_info=\u00bb{}\u00bb][et_pb_row column_structure=\u00bb1_2,1_2&#8243; _builder_version=\u00bb4.27.5&#8243; _module_preset=\u00bbdefault\u00bb global_colors_info=\u00bb{}\u00bb][et_pb_column type=\u00bb1_2&#8243; _builder_version=\u00bb4.27.5&#8243; _module_preset=\u00bbdefault\u00bb global_colors_info=\u00bb{}\u00bb][et_pb_code _builder_version=\u00bb4.27.6&#8243; _module_preset=\u00bbdefault\u00bb global_colors_info=\u00bb{}\u00bb]<pee><iframe style=\"width: 100%; height: 400px; overflow: auto;\" src=\"https:\/\/widget.tagembed.com\/2213621?view\" frameborder=\"0\"><\/iframe><\/pee>[\/et_pb_code][\/et_pb_column][et_pb_column type=\u00bb1_2&#8243; _builder_version=\u00bb4.27.5&#8243; _module_preset=\u00bbdefault\u00bb global_colors_info=\u00bb{}\u00bb][et_pb_code _builder_version=\u00bb4.27.6&#8243; _module_preset=\u00bbdefault\u00bb global_colors_info=\u00bb{}\u00bb]<pee><iframe style=\"width: 100%; height: 400px; overflow: auto;\" src=\"https:\/\/widget.tagembed.com\/2213623?view\" frameborder=\"0\"><\/iframe><\/pee>[\/et_pb_code][\/et_pb_column][\/et_pb_row][\/et_pb_section][et_pb_section fb_built=\u00bb1&#8243; _builder_version=\u00bb4.23.4&#8243; _module_preset=\u00bbdefault\u00bb background_color=\u00bb#db2800&#8243; custom_padding=\u00bb1px||0px|||\u00bb saved_tabs=\u00bball\u00bb global_colors_info=\u00bb{}\u00bb][et_pb_row _builder_version=\u00bb4.17.4&#8243; _module_preset=\u00bbdefault\u00bb global_colors_info=\u00bb{}\u00bb][et_pb_column type=\u00bb4_4&#8243; _builder_version=\u00bb4.17.4&#8243; _module_preset=\u00bbdefault\u00bb global_colors_info=\u00bb{}\u00bb][et_pb_text _builder_version=\u00bb4.23.4&#8243; _module_preset=\u00bbdefault\u00bb text_text_color=\u00bb#FFFFFF\u00bb header_font=\u00bb||||||||\u00bb header_text_align=\u00bbcenter\u00bb header_text_color=\u00bb#FFFFFF\u00bb header_font_size=\u00bb40px\u00bb header_2_text_align=\u00bbcenter\u00bb text_orientation=\u00bbcenter\u00bb background_layout=\u00bbdark\u00bb module_alignment=\u00bbcenter\u00bb custom_margin=\u00bb8px|||||\u00bb header_font_size_tablet=\u00bb40px\u00bb header_font_size_phone=\u00bb40px\u00bb header_font_size_last_edited=\u00bbon|desktop\u00bb global_colors_info=\u00bb{}\u00bb]<\/p>\n<h2>Misioneros Claretianos: Arraigados en Cristo, audaces en la misi\u00f3n<\/h2>\n<p>[\/et_pb_text][\/et_pb_column][\/et_pb_row][\/et_pb_section][et_pb_section fb_built=\u00bb1&#8243; _builder_version=\u00bb4.23.4&#8243; _module_preset=\u00bbdefault\u00bb background_color=\u00bb#dddddd\u00bb custom_padding=\u00bb21px||11px|||\u00bb global_colors_info=\u00bb{}\u00bb][et_pb_row column_structure=\u00bb1_4,1_4,1_4,1_4&#8243; _builder_version=\u00bb4.22.2&#8243; _module_preset=\u00bbdefault\u00bb background_color=\u00bbRGBA(255,255,255,0)\u00bb module_alignment=\u00bbcenter\u00bb custom_margin=\u00bb||||false|false\u00bb custom_padding=\u00bb||8px|||\u00bb global_colors_info=\u00bb{}\u00bb][et_pb_column type=\u00bb1_4&#8243; _builder_version=\u00bb4.17.4&#8243; _module_preset=\u00bbdefault\u00bb global_colors_info=\u00bb{}\u00bb][et_pb_text _builder_version=\u00bb4.22.2&#8243; _module_preset=\u00bbdefault\u00bb text_text_color=\u00bb#000000&#8243; header_2_text_color=\u00bb#000000&#8243; header_3_text_color=\u00bb#000000&#8243; link_option_url=\u00bbhttps:\/\/www.claret.org\/es\/superiores-generales\/\u00bb global_colors_info=\u00bb{}\u00bb]<\/p>\n<h3>DEL GENERAL<\/h3>\n<p>[\/et_pb_text][et_pb_text _builder_version=\u00bb4.27.2&#8243; _module_preset=\u00bbdefault\u00bb link_text_color=\u00bb#000000&#8243; ul_text_color=\u00bb#E09900&#8243; custom_margin=\u00bb||6px||false|false\u00bb custom_padding=\u00bb||||false|false\u00bb global_colors_info=\u00bb{}\u00bb]<\/p>\n<ul>\n<li><a title=\"Mensajes\/Circulares\" href=\"https:\/\/www.claret.org\/es\/superiores-generales\/\">Mensajes\/Circulares<\/a><\/li>\n<\/ul>\n<p>[\/et_pb_text][et_pb_blog posts_number=\u00bb1&#8243; include_categories=\u00bb1162&#8243; excerpt_length=\u00bb0&#8243; show_author=\u00bboff\u00bb show_date=\u00bboff\u00bb show_categories=\u00bboff\u00bb show_excerpt=\u00bboff\u00bb show_pagination=\u00bboff\u00bb _builder_version=\u00bb4.23.4&#8243; _module_preset=\u00bbdefault\u00bb header_text_color=\u00bb#000000&#8243; header_font_size=\u00bb16px\u00bb custom_margin=\u00bb||-21px||false|false\u00bb box_shadow_style_image=\u00bbpreset2&#8243; global_colors_info=\u00bb{}\u00bb][\/et_pb_blog][\/et_pb_column][et_pb_column type=\u00bb1_4&#8243; disabled_on=\u00bboff|off|off\u00bb _builder_version=\u00bb4.17.4&#8243; _module_preset=\u00bbdefault\u00bb global_colors_info=\u00bb{}\u00bb][et_pb_text _builder_version=\u00bb4.22.2&#8243; _module_preset=\u00bbdefault\u00bb text_text_color=\u00bb#000000&#8243; header_2_text_color=\u00bb#000000&#8243; header_3_text_color=\u00bb#000000&#8243; global_colors_info=\u00bb{}\u00bb]<\/p>\n<h3>NOTICIAS \/ MULTIMEDIA<\/h3>\n<p>[\/et_pb_text][et_pb_sidebar _builder_version=\u00bb4.18.0&#8243; _module_preset=\u00bbdefault\u00bb custom_margin=\u00bb||0px|||\u00bb global_colors_info=\u00bb{}\u00bb][\/et_pb_sidebar][et_pb_text _builder_version=\u00bb4.27.6&#8243; _module_preset=\u00bbdefault\u00bb text_text_color=\u00bb#FFFFFF\u00bb link_text_color=\u00bb#000000&#8243; ul_text_color=\u00bb#E09900&#8243; custom_margin=\u00bb||7px|||\u00bb custom_padding=\u00bb||0px|||\u00bb global_colors_info=\u00bb{}\u00bb]<\/p>\n<ul>\n<li style=\"list-style-type: none;\">\n<ul>\n<li><a href=\"https:\/\/www.claret.org\/es\/noticias\/\">Todas las noticias<\/a><\/li>\n<li><a href=\"https:\/\/www.claret.org\/es\/recursos\/videos\/\">V\u00eddeos<\/a><\/li>\n<li><a href=\"https:\/\/www.claret.org\/es\/recursos\/canciones-claretianas\/\">Canciones Claretianas<\/a><\/li>\n<li><a title=\"Claretian Photos\" href=\"https:\/\/www.claret.org\/es\/fotos-claretianas\/\" target=\"_blank\" rel=\"noopener\">Fotos Claretianas<\/a><\/li>\n<li><a href=\"https:\/\/www.claret.org\/es\/libros\/\">Libros<\/a><\/li>\n<li><a href=\"https:\/\/drive.google.com\/drive\/folders\/1Nf-_-JQyv5cS-HQSUOO-1qYZUyqFMEYi?usp=sharing\" rel=\"nofollow noopener\" target=\"_blank\">Bolet\u00edn <\/a>(reservado para secretarios)<a href=\"https:\/\/drive.google.com\/drive\/folders\/1Nf-_-JQyv5cS-HQSUOO-1qYZUyqFMEYi?usp=sharing\" rel=\"nofollow noopener\" target=\"_blank\"><br \/><\/a><\/li>\n<\/ul>\n<p><\/li>\n<p><\/ul>\n<p><\/p>\n<p>&nbsp;<\/p>\n<p>[\/et_pb_text][et_pb_text _builder_version=\u00bb4.22.2&#8243; _module_preset=\u00bbdefault\u00bb text_text_color=\u00bb#FFFFFF\u00bb link_text_color=\u00bb#000000&#8243; ul_text_color=\u00bb#E09900&#8243; custom_margin=\u00bb-27px||7px|15px||\u00bb global_colors_info=\u00bb{}\u00bb]<\/p>\n<ul>\n<li><a href=\"https:\/\/www.claret.org\/es\/claretianos\/necrologium\/\">Necrologium<\/a><\/li>\n<li><a href=\"https:\/\/www.claret.org\/es\/efemeride\/\">Ephemeris<\/a><\/li>\n<\/ul>\n<p>[\/et_pb_text][\/et_pb_column][et_pb_column type=\u00bb1_4&#8243; _builder_version=\u00bb4.17.4&#8243; _module_preset=\u00bbdefault\u00bb global_colors_info=\u00bb{}\u00bb][et_pb_text _builder_version=\u00bb4.22.2&#8243; _module_preset=\u00bbdefault\u00bb text_text_color=\u00bb#000000&#8243; header_2_text_color=\u00bb#000000&#8243; header_3_text_color=\u00bb#000000&#8243; global_colors_info=\u00bb{}\u00bb]<\/p>\n<h3>DOCUMENTOS<\/h3>\n<p>[\/et_pb_text][et_pb_text _builder_version=\u00bb4.23.4&#8243; _module_preset=\u00bbdefault\u00bb text_text_color=\u00bb#FFFFFF\u00bb link_text_color=\u00bb#000000&#8243; ul_text_color=\u00bb#E09900&#8243; custom_margin=\u00bb-6px||7px|||\u00bb global_colors_info=\u00bb{}\u00bb]<\/p>\n<ul id=\"menu-documents\" class=\"menu\">\n<li id=\"menu-item-114299\" class=\"menu-item menu-item-type-post_type menu-item-object-page menu-item-114299\"><a href=\"https:\/\/www.claret.org\/es\/recursos\/documentos-capitulares\/\">Documentos capitulares<\/a><\/li>\n<li id=\"menu-item-114300\" class=\"menu-item menu-item-type-post_type menu-item-object-page menu-item-114300\"><a href=\"https:\/\/www.claret.org\/es\/recursos\/liturgia-claretiana\/\">Liturgia Claretiana<\/a><\/li>\n<li id=\"menu-item-114301\" class=\"menu-item menu-item-type-post_type menu-item-object-page menu-item-114301\"><a href=\"https:\/\/www.claret.org\/es\/recursos\/documentos-congregacionales\/\">Documentos congregacionales<\/a><\/li>\n<li id=\"menu-item-114303\" class=\"menu-item menu-item-type-post_type menu-item-object-page menu-item-114303\"><a href=\"https:\/\/www.claret.org\/es\/recursos\/nunc\/\">NUNC<\/a><\/li>\n<li id=\"menu-item-114304\" class=\"menu-item menu-item-type-post_type menu-item-object-page menu-item-114304\"><a href=\"https:\/\/www.claret.org\/es\/recursos\/palabra-mision\/\">Palabra misi\u00f3n<\/a><\/li>\n<\/ul>\n<p>[\/et_pb_text][et_pb_text _builder_version=\u00bb4.22.2&#8243; _module_preset=\u00bbdefault\u00bb text_text_color=\u00bb#000000&#8243; header_2_text_color=\u00bb#000000&#8243; header_3_text_color=\u00bb#000000&#8243; global_colors_info=\u00bb{}\u00bb]<\/p>\n<h3>ENLACES GENERALES<\/h3>\n<p>[\/et_pb_text][et_pb_text _builder_version=\u00bb4.27.0&#8243; _module_preset=\u00bbdefault\u00bb text_text_color=\u00bb#FFFFFF\u00bb link_text_color=\u00bb#000000&#8243; ul_text_color=\u00bb#E09900&#8243; custom_margin=\u00bb-17px||7px|||\u00bb global_colors_info=\u00bb{}\u00bb]<\/p>\n<ul id=\"menu-cmf-websites\" class=\"menu\">\n<li><a href=\"https:\/\/www.claret.org\/es\/es-2\/\" target=\"_blank\" rel=\"noopener\">Causas de los Santos<\/a><\/li>\n<li id=\"menu-item-119199\" class=\"menu-item menu-item-type-custom menu-item-object-custom menu-item-119199\"><a href=\"https:\/\/www.cescvic.org\" rel=\"nofollow noopener\" target=\"_blank\">CESC<\/a><\/li>\n<li id=\"menu-item-119200\" class=\"menu-item menu-item-type-custom menu-item-object-custom menu-item-119200\"><a href=\"http:\/\/www.itercmf.org\/\" rel=\"nofollow noopener\" target=\"_blank\">A\u00f1o Claretiano<\/a><\/li>\n<li class=\"menu-item menu-item-type-custom menu-item-object-custom menu-item-119200\"><a href=\"https:\/\/procladeint.org\" target=\"_blank\" rel=\"noopener nofollow\">Proclade Internazionale Onlus<\/a><\/li>\n<li class=\"menu-item menu-item-type-custom menu-item-object-custom menu-item-119200\"><a href=\"http:\/\/claret.cmfgen.org\" target=\"_blank\" rel=\"noopener nofollow\">SECLAR<\/a><\/li>\n<li class=\"menu-item menu-item-type-custom menu-item-object-custom menu-item-119200\"><a href=\"https:\/\/www.somicmf.org\" target=\"_blank\" rel=\"noopener nofollow\">SOMI<\/a><\/li>\n<\/ul>\n<p>[\/et_pb_text][\/et_pb_column][et_pb_column type=\u00bb1_4&#8243; _builder_version=\u00bb4.17.4&#8243; _module_preset=\u00bbdefault\u00bb global_colors_info=\u00bb{}\u00bb][et_pb_text _builder_version=\u00bb4.24.0&#8243; _module_preset=\u00bbdefault\u00bb text_text_color=\u00bb#000000&#8243; header_2_text_color=\u00bb#000000&#8243; header_3_text_color=\u00bb#000000&#8243; global_colors_info=\u00bb{}\u00bb]<\/p>\n<h3>PREFECTURAS<\/h3>\n<p>[\/et_pb_text][et_pb_text _builder_version=\u00bb4.27.6&#8243; _module_preset=\u00bbdefault\u00bb text_text_color=\u00bb#FFFFFF\u00bb link_text_color=\u00bb#000000&#8243; ul_text_color=\u00bb#E09900&#8243; custom_margin=\u00bb||7px|||\u00bb global_colors_info=\u00bb{}\u00bb]<\/p>\n<ul>\n<li id=\"menu-item-114281\" class=\"menu-item menu-item-type-post_type menu-item-object-page menu-item-114281\"><a href=\"https:\/\/www.claret.org\/es\/apostolado\/\">Apostolado<\/a><\/li>\n<li id=\"menu-item-114283\" class=\"menu-item menu-item-type-post_type menu-item-object-page menu-item-114283\"><a href=\"https:\/\/www.claret.org\/es\/pastoral-biblica-y-comunicacion\/\">Pastoral B\u00edblica y Comunicaci\u00f3n<\/a><\/li>\n<li id=\"menu-item-115765\" class=\"menu-item menu-item-type-post_type menu-item-object-page menu-item-115765\"><a href=\"https:\/\/www.claretianformation.com\" target=\"_blank\" rel=\"noopener nofollow\">Formaci\u00f3n<\/a><\/li>\n<li id=\"menu-item-114284\" class=\"menu-item menu-item-type-post_type menu-item-object-page menu-item-114284\"><a href=\"https:\/\/www.claret.org\/es\/espiritualidad-y-vida-comunitaria\/\">Espiritualidad y Vida Comunitaria<\/a><\/li>\n<li id=\"menu-item-114282\" class=\"menu-item menu-item-type-post_type menu-item-object-page menu-item-114282\"><a href=\"https:\/\/www.claret.org\/es\/juventud-y-vocacion-2026\/\" target=\"_blank\" rel=\"noopener\">Pastoral Juvenil Vocacional<\/a><\/li>\n<\/ul>\n<p>[\/et_pb_text][et_pb_text _builder_version=\u00bb4.23.4&#8243; _module_preset=\u00bbdefault\u00bb text_text_color=\u00bb#000000&#8243; header_2_text_color=\u00bb#000000&#8243; header_3_text_color=\u00bb#000000&#8243; global_colors_info=\u00bb{}\u00bb]<\/p>\n<h3>OTRAS SECCIONES<\/h3>\n<p>[\/et_pb_text][et_pb_text _builder_version=\u00bb4.27.4&#8243; _module_preset=\u00bbdefault\u00bb link_text_color=\u00bb#000000&#8243; ul_text_color=\u00bb#E09900&#8243; global_colors_info=\u00bb{}\u00bb]<\/p>\n<ul>\n<li><span style=\"color: #000000;\"><a style=\"color: #000000;\" href=\"https:\/\/www.claret.org\/es\/apostolado\/institutos-de-vida-consagrada\/\">Vida Consagrada<\/a><\/span><\/li>\n<li><a href=\"https:\/\/www.claret.org\/es\/espiritualidad-y-vida-comunitaria\/comunidad\/\"><span style=\"color: #000000;\">Comunidad<\/span><\/a><\/li>\n<li><a href=\"https:\/\/www.claret.org\/es\/familia-claretiana\/\"><span style=\"color: #000000;\">Familia Claretiana<\/span><\/a><\/li>\n<li><a href=\"https:\/\/www.claret.org\/es\/safeguarding\/\">Cuidado y buen trato<\/a><\/li>\n<\/ul>\n<p>[\/et_pb_text][et_pb_search _builder_version=\u00bb4.23.4&#8243; _module_preset=\u00bbdefault\u00bb button_text_color=\u00bb#000000&#8243; background_color=\u00bb#FFFFFF\u00bb global_colors_info=\u00bb{}\u00bb][\/et_pb_search][\/et_pb_column][\/et_pb_row][\/et_pb_section]<\/p>\n","protected":false},"excerpt":{"rendered":"<p>audaces en la misi\u00f3narraigada en la fe en Jesucristo y en la espiritualidad claretiana.que, a ejemplo de Mar\u00eda, atesora en su coraz\u00f3n, cumple y proclama la Palabra de Dios.que compartimos nuestra vida, diversidad y recursos en comunidades configuradas por la misi\u00f3n y ministerios que Dios nos conf\u00eda. Nos animamos y acompa\u00f1amos unos a otros, como [&hellip;]<\/p>\n","protected":false},"author":2,"featured_media":130775,"parent":0,"menu_order":0,"comment_status":"closed","ping_status":"closed","template":"","meta":{"_et_pb_use_builder":"on","_et_pb_old_content":"","_et_gb_content_width":"","footnotes":""},"class_list":["post-113912","page","type-page","status-publish","has-post-thumbnail","hentry"],"jetpack_sharing_enabled":true,"jetpack_shortlink":"https:\/\/wp.me\/PdaBmi-tDi","jetpack_likes_enabled":true,"_links":{"self":[{"href":"https:\/\/www.claret.org\/es\/wp-json\/wp\/v2\/pages\/113912","targetHints":{"allow":["GET"]}}],"collection":[{"href":"https:\/\/www.claret.org\/es\/wp-json\/wp\/v2\/pages"}],"about":[{"href":"https:\/\/www.claret.org\/es\/wp-json\/wp\/v2\/types\/page"}],"author":[{"embeddable":true,"href":"https:\/\/www.claret.org\/es\/wp-json\/wp\/v2\/users\/2"}],"replies":[{"embeddable":true,"href":"https:\/\/www.claret.org\/es\/wp-json\/wp\/v2\/comments?post=113912"}],"version-history":[{"count":3,"href":"https:\/\/www.claret.org\/es\/wp-json\/wp\/v2\/pages\/113912\/revisions"}],"predecessor-version":[{"id":188393,"href":"https:\/\/www.claret.org\/es\/wp-json\/wp\/v2\/pages\/113912\/revisions\/188393"}],"wp:featuredmedia":[{"embeddable":true,"href":"https:\/\/www.claret.org\/es\/wp-json\/wp\/v2\/media\/130775"}],"wp:attachment":[{"href":"https:\/\/www.claret.org\/es\/wp-json\/wp\/v2\/media?parent=113912"}],"curies":[{"name":"wp","href":"https:\/\/api.w.org\/{rel}","templated":true}]}}