{"id":130403,"date":"2022-07-09T19:40:39","date_gmt":"2022-07-09T17:40:39","guid":{"rendered":"https:\/\/www.claret.org\/familia-claretiana\/misioneras-de-la-institucion-claretiana-m-i-c\/"},"modified":"2022-07-16T00:39:08","modified_gmt":"2022-07-15T22:39:08","slug":"misioneras-de-la-institucion-claretiana-m-i-c","status":"publish","type":"page","link":"https:\/\/www.claret.org\/es\/familia-claretiana\/misioneras-de-la-institucion-claretiana-m-i-c\/","title":{"rendered":"Misioneras de la Instituci\u00f3n Claretiana (M.I.C.)"},"content":{"rendered":"\n<p>El Padre Luis Pujol Tordera naci\u00f3 en Taradell (Barcelona, Espa\u00f1a) en 1903. A los doce a\u00f1os entro en la Congregaci\u00f3n de los Misioneros Claretia\u00acnos. Recibi\u00f3 la ordenaci\u00f3n sacerdotal en la bas\u00edlica de San Juan de Letr\u00e1n, en Roma, en 1927. El 25 de mayo de 1951 fund\u00f3 la Congregaci\u00f3n de Misioneras de la Instituci\u00f3n Claretiana, ayudado por la actual Superiora General, Madre Mar\u00eda Dolores Sol\u00e1 Carol, en la nueva casa de ejercicios de Vic. El Padre Fundador -hombre de oraci\u00f3n y de misi\u00f3n- pas\u00f3 a la casa del Padre en Vic el 8 de mayo de 1976, poco antes de que su obra predilecta cumpliera 25 a\u00f1os de vida.<\/p>\n\n<p>\u00ab<em>La Instituci\u00f3n Claretiana es un Instituto religioso-apost\u00f3lico para la evangelizaci\u00f3n, en la experiencia del Esp\u00edritu vivida por el Fundador, Padre Pujol, al estilo de Claret. Respondiendo a esta divina vocaci\u00f3n, hacemos nuestro el modo de vida de Jes\u00fas, que abraz\u00f3 en fe la Virgen Mar\u00eda, y nos configuramos con Cristo virgen, pobre y obediente en la Iglesia<\/em>\u00bb (Constitucio\u00acnes, n.5).&#13;\n<\/p>\n\n<p>En 1998 el arzobispo de Barcelona aprobaba la obra como Instituto de Visa Religiosa de derecho diocesano.<\/p>\n\n<p>Website: <a href=\"http:\/\/www.claretianasmic.org\" target=\"_blank\" rel=\"noreferrer noopener nofollow\">http:\/\/www.claretianasmic.org<\/a><\/p>\n","protected":false},"excerpt":{"rendered":"<p>El Padre Luis Pujol Tordera naci\u00f3 en Taradell (Barcelona, Espa\u00f1a) en 1903. A los doce a\u00f1os entro en la Congregaci\u00f3n de los Misioneros Claretia\u00acnos. Recibi\u00f3 la ordenaci\u00f3n sacerdotal en la bas\u00edlica de San Juan de Letr\u00e1n, en Roma, en 1927. El 25 de mayo de 1951 fund\u00f3 la Congregaci\u00f3n de Misioneras de la Instituci\u00f3n Claretiana, [&hellip;]<\/p>\n","protected":false},"author":2,"featured_media":161368,"parent":116337,"menu_order":7,"comment_status":"closed","ping_status":"closed","template":"","meta":{"_et_pb_use_builder":"off","_et_pb_old_content":"","_et_gb_content_width":"","footnotes":""},"class_list":["post-130403","page","type-page","status-publish","has-post-thumbnail","hentry"],"jetpack_sharing_enabled":true,"jetpack_shortlink":"https:\/\/wp.me\/PdaBmi-xVh","jetpack_likes_enabled":true,"_links":{"self":[{"href":"https:\/\/www.claret.org\/es\/wp-json\/wp\/v2\/pages\/130403","targetHints":{"allow":["GET"]}}],"collection":[{"href":"https:\/\/www.claret.org\/es\/wp-json\/wp\/v2\/pages"}],"about":[{"href":"https:\/\/www.claret.org\/es\/wp-json\/wp\/v2\/types\/page"}],"author":[{"embeddable":true,"href":"https:\/\/www.claret.org\/es\/wp-json\/wp\/v2\/users\/2"}],"replies":[{"embeddable":true,"href":"https:\/\/www.claret.org\/es\/wp-json\/wp\/v2\/comments?post=130403"}],"version-history":[{"count":0,"href":"https:\/\/www.claret.org\/es\/wp-json\/wp\/v2\/pages\/130403\/revisions"}],"up":[{"embeddable":true,"href":"https:\/\/www.claret.org\/es\/wp-json\/wp\/v2\/pages\/116337"}],"wp:featuredmedia":[{"embeddable":true,"href":"https:\/\/www.claret.org\/es\/wp-json\/wp\/v2\/media\/161368"}],"wp:attachment":[{"href":"https:\/\/www.claret.org\/es\/wp-json\/wp\/v2\/media?parent=130403"}],"curies":[{"name":"wp","href":"https:\/\/api.w.org\/{rel}","templated":true}]}}