{"id":159391,"date":"2023-10-20T11:43:15","date_gmt":"2023-10-20T09:43:15","guid":{"rendered":"https:\/\/www.claret.org\/youthvocation-calendar\/"},"modified":"2023-11-22T11:19:43","modified_gmt":"2023-11-22T10:19:43","slug":"youthvocation-calendar","status":"publish","type":"page","link":"https:\/\/www.claret.org\/es\/youthvocation-calendar\/","title":{"rendered":"Calendario Juventud&#038;Vocaci\u00f3n"},"content":{"rendered":"<p>[et_pb_section fb_built=\u00bb1&#8243; admin_label=\u00bbPage Title Section\u00bb _builder_version=\u00bb4.22.2&#8243; background_color_gradient_direction=\u00bb115deg\u00bb background_image=\u00bbhttps:\/\/www.claret.org\/wp-content\/uploads\/2023\/09\/law-firm-24.jpg\u00bb custom_padding=\u00bb150px||0|\u00bb global_colors_info=\u00bb{}\u00bb][et_pb_row _builder_version=\u00bb4.16&#8243; background_color=\u00bb#383e59&#8243; background_size=\u00bbinitial\u00bb background_position=\u00bbtop_left\u00bb background_repeat=\u00bbrepeat\u00bb max_width=\u00bb960px\u00bb custom_margin=\u00bb|||0px\u00bb custom_padding=\u00bb27px|40px||10%\u00bb animation_style=\u00bbslide\u00bb animation_direction=\u00bbleft\u00bb animation_intensity_slide=\u00bb2%\u00bb border_radii=\u00bb||6px|6px|\u00bb border_width_right=\u00bb30px\u00bb border_color_right=\u00bb#bdada0&#8243; box_shadow_style=\u00bbpreset3&#8243; box_shadow_vertical=\u00bb35px\u00bb box_shadow_blur=\u00bb70px\u00bb box_shadow_spread=\u00bb-35px\u00bb box_shadow_color=\u00bbrgba(0,0,0,0.6)\u00bb use_custom_width=\u00bbon\u00bb custom_width_px=\u00bb960px\u00bb global_colors_info=\u00bb{}\u00bb][et_pb_column type=\u00bb4_4&#8243; _builder_version=\u00bb4.16&#8243; custom_padding=\u00bb|||\u00bb custom_padding_tablet=\u00bb|||10%\u00bb custom_padding_last_edited=\u00bboff|desktop\u00bb global_colors_info=\u00bb{}\u00bb padding_tablet=\u00bb|||10%\u00bb padding_last_edited=\u00bboff|desktop\u00bb custom_padding__hover=\u00bb|||\u00bb][et_pb_text admin_label=\u00bbTitle\u00bb _builder_version=\u00bb4.22.2&#8243; text_font=\u00bb||||||||\u00bb header_font=\u00bbAbhaya Libre|700|||||||\u00bb header_font_size=\u00bb43px\u00bb header_line_height=\u00bb1.2em\u00bb header_4_font=\u00bb||||||||\u00bb background_layout=\u00bbdark\u00bb custom_margin=\u00bb|||\u00bb custom_padding=\u00bb|||\u00bb header_font_size_tablet=\u00bb40px\u00bb header_font_size_phone=\u00bb\u00bb header_font_size_last_edited=\u00bbon|tablet\u00bb global_colors_info=\u00bb{}\u00bb]<\/p>\n<h1>Calendario de la Familia Claretiana JVM<\/h1>\n<p>[\/et_pb_text][\/et_pb_column][\/et_pb_row][\/et_pb_section][et_pb_section fb_built=\u00bb1&#8243; admin_label=\u00bbEvents Section\u00bb _builder_version=\u00bb4.16&#8243; background_image=\u00bbhttps:\/\/www.claret.org\/wp-content\/uploads\/2023\/10\/paper.jpg\u00bb custom_padding=\u00bb70px||70px|\u00bb global_colors_info=\u00bb{}\u00bb][et_pb_row column_structure=\u00bb1_4,3_4&#8243; _builder_version=\u00bb4.16&#8243; custom_padding=\u00bb90px||0px|||\u00bb border_width_bottom=\u00bb1px\u00bb border_color_bottom=\u00bbrgba(0,0,0,0.12)\u00bb global_colors_info=\u00bb{}\u00bb][et_pb_column type=\u00bb1_4&#8243; _builder_version=\u00bb4.16&#8243; custom_padding=\u00bb|||\u00bb global_colors_info=\u00bb{}\u00bb custom_padding__hover=\u00bb|||\u00bb][et_pb_text _builder_version=\u00bb4.22.2&#8243; text_font=\u00bb||||||||\u00bb text_line_height=\u00bb1.8em\u00bb header_font=\u00bb||||||||\u00bb header_4_font=\u00bbNunito|700||on|||||\u00bb header_4_text_color=\u00bb#94a6bf\u00bb header_4_letter_spacing=\u00bb2px\u00bb header_4_line_height=\u00bb1.4em\u00bb animation_style=\u00bbslide\u00bb animation_direction=\u00bbleft\u00bb animation_intensity_slide=\u00bb5%\u00bb animation_starting_opacity=\u00bb100%\u00bb global_colors_info=\u00bb{}\u00bb]<\/p>\n<h2 style=\"text-align: center;\">Enero<\/h2>\n<p>&nbsp;<\/p>\n<p>&nbsp;<\/p>\n<p>&nbsp;<\/p>\n<p>&nbsp;<\/p>\n<p>[\/et_pb_text][\/et_pb_column][et_pb_column type=\u00bb3_4&#8243; _builder_version=\u00bb4.16&#8243; custom_padding=\u00bb|||\u00bb global_colors_info=\u00bb{}\u00bb custom_padding__hover=\u00bb|||\u00bb][et_pb_text _builder_version=\u00bb4.22.2&#8243; text_font=\u00bb||||||||\u00bb text_line_height=\u00bb1.8em\u00bb header_font=\u00bb||||||||\u00bb header_3_font=\u00bbAbhaya Libre|700|||||||\u00bb header_3_font_size=\u00bb24px\u00bb header_3_line_height=\u00bb1.4em\u00bb custom_margin=\u00bb||0px|\u00bb animation_style=\u00bbslide\u00bb animation_direction=\u00bbleft\u00bb animation_intensity_slide=\u00bb5%\u00bb animation_starting_opacity=\u00bb100%\u00bb global_colors_info=\u00bb{}\u00bb]<\/p>\n<p><strong><span style=\"color: #ff0000;\">17<\/span><\/strong> \u00a0 \u00a0 \u00a0 \u00a0SERVIDORA DE DIOS MADRE Antonia Mar\u00eda Par\u00eds Y RIERA &#8211; Reus (ES) 1885 &#8211; Fundadora de las Religiosas Misioneras de Mar\u00eda Inmaculada Claretianas (RMI)<\/p>\n<p>[\/et_pb_text][\/et_pb_column][\/et_pb_row][et_pb_row column_structure=\u00bb1_4,3_4&#8243; _builder_version=\u00bb4.16&#8243; custom_padding=\u00bb90px||0px|||\u00bb border_width_bottom=\u00bb1px\u00bb border_color_bottom=\u00bbrgba(0,0,0,0.12)\u00bb global_colors_info=\u00bb{}\u00bb][et_pb_column type=\u00bb1_4&#8243; _builder_version=\u00bb4.16&#8243; custom_padding=\u00bb|||\u00bb global_colors_info=\u00bb{}\u00bb custom_padding__hover=\u00bb|||\u00bb][et_pb_text _builder_version=\u00bb4.22.2&#8243; text_font=\u00bb||||||||\u00bb text_line_height=\u00bb1.8em\u00bb header_font=\u00bb||||||||\u00bb header_4_font=\u00bbNunito|700||on|||||\u00bb header_4_text_color=\u00bb#94a6bf\u00bb header_4_letter_spacing=\u00bb2px\u00bb header_4_line_height=\u00bb1.4em\u00bb animation_style=\u00bbslide\u00bb animation_direction=\u00bbleft\u00bb animation_intensity_slide=\u00bb5%\u00bb animation_starting_opacity=\u00bb100%\u00bb global_colors_info=\u00bb{}\u00bb]<\/p>\n<h2 style=\"text-align: center;\">Febrero<\/h2>\n<p>&nbsp;<\/p>\n<p>&nbsp;<\/p>\n<p>&nbsp;<\/p>\n<p>&nbsp;<\/p>\n<p>[\/et_pb_text][\/et_pb_column][et_pb_column type=\u00bb3_4&#8243; _builder_version=\u00bb4.16&#8243; custom_padding=\u00bb|||\u00bb global_colors_info=\u00bb{}\u00bb custom_padding__hover=\u00bb|||\u00bb][et_pb_text _builder_version=\u00bb4.22.2&#8243; text_font=\u00bb||||||||\u00bb text_line_height=\u00bb1.8em\u00bb header_font=\u00bb||||||||\u00bb header_3_font=\u00bbAbhaya Libre|700|||||||\u00bb header_3_font_size=\u00bb24px\u00bb header_3_line_height=\u00bb1.4em\u00bb custom_margin=\u00bb||0px|\u00bb animation_style=\u00bbslide\u00bb animation_direction=\u00bbleft\u00bb animation_intensity_slide=\u00bb5%\u00bb animation_starting_opacity=\u00bb100%\u00bb global_colors_info=\u00bb{}\u00bb]<\/p>\n<p style=\"text-align: justify;\"><strong><span style=\"color: #ff0000;\">01<\/span>\u00a0 \u00a0 \u00a0 <\/strong>MEMORIA DE LOS BENDITOS MISIONEROS Claretianos M\u00e1rtires &#8211; 51 m\u00e1rtires de Barbastro (beatificados el 25\/10\/1992); P. Andr\u00e9s Sol\u00e1 i Molist (20\/11\/2005); 23 m\u00e1rtires de Tarragona (13\/10\/2013); 109 m\u00e1rtires beatificados en Barcelona (22\/10\/2017); Beata M. Mar\u00eda Patrocinio Giner RMI (11\/03\/2001).<\/p>\n<p>[\/et_pb_text][\/et_pb_column][\/et_pb_row][et_pb_row column_structure=\u00bb1_4,3_4&#8243; _builder_version=\u00bb4.16&#8243; custom_padding=\u00bb47px||34px|||\u00bb border_width_bottom=\u00bb1px\u00bb border_color_bottom=\u00bbrgba(0,0,0,0.12)\u00bb global_colors_info=\u00bb{}\u00bb][et_pb_column type=\u00bb1_4&#8243; _builder_version=\u00bb4.16&#8243; custom_padding=\u00bb|||\u00bb global_colors_info=\u00bb{}\u00bb custom_padding__hover=\u00bb|||\u00bb][et_pb_text _builder_version=\u00bb4.22.2&#8243; text_font=\u00bb||||||||\u00bb text_line_height=\u00bb1.8em\u00bb header_font=\u00bb||||||||\u00bb header_4_font=\u00bbNunito|700||on|||||\u00bb header_4_text_color=\u00bb#94a6bf\u00bb header_4_letter_spacing=\u00bb2px\u00bb header_4_line_height=\u00bb1.4em\u00bb animation_style=\u00bbslide\u00bb animation_direction=\u00bbleft\u00bb animation_intensity_slide=\u00bb5%\u00bb animation_starting_opacity=\u00bb100%\u00bb global_colors_info=\u00bb{}\u00bb]<\/p>\n<h2 style=\"text-align: center;\">Marzo<\/h2>\n<p>&nbsp;<\/p>\n<p>&nbsp;<\/p>\n<p>&nbsp;<\/p>\n<p>&nbsp;<\/p>\n<p>[\/et_pb_text][\/et_pb_column][et_pb_column type=\u00bb3_4&#8243; _builder_version=\u00bb4.16&#8243; custom_padding=\u00bb|||\u00bb global_colors_info=\u00bb{}\u00bb custom_padding__hover=\u00bb|||\u00bb][et_pb_text _builder_version=\u00bb4.22.2&#8243; text_font=\u00bb||||||||\u00bb text_line_height=\u00bb1.8em\u00bb header_font=\u00bb||||||||\u00bb header_3_font=\u00bbAbhaya Libre|700|||||||\u00bb header_3_font_size=\u00bb24px\u00bb header_3_line_height=\u00bb1.4em\u00bb custom_margin=\u00bb||0px|\u00bb animation_style=\u00bbslide\u00bb animation_direction=\u00bbleft\u00bb animation_intensity_slide=\u00bb5%\u00bb animation_starting_opacity=\u00bb100%\u00bb global_colors_info=\u00bb{}\u00bb]<\/p>\n<p><strong><span style=\"color: #ff0000;\">19<\/span><\/strong>\u00a0 \u00a0 \u00a0 \u00a0FUNDACI\u00d3N DE LA CONGREGACI\u00d3N DE LAS HERMANAS MISIONERAS CORDIMARIANAS &#8211; M\u00e9xico (MX) 1921<\/p>\n<p>FUNDACI\u00d3N DE LA CONGREGACI\u00d3N DE LAS HERMANAS MISIONERAS DE SAN ANTONIO MAR\u00cdA CLARET &#8211; Londrina (BR) 1958<\/p>\n<p>APROBACI\u00d3N DIOCESANA DEL INSTITUTO SECULAR DE LAS HIJAS DEL INMACULADO CORAZ\u00d3N DE MAR\u00cdA (1971)<\/p>\n<p><strong><span style=\"color: #ff0000;\">29<\/span>\u00a0\u00a0\u00a0\u00a0\u00a0\u00a0\u00a0\u00a0\u00a0\u00a0<\/strong>MONS. FR. GERALDO FERNANDES BIJO CMF &#8211; Sao Paulo (BR) 1982 &#8211; Fundador de las Hermanas Misioneras de San Antonio Mar\u00eda Claret<\/p>\n<p>[\/et_pb_text][\/et_pb_column][\/et_pb_row][et_pb_row column_structure=\u00bb1_4,3_4&#8243; _builder_version=\u00bb4.16&#8243; custom_margin=\u00bb86px|auto||auto||\u00bb custom_padding=\u00bb0px||0px|||\u00bb border_width_bottom=\u00bb1px\u00bb border_color_bottom=\u00bbrgba(0,0,0,0.12)\u00bb global_colors_info=\u00bb{}\u00bb][et_pb_column type=\u00bb1_4&#8243; _builder_version=\u00bb4.16&#8243; custom_padding=\u00bb|||\u00bb global_colors_info=\u00bb{}\u00bb custom_padding__hover=\u00bb|||\u00bb][et_pb_text _builder_version=\u00bb4.22.2&#8243; text_font=\u00bb||||||||\u00bb text_line_height=\u00bb1.8em\u00bb header_font=\u00bb||||||||\u00bb header_4_font=\u00bbNunito|700||on|||||\u00bb header_4_text_color=\u00bb#94a6bf\u00bb header_4_letter_spacing=\u00bb2px\u00bb header_4_line_height=\u00bb1.4em\u00bb animation_style=\u00bbslide\u00bb animation_direction=\u00bbleft\u00bb animation_intensity_slide=\u00bb5%\u00bb animation_starting_opacity=\u00bb100%\u00bb global_colors_info=\u00bb{}\u00bb]<\/p>\n<h2 style=\"text-align: center;\">Abril<\/h2>\n<p>&nbsp;<\/p>\n<p>&nbsp;<\/p>\n<p>&nbsp;<\/p>\n<p>&nbsp;<\/p>\n<p>[\/et_pb_text][\/et_pb_column][et_pb_column type=\u00bb3_4&#8243; _builder_version=\u00bb4.16&#8243; custom_padding=\u00bb|||\u00bb global_colors_info=\u00bb{}\u00bb custom_padding__hover=\u00bb|||\u00bb][et_pb_text _builder_version=\u00bb4.22.2&#8243; text_font=\u00bb||||||||\u00bb text_line_height=\u00bb1.8em\u00bb header_font=\u00bb||||||||\u00bb header_3_font=\u00bbAbhaya Libre|700|||||||\u00bb header_3_font_size=\u00bb24px\u00bb header_3_line_height=\u00bb1.4em\u00bb custom_margin=\u00bb||0px|\u00bb animation_style=\u00bbslide\u00bb animation_direction=\u00bbleft\u00bb animation_intensity_slide=\u00bb5%\u00bb animation_starting_opacity=\u00bb100%\u00bb global_colors_info=\u00bb{}\u00bb]<\/p>\n<p><strong><span style=\"color: #ff0000;\">20<\/span>\u00a0\u00a0\u00a0\u00a0\u00a0\u00a0\u00a0\u00a0\u00a0\u00a0<\/strong>APROBACI\u00d3N PONTIFICIA DEL MOVIMIENTO LAICO CLARETIANO (1988)<\/p>\n<p><strong><span style=\"color: #ff0000;\">21\u00a0<\/span>\u00a0\u00a0\u00a0\u00a0\u00a0\u00a0\u00a0\u00a0\u00a0<\/strong>MGR. FR. ARMENGOL COLL Y ARMENGOL CMF &#8211; Malabo (GQ) 1918 &#8211; Fundador de las Hermanas Misioneras de Mar\u00eda Inmaculada<\/p>\n<p>[\/et_pb_text][\/et_pb_column][\/et_pb_row][et_pb_row column_structure=\u00bb1_4,3_4&#8243; _builder_version=\u00bb4.16&#8243; custom_padding=\u00bb54px||90px|||\u00bb border_width_bottom=\u00bb1px\u00bb border_color_bottom=\u00bbrgba(0,0,0,0.12)\u00bb global_colors_info=\u00bb{}\u00bb][et_pb_column type=\u00bb1_4&#8243; _builder_version=\u00bb4.16&#8243; custom_padding=\u00bb|||\u00bb global_colors_info=\u00bb{}\u00bb custom_padding__hover=\u00bb|||\u00bb][et_pb_text _builder_version=\u00bb4.22.2&#8243; text_font=\u00bb||||||||\u00bb text_line_height=\u00bb1.8em\u00bb header_font=\u00bb||||||||\u00bb header_4_font=\u00bbNunito|700||on|||||\u00bb header_4_text_color=\u00bb#94a6bf\u00bb header_4_letter_spacing=\u00bb2px\u00bb header_4_line_height=\u00bb1.4em\u00bb animation_style=\u00bbslide\u00bb animation_direction=\u00bbleft\u00bb animation_intensity_slide=\u00bb5%\u00bb animation_starting_opacity=\u00bb100%\u00bb global_colors_info=\u00bb{}\u00bb]<\/p>\n<h2 style=\"text-align: center;\">Mayo<\/h2>\n<p>&nbsp;<\/p>\n<p>&nbsp;<\/p>\n<p>&nbsp;<\/p>\n<p>&nbsp;<\/p>\n<p>&nbsp;<\/p>\n<p>[\/et_pb_text][\/et_pb_column][et_pb_column type=\u00bb3_4&#8243; _builder_version=\u00bb4.16&#8243; custom_padding=\u00bb|||\u00bb global_colors_info=\u00bb{}\u00bb custom_padding__hover=\u00bb|||\u00bb][et_pb_text _builder_version=\u00bb4.22.2&#8243; text_font=\u00bb||||||||\u00bb text_line_height=\u00bb1.8em\u00bb header_font=\u00bb||||||||\u00bb header_3_font=\u00bbAbhaya Libre|700|||||||\u00bb header_3_font_size=\u00bb24px\u00bb header_3_line_height=\u00bb1.4em\u00bb custom_margin=\u00bb||0px|\u00bb animation_style=\u00bbslide\u00bb animation_direction=\u00bbleft\u00bb animation_intensity_slide=\u00bb5%\u00bb animation_starting_opacity=\u00bb100%\u00bb global_colors_info=\u00bb{}\u00bb]<\/p>\n<p><strong><span style=\"color: #ff0000;\">08P\u00a0<\/span>\u00a0\u00a0 \u00a0 \u00a0\u00a0<\/strong>LUIS PUJOL TORDERA CMF &#8211; Vic (ES) 1976 &#8211; Fundador de las Hermanas Misioneras de la Instituci\u00f3n Claretiana<\/p>\n<p><strong><span style=\"color: #ff0000;\">26P\u00a0<\/span>\u00a0\u00a0 \u00a0 \u00a0<\/strong>JULI\u00c1N COLLEL Y GUIX CMF &#8211; Toluca (MX) 1937 &#8211; Fundador de las Hermanas Misioneras Cordimarianas<\/p>\n<p><strong><span style=\"color: #ff0000;\">28\u00a0<\/span>\u00a0 \u00a0 \u00a0 \u00a0 \u00a0\u00a0<\/strong>FUNDACI\u00d3N DE LA CONGREGACI\u00d3N DE LAS HERMANAS MISIONERAS DE LA INSTITUCI\u00d3N CLARETIANA &#8211; Vic (ES) 1951<\/p>\n<p><strong><span style=\"color: #ff0000;\">29<\/span>\u00a0 \u00a0 \u00a0 \u00a0 \u00a0 \u00a0\u00a0<\/strong>MADRE IMELDA MAKOLE MMI &#8211; Fundadora de las Hermanas Misioneras de Mar\u00eda Inmaculada (Malabo GQ)<\/p>\n<p><strong><span style=\"color: #ff0000;\">31\u00a0<\/span>\u00a0\u00a0 \u00a0 \u00a0 \u00a0 \u00a0\u00a0<\/strong>D\u00cdA DE LAS VOCACIONES CLARETIANAS<\/p>\n<p>[\/et_pb_text][\/et_pb_column][\/et_pb_row][et_pb_row column_structure=\u00bb1_4,3_4&#8243; _builder_version=\u00bb4.16&#8243; custom_margin=\u00bb-2px|auto||auto||\u00bb custom_padding=\u00bb54px||0px|||\u00bb border_width_bottom=\u00bb1px\u00bb border_color_bottom=\u00bbrgba(0,0,0,0.12)\u00bb global_colors_info=\u00bb{}\u00bb][et_pb_column type=\u00bb1_4&#8243; _builder_version=\u00bb4.16&#8243; custom_padding=\u00bb|||\u00bb global_colors_info=\u00bb{}\u00bb custom_padding__hover=\u00bb|||\u00bb][et_pb_text _builder_version=\u00bb4.22.2&#8243; text_font=\u00bb||||||||\u00bb text_line_height=\u00bb1.8em\u00bb header_font=\u00bb||||||||\u00bb header_4_font=\u00bbNunito|700||on|||||\u00bb header_4_text_color=\u00bb#94a6bf\u00bb header_4_letter_spacing=\u00bb2px\u00bb header_4_line_height=\u00bb1.4em\u00bb animation_style=\u00bbslide\u00bb animation_direction=\u00bbleft\u00bb animation_intensity_slide=\u00bb5%\u00bb animation_starting_opacity=\u00bb100%\u00bb global_colors_info=\u00bb{}\u00bb]<\/p>\n<h2 style=\"text-align: center;\">Julio<\/h2>\n<p>&nbsp;<\/p>\n<p>&nbsp;<\/p>\n<p>&nbsp;<\/p>\n<p>&nbsp;<\/p>\n<p>&nbsp;<\/p>\n<p>[\/et_pb_text][\/et_pb_column][et_pb_column type=\u00bb3_4&#8243; _builder_version=\u00bb4.16&#8243; custom_padding=\u00bb|||\u00bb global_colors_info=\u00bb{}\u00bb custom_padding__hover=\u00bb|||\u00bb][et_pb_text _builder_version=\u00bb4.22.2&#8243; text_font=\u00bb||||||||\u00bb text_line_height=\u00bb1.8em\u00bb header_font=\u00bb||||||||\u00bb header_3_font=\u00bbAbhaya Libre|700|||||||\u00bb header_3_font_size=\u00bb24px\u00bb header_3_line_height=\u00bb1.4em\u00bb custom_margin=\u00bb||0px|\u00bb animation_style=\u00bbslide\u00bb animation_direction=\u00bbleft\u00bb animation_intensity_slide=\u00bb5%\u00bb animation_starting_opacity=\u00bb100%\u00bb global_colors_info=\u00bb{}\u00bb]<\/p>\n<p><strong><span style=\"color: #ff0000;\">10\u00a0<\/span>\u00a0\u00a0\u00a0\u00a0\u00a0\u00a0\u00a0\u00a0<\/strong>CONSTITUCI\u00d3N DEL MOVIMIENTO LAICO CLARETIANO &#8211; Villa de Leiva (CO) 1983<\/p>\n<p><strong><span style=\"color: #ff0000;\">16\u00a0<\/span>\u00a0\u00a0\u00a0\u00a0\u00a0\u00a0\u00a0\u00a0\u00a0<\/strong>FUNDACI\u00d3N DE LA CONGREGACI\u00d3N DE LOS MISIONEROS HIJOS DEL INMACULADO CORAZ\u00d3N DE MAR\u00cdA &#8211; CLARETIANOS &#8211; Vic (ES) 1949<\/p>\n<p><strong><span style=\"color: #ff0000;\">22\u00a0<\/span>\u00a0\u00a0\u00a0\u00a0\u00a0\u00a0\u00a0\u00a0\u00a0<\/strong>MADRE LEONIA MILITO MSAMC- Fundadora de las Hermanas Misioneras de San Antonio Mar\u00eda Claret &#8211; Londrina (BR) 1980<\/p>\n<p>[\/et_pb_text][\/et_pb_column][\/et_pb_row][et_pb_row column_structure=\u00bb1_4,3_4&#8243; _builder_version=\u00bb4.16&#8243; custom_margin=\u00bb|auto|-7px|auto||\u00bb custom_padding=\u00bb54px||0px|||\u00bb border_width_bottom=\u00bb1px\u00bb border_color_bottom=\u00bbrgba(0,0,0,0.12)\u00bb global_colors_info=\u00bb{}\u00bb][et_pb_column type=\u00bb1_4&#8243; _builder_version=\u00bb4.16&#8243; custom_padding=\u00bb|||\u00bb global_colors_info=\u00bb{}\u00bb custom_padding__hover=\u00bb|||\u00bb][et_pb_text _builder_version=\u00bb4.22.2&#8243; text_font=\u00bb||||||||\u00bb text_line_height=\u00bb1.8em\u00bb header_font=\u00bb||||||||\u00bb header_4_font=\u00bbNunito|700||on|||||\u00bb header_4_text_color=\u00bb#94a6bf\u00bb header_4_letter_spacing=\u00bb2px\u00bb header_4_line_height=\u00bb1.4em\u00bb animation_style=\u00bbslide\u00bb animation_direction=\u00bbleft\u00bb animation_intensity_slide=\u00bb5%\u00bb animation_starting_opacity=\u00bb100%\u00bb global_colors_info=\u00bb{}\u00bb]<\/p>\n<h2 style=\"text-align: center;\">Agosto<\/h2>\n<p>&nbsp;<\/p>\n<p>&nbsp;<\/p>\n<p>&nbsp;<\/p>\n<p>&nbsp;<\/p>\n<p>&nbsp;<\/p>\n<p>[\/et_pb_text][\/et_pb_column][et_pb_column type=\u00bb3_4&#8243; _builder_version=\u00bb4.16&#8243; custom_padding=\u00bb|||\u00bb global_colors_info=\u00bb{}\u00bb custom_padding__hover=\u00bb|||\u00bb][et_pb_text _builder_version=\u00bb4.22.2&#8243; text_font=\u00bb||||||||\u00bb text_line_height=\u00bb1.8em\u00bb header_font=\u00bb||||||||\u00bb header_3_font=\u00bbAbhaya Libre|700|||||||\u00bb header_3_font_size=\u00bb24px\u00bb header_3_line_height=\u00bb1.4em\u00bb custom_margin=\u00bb||0px|\u00bb animation_style=\u00bbslide\u00bb animation_direction=\u00bbleft\u00bb animation_intensity_slide=\u00bb5%\u00bb animation_starting_opacity=\u00bb100%\u00bb global_colors_info=\u00bb{}\u00bb]<\/p>\n<p><strong><span style=\"color: #ff0000;\">16<\/span>\u00a0\u00a0\u00a0\u00a0\u00a0\u00a0\u00a0\u00a0\u00a0\u00a0<\/strong>MADRE CARMEN SERRANO Y RUGAMA MCM &#8211; Fundadora de las Hermanas Misioneras Cordimarianas<\/p>\n<p><strong><span style=\"color: #ff0000;\">25<\/span>\u00a0\u00a0\u00a0\u00a0\u00a0\u00a0\u00a0\u00a0\u00a0<\/strong>FUNDACI\u00d3N DE LA CONGREGACI\u00d3N DE HERMANAS MISIONERAS CLARETIANAS RMI &#8211; Santiago (CU) 1855<\/p>\n<p>[\/et_pb_text][\/et_pb_column][\/et_pb_row][et_pb_row column_structure=\u00bb1_4,3_4&#8243; _builder_version=\u00bb4.16&#8243; custom_margin=\u00bb9px|auto||auto||\u00bb custom_padding=\u00bb54px||0px|||\u00bb border_width_bottom=\u00bb1px\u00bb border_color_bottom=\u00bbrgba(0,0,0,0.12)\u00bb global_colors_info=\u00bb{}\u00bb][et_pb_column type=\u00bb1_4&#8243; _builder_version=\u00bb4.16&#8243; custom_padding=\u00bb|||\u00bb global_colors_info=\u00bb{}\u00bb custom_padding__hover=\u00bb|||\u00bb][et_pb_text _builder_version=\u00bb4.22.2&#8243; text_font=\u00bb||||||||\u00bb text_line_height=\u00bb1.8em\u00bb header_font=\u00bb||||||||\u00bb header_4_font=\u00bbNunito|700||on|||||\u00bb header_4_text_color=\u00bb#94a6bf\u00bb header_4_letter_spacing=\u00bb2px\u00bb header_4_line_height=\u00bb1.4em\u00bb animation_style=\u00bbslide\u00bb animation_direction=\u00bbleft\u00bb animation_intensity_slide=\u00bb5%\u00bb animation_starting_opacity=\u00bb100%\u00bb global_colors_info=\u00bb{}\u00bb]<\/p>\n<h2 style=\"text-align: center;\">Octubre<\/h2>\n<p>&nbsp;<\/p>\n<p>&nbsp;<\/p>\n<p>&nbsp;<\/p>\n<p>&nbsp;<\/p>\n<p>&nbsp;<\/p>\n<p>[\/et_pb_text][\/et_pb_column][et_pb_column type=\u00bb3_4&#8243; _builder_version=\u00bb4.16&#8243; custom_padding=\u00bb|||\u00bb global_colors_info=\u00bb{}\u00bb custom_padding__hover=\u00bb|||\u00bb][et_pb_text _builder_version=\u00bb4.22.2&#8243; text_font=\u00bb||||||||\u00bb text_line_height=\u00bb1.8em\u00bb header_font=\u00bb||||||||\u00bb header_3_font=\u00bbAbhaya Libre|700|||||||\u00bb header_3_font_size=\u00bb24px\u00bb header_3_line_height=\u00bb1.4em\u00bb custom_margin=\u00bb||0px|\u00bb animation_style=\u00bbslide\u00bb animation_direction=\u00bbleft\u00bb animation_intensity_slide=\u00bb5%\u00bb animation_starting_opacity=\u00bb100%\u00bb global_colors_info=\u00bb{}\u00bb]<\/p>\n<p><strong><span style=\"color: #ff0000;\">07<\/span>\u00a0\u00a0\u00a0\u00a0\u00a0\u00a0\u00a0\u00a0\u00a0\u00a0<\/strong>FUNDACI\u00d3N DE LA CONGREGACI\u00d3N DE LAS HERMANAS MISIONERAS DE MAR\u00cdA INMACULADA (MMI) &#8211; Malabo (GQ) 1909<\/p>\n<p><strong><span style=\"color: #ff0000;\">24<\/span>\u00a0\u00a0\u00a0\u00a0\u00a0\u00a0\u00a0\u00a0\u00a0\u00a0<\/strong>FIESTA DE SAN ANTONIO MAR\u00cdA CLARET &#8211; Vic (ES) 1870<\/p>\n<p>[\/et_pb_text][\/et_pb_column][\/et_pb_row][et_pb_row column_structure=\u00bb1_4,3_4&#8243; _builder_version=\u00bb4.16&#8243; custom_padding=\u00bb54px||0px|||\u00bb border_width_bottom=\u00bb1px\u00bb border_color_bottom=\u00bbrgba(0,0,0,0.12)\u00bb global_colors_info=\u00bb{}\u00bb custom_margin=\u00bb|auto|42px|auto||\u00bb][et_pb_column type=\u00bb1_4&#8243; _builder_version=\u00bb4.16&#8243; custom_padding=\u00bb|||\u00bb global_colors_info=\u00bb{}\u00bb custom_padding__hover=\u00bb|||\u00bb][et_pb_text _builder_version=\u00bb4.22.2&#8243; text_font=\u00bb||||||||\u00bb text_line_height=\u00bb1.8em\u00bb header_font=\u00bb||||||||\u00bb header_4_font=\u00bbNunito|700||on|||||\u00bb header_4_text_color=\u00bb#94a6bf\u00bb header_4_letter_spacing=\u00bb2px\u00bb header_4_line_height=\u00bb1.4em\u00bb animation_style=\u00bbslide\u00bb animation_direction=\u00bbleft\u00bb animation_intensity_slide=\u00bb5%\u00bb animation_starting_opacity=\u00bb100%\u00bb global_colors_info=\u00bb{}\u00bb]<\/p>\n<h2 style=\"text-align: center;\">Noviembre<\/h2>\n<p>&nbsp;<\/p>\n<p>&nbsp;<\/p>\n<p>&nbsp;<\/p>\n<p>&nbsp;<\/p>\n<p>&nbsp;<\/p>\n<p>[\/et_pb_text][\/et_pb_column][et_pb_column type=\u00bb3_4&#8243; _builder_version=\u00bb4.16&#8243; custom_padding=\u00bb|||\u00bb global_colors_info=\u00bb{}\u00bb custom_padding__hover=\u00bb|||\u00bb][et_pb_text _builder_version=\u00bb4.22.2&#8243; text_font=\u00bb||||||||\u00bb text_line_height=\u00bb1.8em\u00bb header_font=\u00bb||||||||\u00bb header_3_font=\u00bbAbhaya Libre|700|||||||\u00bb header_3_font_size=\u00bb24px\u00bb header_3_line_height=\u00bb1.4em\u00bb custom_margin=\u00bb||0px|\u00bb animation_style=\u00bbslide\u00bb animation_direction=\u00bbleft\u00bb animation_intensity_slide=\u00bb5%\u00bb animation_starting_opacity=\u00bb100%\u00bb global_colors_info=\u00bb{}\u00bb]<\/p>\n<p><strong><span style=\"color: #ff0000;\">11<\/span>\u00a0\u00a0\u00a0\u00a0\u00a0\u00a0\u00a0\u00a0\u00a0\u00a0<\/strong>MADRE MARIA DOLORS SOL\u00c1 Y CAROL MIC &#8211; Barcelona (ES) 1996<\/p>\n<p><strong><span style=\"color: #ff0000;\">21\u00a0<\/span>\u00a0\u00a0\u00a0\u00a0\u00a0\u00a0\u00a0\u00a0\u00a0<\/strong>APROBACI\u00d3N PONTIFICIA DEL INSTITUTO SECULAR DE LAS HIJAS DEL CORAZ\u00d3N INMACULADO DE MAR\u00cdA &#8211; 1973<\/p>\n<p>[\/et_pb_text][\/et_pb_column][\/et_pb_row][et_pb_row column_structure=\u00bb1_4,3_4&#8243; _builder_version=\u00bb4.16&#8243; custom_padding=\u00bb0px||0px|||\u00bb border_width_bottom=\u00bb1px\u00bb border_color_bottom=\u00bbrgba(0,0,0,0.12)\u00bb global_colors_info=\u00bb{}\u00bb min_height=\u00bb240px\u00bb][et_pb_column type=\u00bb1_4&#8243; _builder_version=\u00bb4.16&#8243; custom_padding=\u00bb|||\u00bb global_colors_info=\u00bb{}\u00bb custom_padding__hover=\u00bb|||\u00bb][et_pb_text _builder_version=\u00bb4.22.2&#8243; text_font=\u00bb||||||||\u00bb text_line_height=\u00bb1.8em\u00bb header_font=\u00bb||||||||\u00bb header_4_font=\u00bbNunito|700||on|||||\u00bb header_4_text_color=\u00bb#94a6bf\u00bb header_4_letter_spacing=\u00bb2px\u00bb header_4_line_height=\u00bb1.4em\u00bb animation_style=\u00bbslide\u00bb animation_direction=\u00bbleft\u00bb animation_intensity_slide=\u00bb5%\u00bb animation_starting_opacity=\u00bb100%\u00bb global_colors_info=\u00bb{}\u00bb]<\/p>\n<h2 style=\"text-align: center;\">Diciembre<\/h2>\n<p>&nbsp;<\/p>\n<p>&nbsp;<\/p>\n<p>&nbsp;<\/p>\n<p>&nbsp;<\/p>\n<p>&nbsp;<\/p>\n<p>[\/et_pb_text][\/et_pb_column][et_pb_column type=\u00bb3_4&#8243; _builder_version=\u00bb4.16&#8243; custom_padding=\u00bb|||\u00bb global_colors_info=\u00bb{}\u00bb custom_padding__hover=\u00bb|||\u00bb][et_pb_text _builder_version=\u00bb4.22.2&#8243; text_font=\u00bb||||||||\u00bb text_line_height=\u00bb1.8em\u00bb header_font=\u00bb||||||||\u00bb header_3_font=\u00bbAbhaya Libre|700|||||||\u00bb header_3_font_size=\u00bb24px\u00bb header_3_line_height=\u00bb1.4em\u00bb custom_margin=\u00bb||0px|\u00bb animation_style=\u00bbslide\u00bb animation_direction=\u00bbleft\u00bb animation_intensity_slide=\u00bb5%\u00bb animation_starting_opacity=\u00bb100%\u00bb hover_enabled=\u00bb0&#8243; global_colors_info=\u00bb{}\u00bb sticky_enabled=\u00bb0&#8243;]<\/p>\n<p><strong><span style=\"color: #ff0000;\">08<\/span>\u00a0\u00a0\u00a0\u00a0\u00a0\u00a0\u00a0\u00a0\u00a0\u00a0<\/strong>SOLEMNIDAD DE MAR\u00cdA INMACULADA<\/p>\n<p>[\/et_pb_text][\/et_pb_column][\/et_pb_row][et_pb_row column_structure=\u00bb1_4,3_4&#8243; _builder_version=\u00bb4.16&#8243; custom_padding=\u00bb0px||93px|||\u00bb border_width_bottom=\u00bb1px\u00bb border_color_bottom=\u00bbrgba(0,0,0,0.12)\u00bb global_colors_info=\u00bb{}\u00bb custom_margin=\u00bb50px|auto||auto||\u00bb][et_pb_column type=\u00bb1_4&#8243; _builder_version=\u00bb4.16&#8243; custom_padding=\u00bb|||\u00bb global_colors_info=\u00bb{}\u00bb custom_padding__hover=\u00bb|||\u00bb][et_pb_text _builder_version=\u00bb4.22.2&#8243; text_font=\u00bb||||||||\u00bb text_line_height=\u00bb1.8em\u00bb header_font=\u00bb||||||||\u00bb header_4_font=\u00bbNunito|700||on|||||\u00bb header_4_text_color=\u00bb#94a6bf\u00bb header_4_letter_spacing=\u00bb2px\u00bb header_4_line_height=\u00bb1.4em\u00bb animation_style=\u00bbslide\u00bb animation_direction=\u00bbleft\u00bb animation_intensity_slide=\u00bb5%\u00bb animation_starting_opacity=\u00bb100%\u00bb hover_enabled=\u00bb0&#8243; global_colors_info=\u00bb{}\u00bb sticky_enabled=\u00bb0&#8243;]<\/p>\n<h2 style=\"text-align: center;\">Fechas m\u00f3viles<\/h2>\n<p>&nbsp;<\/p>\n<p>&nbsp;<\/p>\n<p>&nbsp;<\/p>\n<p>&nbsp;<\/p>\n<p>&nbsp;<\/p>\n<p>[\/et_pb_text][\/et_pb_column][et_pb_column type=\u00bb3_4&#8243; _builder_version=\u00bb4.16&#8243; custom_padding=\u00bb|||\u00bb global_colors_info=\u00bb{}\u00bb custom_padding__hover=\u00bb|||\u00bb][et_pb_text _builder_version=\u00bb4.22.2&#8243; text_font=\u00bb||||||||\u00bb text_line_height=\u00bb1.8em\u00bb header_font=\u00bb||||||||\u00bb header_3_font=\u00bbAbhaya Libre|700|||||||\u00bb header_3_font_size=\u00bb24px\u00bb header_3_line_height=\u00bb1.4em\u00bb custom_margin=\u00bb||0px|47px||\u00bb animation_style=\u00bbslide\u00bb animation_direction=\u00bbleft\u00bb animation_intensity_slide=\u00bb5%\u00bb animation_starting_opacity=\u00bb100%\u00bb hover_enabled=\u00bb0&#8243; global_colors_info=\u00bb{}\u00bb sticky_enabled=\u00bb0&#8243;]<\/p>\n<p>2\u00ba s\u00e1bado despu\u00e9s de la celebraci\u00f3n del Corpus Christi &#8211; Fiesta del Inmaculado Coraz\u00f3n de Mar\u00eda<\/p>\n<p>4\u00ba domingo de Pascua &#8211; Jornada Mundial de Oraci\u00f3n por las Vocaciones<\/p>\n<p>Solemnidad de Cristo Rey &#8211; Jornada Mundial de la Juventud en las Iglesias locales<\/p>\n<p>[\/et_pb_text][\/et_pb_column][\/et_pb_row][\/et_pb_section][et_pb_section fb_built=\u00bb1&#8243; admin_label=\u00bbFooter Section\u00bb _builder_version=\u00bb4.16&#8243; background_color=\u00bb#22262d\u00bb custom_padding=\u00bb100px||100px|\u00bb global_colors_info=\u00bb{}\u00bb][et_pb_row column_structure=\u00bb1_3,1_3,1_3&#8243; custom_padding_last_edited=\u00bbon|phone\u00bb _builder_version=\u00bb4.16&#8243; background_color=\u00bb#bcaca0&#8243; custom_margin=\u00bb-10%|||\u00bb custom_padding=\u00bb70px|3%|70px|3%\u00bb custom_padding_tablet=\u00bb\u00bb custom_padding_phone=\u00bb\u00bb border_radii=\u00bbon|10px|10px|10px|10px\u00bb box_shadow_style=\u00bbpreset2&#8243; box_shadow_horizontal=\u00bb0px\u00bb box_shadow_vertical=\u00bb35px\u00bb box_shadow_blur=\u00bb65px\u00bb box_shadow_color=\u00bbrgba(188,163,146,0.1)\u00bb global_colors_info=\u00bb{}\u00bb][et_pb_column type=\u00bb1_3&#8243; _builder_version=\u00bb4.16&#8243; custom_padding=\u00bb|||\u00bb global_colors_info=\u00bb{}\u00bb custom_padding__hover=\u00bb|||\u00bb][et_pb_blurb title=\u00bbClaretianos\u00bb url=\u00bbhttps:\/\/www.claret.org\/es\/\u00bb use_icon=\u00bbon\u00bb font_icon=\u00bb&#xe0e3;||divi||400&#8243; icon_color=\u00bb#ffffff\u00bb image_icon_background_color=\u00bbrgba(189,173,160,0)\u00bb image_icon_width=\u00bb32px\u00bb admin_label=\u00bbWhere To Buy\u00bb _builder_version=\u00bb4.22.2&#8243; header_font=\u00bbAbhaya Libre|700|||||||\u00bb header_text_color=\u00bb#ffffff\u00bb header_font_size=\u00bb24px\u00bb header_line_height=\u00bb1.2em\u00bb body_font=\u00bbNunito||||||||\u00bb body_text_color=\u00bb#ffffff\u00bb body_font_size=\u00bb18px\u00bb image_icon_custom_padding=\u00bb25px|25px|25px|25px|false|false\u00bb text_orientation=\u00bbcenter\u00bb border_radii_image=\u00bbon|100%|100%|100%|100%\u00bb border_width_all_image=\u00bb3px\u00bb border_color_all_image=\u00bb#ffffff\u00bb icon_font_size=\u00bb32px\u00bb use_circle=\u00bbon\u00bb use_circle_border=\u00bbon\u00bb circle_border_color=\u00bb#ffffff\u00bb circle_color=\u00bbrgba(189,173,160,0)\u00bb global_colors_info=\u00bb{}\u00bb image_icon_background_color__sticky_enabled=\u00bb#e05814&#8243; image_icon_background_color__sticky=\u00bb#e05814&#8243;][\/et_pb_blurb][\/et_pb_column][et_pb_column type=\u00bb1_3&#8243; _builder_version=\u00bb4.16&#8243; custom_padding=\u00bb|||\u00bb global_colors_info=\u00bb{}\u00bb custom_padding__hover=\u00bb|||\u00bb][et_pb_blurb title=\u00bbCalendario claretiano\u00bb url=\u00bbhttps:\/\/www.claret.org\/es\/efemeride\/\u00bb use_icon=\u00bbon\u00bb font_icon=\u00bb&#xe023;||divi||400&#8243; icon_color=\u00bb#ffffff\u00bb image_icon_background_color=\u00bbrgba(189,173,160,0)\u00bb image_icon_width=\u00bb32px\u00bb admin_label=\u00bbContact Manager\u00bb _builder_version=\u00bb4.22.2&#8243; header_font=\u00bbAbhaya Libre|700|||||||\u00bb header_text_color=\u00bb#ffffff\u00bb header_font_size=\u00bb24px\u00bb header_line_height=\u00bb1.2em\u00bb body_font=\u00bbNunito||||||||\u00bb body_text_color=\u00bb#ffffff\u00bb body_font_size=\u00bb18px\u00bb image_icon_custom_padding=\u00bb25px|25px|25px|25px|false|false\u00bb text_orientation=\u00bbcenter\u00bb border_radii_image=\u00bbon|100%|100%|100%|100%\u00bb border_width_all_image=\u00bb3px\u00bb border_color_all_image=\u00bb#ffffff\u00bb icon_font_size=\u00bb32px\u00bb use_circle=\u00bbon\u00bb use_circle_border=\u00bbon\u00bb circle_border_color=\u00bb#ffffff\u00bb circle_color=\u00bbrgba(189,173,160,0)\u00bb locked=\u00bboff\u00bb global_colors_info=\u00bb{}\u00bb image_icon_background_color__sticky_enabled=\u00bb#e05814&#8243; image_icon_background_color__sticky=\u00bb#e05814&#8243;][\/et_pb_blurb][\/et_pb_column][et_pb_column type=\u00bb1_3&#8243; _builder_version=\u00bb4.16&#8243; custom_padding=\u00bb|||\u00bb global_colors_info=\u00bb{}\u00bb custom_padding__hover=\u00bb|||\u00bb][et_pb_blurb title=\u00bb@ET-DC@eyJkeW5hbWljIjp0cnVlLCJjb250ZW50IjoicG9zdF9saW5rIiwic2V0dGluZ3MiOnsiYmVmb3JlIjoiIiwiYWZ0ZXIiOiIiLCJ0ZXh0IjoicG9zdF90aXRsZSIsImN1c3RvbV90ZXh0IjoiIn19@\u00bb use_icon=\u00bbon\u00bb font_icon=\u00bb&#xe026;||divi||400&#8243; icon_color=\u00bb#ffffff\u00bb image_icon_background_color=\u00bbrgba(189,173,160,0)\u00bb image_icon_width=\u00bb32px\u00bb admin_label=\u00bbContact Author\u00bb _builder_version=\u00bb4.22.2&#8243; _dynamic_attributes=\u00bbtitle\u00bb header_font=\u00bbAbhaya Libre|700|||||||\u00bb header_text_color=\u00bb#ffffff\u00bb header_font_size=\u00bb24px\u00bb header_line_height=\u00bb1.2em\u00bb body_font=\u00bbNunito||||||||\u00bb body_text_color=\u00bb#ffffff\u00bb body_font_size=\u00bb18px\u00bb image_icon_custom_padding=\u00bb25px|25px|25px|25px|false|false\u00bb text_orientation=\u00bbcenter\u00bb border_radii_image=\u00bbon|100%|100%|100%|100%\u00bb border_width_all_image=\u00bb3px\u00bb border_color_all_image=\u00bb#ffffff\u00bb icon_font_size=\u00bb32px\u00bb use_circle=\u00bbon\u00bb use_circle_border=\u00bbon\u00bb circle_border_color=\u00bb#ffffff\u00bb circle_color=\u00bbrgba(189,173,160,0)\u00bb locked=\u00bboff\u00bb global_colors_info=\u00bb{}\u00bb image_icon_background_color__sticky_enabled=\u00bb#e05814&#8243; image_icon_background_color__sticky=\u00bb#e05814&#8243;][\/et_pb_blurb][\/et_pb_column][\/et_pb_row][\/et_pb_section]<\/p>\n","protected":false},"excerpt":{"rendered":"<p>Calendario de la Familia Claretiana JVMEnero &nbsp; &nbsp; &nbsp; &nbsp;17 \u00a0 \u00a0 \u00a0 \u00a0SERVIDORA DE DIOS MADRE Antonia Mar\u00eda Par\u00eds Y RIERA &#8211; Reus (ES) 1885 &#8211; Fundadora de las Religiosas Misioneras de Mar\u00eda Inmaculada Claretianas (RMI)Febrero &nbsp; &nbsp; &nbsp; &nbsp;01\u00a0 \u00a0 \u00a0 MEMORIA DE LOS BENDITOS MISIONEROS Claretianos M\u00e1rtires &#8211; 51 m\u00e1rtires de Barbastro [&hellip;]<\/p>\n","protected":false},"author":69,"featured_media":0,"parent":0,"menu_order":0,"comment_status":"closed","ping_status":"closed","template":"","meta":{"_et_pb_use_builder":"on","_et_pb_old_content":"","_et_gb_content_width":"","footnotes":""},"class_list":["post-159391","page","type-page","status-publish","hentry"],"jetpack_sharing_enabled":true,"jetpack_shortlink":"https:\/\/wp.me\/PdaBmi-FsP","jetpack_likes_enabled":true,"_links":{"self":[{"href":"https:\/\/www.claret.org\/es\/wp-json\/wp\/v2\/pages\/159391","targetHints":{"allow":["GET"]}}],"collection":[{"href":"https:\/\/www.claret.org\/es\/wp-json\/wp\/v2\/pages"}],"about":[{"href":"https:\/\/www.claret.org\/es\/wp-json\/wp\/v2\/types\/page"}],"author":[{"embeddable":true,"href":"https:\/\/www.claret.org\/es\/wp-json\/wp\/v2\/users\/69"}],"replies":[{"embeddable":true,"href":"https:\/\/www.claret.org\/es\/wp-json\/wp\/v2\/comments?post=159391"}],"version-history":[{"count":0,"href":"https:\/\/www.claret.org\/es\/wp-json\/wp\/v2\/pages\/159391\/revisions"}],"wp:attachment":[{"href":"https:\/\/www.claret.org\/es\/wp-json\/wp\/v2\/media?parent=159391"}],"curies":[{"name":"wp","href":"https:\/\/api.w.org\/{rel}","templated":true}]}}