{"id":28313,"date":"2018-09-06T07:53:49","date_gmt":"2018-09-06T05:53:49","guid":{"rendered":"https:\/\/www.claret.org\/calendario\/fecha-29-de-septiembre-san-miguel-san-gabriel-y-san-rafael-arcangeles-compatronos-de-la-congregacion\/"},"modified":"2020-02-05T10:12:23","modified_gmt":"2020-02-05T09:12:23","slug":"fecha-29-de-septiembre-san-miguel-san-gabriel-y-san-rafael-arcangeles-compatronos-de-la-congregacion","status":"publish","type":"page","link":"https:\/\/www.claret.org\/es\/efemeride\/fecha-29-de-septiembre-san-miguel-san-gabriel-y-san-rafael-arcangeles-compatronos-de-la-congregacion\/","title":{"rendered":"Fecha: 29 de Septiembre &#8211; San Miguel, San Gabriel y San Rafael, arc\u00e1ngeles, compatronos de la Congregaci\u00f3n"},"content":{"rendered":"<p style=\"text-align: justify;\">Hoy se celebra de manera conjunta la fiesta de estos tres arc\u00e1ngeles. De los tres se hace menci\u00f3n en la Sagrada Escritura y a los tres venera la Iglesia siguiendo la antigua tradici\u00f3n. En nuestro actual texto constitucional san Miguel es citado de manera expl\u00edcita como compatrono de la Congregaci\u00f3n junto con los \u00c1ngeles (cf. CC 35), entre los cuales, por consiguiente, entran impl\u00edcitamente tambi\u00e9n los santos arc\u00e1ngeles Gabriel y Rafael.<\/p>\n<p style=\"text-align: justify;\"><em><img data-recalc-dims=\"1\" loading=\"lazy\" decoding=\"async\" class=\"alignleft\" title=\"\" src=\"https:\/\/i0.wp.com\/www2.claret.org\/sites\/default\/files\/imagenes\/espiritualidad\/calendario\/53-arcngeles.jpg?resize=229%2C343\" alt=\"\" width=\"229\" height=\"343\"><\/em><\/p>\n<p style=\"text-align: justify;\"><em>Miguel<\/em> significa <em>\u00bfQui\u00e9n como Dios? <\/em>o<em> Nadie es como Dios<\/em>. Es representado frecuentemente como el \u00e1ngel guerrero, el vencedor del Drag\u00f3n infernal. Muchas instituciones se han colocado bajo su patronazgo. Y muchos fieles cristianos imploran su protecci\u00f3n, sobre todo, para que los asista cuando llegue la hora de librar la \u00faltima batalla en este mundo. Nuestro Fundador tuvo particular devoci\u00f3n a este santo arc\u00e1ngel, al que invocaba antes de iniciar las misiones y bajo cuyo nombre y tutela puso la <em>Academia<\/em><em> de san Miguel<\/em>, la <em>Librer\u00eda Religiosa<\/em> y la misma Congregaci\u00f3n de Misioneros, de la que quiso que fuera compatrono.<\/p>\n<p style=\"text-align: justify;\"><em>Gabriel<\/em> significa <em>Dios es mi protector<\/em>. Al arc\u00e1ngel san Gabriel lo encontramos varias veces en la Biblia: as\u00ed, vemos que conversa con el profeta Daniel y le comunica con mucha antelaci\u00f3n el tiempo en el que ha de aparecer el Redentor (cf. Dn 8 y 9). Ante Zacar\u00edas, el sorprendido e incr\u00e9dulo esposo de santa Isabel, se presenta como <em>el que est\u00e1 en presencia de Dios<\/em> y le anuncia el nacimiento de su hijo, Juan el Bautista (cf. Lc 1,11-20). Pero la intervenci\u00f3n m\u00e1s lucida de este arc\u00e1ngel es sin duda aquella en la que desempe\u00f1a la misi\u00f3n de anunciar a Mar\u00eda la encarnaci\u00f3n de su Hijo, Jes\u00fas (cf. Lc 1,26-37). San Gabriel \u2014con justicia\u2014 es tenido como patrono de las comunicaciones y de los comunicadores, porque trajo al mundo la m\u00e1s bella noticia: la de la encarnaci\u00f3n del Hijo de Dios.<\/p>\n<p style=\"text-align: justify;\"><em>Rafael<\/em>, el otro arc\u00e1ngel, significa <em>medicina de Dios<\/em> o <em>Dios te cura<\/em>. En el libro de Tob\u00edas este arc\u00e1ngel se autopresenta como \u00abuno de los siete \u00e1ngeles que est\u00e1n siempre presentes y tienen entrada a la Gloriadel Se\u00f1or\u00bb (Tb 12,15). Fue enviado por Dios para ayudar al anciano Tob\u00edas, quien estaba ciego y se hallaba en una gran aflicci\u00f3n. Acompa\u00f1\u00f3, asimismo, al hijo de \u00e9ste en un largu\u00edsimo y peligroso viaje, adoptando forma humana y haci\u00e9ndose llamar Azar\u00edas, y le explic\u00f3 c\u00f3mo pod\u00eda llegar a casarse sin peligro alguno con Sara, la hija de Rag\u00fcel, cuyos siete maridos hab\u00edan muerto la noche del d\u00eda de bodas. San Rafael es invocado por muchos fieles para alejar las enfermedades y es solicitada su protecci\u00f3n al emprender alg\u00fan viaje.<\/p>\n<p style=\"text-align: justify;\">            Que la celebraci\u00f3n de la fiesta de estos tres santos arc\u00e1ngeles y, en especial, la de san Miguel, <em>pr\u00edncipe de los esp\u00edritus celestiales<\/em>, sea ocasi\u00f3n de renovar nuestro prop\u00f3sito de contribuir a la extensi\u00f3n del Reino de Dios, batallando contra las fuerzas del mal desde nuestro carisma misionero en la Iglesia.<\/p>\n","protected":false},"excerpt":{"rendered":"<p>Hoy se celebra de manera conjunta la fiesta de estos tres arc\u00e1ngeles. De los tres se hace menci\u00f3n en la Sagrada Escritura y a los tres venera la Iglesia siguiendo la antigua tradici\u00f3n. En nuestro actual texto constitucional san Miguel es citado de manera expl\u00edcita como compatrono de la Congregaci\u00f3n junto con los \u00c1ngeles (cf. [&hellip;]<\/p>\n","protected":false},"author":69,"featured_media":28311,"parent":24840,"menu_order":0,"comment_status":"closed","ping_status":"closed","template":"","meta":{"_et_pb_use_builder":"","_et_pb_old_content":"","_et_gb_content_width":"","footnotes":""},"class_list":["post-28313","page","type-page","status-publish","has-post-thumbnail","hentry"],"jetpack_sharing_enabled":true,"jetpack_shortlink":"https:\/\/wp.me\/PdaBmi-7mF","jetpack_likes_enabled":true,"_links":{"self":[{"href":"https:\/\/www.claret.org\/es\/wp-json\/wp\/v2\/pages\/28313","targetHints":{"allow":["GET"]}}],"collection":[{"href":"https:\/\/www.claret.org\/es\/wp-json\/wp\/v2\/pages"}],"about":[{"href":"https:\/\/www.claret.org\/es\/wp-json\/wp\/v2\/types\/page"}],"author":[{"embeddable":true,"href":"https:\/\/www.claret.org\/es\/wp-json\/wp\/v2\/users\/69"}],"replies":[{"embeddable":true,"href":"https:\/\/www.claret.org\/es\/wp-json\/wp\/v2\/comments?post=28313"}],"version-history":[{"count":0,"href":"https:\/\/www.claret.org\/es\/wp-json\/wp\/v2\/pages\/28313\/revisions"}],"up":[{"embeddable":true,"href":"https:\/\/www.claret.org\/es\/wp-json\/wp\/v2\/pages\/24840"}],"wp:featuredmedia":[{"embeddable":true,"href":"https:\/\/www.claret.org\/es\/wp-json\/wp\/v2\/media\/28311"}],"wp:attachment":[{"href":"https:\/\/www.claret.org\/es\/wp-json\/wp\/v2\/media?parent=28313"}],"curies":[{"name":"wp","href":"https:\/\/api.w.org\/{rel}","templated":true}]}}