{"id":87966,"date":"2020-09-03T18:08:56","date_gmt":"2020-09-03T16:08:56","guid":{"rendered":"https:\/\/www.claret.org\/nuestra-congregacion\/comunidad\/ms-70-5-proyecto-sobre-la-vida-comunitaria-encuesta-a-la-congregacion-analisis-de-resultados\/"},"modified":"2020-09-03T18:08:56","modified_gmt":"2020-09-03T16:08:56","slug":"ms-70-5-proyecto-sobre-la-vida-comunitaria-encuesta-a-la-congregacion-analisis-de-resultados","status":"publish","type":"page","link":"https:\/\/www.claret.org\/es\/espiritualidad-y-vida-comunitaria\/comunidad\/ms-70-5-proyecto-sobre-la-vida-comunitaria-encuesta-a-la-congregacion-analisis-de-resultados\/","title":{"rendered":"MS 70.5    PROYECTO SOBRE LA VIDA COMUNITARIA ENCUESTA A LA CONGREGACI\u00d3N:  AN\u00c1LISIS DE RESULTADOS"},"content":{"rendered":"<p><strong>RESUMEN EJECUTIVO<\/strong><\/p>\n<p>La Encuesta sobre la vida comunitaria se llev\u00f3 a cabo en marzo-abril de 2019, como uno de los pasos preliminares para preparar materiales de apoyo para facilitar una reflexi\u00f3n interdisciplinar sobre la vida comunitaria con miras a fortalecer la misma dentro de la Congregaci\u00f3n, como manda el XXV Cap\u00edtulo General <em>(MS 70.5).<\/em><\/p>\n<p>La Encuesta constaba de 10 temas (8 preguntas cerradas y 2 abiertas) y fue formateada y distribuida a trav\u00e9s de www.surveymonkey.com\/ a los miembros de la Congregaci\u00f3n. 720 miembros respondieron a la Encuesta, dando una tasa de retorno de alrededor del 32%, lo que corresponde a las tasas medias de retorno de las encuestas. De estos 720, el 71.7% se identific\u00f3 como miembros de un equipo ministerial; 24.8% como individuos que trabajan en un ministerio espec\u00edfico dado y recibido de la comunidad; y el 3,5% como personas de la tercera edad que se unen a la misi\u00f3n comunitaria a trav\u00e9s de su ministerio de intercesi\u00f3n y del ofrecimiento de su sufrimiento.<\/p>\n<p>La Encuesta generalmente ha devuelto indicadores favorables sobre la vida comunitaria. Los encuestados creen que hay un <em>sentido bastante bueno entre los miembros en cuanto a que su vocaci\u00f3n es una co-vocaci\u00f3n<\/em> a trav\u00e9s de la vida com\u00fan y la misi\u00f3n compartida en la comunidad.  Hay un <em>nivel bastante bueno de aprecio, acogida e integraci\u00f3n de las diferencias personales y culturales<\/em> en las comunidades. Los encuestados se consideran abrumadoramente de <em>bastante<\/em> <em>buenos a muy buenos en el aprecio y aceptaci\u00f3n <\/em>de los miembros de su comunidad.<\/p>\n<p>Sin embargo, la cualidad de <em>dar y recibir est\u00edmulo fraterno y correcci\u00f3n<\/em> en los Organismos Mayores est\u00e1 mayormente en la <em>media,<\/em> lo que indica margen de mejora. El uso de <em>la orientaci\u00f3n y poder en el ejercicio de la autoridad<\/em> en los Organismos Mayores tambi\u00e9n est\u00e1 <em>justo por<\/em> <em>encima de la media, <\/em>indicando otra \u00e1rea donde la vida puede mejorarse. La disparidad entre algunos de los par\u00e1metros plantea la pregunta: \u00bfNuestro ser felices y el aceptarnos mutuamente en comunidad se le hace ver a los miembros que no est\u00e1n dispuestos a ofrecer ni recibir una correcci\u00f3n fraterna constructiva?<\/p>\n<p>De los desaf\u00edos presentados para ordenar los rangos, el <em>creciente individualismo<\/em> se ha identificado como el mayor desaf\u00edo por encima de cualquier otro. <em>Las dificultades en la vida intercultural e intergeneracional,<\/em> as\u00ed como <em>la afluencia de redes sociales que reducen<\/em> la calidad de la vida comunitaria son los dos desaf\u00edos siguientes identificados. En cuanto a los acentos (\u00e9nfasis) que la Congregaci\u00f3n ha adoptado para s\u00ed misma, los participantes creen que la <em>comunidad llamada y enviada por la Palabra de<\/em> <em>Dios, la vida en comuni\u00f3n como primer acto de misi\u00f3n y la<\/em> <em>comunidad configurada por<\/em><em> la Misi\u00f3n<\/em> son los rasgos m\u00e1s importantes que se dan en la vida de toda la Congregaci\u00f3n.<\/p>\n<p>Los dos \u00faltimos temas abiertos buscaban aprovechar las formas pr\u00e1cticas en que los miembros han venido contribuyendo y deben contribuir a crear comunidades alegres y misioneras. Algunas de las formas m\u00e1s valiosas est\u00e1n relacionadas con el <em>ministerio de la presencia; la oraci\u00f3n compartida, la liturgia, el ministerio y la recreaci\u00f3n; el respeto, la valoraci\u00f3n, la escucha y el aprecio del otro; la disponibilidad; el di\u00e1logo; y el amor y el perd\u00f3n<\/em>.<\/p>\n<p><strong>AN\u00c1LISIS DETALLADO POR TEMAS<\/strong><\/p>\n<ol>\n<li><strong>El n\u00famero 13 de las Constituciones habla de tres formas de ser una comunidad en misi\u00f3n. \u00bfCu\u00e1l es la forma en que est\u00e1s comprometido actualmente? <\/strong><\/li>\n<\/ol>\n<p>N\u00famero total de encuestados: 709 (Omitidos: 11)<\/p>\n<table>\n<tbody>\n<tr>\n<td width=\"37\"><strong>N\u00ba<\/strong><\/td>\n<td width=\"414\"><strong>Categor\u00eda de Encuestados<\/strong><\/td>\n<td width=\"87\"><strong>N\u00fameros<\/strong><\/td>\n<td width=\"104\"><strong>Porcentaje<\/strong><\/td>\n<\/tr>\n<tr>\n<td width=\"37\"> a.<\/td>\n<td width=\"414\"><em>Como miembro de un equipo asociado en un ministerio com\u00fan<\/em><\/td>\n<td width=\"87\">508<\/td>\n<td width=\"104\">71.7%<\/td>\n<\/tr>\n<tr>\n<td width=\"37\">b.<\/td>\n<td width=\"414\"><em>Como individuo que trabaja en un ministerio particular recibido de mi comunidad<\/em><\/td>\n<td width=\"87\">176<\/td>\n<td width=\"104\">24.8%<\/td>\n<\/tr>\n<tr>\n<td width=\"37\">c.<\/td>\n<td width=\"414\"><em>Como persona que ora y sufre en nombre de la Iglesia en mi enfermedad y\/o en mis \u00faltimos a\u00f1os.<\/em><\/td>\n<td width=\"87\">25<\/td>\n<td width=\"104\">3.5%<\/td>\n<\/tr>\n<tr>\n<td width=\"37\">&nbsp;<\/td>\n<td width=\"414\"><strong>Total <\/strong><\/td>\n<td width=\"87\"><strong>709<\/strong><\/td>\n<td width=\"104\"><strong>100%<\/strong><\/td>\n<\/tr>\n<\/tbody>\n<\/table>\n<p><u>Percepciones clave<\/u>:<\/p>\n<ul>\n<li>Dado que la Encuesta fue enviada\/recibida por sacerdotes y hermanos de votos perpetuos en su mayor\u00eda (y no estudiantes profesos), podemos concluir conservadoramente que la tasa de retorno de la Encuesta (720 encuestados en total) es de alrededor del 32%, lo cual es una tasa de respuesta bastante normal a las encuestas.<\/li>\n<li>La mayor\u00eda de los encuestados se consideran \u00abmiembros de equipo\u00bb, compartiendo misi\u00f3n y ministerio comunes.<\/li>\n<li>1\/4 de los encuestados se dedica a un ministerio individual, sin embargo, con la certeza de haberlo recibido de la comunidad.<\/li>\n<li>Muy pocos miembros enfermos y ancianos han respondido a la encuesta, lo cual es comprensible dada su condici\u00f3n f\u00edsica y\/o desconocimiento de las plataformas online.<\/li>\n<\/ul>\n<p><img data-recalc-dims=\"1\" loading=\"lazy\" decoding=\"async\" class=\"alignnone size-full wp-image-87960\" src=\"https:\/\/i0.wp.com\/www.claret.org\/wp-content\/uploads\/2018\/03\/1es.png?resize=581%2C483&#038;ssl=1\" alt=\"\" width=\"581\" height=\"483\" title=\"\" srcset=\"https:\/\/i0.wp.com\/www.claret.org\/wp-content\/uploads\/2018\/03\/1es.png?w=581&amp;ssl=1 581w, https:\/\/i0.wp.com\/www.claret.org\/wp-content\/uploads\/2018\/03\/1es.png?resize=300%2C249&amp;ssl=1 300w\" sizes=\"(max-width: 581px) 100vw, 581px\" \/><\/p>\n<ol start=\"2\">\n<li><strong>El n\u00famero 7 de las Constituciones habla de nuestra vocaci\u00f3n misionera Claretiana como co-vocaci\u00f3n en la vida com\u00fan y en la misma misi\u00f3n. \u00bfC\u00f3mo se ha realizado esta \u00abvocaci\u00f3n compartida\u00bb en tu comunidad local? <\/strong><\/li>\n<\/ol>\n<p>N\u00famero total de encuestados: 713 (Omitidos: 07)<\/p>\n<table>\n<tbody>\n<tr>\n<td width=\"114\">Categor\u00edas de respuesta \u00e0<\/td>\n<td width=\"87\"><em>Muy poco<\/em><\/td>\n<td width=\"88\"><em>Poco<\/em><\/td>\n<td width=\"89\"><em>Medio<\/em><\/td>\n<td width=\"87\"><em>Bastante bien<\/em><\/td>\n<td width=\"86\"><em>Muy bien<\/em><\/td>\n<td width=\"91\"><strong><em>Promedio<\/em><\/strong><\/p>\n<p><strong><em>ponderado<\/em><\/strong><\/td>\n<\/tr>\n<tr>\n<td width=\"114\">N\u00ba de Encuestados\u00e0<\/td>\n<td width=\"87\"><em>14<\/em><\/td>\n<td width=\"88\"><em>48<\/em><\/td>\n<td width=\"89\"><em>179<\/em><\/td>\n<td width=\"87\"><em>364<\/em><\/td>\n<td width=\"86\"><em>108<\/em><\/td>\n<td rowspan=\"2\" width=\"91\"><strong><em>3.73<\/em><\/strong><\/p>\n<p><strong><em>= Cerca de Bastante Bien<\/em><\/strong><\/td>\n<\/tr>\n<tr>\n<td width=\"114\">Porcentaje<\/p>\n<p>\u00e0<\/td>\n<td width=\"87\"><em>1.96%<\/em><\/td>\n<td width=\"88\"><em>6.73%<\/em><\/td>\n<td width=\"89\"><em>25.11%<\/em><\/td>\n<td width=\"87\"><em>51.05%<\/em><\/td>\n<td width=\"86\"><em>15.15%<\/em><\/td>\n<\/tr>\n<\/tbody>\n<\/table>\n<p><u>Percepciones clave<\/u>:<\/p>\n<ul>\n<li>La media ponderada de 3,73 indica que el sentido de la vocaci\u00f3n como vocaci\u00f3n compartida en la vida com\u00fan y en la misi\u00f3n es <strong>bastante bueno<\/strong> en la Congregaci\u00f3n.<\/li>\n<li>2\/3 de los participantes (66,20%) consideran que este sentido de vocaci\u00f3n compartida es <strong>de<\/strong> <strong>bastante bueno a muy bueno.<\/strong><\/li>\n<\/ul>\n<p><img data-recalc-dims=\"1\" loading=\"lazy\" decoding=\"async\" class=\"alignnone size-full wp-image-87954\" src=\"https:\/\/i0.wp.com\/www.claret.org\/wp-content\/uploads\/2018\/03\/2es.png?resize=703%2C605&#038;ssl=1\" alt=\"\" width=\"703\" height=\"605\" title=\"\" srcset=\"https:\/\/i0.wp.com\/www.claret.org\/wp-content\/uploads\/2018\/03\/2es.png?w=703&amp;ssl=1 703w, https:\/\/i0.wp.com\/www.claret.org\/wp-content\/uploads\/2018\/03\/2es.png?resize=300%2C258&amp;ssl=1 300w\" sizes=\"(max-width: 703px) 100vw, 703px\" \/><\/p>\n<ol start=\"3\">\n<li><strong>\u00bfC\u00f3mo se aprecian, acogen e integran las diferencias personales y culturales en tu comunidad para vivir la unidad fraterna en la diversidad de dones? <\/strong><\/li>\n<\/ol>\n<p>N\u00famero total de encuestados: 713 (Omitidos: 07)<\/p>\n<table>\n<tbody>\n<tr>\n<td width=\"114\">Categor\u00edas de respuesta \u00e0<\/td>\n<td width=\"87\"><em>Muy poco<\/em><\/td>\n<td width=\"88\"><em>     Poco<\/em><\/td>\n<td width=\"89\"><em>Medio<\/em><\/td>\n<td width=\"87\"><em>   Bastante<\/em><\/p>\n<p><em>    bien<\/em><\/td>\n<td width=\"86\"><em>Muy bien<\/em><\/td>\n<td width=\"91\"><strong><em>Ponderado<\/em><\/strong><\/p>\n<p><strong><em>Promedio<\/em><\/strong><\/td>\n<\/tr>\n<tr>\n<td width=\"114\">N\u00ba de Encuestados\u00e0<\/td>\n<td width=\"87\"><em>14<\/em><\/td>\n<td width=\"88\"><em>49<\/em><\/td>\n<td width=\"89\"><em>154<\/em><\/td>\n<td width=\"87\"><em>364<\/em><\/td>\n<td width=\"86\"><em>132<\/em><\/td>\n<td rowspan=\"2\" width=\"91\"><strong><em>    3.84<\/em><\/strong><\/p>\n<p><strong><em>= Cerca de<\/em><\/strong><\/p>\n<p><strong><em>Bastante bien  <\/em><\/strong><\/td>\n<\/tr>\n<tr>\n<td width=\"114\">Porcentaje<\/p>\n<p>\u00e0<\/td>\n<td width=\"87\"><em>1.96%<\/em><\/td>\n<td width=\"88\"><em>6.87%<\/em><\/td>\n<td width=\"89\"><em>21.60%<\/em><\/td>\n<td width=\"87\"><em>51.05%<\/em><\/td>\n<td width=\"86\"><em>18.52%<\/em><\/td>\n<\/tr>\n<\/tbody>\n<\/table>\n<p><u>Percepciones clave<\/u>:<\/p>\n<ul>\n<li>El promedio ponderado de 3,84 indica que los encuestados creen que, por lo general, hay un ambiente <strong>bastante bueno<\/strong> de acogida y aprecio de la diversidad personal y cultural en las comunidades.<\/li>\n<li>Poco m\u00e1s de 2\/3 de los participantes (69,57%) consideran que este sentido de aprecio e integraci\u00f3n de la diversidad es <strong>de bastante bueno a muy bueno.<\/strong><\/li>\n<li>Hay una congruencia en las tasas de respuesta entre el sentido de vocaci\u00f3n compartida y el aprecio de la diversidad.<\/li>\n<\/ul>\n<p><img data-recalc-dims=\"1\" loading=\"lazy\" decoding=\"async\" class=\"alignnone size-full wp-image-87948\" src=\"https:\/\/i0.wp.com\/www.claret.org\/wp-content\/uploads\/2018\/03\/3es.png?resize=619%2C597&#038;ssl=1\" alt=\"\" width=\"619\" height=\"597\" title=\"\" srcset=\"https:\/\/i0.wp.com\/www.claret.org\/wp-content\/uploads\/2018\/03\/3es.png?w=619&amp;ssl=1 619w, https:\/\/i0.wp.com\/www.claret.org\/wp-content\/uploads\/2018\/03\/3es.png?resize=300%2C289&amp;ssl=1 300w\" sizes=\"(max-width: 619px) 100vw, 619px\" \/><\/p>\n<ol start=\"4\">\n<li><strong>Francamente, \u00bfc\u00f3mo ha sido tu aprecio y aceptaci\u00f3n de los miembros de las comunidades locales en las que has vivido hasta ahora? <\/strong><\/li>\n<\/ol>\n<p>N\u00famero total de encuestados: 711 (Omitidos: 09)<\/p>\n<table>\n<tbody>\n<tr>\n<td width=\"114\">Categor\u00edas de respuesta \u00e0<\/td>\n<td width=\"87\">    <em>Muy   <\/em><\/p>\n<p><em>   poco<\/em><\/td>\n<td width=\"88\"><em>Poco<\/em><\/td>\n<td width=\"89\"><em>Medio<\/em><\/td>\n<td width=\"87\"><em> <\/em><em>Bastante<\/em><\/p>\n<p><em>   bien <\/em><\/td>\n<td width=\"86\"><em>Muy bien<\/em><\/td>\n<td width=\"91\"><strong><em>Promedio<\/em><\/strong><\/p>\n<p><strong><em>Ponderado<\/em><\/strong><\/td>\n<\/tr>\n<tr>\n<td width=\"114\">N\u00ba de Encuestados\u00e0<\/td>\n<td width=\"87\"><em>7<\/em><\/td>\n<td width=\"88\"><em>26<\/em><\/td>\n<td width=\"89\"><em>135<\/em><\/td>\n<td width=\"87\"><em>426<\/em><\/td>\n<td width=\"86\"><em>117<\/em><\/td>\n<td rowspan=\"2\" width=\"91\"><strong><em>   3.88= Cerca de Bastante bueno<\/em><\/strong><\/td>\n<\/tr>\n<tr>\n<td width=\"114\">Porcentaje<\/p>\n<p>\u00e0<\/td>\n<td width=\"87\"><em>0.98%<\/em><\/td>\n<td width=\"88\"><em>3.<\/em> <em>66%<\/em><\/td>\n<td width=\"89\"><em>18.<\/em> <em>99%<\/em><\/td>\n<td width=\"87\"><em>59.<\/em> <em>92%<\/em><\/td>\n<td width=\"86\"><em>16.<\/em> <em>45%<\/em><\/td>\n<\/tr>\n<\/tbody>\n<\/table>\n<p><u>Percepciones clave<\/u>:<\/p>\n<ul>\n<li>Por lo general, los encuestados se consideran que aprecian y aceptan a los miembros de su comunidad. El promedio ponderado de 3,88 indica que son <strong>bastante buenos <\/strong>en tal actitud hacia los miembros de su comunidad.<\/li>\n<li>3\/4 de los encuestados (76,37%) se consideran <strong>de<\/strong> <strong>bastante buenos a muy buenos <\/strong>en su aprecio y aceptaci\u00f3n de sus hermanos de comunidad.<\/li>\n<li>Hay una congruencia en las tasas de respuesta entre el sentido de vocaci\u00f3n compartida, la valoraci\u00f3n de la diversidad en la comunidad y los miembros que se aprecian y se aceptan unos a otros.<\/li>\n<\/ul>\n<p><img data-recalc-dims=\"1\" loading=\"lazy\" decoding=\"async\" class=\"alignnone size-full wp-image-87942\" src=\"https:\/\/i0.wp.com\/www.claret.org\/wp-content\/uploads\/2018\/03\/5es.png?resize=682%2C651&#038;ssl=1\" alt=\"\" width=\"682\" height=\"651\" title=\"\" srcset=\"https:\/\/i0.wp.com\/www.claret.org\/wp-content\/uploads\/2018\/03\/5es.png?w=682&amp;ssl=1 682w, https:\/\/i0.wp.com\/www.claret.org\/wp-content\/uploads\/2018\/03\/5es.png?resize=300%2C286&amp;ssl=1 300w\" sizes=\"(max-width: 682px) 100vw, 682px\" \/><\/p>\n<ol start=\"5\">\n<li><strong> \u00bfC\u00f3mo se da y se recibe el est\u00edmulo fraterno mutuo y la correcci\u00f3n en tu Organismo Mayor? <\/strong><\/li>\n<\/ol>\n<p>N\u00famero total de encuestados: 708 (Omitidos: 12)<\/p>\n<table>\n<tbody>\n<tr>\n<td width=\"114\">Categor\u00edas de respuesta \u00e0<\/td>\n<td width=\"87\"><em>Muy poco<\/em><\/td>\n<td width=\"88\">     <em>Poco<\/em><\/td>\n<td width=\"89\"><em>Medio<\/em><\/td>\n<td width=\"87\"><em>  Bastante <\/em><\/p>\n<p><em>     bien<\/em><\/td>\n<td width=\"86\"><em>Muy bien<\/em><\/td>\n<td width=\"91\"><strong><em>Promedio<\/em><\/strong><\/p>\n<p><strong><em>Ponderado<\/em><\/strong><\/td>\n<\/tr>\n<tr>\n<td width=\"114\">N\u00ba de<\/p>\n<p>Encuestados\u00e0<\/td>\n<td width=\"87\"><em>37<\/em><\/td>\n<td width=\"88\"><em>141<\/em><\/td>\n<td width=\"89\"><em>254<\/em><\/td>\n<td width=\"87\"><em>233<\/em><\/td>\n<td width=\"86\"><em>43<\/em><\/td>\n<td rowspan=\"2\" width=\"91\"><strong><em>3.31<\/em><\/strong><\/p>\n<p><strong><em>= Promedio<\/em><\/strong><\/td>\n<\/tr>\n<tr>\n<td width=\"114\">Porcentaje<\/p>\n<p>\u00e0<\/td>\n<td width=\"87\"><em>5.23%<\/em><\/td>\n<td width=\"88\"><em>19.92%<\/em><\/td>\n<td width=\"89\"><em>35.87%<\/em><\/td>\n<td width=\"87\"><em>32.91%<\/em><\/td>\n<td width=\"86\"><em>6.07%<\/em><\/td>\n<\/tr>\n<\/tbody>\n<\/table>\n<p><u>Percepciones clave:<\/u><\/p>\n<ul>\n<li>Con respecto a la oferta y la recepci\u00f3n de est\u00edmulo fraterno y correcci\u00f3n dentro de los Organismos Mayores, hay mucho que desear. El promedio ponderado de 3,31 indica que los miembros s\u00f3lo dan <strong>la media<\/strong> en sus habilidades de ofrecer y recibir efectivamente correcci\u00f3n o est\u00edmulo mutuo.<\/li>\n<li>1\/4 de los encuestados (25,15%) creen que los miembros ofrecen y reciben <strong>de poco a muy poco<\/strong> h\u00e1bil y fruct\u00edfera correcci\u00f3n fraterna y est\u00edmulo.<\/li>\n<li>En comparaci\u00f3n con los par\u00e1metros presentados anteriormente, uno puede hacerse las siguientes preguntas para la auto-reflexi\u00f3n:\n<ul>\n<li>\u00bfHacemos ver nuestra felicidad y mutua aceptaci\u00f3n en la comunidad a los miembros que no est\u00e1n dispuestos a ofrecer ni recibir correcci\u00f3n fraterna de forma constructiva?<\/li>\n<li>\u00bfQu\u00e9 se puede hacer para estar abierto a dar y recibir correcciones, y ser una comunidad que nos amamos y nos aceptamos mutuamente?<\/li>\n<\/ul>\n<\/li>\n<\/ul>\n<p><strong><img data-recalc-dims=\"1\" loading=\"lazy\" decoding=\"async\" class=\"alignnone size-full wp-image-87936\" src=\"https:\/\/i0.wp.com\/www.claret.org\/wp-content\/uploads\/2018\/03\/6es.png?resize=670%2C684&#038;ssl=1\" alt=\"\" width=\"670\" height=\"684\" title=\"\" srcset=\"https:\/\/i0.wp.com\/www.claret.org\/wp-content\/uploads\/2018\/03\/6es.png?w=670&amp;ssl=1 670w, https:\/\/i0.wp.com\/www.claret.org\/wp-content\/uploads\/2018\/03\/6es.png?resize=294%2C300&amp;ssl=1 294w\" sizes=\"(max-width: 670px) 100vw, 670px\" \/> <\/strong><\/p>\n<p><strong>6. <\/strong><strong>\u00bfC\u00f3mo usamos los Claretianos en general la orientaci\u00f3n y el poder en el ejercicio de la autoridad (superiores, p\u00e1rrocos, directores de instituciones, etc.) en tu Organismo Mayor?<\/strong><\/p>\n<p>N\u00famero total de encuestados: 713 (Omitidos: 07)<\/p>\n<table>\n<tbody>\n<tr>\n<td width=\"114\">Categor\u00edas de respuesta \u00e0<\/td>\n<td width=\"87\"><em>Muy poco<\/em><\/td>\n<td width=\"88\"><em>Poco<\/em><\/td>\n<td width=\"89\"><em>Medio<\/em><\/td>\n<td width=\"87\"><em>Bastante <\/em><\/p>\n<p><em>   bien<\/em><\/td>\n<td width=\"86\"><em>Muy bien<\/em><\/td>\n<td width=\"91\"><strong><em>Promedio<\/em><\/strong><\/p>\n<p><strong><em>Ponderado<\/em><\/strong><\/td>\n<\/tr>\n<tr>\n<td width=\"114\">N\u00ba de Encuestados\u00e0<\/td>\n<td width=\"87\"><em>27<\/em><\/td>\n<td width=\"88\"><em>58<\/em><\/td>\n<td width=\"89\"><em>258<\/em><\/td>\n<td width=\"87\"><em>340<\/em><\/td>\n<td width=\"86\"><em>30<\/em><\/td>\n<td rowspan=\"2\" width=\"91\"><strong><em>     3.40 =<\/em><\/strong><strong><em> Justo por encima de la media<\/em><\/strong><\/td>\n<\/tr>\n<tr>\n<td width=\"114\">Porcentaje<\/p>\n<p>\u00e0<\/td>\n<td width=\"87\"><em>3.79%<\/em><\/td>\n<td width=\"88\"><em>8.13%<\/em><\/td>\n<td width=\"89\"><em>36.18%<\/em><\/td>\n<td width=\"87\"><em>47.69%<\/em><\/td>\n<td width=\"86\"><em>4.21%<\/em><\/td>\n<\/tr>\n<\/tbody>\n<\/table>\n<p><u>Percepciones clave<\/u>:<\/p>\n<ul>\n<li>El uso de la orientaci\u00f3n y el poder en el ejercicio de la autoridad en varios niveles dentro de los Organismos Mayores est\u00e1 <strong>justo por encima de la media<\/strong> (media ponderada 3,40).<\/li>\n<li>Sin embargo, la mitad del n\u00famero de encuestados (51,90%) considera que la capacidad de usar eficazmente la orientaci\u00f3n y el poder es <strong>de<\/strong> <strong>bastante bueno a muy bueno<\/strong>. S\u00f3lo 1\/10 (11.92%) consideran que es <strong>de poco a muy poco<\/strong>.<\/li>\n<\/ul>\n<p><img data-recalc-dims=\"1\" loading=\"lazy\" decoding=\"async\" class=\"alignnone size-full wp-image-87930\" src=\"https:\/\/i0.wp.com\/www.claret.org\/wp-content\/uploads\/2018\/03\/7es.png?resize=670%2C896&#038;ssl=1\" alt=\"\" width=\"670\" height=\"896\" title=\"\" srcset=\"https:\/\/i0.wp.com\/www.claret.org\/wp-content\/uploads\/2018\/03\/7es.png?w=670&amp;ssl=1 670w, https:\/\/i0.wp.com\/www.claret.org\/wp-content\/uploads\/2018\/03\/7es.png?resize=224%2C300&amp;ssl=1 224w\" sizes=\"(max-width: 670px) 100vw, 670px\" \/><\/p>\n<p><strong>Comparaci\u00f3n de promedios ponderados en LAS PREGUNTAS 2-6<\/strong><\/p>\n<p><u>Percepciones clave<\/u>:<\/p>\n<ul>\n<li>El gr\u00e1fico resumido anterior proporciona una comparaci\u00f3n gen\u00e9rica entre los par\u00e1metros.<\/li>\n<li><em>El valorar las diferencias en la comunidad<\/em> punt\u00faa lo m\u00e1s alto, con la categor\u00eda de calificaci\u00f3n <strong>\u00abmuy bien\u00bb<\/strong>, seguida de cerca por<em> el cuidado de los dem\u00e1s<\/em> en la comunidad.<\/li>\n<li>La auto-percepci\u00f3n sobre la calidad del comportamiento personal obtiene la puntuaci\u00f3n m\u00e1s alta entre la categor\u00eda de calificaci\u00f3n <strong>\u00abbastante bien\u00bb<\/strong>: Casi el 60% de los encuestados creen que el nivel de <em>solicitud<\/em> hacia sus hermanos de comunidad es <em>bastante bueno.<\/em><\/li>\n<li>El par\u00e1metro que destaca en las categor\u00edas de calificaci\u00f3n <strong>\u00abpoco\u00bb y \u00abmuy poco\u00bb<\/strong> es uno y el mismo: <em>calidad de est\u00edmulo y correcci\u00f3n dada y recibida.<\/em><\/li>\n<\/ul>\n<p><img data-recalc-dims=\"1\" loading=\"lazy\" decoding=\"async\" class=\"alignnone size-full wp-image-87924\" src=\"https:\/\/i0.wp.com\/www.claret.org\/wp-content\/uploads\/2018\/03\/8es.png?resize=851%2C913&#038;ssl=1\" alt=\"\" width=\"851\" height=\"913\" title=\"\" srcset=\"https:\/\/i0.wp.com\/www.claret.org\/wp-content\/uploads\/2018\/03\/8es.png?w=851&amp;ssl=1 851w, https:\/\/i0.wp.com\/www.claret.org\/wp-content\/uploads\/2018\/03\/8es.png?resize=280%2C300&amp;ssl=1 280w, https:\/\/i0.wp.com\/www.claret.org\/wp-content\/uploads\/2018\/03\/8es.png?resize=768%2C824&amp;ssl=1 768w\" sizes=\"(max-width: 851px) 100vw, 851px\" \/><\/p>\n<ol start=\"7\">\n<li><strong> Una vida fruct\u00edfera en comunidad ha sido siempre el sue\u00f1o y la preocupaci\u00f3n de la Congregaci\u00f3n, como se pone de manifiesto en los documentos del Cap\u00edtulo general. A lo largo de los a\u00f1os, algunos de los desaf\u00edos identificados por los Cap\u00edtulos son los siguientes. Por favor, ordena estos desaf\u00edos seg\u00fan su mayor relevancia en la actualidad, tal como lo percibes. <\/strong><\/li>\n<\/ol>\n<p>N\u00famero de encuestados: 708 (Omitidos: 12)<\/p>\n<table>\n<tbody>\n<tr>\n<td width=\"123\"><strong><em>Ranking<\/em><\/strong><\/td>\n<td width=\"406\"><strong><em>Desaf\u00edos<\/em><\/strong><\/td>\n<td width=\"113\"><strong><em>Puntuaci\u00f3n ponderada<\/em><\/strong><\/td>\n<\/tr>\n<tr>\n<td width=\"123\"><strong>I.<\/strong><\/td>\n<td width=\"406\">Individualismo creciente<\/td>\n<td width=\"113\">5.08<\/td>\n<\/tr>\n<tr>\n<td width=\"123\"><strong>\u2161.<\/strong><\/td>\n<td width=\"406\">Dificultades en la vida intercultural e intergeneracional<\/td>\n<td width=\"113\">4.19<\/td>\n<\/tr>\n<tr>\n<td width=\"123\"><strong>\u2162.<\/strong><\/td>\n<td width=\"406\">La afluencia de redes sociales, que reduce la calidad de vida de la comunidad<\/td>\n<td width=\"113\">4.14<\/td>\n<\/tr>\n<tr>\n<td width=\"123\"><strong>\u2163.<\/strong><\/td>\n<td width=\"406\">Falta de vida comunitaria alimentada por momentos compartidos de oraci\u00f3n diaria y Eucarist\u00eda.<\/td>\n<td width=\"113\">4.02<\/td>\n<\/tr>\n<tr>\n<td width=\"123\"><strong>          \u2164.<\/strong><\/td>\n<td width=\"406\">Falta de liderazgo sano en las comunidades<\/td>\n<td width=\"113\">3.76<\/td>\n<\/tr>\n<tr>\n<td width=\"123\"><strong>          VI.<\/strong><\/td>\n<td width=\"406\">Proyectos individuales no recibidos de\/o no informados a la comunidad<\/td>\n<td width=\"113\">3.71<\/td>\n<\/tr>\n<tr>\n<td width=\"123\"><strong>  VII.<\/strong><\/td>\n<td width=\"406\">Falta de Proyecto de Vida Comunitaria debidamente concebido e implementado<\/td>\n<td width=\"113\">3.64<\/td>\n<\/tr>\n<\/tbody>\n<\/table>\n<p><u>Percepciones clave<\/u>:<\/p>\n<ul>\n<li>En t\u00e9rminos de diferencias de clasificaci\u00f3n, hay muy poco para elegir entre esos desaf\u00edos que marcan los rangos 2-7 (las diferencias de rango var\u00edan entre 0,05 a 0,26 en los desaf\u00edos clasificados 2\u00ba a 7\u00ba). Sin embargo, <strong><em>el Individualismo Creciente,<\/em><\/strong> que ha sido identificado como el principal desaf\u00edo, se distingue de otros desaf\u00edos con un diferencial de puntuaci\u00f3n de +0,89 con respecto al segundo desaf\u00edo clasificado. Esto indica que una abrumadora mayor\u00eda de los encuestados identifica el creciente individualismo como el mayor desaf\u00edo en la vida comunitaria.<\/li>\n<\/ul>\n<p><em> <img data-recalc-dims=\"1\" loading=\"lazy\" decoding=\"async\" class=\"alignnone size-full wp-image-87918\" src=\"https:\/\/i0.wp.com\/www.claret.org\/wp-content\/uploads\/2018\/03\/9es.png?resize=928%2C820&#038;ssl=1\" alt=\"\" width=\"928\" height=\"820\" title=\"\" srcset=\"https:\/\/i0.wp.com\/www.claret.org\/wp-content\/uploads\/2018\/03\/9es.png?w=928&amp;ssl=1 928w, https:\/\/i0.wp.com\/www.claret.org\/wp-content\/uploads\/2018\/03\/9es.png?resize=300%2C265&amp;ssl=1 300w, https:\/\/i0.wp.com\/www.claret.org\/wp-content\/uploads\/2018\/03\/9es.png?resize=768%2C679&amp;ssl=1 768w\" sizes=\"(max-width: 928px) 100vw, 928px\" \/><\/em><\/p>\n<ol start=\"8\">\n<li><strong> A continuaci\u00f3n se presentan, resumidos, los acentos (\u00e9nfasis) sobre la vida comunitaria, en los \u00faltimos siete Cap\u00edtulos Generales. Todos ellos son importantes, pero por favor <em>ordena estos acentos<\/em><\/strong> <strong>seg\u00fan su mayor relevancia en la actualidad, seg\u00fan tu propia percepci\u00f3n.<\/strong><\/li>\n<\/ol>\n<p>N\u00famero de encuestados: 697 (Omitidos: 23)<\/p>\n<table>\n<tbody>\n<tr>\n<td width=\"123\"><strong><em>Rango<\/em><\/strong><\/td>\n<td width=\"406\"><strong><em>Acentos para la vida comunitaria<\/em><\/strong><\/td>\n<td width=\"113\"><strong><em>Puntuaci\u00f3n ponderada<\/em><\/strong><\/td>\n<\/tr>\n<tr>\n<td width=\"123\"><strong>          I.<\/strong><\/td>\n<td width=\"406\">La Comunidad es llamada y enviada por la Palabra de Dios (CG XXI, <em>Servidores de la Palabra, <\/em>2-3, 6-9)<\/td>\n<td width=\"113\">4.66<\/td>\n<\/tr>\n<tr>\n<td width=\"123\"><strong>\u2161.<\/strong><\/td>\n<td width=\"406\">La vida en comuni\u00f3n es el primer acto de la Misi\u00f3n<\/p>\n<p>(CG XXII, <em>En Misi\u00f3n Prof\u00e9tica, <\/em>27-30)<\/td>\n<td width=\"113\">4.63<\/td>\n<\/tr>\n<tr>\n<td width=\"123\"><strong>\u2162.<\/strong><\/td>\n<td width=\"406\">La comunidad es configurada por la Misi\u00f3n (CG XIX, <em>La Misi\u00f3n del Claretiano Hoy<\/em>, 51, 63, 70-71, 73, 82-85, 126-141)<\/td>\n<td width=\"113\">4.54<\/td>\n<\/tr>\n<tr>\n<td width=\"123\"><strong>\u2163.<\/strong><\/td>\n<td width=\"406\">La persona del misionero en la comunidad misionera (CG XX, <em>El Claretiano en el Proceso de Renovaci\u00f3n Congregacional<\/em>, 2, 4, 13-19, 60-65)<\/td>\n<td width=\"113\">4.09<\/td>\n<\/tr>\n<tr>\n<td width=\"123\"><strong>\u2164.<\/strong><\/td>\n<td width=\"406\">Del \u00abyo\u00bb a la primac\u00eda de \u00abNosotros\u00bb, siendo una \u00abcomunidad en misi\u00f3n\u00bb (CG <em>XXV, Somos Misioneros,<\/em> 3.2, 3.3, 8, 16, 25-27, 46-48, 69-70)<\/td>\n<td width=\"113\">3.73<\/td>\n<\/tr>\n<tr>\n<td width=\"123\"><strong> VI.<\/strong><\/td>\n<td width=\"406\">La comunidad como entorno intercultural que fomenta la vida y el compromiso misionero (CG XXIII, Para Que Tengan Vida<em>, <\/em>46, 49, 50-51, 71-72)<\/td>\n<td width=\"113\">3.43<\/td>\n<\/tr>\n<tr>\n<td width=\"123\"><strong>VII.<\/strong><\/td>\n<td width=\"406\">Comunidad que arde en caridad, abrazando la interculturalidad (CG XXIV, <em>Hombres que Arden en Caridad<\/em><em>, <\/em>16-17, 56)<\/td>\n<td width=\"113\">3.34<\/td>\n<\/tr>\n<\/tbody>\n<\/table>\n<p><u>Percepciones clave<\/u>:<\/p>\n<ul>\n<li>Considerando que nuestro deseo de que <strong><em>la Comunidad, llamada y enviada por la Palabra de Dios, <\/em><\/strong>sea la principal caracter\u00edstica para la vida de la Congregaci\u00f3n, los acentos clasificados en 2\u00ba y 3\u00ba lugar -la <strong><em>vida en comuni\u00f3n como el primer acto de misi\u00f3n<\/em><\/strong> y <strong><em>comunidad configurada por<\/em><\/strong> <strong><em>la misi\u00f3n-<\/em><\/strong> son casi de la misma importancia, como lo demuestra la distancia en la clasificaci\u00f3n marginal (que es s\u00f3lo del rango de 0,03 a 0,09). Por lo tanto, estos tres se pueden considerar las tres caracter\u00edsticas principales, de importancia bastante igual. Adem\u00e1s, las diferencias de clasificaci\u00f3n entre los siete son bastante m\u00ednimas, con un rango de 0,03 a 0,36, revelando as\u00ed diferentes puntos de vista que indican que los siete son de cierta importancia para los diferentes encuestados.<\/li>\n<\/ul>\n<p><img data-recalc-dims=\"1\" loading=\"lazy\" decoding=\"async\" class=\"alignnone size-full wp-image-87912\" src=\"https:\/\/i0.wp.com\/www.claret.org\/wp-content\/uploads\/2018\/03\/10es.png?resize=958%2C486&#038;ssl=1\" alt=\"\" width=\"958\" height=\"486\" title=\"\" srcset=\"https:\/\/i0.wp.com\/www.claret.org\/wp-content\/uploads\/2018\/03\/10es.png?w=958&amp;ssl=1 958w, https:\/\/i0.wp.com\/www.claret.org\/wp-content\/uploads\/2018\/03\/10es.png?resize=300%2C152&amp;ssl=1 300w, https:\/\/i0.wp.com\/www.claret.org\/wp-content\/uploads\/2018\/03\/10es.png?resize=768%2C390&amp;ssl=1 768w\" sizes=\"(max-width: 958px) 100vw, 958px\" \/><\/p>\n<ol start=\"9\">\n<li><strong> Por favor, comparte maneras pr\u00e1cticas con <u>las que has venido contribuyendo<\/u><\/strong> <strong>a crear comunidades alegres y misioneras dondequiera que hayas estado.<\/strong><\/li>\n<\/ol>\n<p><em>De 720 encuestados, 684 personas respondieron y 36 se saltaron este tema del cuestionario. <\/em><\/p>\n<p><em>Lo que se ofrece a continuaci\u00f3n es la lista de las formas m\u00e1s repetidas (valores) con las que los encuestados han contribuido en orden a crear comunidades alegres y misioneras. Dada la gran cantidad de respuestas y su naturaleza descriptiva, s\u00f3lo los valores m\u00e1s frecuentes se resaltan a continuaci\u00f3n, transcribi\u00e9ndolos en un lenguaje cr\u00edptico y com\u00fan. Los temas en cabeza de lista son de mayor frecuencia que los situados en la parte inferior, aunque no se sigue exactamente el orden de frecuencias. La lista se da para proporcionar una vista de p\u00e1jaro de las respuestas y el pensar de los miembros de la Congregaci\u00f3n. <\/em><\/p>\n<ol>\n<li>Compartir vida y responsabilidades<\/li>\n<li>Oraci\u00f3n por el otro<\/li>\n<li>Oraci\u00f3n comunitaria y Eucarist\u00eda<\/li>\n<li>Respeto<\/li>\n<li>Aprecio<\/li>\n<li>Escucha<\/li>\n<li>Alegr\u00eda de compartir vida y servicio<\/li>\n<li>Compartir Misi\u00f3n\/Objetivos comunes<\/li>\n<li>i) Disponibilidad<\/li>\n<li>j) Di\u00e1logo\/Di\u00e1logo diario con los miembros<\/li>\n<li>k) Acogida de la Palabra<\/li>\n<li> l) Participaci\u00f3n en actividades comunitarias<\/li>\n<li>Compromiso y Aceptaci\u00f3n<\/li>\n<li>Cuidar y ayudar<\/li>\n<li>Correcciones fraternas<\/li>\n<li>Presencia<\/li>\n<li>Recreaci\u00f3n comunitaria<\/li>\n<li>Visita a familias de Claretianos<\/li>\n<li>Apertura a la multiculturalidad<\/li>\n<li>Abordar las dificultades juntos<\/li>\n<li>Compartir experiencias<\/li>\n<li>Apertura y transparencia<\/li>\n<li>Celebraci\u00f3n de d\u00edas significativos de hermanos en comunidad<\/li>\n<li>Perd\u00f3n<\/li>\n<li>Acogida mutua y apertura<\/li>\n<li>Comunicaci\u00f3n fluida<\/li>\n<\/ol>\n<p>&nbsp;<\/p>\n<ol start=\"10\">\n<li><strong>Por favor, sugiere tres maneras pr\u00e1cticas con las que <u>podemos mejorar<\/u> en<\/strong> <strong>nuestra vida de comunidad la alegr\u00eda y el esp\u00edritu misionero.<\/strong><\/li>\n<\/ol>\n<p><em>De 720 encuestados, 678 respondieron y 42 se saltaron este tema del cuestionario. <\/em><\/p>\n<p><em>Lo que se ofrece a continuaci\u00f3n es la lista de las formas pr\u00e1cticas m\u00e1s importantes (valores) con las que los encuestados creen que podr\u00edamos contribuir para mejorar la vida alegre y misionera en nuestras comunidades. Dada la gran cantidad de respuestas y su naturaleza descriptiva, s\u00f3lo los valores m\u00e1s frecuentes se resaltan a continuaci\u00f3n, transcribi\u00e9ndolos en un lenguaje cr\u00edptico y com\u00fan. Los temas en cabeza de lista son de mayor frecuencia que los situados en la parte inferior, aunque no se sigue exactamente el orden de frecuencias. La lista se da para proporcionar una vista de p\u00e1jaro de las respuestas y el pensar de los miembros de la Congregaci\u00f3n. <\/em><\/p>\n<ol>\n<li>Vivir bien la vida de comunidad<\/li>\n<li>Oraciones \u2013 Personal y Comunitaria<\/li>\n<li>Respeto<\/li>\n<li>Di\u00e1logo<\/li>\n<li>Escucha<\/li>\n<li>Aceptaci\u00f3n y valoraci\u00f3n del otro<\/li>\n<li>Aprecio, conocimiento y valoraci\u00f3n de los dem\u00e1s<\/li>\n<li>Compartir la misi\u00f3n y los ministerios<\/li>\n<li>Mayor amor por el otro<\/li>\n<li>Est\u00edmulo mutuo<\/li>\n<li>Liderazgo como misi\u00f3n y servicio compartidos<\/li>\n<li>Correcci\u00f3n fraterna<\/li>\n<li>Eucarist\u00eda y Retiros<\/li>\n<li>Vida intercultural<\/li>\n<li>Toma de iniciativas<\/li>\n<li>Compromiso<\/li>\n<li>Amor y aceptaci\u00f3n del otro y sus diferencias<\/li>\n<li>Proyecto comunitario<\/li>\n<li>Compartir diariamente momentos juntos<\/li>\n<li>Tiempo regular de recreaci\u00f3n compartida<\/li>\n<li>Disponibilidad<\/li>\n<li>Valores compartidos<\/li>\n<li>Perd\u00f3n mutuo<\/li>\n<li>Trabajo en equipo<\/li>\n<li>Formaci\u00f3n permanente<\/li>\n<li>Celebraci\u00f3n de los momentos significativos de la vida de los dem\u00e1s<\/li>\n<li>Inculturaci\u00f3n y apertura a las culturas<\/li>\n<li>Destacar la vocaci\u00f3n compartida como misioneros Claretianos<\/li>\n<\/ol>\n<p>Los Negrales, 31 de Mayo, 2019.<\/p>\n<p>+ + + Fin del an\u00e1lisis + + +<\/p>\n","protected":false},"excerpt":{"rendered":"<p>RESUMEN EJECUTIVO La Encuesta sobre la vida comunitaria se llev\u00f3 a cabo en marzo-abril de 2019, como uno de los pasos preliminares para preparar materiales de apoyo para facilitar una reflexi\u00f3n interdisciplinar sobre la vida comunitaria con miras a fortalecer la misma dentro de la Congregaci\u00f3n, como manda el XXV Cap\u00edtulo General (MS 70.5). La [&hellip;]<\/p>\n","protected":false},"author":2,"featured_media":87849,"parent":86179,"menu_order":0,"comment_status":"closed","ping_status":"closed","template":"","meta":{"_et_pb_use_builder":"","_et_pb_old_content":"","_et_gb_content_width":"","footnotes":""},"class_list":["post-87966","page","type-page","status-publish","has-post-thumbnail","hentry"],"jetpack_sharing_enabled":true,"jetpack_shortlink":"https:\/\/wp.me\/PdaBmi-mSO","jetpack_likes_enabled":true,"_links":{"self":[{"href":"https:\/\/www.claret.org\/es\/wp-json\/wp\/v2\/pages\/87966","targetHints":{"allow":["GET"]}}],"collection":[{"href":"https:\/\/www.claret.org\/es\/wp-json\/wp\/v2\/pages"}],"about":[{"href":"https:\/\/www.claret.org\/es\/wp-json\/wp\/v2\/types\/page"}],"author":[{"embeddable":true,"href":"https:\/\/www.claret.org\/es\/wp-json\/wp\/v2\/users\/2"}],"replies":[{"embeddable":true,"href":"https:\/\/www.claret.org\/es\/wp-json\/wp\/v2\/comments?post=87966"}],"version-history":[{"count":0,"href":"https:\/\/www.claret.org\/es\/wp-json\/wp\/v2\/pages\/87966\/revisions"}],"up":[{"embeddable":true,"href":"https:\/\/www.claret.org\/es\/wp-json\/wp\/v2\/pages\/86179"}],"wp:featuredmedia":[{"embeddable":true,"href":"https:\/\/www.claret.org\/es\/wp-json\/wp\/v2\/media\/87849"}],"wp:attachment":[{"href":"https:\/\/www.claret.org\/es\/wp-json\/wp\/v2\/media?parent=87966"}],"curies":[{"name":"wp","href":"https:\/\/api.w.org\/{rel}","templated":true}]}}