{"id":114314,"date":"2022-03-24T07:24:52","date_gmt":"2022-03-24T06:24:52","guid":{"rendered":"https:\/\/www.claret.org\/apostolat\/"},"modified":"2023-07-24T12:33:06","modified_gmt":"2023-07-24T10:33:06","slug":"apostolat","status":"publish","type":"page","link":"https:\/\/www.claret.org\/fr\/apostolat\/","title":{"rendered":"Apostolat"},"content":{"rendered":"<p>[et_pb_section fb_built=\u00a0\u00bb1&Prime; fullwidth=\u00a0\u00bbon\u00a0\u00bb _builder_version=\u00a0\u00bb4.16&Prime; _module_preset=\u00a0\u00bbdefault\u00a0\u00bb global_colors_info=\u00a0\u00bb{}\u00a0\u00bb][et_pb_fullwidth_header title=\u00a0\u00bbPr\u00e9fecture G\u00e9n\u00e9rale de l&#039;Apostolat\u00a0\u00bb _builder_version=\u00a0\u00bb4.16&Prime; _module_preset=\u00a0\u00bbdefault\u00a0\u00bb background_color=\u00a0\u00bb#f76200&Prime; custom_padding=\u00a0\u00bb91px|||||\u00a0\u00bb global_colors_info=\u00a0\u00bb{}\u00a0\u00bb]<\/p>\n<ul>\n<li>Encourage les Conf\u00e9rences et les Organismes Majeur \u00e0 promouvoir les options et les projets de la Congr\u00e9gation.<\/li>\n<li>En \u00e9troite collaboration avec le Pr\u00e9fet de la Pastorale Biblique et des Communications et le Pr\u00e9fet de la Pastorale des Jeunes et des Vocations, il promeut l&rsquo;apostolat de la Congr\u00e9gation.<\/li>\n<li>Promouvoir l&rsquo;engagement pour la fraternit\u00e9 universelle, la justice, la paix et le soin de la maison commune, en accompagnant les \u00e9quipes de solidarit\u00e9 et de mission.<\/li>\n<li>Encourage la Congr\u00e9gation \u00e0 continuer \u00e0 favoriser la mission partag\u00e9e, le dialogue \u0153cum\u00e9nique et interreligieux, la r\u00e9vision des positions et le mouvement missionnaire vers les p\u00e9riph\u00e9ries.<\/li>\n<\/ul>\n<p>[\/et_pb_fullwidth_header][\/et_pb_section][et_pb_section fb_built=\u00a0\u00bb1&Prime; fullwidth=\u00a0\u00bbon\u00a0\u00bb _builder_version=\u00a0\u00bb4.21.0&Prime; _module_preset=\u00a0\u00bbdefault\u00a0\u00bb global_colors_info=\u00a0\u00bb{}\u00a0\u00bb][et_pb_fullwidth_image src=\u00a0\u00bbhttps:\/\/www.claret.org\/wp-content\/uploads\/2023\/07\/Claret-Vida-Awards-Final-copy-1.jpg\u00a0\u00bb title_text=\u00a0\u00bbClaret Vida Awards Final copy\u00a0\u00bb _builder_version=\u00a0\u00bb4.21.0&Prime; _module_preset=\u00a0\u00bbdefault\u00a0\u00bb hover_enabled=\u00a0\u00bb0&Prime; global_colors_info=\u00a0\u00bb{}\u00a0\u00bb url=\u00a0\u00bb@ET-DC@eyJkeW5hbWljIjp0cnVlLCJjb250ZW50IjoicG9zdF9saW5rX3VybF9wYWdlIiwic2V0dGluZ3MiOnsicG9zdF9pZCI6IjE1MjIxMyJ9fQ==@\u00a0\u00bb _dynamic_attributes=\u00a0\u00bburl\u00a0\u00bb sticky_enabled=\u00a0\u00bb0&Prime;][\/et_pb_fullwidth_image][\/et_pb_section][et_pb_section fb_built=\u00a0\u00bb1&Prime; _builder_version=\u00a0\u00bb4.16&Prime; _module_preset=\u00a0\u00bbdefault\u00a0\u00bb global_colors_info=\u00a0\u00bb{}\u00a0\u00bb][et_pb_row column_structure=\u00a0\u00bb1_4,1_2,1_4&Prime; _builder_version=\u00a0\u00bb4.16&Prime; _module_preset=\u00a0\u00bbdefault\u00a0\u00bb global_colors_info=\u00a0\u00bb{}\u00a0\u00bb][et_pb_column type=\u00a0\u00bb1_4&Prime; _builder_version=\u00a0\u00bb4.16&Prime; _module_preset=\u00a0\u00bbdefault\u00a0\u00bb global_colors_info=\u00a0\u00bb{}\u00a0\u00bb][et_pb_image src=\u00a0\u00bbhttps:\/\/www.claret.org\/wp-content\/uploads\/2022\/07\/jpic.jpg\u00a0\u00bb title_text=\u00a0\u00bbjpic\u00a0\u00bb _builder_version=\u00a0\u00bb4.17.4&Prime; _module_preset=\u00a0\u00bbdefault\u00a0\u00bb global_colors_info=\u00a0\u00bb{}\u00a0\u00bb][\/et_pb_image][et_pb_blurb title=\u00a0\u00bbSecr\u00e9tariat JPIC\u00a0\u00bb _builder_version=\u00a0\u00bb4.16&Prime; _module_preset=\u00a0\u00bbdefault\u00a0\u00bb global_colors_info=\u00a0\u00bb{}\u00a0\u00bb]<\/p>\n<ul>\n<li>Coordonne les questions li\u00e9es \u00e0 la justice, \u00e0 la paix et \u00e0 la d\u00e9fense de l&rsquo;int\u00e9grit\u00e9 de la Cr\u00e9ation.<\/li>\n<li>Promouvoir des programmes visant \u00e0 intensifier l&rsquo;engagement des membres et des \u0153uvres de la Congr\u00e9gation envers les propositions de l&rsquo;\u00c9glise (Laudato S\u00ed, Fratelli tutti&#8230;).<\/li>\n<\/ul>\n<p>[\/et_pb_blurb][et_pb_image src=\u00a0\u00bbhttps:\/\/www.claret.org\/wp-content\/uploads\/2022\/07\/somi-link.png\u00a0\u00bb title_text=\u00a0\u00bbsomi link\u00a0\u00bb url=\u00a0\u00bbhttp:\/\/www.somicmf.org\/\u00a0\u00bb url_new_window=\u00a0\u00bbon\u00a0\u00bb _builder_version=\u00a0\u00bb4.17.4&Prime; _module_preset=\u00a0\u00bbdefault\u00a0\u00bb global_colors_info=\u00a0\u00bb{}\u00a0\u00bb][\/et_pb_image][et_pb_image src=\u00a0\u00bbhttps:\/\/www.claret.org\/wp-content\/uploads\/2022\/07\/procint.jpg\u00a0\u00bb title_text=\u00a0\u00bbprocint\u00a0\u00bb url=\u00a0\u00bbhttp:\/\/www.procladeint.org\/\u00a0\u00bb url_new_window=\u00a0\u00bbon\u00a0\u00bb _builder_version=\u00a0\u00bb4.17.4&Prime; _module_preset=\u00a0\u00bbdefault\u00a0\u00bb global_colors_info=\u00a0\u00bb{}\u00a0\u00bb][\/et_pb_image][\/et_pb_column][et_pb_column type=\u00a0\u00bb1_2&Prime; _builder_version=\u00a0\u00bb4.16&Prime; _module_preset=\u00a0\u00bbdefault\u00a0\u00bb global_colors_info=\u00a0\u00bb{}\u00a0\u00bb][et_pb_image src=\u00a0\u00bbhttps:\/\/www.claret.org\/wp-content\/uploads\/2022\/07\/with-Lord-Winner.jpg\u00a0\u00bb title_text=\u00a0\u00bbwith-Lord-Winner\u00a0\u00bb _builder_version=\u00a0\u00bb4.17.4&Prime; _module_preset=\u00a0\u00bbdefault\u00a0\u00bb global_colors_info=\u00a0\u00bb{}\u00a0\u00bb][\/et_pb_image][et_pb_blurb title=\u00a0\u00bbMission Procure\u00a0\u00bb _builder_version=\u00a0\u00bb4.16&Prime; _module_preset=\u00a0\u00bbdefault\u00a0\u00bb box_shadow_style_image=\u00a0\u00bbpreset3&Prime; global_colors_info=\u00a0\u00bb{}\u00a0\u00bb]<\/p>\n<ul>\n<li>Encourage la conscience missionnaire de la Congr\u00e9gation et la pri\u00e8re pour les missions.<\/li>\n<li>Il canalise la recherche de fonds et de ressources permettant une attention missionnaire aux populations les plus \u00e9loign\u00e9es du Christ ou disposant de moins de ressources.<br \/>En coordination avec d&rsquo;autres entit\u00e9s, il encourage l&rsquo;implication d&rsquo;autres personnes dans le b\u00e9n\u00e9volat missionnaire.<\/li>\n<li>Stimule la qualification des coordinateurs des achats et des \u00e9quipes d&rsquo;attention missionnaire de la Congr\u00e9gation.<\/li>\n<li>Coordonne le fonctionnement quotidien de PROCLADE INTERNAZIONALE.<br \/>Il est en relation tr\u00e8s active avec les procurations des Organismes.<\/li>\n<\/ul>\n<p>[\/et_pb_blurb][\/et_pb_column][et_pb_column type=\u00a0\u00bb1_4&Prime; _builder_version=\u00a0\u00bb4.16&Prime; _module_preset=\u00a0\u00bbdefault\u00a0\u00bb global_colors_info=\u00a0\u00bb{}\u00a0\u00bb][et_pb_image src=\u00a0\u00bbhttps:\/\/www.claret.org\/wp-content\/uploads\/2022\/07\/Mosaico-ONU.jpg\u00a0\u00bb title_text=\u00a0\u00bbMosaico ONU\u00a0\u00bb _builder_version=\u00a0\u00bb4.17.4&Prime; _module_preset=\u00a0\u00bbdefault\u00a0\u00bb global_colors_info=\u00a0\u00bb{}\u00a0\u00bb][\/et_pb_image][et_pb_blurb title=\u00a0\u00bb\u00c9quipe de l&#039;ONU\u00a0\u00bb _builder_version=\u00a0\u00bb4.16&Prime; _module_preset=\u00a0\u00bbdefault\u00a0\u00bb box_shadow_style_image=\u00a0\u00bbpreset3&Prime; global_colors_info=\u00a0\u00bb{}\u00a0\u00bb]<\/p>\n<ul>\n<li>Il accr\u00e9dite PROCLADE INTERNAZIONALE aupr\u00e8s de diverses institutions des Nations Unies.<\/li>\n<li>Il favorise l&rsquo;enrichissement des informations et des projets de l&rsquo;ONU en faisant parvenir la voix de la Congr\u00e9gation et de ceux qui partagent la vie avec elle \u00e0 pr\u00e8s de 70 nations.<\/li>\n<p>.<\/p>\n<li>Elle essaie de rapprocher les ressources et les propositions de l&rsquo;ONU des communaut\u00e9s chr\u00e9tiennes, toujours en qu\u00eate de justice, de paix et de d\u00e9fense de l&rsquo;int\u00e9grit\u00e9 de la Cr\u00e9ation.<\/li>\n<\/ul>\n<p>[\/et_pb_blurb][et_pb_image src=\u00a0\u00bbhttps:\/\/www.claret.org\/wp-content\/uploads\/2022\/07\/cmf-global.png\u00a0\u00bb title_text=\u00a0\u00bbcmf global\u00a0\u00bb url=\u00a0\u00bbhttps:\/\/un.globalcmf.com\/\u00a0\u00bb url_new_window=\u00a0\u00bbon\u00a0\u00bb _builder_version=\u00a0\u00bb4.17.4&Prime; _module_preset=\u00a0\u00bbdefault\u00a0\u00bb global_colors_info=\u00a0\u00bb{}\u00a0\u00bb][\/et_pb_image][\/et_pb_column][\/et_pb_row][\/et_pb_section]<\/p>\n","protected":false},"excerpt":{"rendered":"<p>Encourage les Conf\u00e9rences et les Organismes Majeur \u00e0 promouvoir les options et les projets de la Congr\u00e9gation. En \u00e9troite collaboration avec le Pr\u00e9fet de la Pastorale Biblique et des Communications et le Pr\u00e9fet de la Pastorale des Jeunes et des Vocations, il promeut l&rsquo;apostolat de la Congr\u00e9gation. Promouvoir l&rsquo;engagement pour la fraternit\u00e9 universelle, la justice, [&hellip;]<\/p>\n","protected":false},"author":2,"featured_media":114321,"parent":0,"menu_order":0,"comment_status":"closed","ping_status":"closed","template":"","meta":{"_et_pb_use_builder":"on","_et_pb_old_content":"","_et_gb_content_width":"","footnotes":""},"class_list":["post-114314","page","type-page","status-publish","has-post-thumbnail","hentry"],"jetpack_sharing_enabled":true,"jetpack_shortlink":"https:\/\/wp.me\/PdaBmi-tJM","jetpack_likes_enabled":true,"_links":{"self":[{"href":"https:\/\/www.claret.org\/fr\/wp-json\/wp\/v2\/pages\/114314","targetHints":{"allow":["GET"]}}],"collection":[{"href":"https:\/\/www.claret.org\/fr\/wp-json\/wp\/v2\/pages"}],"about":[{"href":"https:\/\/www.claret.org\/fr\/wp-json\/wp\/v2\/types\/page"}],"author":[{"embeddable":true,"href":"https:\/\/www.claret.org\/fr\/wp-json\/wp\/v2\/users\/2"}],"replies":[{"embeddable":true,"href":"https:\/\/www.claret.org\/fr\/wp-json\/wp\/v2\/comments?post=114314"}],"version-history":[{"count":0,"href":"https:\/\/www.claret.org\/fr\/wp-json\/wp\/v2\/pages\/114314\/revisions"}],"wp:featuredmedia":[{"embeddable":true,"href":"https:\/\/www.claret.org\/fr\/wp-json\/wp\/v2\/media\/114321"}],"wp:attachment":[{"href":"https:\/\/www.claret.org\/fr\/wp-json\/wp\/v2\/media?parent=114314"}],"curies":[{"name":"wp","href":"https:\/\/api.w.org\/{rel}","templated":true}]}}