{"id":156012,"date":"2023-07-04T15:55:46","date_gmt":"2023-07-04T13:55:46","guid":{"rendered":"https:\/\/www.claret.org\/logo\/"},"modified":"2023-09-25T00:42:43","modified_gmt":"2023-09-24T22:42:43","slug":"logo","status":"publish","type":"page","link":"https:\/\/www.claret.org\/fr\/jubile\/logo\/","title":{"rendered":"Logo"},"content":{"rendered":"<p>[et_pb_section fb_built=\u00a0\u00bb1&Prime; _builder_version=\u00a0\u00bb4.21.0&Prime; _module_preset=\u00a0\u00bbdefault\u00a0\u00bb custom_padding=\u00a0\u00bb23px||12px|||\u00a0\u00bb global_colors_info=\u00a0\u00bb{}\u00a0\u00bb][et_pb_row column_structure=\u00a0\u00bb1_2,1_2&Prime; _builder_version=\u00a0\u00bb4.21.0&Prime; _module_preset=\u00a0\u00bbdefault\u00a0\u00bb global_colors_info=\u00a0\u00bb{}\u00a0\u00bb][et_pb_column type=\u00a0\u00bb1_2&Prime; _builder_version=\u00a0\u00bb4.21.0&Prime; _module_preset=\u00a0\u00bbdefault\u00a0\u00bb global_colors_info=\u00a0\u00bb{}\u00a0\u00bb][et_pb_text _builder_version=\u00a0\u00bb4.21.0&Prime; _module_preset=\u00a0\u00bbdefault\u00a0\u00bb global_colors_info=\u00a0\u00bb{}\u00a0\u00bb]<\/p>\n<h1>Le logo<\/h1>\n<p>Le logo a \u00e9t\u00e9 con\u00e7u pour \u00eatre universellement reconnaissable sans n\u00e9cessiter de langage ou d&rsquo;explication, tout en \u00e9tant simple dans sa conception. Au centre du logo figure un CMF (Fils du C\u0153ur de Marie), repr\u00e9sentant quelque chose d&rsquo;identifiable, de marial et d&rsquo;universel. La typographie calligraphique utilis\u00e9e est simple et rapide, avec une ligne horizontale l\u00e9g\u00e8rement arrondie qui \u00ab\u00a0embrasse\u00a0\u00bb le lettrage environnant et qui, combin\u00e9e au \u00ab\u00a0f\u00a0\u00bb, cr\u00e9e une croix, symbolisant que Dieu est au centre de tout (la plus grande gloire de Dieu). Le chiffre 175 est positionn\u00e9 \u00e0 droite de l&rsquo;\u00e9l\u00e9ment principal, le d\u00e9calant et lui donnant une signification, mais sans en faire le point focal de l&rsquo;image.<\/p>\n<p>La troisi\u00e8me composante de l&rsquo;image est la croix.<br \/>\n<La troisi\u00e8me composante du logo incarne le feu ardent de l'Esprit Saint. Ses flammes sont dynamiques et en mouvement constant, \u00e9manant de la flamme centrale. Ce symbole est d\u00e9riv\u00e9 de l'acronyme \" cmf \" et compl\u00e8te parfaitement la devise, qui signifie 175 ans de diffusion de la flamme de l'Esprit.<\/p>\n<p>Les Missionnaires Clar\u00e9tains sont un groupe d&rsquo;hommes et de femmes qui se consacrent \u00e0 l&rsquo;\u00e9ducation et \u00e0 la formation.\n<\/p>\n<p>Les Missionnaires Clar\u00e9tains sont l&rsquo;instrument de l&rsquo;Esprit Saint pour enflammer les gens par tous les moyens dans le feu de l&rsquo;amour de Dieu.[\/et_pb_text][\/et_pb_column][et_pb_column type=\u00a0\u00bb1_2&Prime; _builder_version=\u00a0\u00bb4.21.0&Prime; _module_preset=\u00a0\u00bbdefault\u00a0\u00bb global_colors_info=\u00a0\u00bb{}\u00a0\u00bb][et_pb_image src=\u00a0\u00bbhttps:\/\/www.claret.org\/wp-content\/uploads\/2023\/07\/175-Jubilee-Logo-EN-scaled.jpg\u00a0\u00bb title_text=\u00a0\u00bb175 Jubilee Logo EN\u00a0\u00bb _builder_version=\u00a0\u00bb4.21.0&Prime; _module_preset=\u00a0\u00bbdefault\u00a0\u00bb hover_enabled=\u00a0\u00bb0&Prime; global_colors_info=\u00a0\u00bb{}\u00a0\u00bb sticky_enabled=\u00a0\u00bb0&Prime;][\/et_pb_image][\/et_pb_column][\/et_pb_row][\/et_pb_section][et_pb_section fb_built=\u00a0\u00bb1&Prime; _builder_version=\u00a0\u00bb4.21.0&Prime; _module_preset=\u00a0\u00bbdefault\u00a0\u00bb custom_padding=\u00a0\u00bb14px|||||\u00a0\u00bb global_colors_info=\u00a0\u00bb{}\u00a0\u00bb][et_pb_row _builder_version=\u00a0\u00bb4.21.0&Prime; _module_preset=\u00a0\u00bbdefault\u00a0\u00bb global_colors_info=\u00a0\u00bb{}\u00a0\u00bb][et_pb_column type=\u00a0\u00bb4_4&Prime; _builder_version=\u00a0\u00bb4.21.0&Prime; _module_preset=\u00a0\u00bbdefault\u00a0\u00bb global_colors_info=\u00a0\u00bb{}\u00a0\u00bb][et_pb_text _builder_version=\u00a0\u00bb4.21.0&Prime; _module_preset=\u00a0\u00bbdefault\u00a0\u00bb header_font=\u00a0\u00bb|700|||||||\u00a0\u00bb header_2_font=\u00a0\u00bb|700|||||||\u00a0\u00bb header_2_text_align=\u00a0\u00bbcenter\u00a0\u00bb header_2_text_color=\u00a0\u00bb#e57600&Prime; custom_margin=\u00a0\u00bb||8px|||\u00a0\u00bb global_colors_info=\u00a0\u00bb{}\u00a0\u00bb]<\/p>\n<h2>T\u00c9L\u00c9CHARGER LE LOGO EN FICHIER PNG OU JPG<\/h2>\n<p>[\/et_pb_text][divi_wpfd_file_category category_id=\u00a0\u00bb{%22categoryId%22:%225053%22,%22categoryPath%22:%22Iubilaeum&#8212;Logo%22}\u00a0\u00bb _builder_version=\u00a0\u00bb4.21.0&Prime; _module_preset=\u00a0\u00bbdefault\u00a0\u00bb global_colors_info=\u00a0\u00bb{}\u00a0\u00bb][\/divi_wpfd_file_category][\/et_pb_column][\/et_pb_row][\/et_pb_section]<\/p>\n","protected":false},"excerpt":{"rendered":"<p>Le logo Le logo a \u00e9t\u00e9 con\u00e7u pour \u00eatre universellement reconnaissable sans n\u00e9cessiter de langage ou d&rsquo;explication, tout en \u00e9tant simple dans sa conception. Au centre du logo figure un CMF (Fils du C\u0153ur de Marie), repr\u00e9sentant quelque chose d&rsquo;identifiable, de marial et d&rsquo;universel. La typographie calligraphique utilis\u00e9e est simple et rapide, avec une ligne [&hellip;]<\/p>\n","protected":false},"author":2,"featured_media":0,"parent":156008,"menu_order":0,"comment_status":"closed","ping_status":"closed","template":"","meta":{"_et_pb_use_builder":"on","_et_pb_old_content":"","_et_gb_content_width":"","footnotes":""},"class_list":["post-156012","page","type-page","status-publish","hentry"],"jetpack_sharing_enabled":true,"jetpack_shortlink":"https:\/\/wp.me\/PdaBmi-EAk","jetpack_likes_enabled":true,"_links":{"self":[{"href":"https:\/\/www.claret.org\/fr\/wp-json\/wp\/v2\/pages\/156012","targetHints":{"allow":["GET"]}}],"collection":[{"href":"https:\/\/www.claret.org\/fr\/wp-json\/wp\/v2\/pages"}],"about":[{"href":"https:\/\/www.claret.org\/fr\/wp-json\/wp\/v2\/types\/page"}],"author":[{"embeddable":true,"href":"https:\/\/www.claret.org\/fr\/wp-json\/wp\/v2\/users\/2"}],"replies":[{"embeddable":true,"href":"https:\/\/www.claret.org\/fr\/wp-json\/wp\/v2\/comments?post=156012"}],"version-history":[{"count":0,"href":"https:\/\/www.claret.org\/fr\/wp-json\/wp\/v2\/pages\/156012\/revisions"}],"up":[{"embeddable":true,"href":"https:\/\/www.claret.org\/fr\/wp-json\/wp\/v2\/pages\/156008"}],"wp:attachment":[{"href":"https:\/\/www.claret.org\/fr\/wp-json\/wp\/v2\/media?parent=156012"}],"curies":[{"name":"wp","href":"https:\/\/api.w.org\/{rel}","templated":true}]}}