{"id":159412,"date":"2023-10-20T11:43:15","date_gmt":"2023-10-20T09:43:15","guid":{"rendered":"https:\/\/www.claret.org\/calendrier-de-la-jeunesse-et-des-vocations\/"},"modified":"2023-11-22T12:01:40","modified_gmt":"2023-11-22T11:01:40","slug":"calendrier-de-la-jeunesse-et-des-vocations","status":"publish","type":"page","link":"https:\/\/www.claret.org\/fr\/calendrier-de-la-jeunesse-et-des-vocations\/","title":{"rendered":"Calendrier de la Jeunesse et des Vocations"},"content":{"rendered":"<p>[et_pb_section fb_built=\u00a0\u00bb1&Prime; admin_label=\u00a0\u00bbPage Title Section\u00a0\u00bb _builder_version=\u00a0\u00bb4.22.2&Prime; background_color_gradient_direction=\u00a0\u00bb115deg\u00a0\u00bb background_image=\u00a0\u00bbhttps:\/\/www.claret.org\/wp-content\/uploads\/2023\/09\/law-firm-24.jpg\u00a0\u00bb custom_padding=\u00a0\u00bb150px||0|\u00a0\u00bb global_colors_info=\u00a0\u00bb{}\u00a0\u00bb][et_pb_row _builder_version=\u00a0\u00bb4.16&Prime; background_color=\u00a0\u00bb#383e59&Prime; background_size=\u00a0\u00bbinitial\u00a0\u00bb background_position=\u00a0\u00bbtop_left\u00a0\u00bb background_repeat=\u00a0\u00bbrepeat\u00a0\u00bb max_width=\u00a0\u00bb960px\u00a0\u00bb custom_margin=\u00a0\u00bb|||0px\u00a0\u00bb custom_padding=\u00a0\u00bb27px|40px||10%\u00a0\u00bb animation_style=\u00a0\u00bbslide\u00a0\u00bb animation_direction=\u00a0\u00bbleft\u00a0\u00bb animation_intensity_slide=\u00a0\u00bb2%\u00a0\u00bb border_radii=\u00a0\u00bb||6px|6px|\u00a0\u00bb border_width_right=\u00a0\u00bb30px\u00a0\u00bb border_color_right=\u00a0\u00bb#bdada0&Prime; box_shadow_style=\u00a0\u00bbpreset3&Prime; box_shadow_vertical=\u00a0\u00bb35px\u00a0\u00bb box_shadow_blur=\u00a0\u00bb70px\u00a0\u00bb box_shadow_spread=\u00a0\u00bb-35px\u00a0\u00bb box_shadow_color=\u00a0\u00bbrgba(0,0,0,0.6)\u00a0\u00bb use_custom_width=\u00a0\u00bbon\u00a0\u00bb custom_width_px=\u00a0\u00bb960px\u00a0\u00bb global_colors_info=\u00a0\u00bb{}\u00a0\u00bb][et_pb_column type=\u00a0\u00bb4_4&Prime; _builder_version=\u00a0\u00bb4.16&Prime; custom_padding=\u00a0\u00bb|||\u00a0\u00bb custom_padding_tablet=\u00a0\u00bb|||10%\u00a0\u00bb custom_padding_last_edited=\u00a0\u00bboff|desktop\u00a0\u00bb global_colors_info=\u00a0\u00bb{}\u00a0\u00bb padding_tablet=\u00a0\u00bb|||10%\u00a0\u00bb padding_last_edited=\u00a0\u00bboff|desktop\u00a0\u00bb custom_padding__hover=\u00a0\u00bb|||\u00a0\u00bb][et_pb_text admin_label=\u00a0\u00bbTitle\u00a0\u00bb _builder_version=\u00a0\u00bb4.22.2&Prime; text_font=\u00a0\u00bb||||||||\u00a0\u00bb header_font=\u00a0\u00bbAbhaya Libre|700|||||||\u00a0\u00bb header_font_size=\u00a0\u00bb43px\u00a0\u00bb header_line_height=\u00a0\u00bb1.2em\u00a0\u00bb header_4_font=\u00a0\u00bb||||||||\u00a0\u00bb background_layout=\u00a0\u00bbdark\u00a0\u00bb custom_margin=\u00a0\u00bb|||\u00a0\u00bb custom_padding=\u00a0\u00bb|||\u00a0\u00bb header_font_size_tablet=\u00a0\u00bb40px\u00a0\u00bb header_font_size_phone=\u00a0\u00bb\u00a0\u00bb header_font_size_last_edited=\u00a0\u00bbon|tablet\u00a0\u00bb global_colors_info=\u00a0\u00bb{}\u00a0\u00bb]<\/p>\n<h1>Calendrier de la Famille Clar\u00e9taine YVM<\/h1>\n<p>[\/et_pb_text][\/et_pb_column][\/et_pb_row][\/et_pb_section][et_pb_section fb_built=\u00a0\u00bb1&Prime; admin_label=\u00a0\u00bbEvents Section\u00a0\u00bb _builder_version=\u00a0\u00bb4.16&Prime; background_image=\u00a0\u00bbhttps:\/\/www.claret.org\/wp-content\/uploads\/2023\/10\/paper.jpg\u00a0\u00bb custom_padding=\u00a0\u00bb70px||70px|\u00a0\u00bb global_colors_info=\u00a0\u00bb{}\u00a0\u00bb][et_pb_row column_structure=\u00a0\u00bb1_4,3_4&Prime; _builder_version=\u00a0\u00bb4.16&Prime; custom_padding=\u00a0\u00bb90px||0px|||\u00a0\u00bb border_width_bottom=\u00a0\u00bb1px\u00a0\u00bb border_color_bottom=\u00a0\u00bbrgba(0,0,0,0.12)\u00a0\u00bb global_colors_info=\u00a0\u00bb{}\u00a0\u00bb][et_pb_column type=\u00a0\u00bb1_4&Prime; _builder_version=\u00a0\u00bb4.16&Prime; custom_padding=\u00a0\u00bb|||\u00a0\u00bb global_colors_info=\u00a0\u00bb{}\u00a0\u00bb custom_padding__hover=\u00a0\u00bb|||\u00a0\u00bb][et_pb_text _builder_version=\u00a0\u00bb4.22.2&Prime; text_font=\u00a0\u00bb||||||||\u00a0\u00bb text_line_height=\u00a0\u00bb1.8em\u00a0\u00bb header_font=\u00a0\u00bb||||||||\u00a0\u00bb header_4_font=\u00a0\u00bbNunito|700||on|||||\u00a0\u00bb header_4_text_color=\u00a0\u00bb#94a6bf\u00a0\u00bb header_4_letter_spacing=\u00a0\u00bb2px\u00a0\u00bb header_4_line_height=\u00a0\u00bb1.4em\u00a0\u00bb animation_style=\u00a0\u00bbslide\u00a0\u00bb animation_direction=\u00a0\u00bbleft\u00a0\u00bb animation_intensity_slide=\u00a0\u00bb5%\u00a0\u00bb animation_starting_opacity=\u00a0\u00bb100%\u00a0\u00bb global_colors_info=\u00a0\u00bb{}\u00a0\u00bb]<\/p>\n<h2 style=\"text-align: center;\">Janvier<\/h2>\n<p>&nbsp;<\/p>\n<p>&nbsp;<\/p>\n<p>&nbsp;<\/p>\n<p>&nbsp;<\/p>\n<p>[\/et_pb_text][\/et_pb_column][et_pb_column type=\u00a0\u00bb3_4&Prime; _builder_version=\u00a0\u00bb4.16&Prime; custom_padding=\u00a0\u00bb|||\u00a0\u00bb global_colors_info=\u00a0\u00bb{}\u00a0\u00bb custom_padding__hover=\u00a0\u00bb|||\u00a0\u00bb][et_pb_text _builder_version=\u00a0\u00bb4.22.2&Prime; text_font=\u00a0\u00bb||||||||\u00a0\u00bb text_line_height=\u00a0\u00bb1.8em\u00a0\u00bb header_font=\u00a0\u00bb||||||||\u00a0\u00bb header_3_font=\u00a0\u00bbAbhaya Libre|700|||||||\u00a0\u00bb header_3_font_size=\u00a0\u00bb24px\u00a0\u00bb header_3_line_height=\u00a0\u00bb1.4em\u00a0\u00bb custom_margin=\u00a0\u00bb||0px|\u00a0\u00bb animation_style=\u00a0\u00bbslide\u00a0\u00bb animation_direction=\u00a0\u00bbleft\u00a0\u00bb animation_intensity_slide=\u00a0\u00bb5%\u00a0\u00bb animation_starting_opacity=\u00a0\u00bb100%\u00a0\u00bb global_colors_info=\u00a0\u00bb{}\u00a0\u00bb]<\/p>\n<p><strong><span style=\"color: #ff0000;\">17<\/span>\u00a0 \u00a0 \u00a0 \u00a0 SERVANTE DE DIEU M\u00c8RE Antonia Mar\u00eda Par\u00eds Y RIERA &#8211; Reus (ES) 1885 &#8211; Fondatrice des Religieuses Missionnaires Clar\u00e9taines de Marie Immacul\u00e9e (RMI)<\/strong><\/p>\n<p>[\/et_pb_text][\/et_pb_column][\/et_pb_row][et_pb_row column_structure=\u00a0\u00bb1_4,3_4&Prime; _builder_version=\u00a0\u00bb4.16&Prime; custom_padding=\u00a0\u00bb90px||0px|||\u00a0\u00bb border_width_bottom=\u00a0\u00bb1px\u00a0\u00bb border_color_bottom=\u00a0\u00bbrgba(0,0,0,0.12)\u00a0\u00bb global_colors_info=\u00a0\u00bb{}\u00a0\u00bb][et_pb_column type=\u00a0\u00bb1_4&Prime; _builder_version=\u00a0\u00bb4.16&Prime; custom_padding=\u00a0\u00bb|||\u00a0\u00bb global_colors_info=\u00a0\u00bb{}\u00a0\u00bb custom_padding__hover=\u00a0\u00bb|||\u00a0\u00bb][et_pb_text _builder_version=\u00a0\u00bb4.22.2&Prime; text_font=\u00a0\u00bb||||||||\u00a0\u00bb text_line_height=\u00a0\u00bb1.8em\u00a0\u00bb header_font=\u00a0\u00bb||||||||\u00a0\u00bb header_4_font=\u00a0\u00bbNunito|700||on|||||\u00a0\u00bb header_4_text_color=\u00a0\u00bb#94a6bf\u00a0\u00bb header_4_letter_spacing=\u00a0\u00bb2px\u00a0\u00bb header_4_line_height=\u00a0\u00bb1.4em\u00a0\u00bb animation_style=\u00a0\u00bbslide\u00a0\u00bb animation_direction=\u00a0\u00bbleft\u00a0\u00bb animation_intensity_slide=\u00a0\u00bb5%\u00a0\u00bb animation_starting_opacity=\u00a0\u00bb100%\u00a0\u00bb global_colors_info=\u00a0\u00bb{}\u00a0\u00bb]<\/p>\n<h2 style=\"text-align: center;\">F\u00e9vrier<\/h2>\n<p>&nbsp;<\/p>\n<p>&nbsp;<\/p>\n<p>&nbsp;<\/p>\n<p>&nbsp;<\/p>\n<p>[\/et_pb_text][\/et_pb_column][et_pb_column type=\u00a0\u00bb3_4&Prime; _builder_version=\u00a0\u00bb4.16&Prime; custom_padding=\u00a0\u00bb|||\u00a0\u00bb global_colors_info=\u00a0\u00bb{}\u00a0\u00bb custom_padding__hover=\u00a0\u00bb|||\u00a0\u00bb][et_pb_text _builder_version=\u00a0\u00bb4.22.2&Prime; text_font=\u00a0\u00bb||||||||\u00a0\u00bb text_line_height=\u00a0\u00bb1.8em\u00a0\u00bb header_font=\u00a0\u00bb||||||||\u00a0\u00bb header_3_font=\u00a0\u00bbAbhaya Libre|700|||||||\u00a0\u00bb header_3_font_size=\u00a0\u00bb24px\u00a0\u00bb header_3_line_height=\u00a0\u00bb1.4em\u00a0\u00bb custom_margin=\u00a0\u00bb||0px|\u00a0\u00bb animation_style=\u00a0\u00bbslide\u00a0\u00bb animation_direction=\u00a0\u00bbleft\u00a0\u00bb animation_intensity_slide=\u00a0\u00bb5%\u00a0\u00bb animation_starting_opacity=\u00a0\u00bb100%\u00a0\u00bb global_colors_info=\u00a0\u00bb{}\u00a0\u00bb]<\/p>\n<p style=\"text-align: justify;\"><strong><span style=\"color: #ff0000;\">01<\/span>\u00a0 \u00a0 \u00a0 M\u00c9MOIRE DES B\u00c9N\u00c9FICES MISSIONNAIRES Clar\u00e9tains &#8211; 51 martyrs de Barbastro (b\u00e9atifi\u00e9s le 25\/10\/1992) ; P. Andr\u00e9s Sol\u00e1 i Molist (20\/11\/2005) ; 23 martyrs de Tarragone (13\/10\/2013) ; 109 martyrs b\u00e9atifi\u00e9s \u00e0 Barcelone (22\/10\/2017) ; Bienheureuse M. Mar\u00eda Patrocinio Giner RMI (11\/03\/2001).<\/strong><\/p>\n<p>[\/et_pb_text][\/et_pb_column][\/et_pb_row][et_pb_row column_structure=\u00a0\u00bb1_4,3_4&Prime; _builder_version=\u00a0\u00bb4.16&Prime; custom_padding=\u00a0\u00bb47px||34px|||\u00a0\u00bb border_width_bottom=\u00a0\u00bb1px\u00a0\u00bb border_color_bottom=\u00a0\u00bbrgba(0,0,0,0.12)\u00a0\u00bb global_colors_info=\u00a0\u00bb{}\u00a0\u00bb][et_pb_column type=\u00a0\u00bb1_4&Prime; _builder_version=\u00a0\u00bb4.16&Prime; custom_padding=\u00a0\u00bb|||\u00a0\u00bb global_colors_info=\u00a0\u00bb{}\u00a0\u00bb custom_padding__hover=\u00a0\u00bb|||\u00a0\u00bb][et_pb_text _builder_version=\u00a0\u00bb4.22.2&Prime; text_font=\u00a0\u00bb||||||||\u00a0\u00bb text_line_height=\u00a0\u00bb1.8em\u00a0\u00bb header_font=\u00a0\u00bb||||||||\u00a0\u00bb header_4_font=\u00a0\u00bbNunito|700||on|||||\u00a0\u00bb header_4_text_color=\u00a0\u00bb#94a6bf\u00a0\u00bb header_4_letter_spacing=\u00a0\u00bb2px\u00a0\u00bb header_4_line_height=\u00a0\u00bb1.4em\u00a0\u00bb animation_style=\u00a0\u00bbslide\u00a0\u00bb animation_direction=\u00a0\u00bbleft\u00a0\u00bb animation_intensity_slide=\u00a0\u00bb5%\u00a0\u00bb animation_starting_opacity=\u00a0\u00bb100%\u00a0\u00bb global_colors_info=\u00a0\u00bb{}\u00a0\u00bb]<\/p>\n<h2 style=\"text-align: center;\">Mars<\/h2>\n<p>&nbsp;<\/p>\n<p>&nbsp;<\/p>\n<p>&nbsp;<\/p>\n<p>&nbsp;<\/p>\n<p>[\/et_pb_text][\/et_pb_column][et_pb_column type=\u00a0\u00bb3_4&Prime; _builder_version=\u00a0\u00bb4.16&Prime; custom_padding=\u00a0\u00bb|||\u00a0\u00bb global_colors_info=\u00a0\u00bb{}\u00a0\u00bb custom_padding__hover=\u00a0\u00bb|||\u00a0\u00bb][et_pb_text _builder_version=\u00a0\u00bb4.22.2&Prime; text_font=\u00a0\u00bb||||||||\u00a0\u00bb text_line_height=\u00a0\u00bb1.8em\u00a0\u00bb header_font=\u00a0\u00bb||||||||\u00a0\u00bb header_3_font=\u00a0\u00bbAbhaya Libre|700|||||||\u00a0\u00bb header_3_font_size=\u00a0\u00bb24px\u00a0\u00bb header_3_line_height=\u00a0\u00bb1.4em\u00a0\u00bb custom_margin=\u00a0\u00bb||0px|\u00a0\u00bb animation_style=\u00a0\u00bbslide\u00a0\u00bb animation_direction=\u00a0\u00bbleft\u00a0\u00bb animation_intensity_slide=\u00a0\u00bb5%\u00a0\u00bb animation_starting_opacity=\u00a0\u00bb100%\u00a0\u00bb global_colors_info=\u00a0\u00bb{}\u00a0\u00bb]<\/p>\n<p><strong><span style=\"color: #ff0000;\">19<\/span>\u00a0 \u00a0 \u00a0 \u00a0<\/strong>FONDATION DE LA CONGR\u00c9GATION DES S\u0152URS MISSIONNAIRES CORDIMARIENNES &#8211; Mexique (MX) 1921<\/p>\n<p>FONDATION DE LA CONGR\u00c9GATION DES S\u0152URS MISSIONNAIRES DE SAINT ANTHONY MARY CLARET &#8211; Londrina (BR) 1958<\/p>\n<p>APPROBATION DIOC\u00c9SAINE DE L&rsquo;INSTITUT S\u00c9CULIER DES FILLES DU COEUR IMMACUL\u00c9 DE MARIE (1971)<\/p>\n<p><strong><span style=\"color: #ff0000;\">29<\/span>\u00a0 \u00a0 \u00a0 \u00a0 <\/strong>MONS. FR. GERALDO FERNANDES BIJO CMF &#8211; Sao Paulo (BR) 1982 &#8211; Fondateur des S\u0153urs Missionnaires de Saint Antoine Marie Claret<\/p>\n<p>[\/et_pb_text][\/et_pb_column][\/et_pb_row][et_pb_row column_structure=\u00a0\u00bb1_4,3_4&Prime; _builder_version=\u00a0\u00bb4.16&Prime; custom_margin=\u00a0\u00bb86px|auto||auto||\u00a0\u00bb custom_padding=\u00a0\u00bb0px||0px|||\u00a0\u00bb border_width_bottom=\u00a0\u00bb1px\u00a0\u00bb border_color_bottom=\u00a0\u00bbrgba(0,0,0,0.12)\u00a0\u00bb global_colors_info=\u00a0\u00bb{}\u00a0\u00bb][et_pb_column type=\u00a0\u00bb1_4&Prime; _builder_version=\u00a0\u00bb4.16&Prime; custom_padding=\u00a0\u00bb|||\u00a0\u00bb global_colors_info=\u00a0\u00bb{}\u00a0\u00bb custom_padding__hover=\u00a0\u00bb|||\u00a0\u00bb][et_pb_text _builder_version=\u00a0\u00bb4.22.2&Prime; text_font=\u00a0\u00bb||||||||\u00a0\u00bb text_line_height=\u00a0\u00bb1.8em\u00a0\u00bb header_font=\u00a0\u00bb||||||||\u00a0\u00bb header_4_font=\u00a0\u00bbNunito|700||on|||||\u00a0\u00bb header_4_text_color=\u00a0\u00bb#94a6bf\u00a0\u00bb header_4_letter_spacing=\u00a0\u00bb2px\u00a0\u00bb header_4_line_height=\u00a0\u00bb1.4em\u00a0\u00bb animation_style=\u00a0\u00bbslide\u00a0\u00bb animation_direction=\u00a0\u00bbleft\u00a0\u00bb animation_intensity_slide=\u00a0\u00bb5%\u00a0\u00bb animation_starting_opacity=\u00a0\u00bb100%\u00a0\u00bb global_colors_info=\u00a0\u00bb{}\u00a0\u00bb]<\/p>\n<h2 style=\"text-align: center;\">Avril<\/h2>\n<p>&nbsp;<\/p>\n<p>&nbsp;<\/p>\n<p>&nbsp;<\/p>\n<p>&nbsp;<\/p>\n<p>[\/et_pb_text][\/et_pb_column][et_pb_column type=\u00a0\u00bb3_4&Prime; _builder_version=\u00a0\u00bb4.16&Prime; custom_padding=\u00a0\u00bb|||\u00a0\u00bb global_colors_info=\u00a0\u00bb{}\u00a0\u00bb custom_padding__hover=\u00a0\u00bb|||\u00a0\u00bb][et_pb_text _builder_version=\u00a0\u00bb4.22.2&Prime; text_font=\u00a0\u00bb||||||||\u00a0\u00bb text_line_height=\u00a0\u00bb1.8em\u00a0\u00bb header_font=\u00a0\u00bb||||||||\u00a0\u00bb header_3_font=\u00a0\u00bbAbhaya Libre|700|||||||\u00a0\u00bb header_3_font_size=\u00a0\u00bb24px\u00a0\u00bb header_3_line_height=\u00a0\u00bb1.4em\u00a0\u00bb custom_margin=\u00a0\u00bb||0px|\u00a0\u00bb animation_style=\u00a0\u00bbslide\u00a0\u00bb animation_direction=\u00a0\u00bbleft\u00a0\u00bb animation_intensity_slide=\u00a0\u00bb5%\u00a0\u00bb animation_starting_opacity=\u00a0\u00bb100%\u00a0\u00bb global_colors_info=\u00a0\u00bb{}\u00a0\u00bb]<\/p>\n<p><strong><span style=\"color: #ff0000;\">20<\/span>\u00a0 \u00a0 \u00a0 \u00a0 APPROBATION PONTIFICALE DU MOUVEMENT DES LA\u00cfCS CLAR\u00c9TAINS (1988)<\/strong><\/p>\n<p><strong><span style=\"color: #ff0000;\">21\u00a0<\/span>\u00a0 \u00a0 \u00a0 \u00a0 MGR. FR. ARMENGOL COLL Y ARMENGOL CMF &#8211; Malabo (GQ) 1918 &#8211; Fondateur des S\u0153urs Missionnaires de Marie Immacul\u00e9e<\/strong><\/p>\n<p>[\/et_pb_text][\/et_pb_column][\/et_pb_row][et_pb_row column_structure=\u00a0\u00bb1_4,3_4&Prime; _builder_version=\u00a0\u00bb4.16&Prime; custom_padding=\u00a0\u00bb54px||90px|||\u00a0\u00bb border_width_bottom=\u00a0\u00bb1px\u00a0\u00bb border_color_bottom=\u00a0\u00bbrgba(0,0,0,0.12)\u00a0\u00bb global_colors_info=\u00a0\u00bb{}\u00a0\u00bb][et_pb_column type=\u00a0\u00bb1_4&Prime; _builder_version=\u00a0\u00bb4.16&Prime; custom_padding=\u00a0\u00bb|||\u00a0\u00bb global_colors_info=\u00a0\u00bb{}\u00a0\u00bb custom_padding__hover=\u00a0\u00bb|||\u00a0\u00bb][et_pb_text _builder_version=\u00a0\u00bb4.22.2&Prime; text_font=\u00a0\u00bb||||||||\u00a0\u00bb text_line_height=\u00a0\u00bb1.8em\u00a0\u00bb header_font=\u00a0\u00bb||||||||\u00a0\u00bb header_4_font=\u00a0\u00bbNunito|700||on|||||\u00a0\u00bb header_4_text_color=\u00a0\u00bb#94a6bf\u00a0\u00bb header_4_letter_spacing=\u00a0\u00bb2px\u00a0\u00bb header_4_line_height=\u00a0\u00bb1.4em\u00a0\u00bb animation_style=\u00a0\u00bbslide\u00a0\u00bb animation_direction=\u00a0\u00bbleft\u00a0\u00bb animation_intensity_slide=\u00a0\u00bb5%\u00a0\u00bb animation_starting_opacity=\u00a0\u00bb100%\u00a0\u00bb global_colors_info=\u00a0\u00bb{}\u00a0\u00bb]<\/p>\n<h2 style=\"text-align: center;\">Mai<\/h2>\n<p>&nbsp;<\/p>\n<p>&nbsp;<\/p>\n<p>&nbsp;<\/p>\n<p>&nbsp;<\/p>\n<p>&nbsp;<\/p>\n<p>[\/et_pb_text][\/et_pb_column][et_pb_column type=\u00a0\u00bb3_4&Prime; _builder_version=\u00a0\u00bb4.16&Prime; custom_padding=\u00a0\u00bb|||\u00a0\u00bb global_colors_info=\u00a0\u00bb{}\u00a0\u00bb custom_padding__hover=\u00a0\u00bb|||\u00a0\u00bb][et_pb_text _builder_version=\u00a0\u00bb4.22.2&Prime; text_font=\u00a0\u00bb||||||||\u00a0\u00bb text_line_height=\u00a0\u00bb1.8em\u00a0\u00bb header_font=\u00a0\u00bb||||||||\u00a0\u00bb header_3_font=\u00a0\u00bbAbhaya Libre|700|||||||\u00a0\u00bb header_3_font_size=\u00a0\u00bb24px\u00a0\u00bb header_3_line_height=\u00a0\u00bb1.4em\u00a0\u00bb custom_margin=\u00a0\u00bb||0px|\u00a0\u00bb animation_style=\u00a0\u00bbslide\u00a0\u00bb animation_direction=\u00a0\u00bbleft\u00a0\u00bb animation_intensity_slide=\u00a0\u00bb5%\u00a0\u00bb animation_starting_opacity=\u00a0\u00bb100%\u00a0\u00bb global_colors_info=\u00a0\u00bb{}\u00a0\u00bb]<\/p>\n<p style=\"text-align: justify;\"><strong><span style=\"color: #ff0000;\">08P\u00a0<\/span>\u00a0 \u00a0 \u00a0 LUIS PUJOL TORDERA CMF &#8211; Vic (ES) 1976 &#8211; Fondateur des S\u0153urs Missionnaires de l&rsquo;Institution Clar\u00e9taine<\/strong><\/p>\n<p style=\"text-align: justify;\"><strong><span style=\"color: #ff0000;\">26P\u00a0<\/span>\u00a0 \u00a0 JULI\u00c1N COLLEL Y GUIX CMF &#8211; Toluca (MX) 1937 &#8211; Fondateur des S\u0153urs Missionnaires Cordeli\u00e8res<\/strong><\/p>\n<p style=\"text-align: justify;\"><strong><span style=\"color: #ff0000;\">28\u00a0<\/span>\u00a0 \u00a0 \u00a0 \u00a0 FONDATION DE LA CONGR\u00c9GATION DES S\u0152URS MISSIONNAIRES DE L&rsquo;INSTITUTION CLARETIENNE &#8211; Vic (ES) 1951<\/strong><\/p>\n<p style=\"text-align: justify;\"><strong><span style=\"color: #ff0000;\">29<\/span>\u00a0 \u00a0 \u00a0 \u00a0 \u00a0 M\u00c8RE IMELDA MAKOLE MMI &#8211; Fondatrice des S\u0153urs Missionnaires de Marie Immacul\u00e9e (Malabo GQ)<\/strong><\/p>\n<p style=\"text-align: justify;\"><strong><span style=\"color: #ff0000;\">31\u00a0<\/span>\u00a0 \u00a0 \u00a0 \u00a0 \u00a0 JOURN\u00c9E DES VOCATIONS CLAR\u00c9TAINES<\/strong><\/p>\n<p>[\/et_pb_text][\/et_pb_column][\/et_pb_row][et_pb_row column_structure=\u00a0\u00bb1_4,3_4&Prime; _builder_version=\u00a0\u00bb4.16&Prime; custom_margin=\u00a0\u00bb-2px|auto||auto||\u00a0\u00bb custom_padding=\u00a0\u00bb54px||0px|||\u00a0\u00bb border_width_bottom=\u00a0\u00bb1px\u00a0\u00bb border_color_bottom=\u00a0\u00bbrgba(0,0,0,0.12)\u00a0\u00bb global_colors_info=\u00a0\u00bb{}\u00a0\u00bb][et_pb_column type=\u00a0\u00bb1_4&Prime; _builder_version=\u00a0\u00bb4.16&Prime; custom_padding=\u00a0\u00bb|||\u00a0\u00bb global_colors_info=\u00a0\u00bb{}\u00a0\u00bb custom_padding__hover=\u00a0\u00bb|||\u00a0\u00bb][et_pb_text _builder_version=\u00a0\u00bb4.22.2&Prime; text_font=\u00a0\u00bb||||||||\u00a0\u00bb text_line_height=\u00a0\u00bb1.8em\u00a0\u00bb header_font=\u00a0\u00bb||||||||\u00a0\u00bb header_4_font=\u00a0\u00bbNunito|700||on|||||\u00a0\u00bb header_4_text_color=\u00a0\u00bb#94a6bf\u00a0\u00bb header_4_letter_spacing=\u00a0\u00bb2px\u00a0\u00bb header_4_line_height=\u00a0\u00bb1.4em\u00a0\u00bb animation_style=\u00a0\u00bbslide\u00a0\u00bb animation_direction=\u00a0\u00bbleft\u00a0\u00bb animation_intensity_slide=\u00a0\u00bb5%\u00a0\u00bb animation_starting_opacity=\u00a0\u00bb100%\u00a0\u00bb global_colors_info=\u00a0\u00bb{}\u00a0\u00bb]<\/p>\n<h2 style=\"text-align: center;\">Juillet<\/h2>\n<p>&nbsp;<\/p>\n<p>&nbsp;<\/p>\n<p>&nbsp;<\/p>\n<p>&nbsp;<\/p>\n<p>&nbsp;<\/p>\n<p>[\/et_pb_text][\/et_pb_column][et_pb_column type=\u00a0\u00bb3_4&Prime; _builder_version=\u00a0\u00bb4.16&Prime; custom_padding=\u00a0\u00bb|||\u00a0\u00bb global_colors_info=\u00a0\u00bb{}\u00a0\u00bb custom_padding__hover=\u00a0\u00bb|||\u00a0\u00bb][et_pb_text _builder_version=\u00a0\u00bb4.22.2&Prime; text_font=\u00a0\u00bb||||||||\u00a0\u00bb text_line_height=\u00a0\u00bb1.8em\u00a0\u00bb header_font=\u00a0\u00bb||||||||\u00a0\u00bb header_3_font=\u00a0\u00bbAbhaya Libre|700|||||||\u00a0\u00bb header_3_font_size=\u00a0\u00bb24px\u00a0\u00bb header_3_line_height=\u00a0\u00bb1.4em\u00a0\u00bb custom_margin=\u00a0\u00bb||0px|\u00a0\u00bb animation_style=\u00a0\u00bbslide\u00a0\u00bb animation_direction=\u00a0\u00bbleft\u00a0\u00bb animation_intensity_slide=\u00a0\u00bb5%\u00a0\u00bb animation_starting_opacity=\u00a0\u00bb100%\u00a0\u00bb global_colors_info=\u00a0\u00bb{}\u00a0\u00bb]<\/p>\n<p><strong><span style=\"color: #ff0000;\">10\u00a0<\/span>\u00a0 \u00a0 \u00a0 \u00a0 CONSTITUTION DU MOUVEMENT LA\u00cfQUE CLARETIEN &#8211; Villa de Leiva (CO) 1983<\/strong><\/p>\n<p><strong><span style=\"color: #ff0000;\">16\u00a0<\/span>\u00a0 \u00a0 \u00a0 \u00a0 FONDATION DE LA CONGR\u00c9GATION DES FILS MISSIONNAIRES DU C\u0152UR IMMACUL\u00c9 DE MARIE &#8211; CLARETIENS &#8211; Vic (ES) 1949<\/strong><\/p>\n<p><strong><span style=\"color: #ff0000;\">22\u00a0<\/span>\u00a0 \u00a0 \u00a0 \u00a0 M\u00c8RE LEONIA MILITO MSAMC- Fondatrice des S\u0153urs Missionnaires de Saint Antoine Marie Claret &#8211; Londrina (BR) 1980<\/strong><\/p>\n<p>[\/et_pb_text][\/et_pb_column][\/et_pb_row][et_pb_row column_structure=\u00a0\u00bb1_4,3_4&Prime; _builder_version=\u00a0\u00bb4.16&Prime; custom_margin=\u00a0\u00bb|auto|-7px|auto||\u00a0\u00bb custom_padding=\u00a0\u00bb54px||0px|||\u00a0\u00bb border_width_bottom=\u00a0\u00bb1px\u00a0\u00bb border_color_bottom=\u00a0\u00bbrgba(0,0,0,0.12)\u00a0\u00bb global_colors_info=\u00a0\u00bb{}\u00a0\u00bb][et_pb_column type=\u00a0\u00bb1_4&Prime; _builder_version=\u00a0\u00bb4.16&Prime; custom_padding=\u00a0\u00bb|||\u00a0\u00bb global_colors_info=\u00a0\u00bb{}\u00a0\u00bb custom_padding__hover=\u00a0\u00bb|||\u00a0\u00bb][et_pb_text _builder_version=\u00a0\u00bb4.22.2&Prime; text_font=\u00a0\u00bb||||||||\u00a0\u00bb text_line_height=\u00a0\u00bb1.8em\u00a0\u00bb header_font=\u00a0\u00bb||||||||\u00a0\u00bb header_4_font=\u00a0\u00bbNunito|700||on|||||\u00a0\u00bb header_4_text_color=\u00a0\u00bb#94a6bf\u00a0\u00bb header_4_letter_spacing=\u00a0\u00bb2px\u00a0\u00bb header_4_line_height=\u00a0\u00bb1.4em\u00a0\u00bb animation_style=\u00a0\u00bbslide\u00a0\u00bb animation_direction=\u00a0\u00bbleft\u00a0\u00bb animation_intensity_slide=\u00a0\u00bb5%\u00a0\u00bb animation_starting_opacity=\u00a0\u00bb100%\u00a0\u00bb global_colors_info=\u00a0\u00bb{}\u00a0\u00bb]<\/p>\n<h2 style=\"text-align: center;\">Ao\u00fbt<\/h2>\n<p>&nbsp;<\/p>\n<p>&nbsp;<\/p>\n<p>&nbsp;<\/p>\n<p>&nbsp;<\/p>\n<p>&nbsp;<\/p>\n<p>[\/et_pb_text][\/et_pb_column][et_pb_column type=\u00a0\u00bb3_4&Prime; _builder_version=\u00a0\u00bb4.16&Prime; custom_padding=\u00a0\u00bb|||\u00a0\u00bb global_colors_info=\u00a0\u00bb{}\u00a0\u00bb custom_padding__hover=\u00a0\u00bb|||\u00a0\u00bb][et_pb_text _builder_version=\u00a0\u00bb4.22.2&Prime; text_font=\u00a0\u00bb||||||||\u00a0\u00bb text_line_height=\u00a0\u00bb1.8em\u00a0\u00bb header_font=\u00a0\u00bb||||||||\u00a0\u00bb header_3_font=\u00a0\u00bbAbhaya Libre|700|||||||\u00a0\u00bb header_3_font_size=\u00a0\u00bb24px\u00a0\u00bb header_3_line_height=\u00a0\u00bb1.4em\u00a0\u00bb custom_margin=\u00a0\u00bb||0px|\u00a0\u00bb animation_style=\u00a0\u00bbslide\u00a0\u00bb animation_direction=\u00a0\u00bbleft\u00a0\u00bb animation_intensity_slide=\u00a0\u00bb5%\u00a0\u00bb animation_starting_opacity=\u00a0\u00bb100%\u00a0\u00bb global_colors_info=\u00a0\u00bb{}\u00a0\u00bb]<\/p>\n<p><strong><span style=\"color: #ff0000;\">16<\/span>\u00a0 \u00a0 \u00a0 \u00a0 M\u00c8RE CARMEN SERRANO Y RUGAMA MCM &#8211; Fondatrice des S\u0153urs Missionnaires Cordeli\u00e8res<\/strong><\/p>\n<p><strong><span style=\"color: #ff0000;\">25<\/span>\u00a0 \u00a0 \u00a0 \u00a0 FONDATION DE LA CONGR\u00c9GATION DES SOEURS MISSIONNAIRES CLARETIENNES RMI &#8211; Santiago (CU) 1855<\/strong><\/p>\n<p>[\/et_pb_text][\/et_pb_column][\/et_pb_row][et_pb_row column_structure=\u00a0\u00bb1_4,3_4&Prime; _builder_version=\u00a0\u00bb4.16&Prime; custom_margin=\u00a0\u00bb9px|auto||auto||\u00a0\u00bb custom_padding=\u00a0\u00bb54px||0px|||\u00a0\u00bb border_width_bottom=\u00a0\u00bb1px\u00a0\u00bb border_color_bottom=\u00a0\u00bbrgba(0,0,0,0.12)\u00a0\u00bb global_colors_info=\u00a0\u00bb{}\u00a0\u00bb][et_pb_column type=\u00a0\u00bb1_4&Prime; _builder_version=\u00a0\u00bb4.16&Prime; custom_padding=\u00a0\u00bb|||\u00a0\u00bb global_colors_info=\u00a0\u00bb{}\u00a0\u00bb custom_padding__hover=\u00a0\u00bb|||\u00a0\u00bb][et_pb_text _builder_version=\u00a0\u00bb4.22.2&Prime; text_font=\u00a0\u00bb||||||||\u00a0\u00bb text_line_height=\u00a0\u00bb1.8em\u00a0\u00bb header_font=\u00a0\u00bb||||||||\u00a0\u00bb header_4_font=\u00a0\u00bbNunito|700||on|||||\u00a0\u00bb header_4_text_color=\u00a0\u00bb#94a6bf\u00a0\u00bb header_4_letter_spacing=\u00a0\u00bb2px\u00a0\u00bb header_4_line_height=\u00a0\u00bb1.4em\u00a0\u00bb animation_style=\u00a0\u00bbslide\u00a0\u00bb animation_direction=\u00a0\u00bbleft\u00a0\u00bb animation_intensity_slide=\u00a0\u00bb5%\u00a0\u00bb animation_starting_opacity=\u00a0\u00bb100%\u00a0\u00bb global_colors_info=\u00a0\u00bb{}\u00a0\u00bb]<\/p>\n<h2 style=\"text-align: center;\">Octobre<\/h2>\n<p>&nbsp;<\/p>\n<p>&nbsp;<\/p>\n<p>&nbsp;<\/p>\n<p>&nbsp;<\/p>\n<p>&nbsp;<\/p>\n<p>[\/et_pb_text][\/et_pb_column][et_pb_column type=\u00a0\u00bb3_4&Prime; _builder_version=\u00a0\u00bb4.16&Prime; custom_padding=\u00a0\u00bb|||\u00a0\u00bb global_colors_info=\u00a0\u00bb{}\u00a0\u00bb custom_padding__hover=\u00a0\u00bb|||\u00a0\u00bb][et_pb_text _builder_version=\u00a0\u00bb4.22.2&Prime; text_font=\u00a0\u00bb||||||||\u00a0\u00bb text_line_height=\u00a0\u00bb1.8em\u00a0\u00bb header_font=\u00a0\u00bb||||||||\u00a0\u00bb header_3_font=\u00a0\u00bbAbhaya Libre|700|||||||\u00a0\u00bb header_3_font_size=\u00a0\u00bb24px\u00a0\u00bb header_3_line_height=\u00a0\u00bb1.4em\u00a0\u00bb custom_margin=\u00a0\u00bb||0px|\u00a0\u00bb animation_style=\u00a0\u00bbslide\u00a0\u00bb animation_direction=\u00a0\u00bbleft\u00a0\u00bb animation_intensity_slide=\u00a0\u00bb5%\u00a0\u00bb animation_starting_opacity=\u00a0\u00bb100%\u00a0\u00bb global_colors_info=\u00a0\u00bb{}\u00a0\u00bb]<\/p>\n<p><strong><span style=\"color: #ff0000;\">07<\/span>\u00a0 \u00a0 \u00a0 \u00a0 FONDATION DE LA CONGR\u00c9GATION DES S\u0152URS MISSIONNAIRES DE MARIE IMMACUL\u00c9E (MMI) &#8211; Malabo (GQ) 1909<br \/><\/strong><\/p>\n<p><strong><span style=\"color: #ff0000;\">24<\/span>\u00a0 \u00a0 \u00a0 \u00a0 F\u00caTE DE SAINT ANTHONY MARIE CLARET &#8211; Vic (ES) 1870<\/strong><\/p>\n<p>[\/et_pb_text][\/et_pb_column][\/et_pb_row][et_pb_row column_structure=\u00a0\u00bb1_4,3_4&Prime; _builder_version=\u00a0\u00bb4.16&Prime; custom_padding=\u00a0\u00bb54px||0px|||\u00a0\u00bb border_width_bottom=\u00a0\u00bb1px\u00a0\u00bb border_color_bottom=\u00a0\u00bbrgba(0,0,0,0.12)\u00a0\u00bb global_colors_info=\u00a0\u00bb{}\u00a0\u00bb custom_margin=\u00a0\u00bb|auto|42px|auto||\u00a0\u00bb][et_pb_column type=\u00a0\u00bb1_4&Prime; _builder_version=\u00a0\u00bb4.16&Prime; custom_padding=\u00a0\u00bb|||\u00a0\u00bb global_colors_info=\u00a0\u00bb{}\u00a0\u00bb custom_padding__hover=\u00a0\u00bb|||\u00a0\u00bb][et_pb_text _builder_version=\u00a0\u00bb4.22.2&Prime; text_font=\u00a0\u00bb||||||||\u00a0\u00bb text_line_height=\u00a0\u00bb1.8em\u00a0\u00bb header_font=\u00a0\u00bb||||||||\u00a0\u00bb header_4_font=\u00a0\u00bbNunito|700||on|||||\u00a0\u00bb header_4_text_color=\u00a0\u00bb#94a6bf\u00a0\u00bb header_4_letter_spacing=\u00a0\u00bb2px\u00a0\u00bb header_4_line_height=\u00a0\u00bb1.4em\u00a0\u00bb animation_style=\u00a0\u00bbslide\u00a0\u00bb animation_direction=\u00a0\u00bbleft\u00a0\u00bb animation_intensity_slide=\u00a0\u00bb5%\u00a0\u00bb animation_starting_opacity=\u00a0\u00bb100%\u00a0\u00bb global_colors_info=\u00a0\u00bb{}\u00a0\u00bb]<\/p>\n<h2 style=\"text-align: center;\">novembre<\/h2>\n<p>&nbsp;<\/p>\n<p>&nbsp;<\/p>\n<p>&nbsp;<\/p>\n<p>&nbsp;<\/p>\n<p>&nbsp;<\/p>\n<p>[\/et_pb_text][\/et_pb_column][et_pb_column type=\u00a0\u00bb3_4&Prime; _builder_version=\u00a0\u00bb4.16&Prime; custom_padding=\u00a0\u00bb|||\u00a0\u00bb global_colors_info=\u00a0\u00bb{}\u00a0\u00bb custom_padding__hover=\u00a0\u00bb|||\u00a0\u00bb][et_pb_text _builder_version=\u00a0\u00bb4.22.2&Prime; text_font=\u00a0\u00bb||||||||\u00a0\u00bb text_line_height=\u00a0\u00bb1.8em\u00a0\u00bb header_font=\u00a0\u00bb||||||||\u00a0\u00bb header_3_font=\u00a0\u00bbAbhaya Libre|700|||||||\u00a0\u00bb header_3_font_size=\u00a0\u00bb24px\u00a0\u00bb header_3_line_height=\u00a0\u00bb1.4em\u00a0\u00bb custom_margin=\u00a0\u00bb||0px|\u00a0\u00bb animation_style=\u00a0\u00bbslide\u00a0\u00bb animation_direction=\u00a0\u00bbleft\u00a0\u00bb animation_intensity_slide=\u00a0\u00bb5%\u00a0\u00bb animation_starting_opacity=\u00a0\u00bb100%\u00a0\u00bb global_colors_info=\u00a0\u00bb{}\u00a0\u00bb]<\/p>\n<p><strong><span style=\"color: #ff0000;\">11<\/span>\u00a0 \u00a0 \u00a0 \u00a0 M\u00c8RE MARIA DOLORS SOL\u00c1 ET CAROL MIC &#8211; Barcelone (ES) 1996<\/strong><\/p>\n<p><strong><span style=\"color: #ff0000;\">21\u00a0<\/span>\u00a0 \u00a0 \u00a0 APPROBATION PONTIFICALE DE L&rsquo;INSTITUT S\u00c9CULIER DES FILLES DU COEUR IMMACUL\u00c9 DE MARIE &#8211; 1973<\/strong><\/p>\n<p>[\/et_pb_text][\/et_pb_column][\/et_pb_row][et_pb_row column_structure=\u00a0\u00bb1_4,3_4&Prime; _builder_version=\u00a0\u00bb4.16&Prime; custom_padding=\u00a0\u00bb0px||0px|||\u00a0\u00bb border_width_bottom=\u00a0\u00bb1px\u00a0\u00bb border_color_bottom=\u00a0\u00bbrgba(0,0,0,0.12)\u00a0\u00bb global_colors_info=\u00a0\u00bb{}\u00a0\u00bb min_height=\u00a0\u00bb240px\u00a0\u00bb][et_pb_column type=\u00a0\u00bb1_4&Prime; _builder_version=\u00a0\u00bb4.16&Prime; custom_padding=\u00a0\u00bb|||\u00a0\u00bb global_colors_info=\u00a0\u00bb{}\u00a0\u00bb custom_padding__hover=\u00a0\u00bb|||\u00a0\u00bb][et_pb_text _builder_version=\u00a0\u00bb4.22.2&Prime; text_font=\u00a0\u00bb||||||||\u00a0\u00bb text_line_height=\u00a0\u00bb1.8em\u00a0\u00bb header_font=\u00a0\u00bb||||||||\u00a0\u00bb header_4_font=\u00a0\u00bbNunito|700||on|||||\u00a0\u00bb header_4_text_color=\u00a0\u00bb#94a6bf\u00a0\u00bb header_4_letter_spacing=\u00a0\u00bb2px\u00a0\u00bb header_4_line_height=\u00a0\u00bb1.4em\u00a0\u00bb animation_style=\u00a0\u00bbslide\u00a0\u00bb animation_direction=\u00a0\u00bbleft\u00a0\u00bb animation_intensity_slide=\u00a0\u00bb5%\u00a0\u00bb animation_starting_opacity=\u00a0\u00bb100%\u00a0\u00bb global_colors_info=\u00a0\u00bb{}\u00a0\u00bb]<\/p>\n<h2 style=\"text-align: center;\">D\u00e9cembre<\/h2>\n<p>&nbsp;<\/p>\n<p>&nbsp;<\/p>\n<p>&nbsp;<\/p>\n<p>&nbsp;<\/p>\n<p>&nbsp;<\/p>\n<p>[\/et_pb_text][\/et_pb_column][et_pb_column type=\u00a0\u00bb3_4&Prime; _builder_version=\u00a0\u00bb4.16&Prime; custom_padding=\u00a0\u00bb|||\u00a0\u00bb global_colors_info=\u00a0\u00bb{}\u00a0\u00bb custom_padding__hover=\u00a0\u00bb|||\u00a0\u00bb][et_pb_text _builder_version=\u00a0\u00bb4.22.2&Prime; text_font=\u00a0\u00bb||||||||\u00a0\u00bb text_line_height=\u00a0\u00bb1.8em\u00a0\u00bb header_font=\u00a0\u00bb||||||||\u00a0\u00bb header_3_font=\u00a0\u00bbAbhaya Libre|700|||||||\u00a0\u00bb header_3_font_size=\u00a0\u00bb24px\u00a0\u00bb header_3_line_height=\u00a0\u00bb1.4em\u00a0\u00bb custom_margin=\u00a0\u00bb||0px|\u00a0\u00bb animation_style=\u00a0\u00bbslide\u00a0\u00bb animation_direction=\u00a0\u00bbleft\u00a0\u00bb animation_intensity_slide=\u00a0\u00bb5%\u00a0\u00bb animation_starting_opacity=\u00a0\u00bb100%\u00a0\u00bb hover_enabled=\u00a0\u00bb0&Prime; global_colors_info=\u00a0\u00bb{}\u00a0\u00bb sticky_enabled=\u00a0\u00bb0&Prime;]<\/p>\n<p><strong><span style=\"color: #ff0000;\">08<\/span>\u00a0 \u00a0 \u00a0 \u00a0 SOLENNIT\u00c9 DE MARIE IMMACUL\u00c9E<\/strong><\/p>\n<p>[\/et_pb_text][\/et_pb_column][\/et_pb_row][et_pb_row column_structure=\u00a0\u00bb1_4,3_4&Prime; _builder_version=\u00a0\u00bb4.16&Prime; custom_padding=\u00a0\u00bb0px||93px|||\u00a0\u00bb border_width_bottom=\u00a0\u00bb1px\u00a0\u00bb border_color_bottom=\u00a0\u00bbrgba(0,0,0,0.12)\u00a0\u00bb global_colors_info=\u00a0\u00bb{}\u00a0\u00bb custom_margin=\u00a0\u00bb50px|auto||auto||\u00a0\u00bb][et_pb_column type=\u00a0\u00bb1_4&Prime; _builder_version=\u00a0\u00bb4.16&Prime; custom_padding=\u00a0\u00bb|||\u00a0\u00bb global_colors_info=\u00a0\u00bb{}\u00a0\u00bb custom_padding__hover=\u00a0\u00bb|||\u00a0\u00bb][et_pb_text _builder_version=\u00a0\u00bb4.22.2&Prime; text_font=\u00a0\u00bb||||||||\u00a0\u00bb text_line_height=\u00a0\u00bb1.8em\u00a0\u00bb header_font=\u00a0\u00bb||||||||\u00a0\u00bb header_4_font=\u00a0\u00bbNunito|700||on|||||\u00a0\u00bb header_4_text_color=\u00a0\u00bb#94a6bf\u00a0\u00bb header_4_letter_spacing=\u00a0\u00bb2px\u00a0\u00bb header_4_line_height=\u00a0\u00bb1.4em\u00a0\u00bb animation_style=\u00a0\u00bbslide\u00a0\u00bb animation_direction=\u00a0\u00bbleft\u00a0\u00bb animation_intensity_slide=\u00a0\u00bb5%\u00a0\u00bb animation_starting_opacity=\u00a0\u00bb100%\u00a0\u00bb hover_enabled=\u00a0\u00bb0&Prime; global_colors_info=\u00a0\u00bb{}\u00a0\u00bb sticky_enabled=\u00a0\u00bb0&Prime;]<\/p>\n<h2 style=\"text-align: center;\">Dates mobiles<\/h2>\n<p>&nbsp;<\/p>\n<p>&nbsp;<\/p>\n<p>&nbsp;<\/p>\n<p>&nbsp;<\/p>\n<p>&nbsp;<\/p>\n<p>[\/et_pb_text][\/et_pb_column][et_pb_column type=\u00a0\u00bb3_4&Prime; _builder_version=\u00a0\u00bb4.16&Prime; custom_padding=\u00a0\u00bb|||\u00a0\u00bb global_colors_info=\u00a0\u00bb{}\u00a0\u00bb custom_padding__hover=\u00a0\u00bb|||\u00a0\u00bb][et_pb_text _builder_version=\u00a0\u00bb4.22.2&Prime; text_font=\u00a0\u00bb||||||||\u00a0\u00bb text_line_height=\u00a0\u00bb1.8em\u00a0\u00bb header_font=\u00a0\u00bb||||||||\u00a0\u00bb header_3_font=\u00a0\u00bbAbhaya Libre|700|||||||\u00a0\u00bb header_3_font_size=\u00a0\u00bb24px\u00a0\u00bb header_3_line_height=\u00a0\u00bb1.4em\u00a0\u00bb custom_margin=\u00a0\u00bb||0px|47px||\u00a0\u00bb animation_style=\u00a0\u00bbslide\u00a0\u00bb animation_direction=\u00a0\u00bbleft\u00a0\u00bb animation_intensity_slide=\u00a0\u00bb5%\u00a0\u00bb animation_starting_opacity=\u00a0\u00bb100%\u00a0\u00bb hover_enabled=\u00a0\u00bb0&Prime; global_colors_info=\u00a0\u00bb{}\u00a0\u00bb sticky_enabled=\u00a0\u00bb0&Prime;]<\/p>\n<p>2\u00e8me samedi apr\u00e8s la c\u00e9l\u00e9bration de la F\u00eate-Dieu &#8211; F\u00eate du C\u0153ur Immacul\u00e9 de Marie<\/p>\n<p>4\u00e8me dimanche de P\u00e2ques &#8211; Journ\u00e9e mondiale de pri\u00e8re pour les vocations<\/p>\n<p>Solennit\u00e9 du Christ Roi &#8211; Journ\u00e9e Mondiale de la Jeunesse dans les Eglises localesClar\u00e9tiens<\/p>\n<p>[\/et_pb_text][\/et_pb_column][\/et_pb_row][\/et_pb_section][et_pb_section fb_built=\u00a0\u00bb1&Prime; admin_label=\u00a0\u00bbFooter Section\u00a0\u00bb _builder_version=\u00a0\u00bb4.16&Prime; background_color=\u00a0\u00bb#22262d\u00a0\u00bb custom_padding=\u00a0\u00bb100px||100px|\u00a0\u00bb global_colors_info=\u00a0\u00bb{}\u00a0\u00bb][et_pb_row column_structure=\u00a0\u00bb1_3,1_3,1_3&Prime; custom_padding_last_edited=\u00a0\u00bbon|phone\u00a0\u00bb _builder_version=\u00a0\u00bb4.16&Prime; background_color=\u00a0\u00bb#bcaca0&Prime; custom_margin=\u00a0\u00bb-10%|||\u00a0\u00bb custom_padding=\u00a0\u00bb70px|3%|70px|3%\u00a0\u00bb custom_padding_tablet=\u00a0\u00bb\u00a0\u00bb custom_padding_phone=\u00a0\u00bb\u00a0\u00bb border_radii=\u00a0\u00bbon|10px|10px|10px|10px\u00a0\u00bb box_shadow_style=\u00a0\u00bbpreset2&Prime; box_shadow_horizontal=\u00a0\u00bb0px\u00a0\u00bb box_shadow_vertical=\u00a0\u00bb35px\u00a0\u00bb box_shadow_blur=\u00a0\u00bb65px\u00a0\u00bb box_shadow_color=\u00a0\u00bbrgba(188,163,146,0.1)\u00a0\u00bb global_colors_info=\u00a0\u00bb{}\u00a0\u00bb][et_pb_column type=\u00a0\u00bb1_3&Prime; _builder_version=\u00a0\u00bb4.16&Prime; custom_padding=\u00a0\u00bb|||\u00a0\u00bb global_colors_info=\u00a0\u00bb{}\u00a0\u00bb custom_padding__hover=\u00a0\u00bb|||\u00a0\u00bb][et_pb_blurb title=\u00a0\u00bbClar\u00e9tains\u00a0\u00bb url=\u00a0\u00bbhttps:\/\/www.claret.org\/fr\/\u00a0\u00bb use_icon=\u00a0\u00bbon\u00a0\u00bb font_icon=\u00a0\u00bb&#xe0e3;||divi||400&Prime; icon_color=\u00a0\u00bb#ffffff\u00a0\u00bb image_icon_background_color=\u00a0\u00bbrgba(189,173,160,0)\u00a0\u00bb image_icon_width=\u00a0\u00bb32px\u00a0\u00bb admin_label=\u00a0\u00bbWhere To Buy\u00a0\u00bb _builder_version=\u00a0\u00bb4.22.2&Prime; header_font=\u00a0\u00bbAbhaya Libre|700|||||||\u00a0\u00bb header_text_color=\u00a0\u00bb#ffffff\u00a0\u00bb header_font_size=\u00a0\u00bb24px\u00a0\u00bb header_line_height=\u00a0\u00bb1.2em\u00a0\u00bb body_font=\u00a0\u00bbNunito||||||||\u00a0\u00bb body_text_color=\u00a0\u00bb#ffffff\u00a0\u00bb body_font_size=\u00a0\u00bb18px\u00a0\u00bb image_icon_custom_padding=\u00a0\u00bb25px|25px|25px|25px|false|false\u00a0\u00bb text_orientation=\u00a0\u00bbcenter\u00a0\u00bb border_radii_image=\u00a0\u00bbon|100%|100%|100%|100%\u00a0\u00bb border_width_all_image=\u00a0\u00bb3px\u00a0\u00bb border_color_all_image=\u00a0\u00bb#ffffff\u00a0\u00bb icon_font_size=\u00a0\u00bb32px\u00a0\u00bb use_circle=\u00a0\u00bbon\u00a0\u00bb use_circle_border=\u00a0\u00bbon\u00a0\u00bb circle_border_color=\u00a0\u00bb#ffffff\u00a0\u00bb circle_color=\u00a0\u00bbrgba(189,173,160,0)\u00a0\u00bb global_colors_info=\u00a0\u00bb{}\u00a0\u00bb image_icon_background_color__sticky_enabled=\u00a0\u00bb#e05814&Prime; image_icon_background_color__sticky=\u00a0\u00bb#e05814&Prime;][\/et_pb_blurb][\/et_pb_column][et_pb_column type=\u00a0\u00bb1_3&Prime; _builder_version=\u00a0\u00bb4.16&Prime; custom_padding=\u00a0\u00bb|||\u00a0\u00bb global_colors_info=\u00a0\u00bb{}\u00a0\u00bb custom_padding__hover=\u00a0\u00bb|||\u00a0\u00bb][et_pb_blurb title=\u00a0\u00bbCalendrier clar\u00e9tain\u00a0\u00bb url=\u00a0\u00bbhttps:\/\/www.claret.org\/fr\/calendrier\/\u00a0\u00bb use_icon=\u00a0\u00bbon\u00a0\u00bb font_icon=\u00a0\u00bb&#xe023;||divi||400&Prime; icon_color=\u00a0\u00bb#ffffff\u00a0\u00bb image_icon_background_color=\u00a0\u00bbrgba(189,173,160,0)\u00a0\u00bb image_icon_width=\u00a0\u00bb32px\u00a0\u00bb admin_label=\u00a0\u00bbContact Manager\u00a0\u00bb _builder_version=\u00a0\u00bb4.22.2&Prime; header_font=\u00a0\u00bbAbhaya Libre|700|||||||\u00a0\u00bb header_text_color=\u00a0\u00bb#ffffff\u00a0\u00bb header_font_size=\u00a0\u00bb24px\u00a0\u00bb header_line_height=\u00a0\u00bb1.2em\u00a0\u00bb body_font=\u00a0\u00bbNunito||||||||\u00a0\u00bb body_text_color=\u00a0\u00bb#ffffff\u00a0\u00bb body_font_size=\u00a0\u00bb18px\u00a0\u00bb image_icon_custom_padding=\u00a0\u00bb25px|25px|25px|25px|false|false\u00a0\u00bb text_orientation=\u00a0\u00bbcenter\u00a0\u00bb border_radii_image=\u00a0\u00bbon|100%|100%|100%|100%\u00a0\u00bb border_width_all_image=\u00a0\u00bb3px\u00a0\u00bb border_color_all_image=\u00a0\u00bb#ffffff\u00a0\u00bb icon_font_size=\u00a0\u00bb32px\u00a0\u00bb use_circle=\u00a0\u00bbon\u00a0\u00bb use_circle_border=\u00a0\u00bbon\u00a0\u00bb circle_border_color=\u00a0\u00bb#ffffff\u00a0\u00bb circle_color=\u00a0\u00bbrgba(189,173,160,0)\u00a0\u00bb locked=\u00a0\u00bboff\u00a0\u00bb global_colors_info=\u00a0\u00bb{}\u00a0\u00bb image_icon_background_color__sticky_enabled=\u00a0\u00bb#e05814&Prime; image_icon_background_color__sticky=\u00a0\u00bb#e05814&Prime;][\/et_pb_blurb][\/et_pb_column][et_pb_column type=\u00a0\u00bb1_3&Prime; _builder_version=\u00a0\u00bb4.16&Prime; custom_padding=\u00a0\u00bb|||\u00a0\u00bb global_colors_info=\u00a0\u00bb{}\u00a0\u00bb custom_padding__hover=\u00a0\u00bb|||\u00a0\u00bb][et_pb_blurb title=\u00a0\u00bb@ET-DC@eyJkeW5hbWljIjp0cnVlLCJjb250ZW50IjoicG9zdF9saW5rIiwic2V0dGluZ3MiOnsiYmVmb3JlIjoiIiwiYWZ0ZXIiOiIiLCJ0ZXh0IjoicG9zdF90aXRsZSIsImN1c3RvbV90ZXh0IjoiIn19@\u00a0\u00bb use_icon=\u00a0\u00bbon\u00a0\u00bb font_icon=\u00a0\u00bb&#xe026;||divi||400&Prime; icon_color=\u00a0\u00bb#ffffff\u00a0\u00bb image_icon_background_color=\u00a0\u00bbrgba(189,173,160,0)\u00a0\u00bb image_icon_width=\u00a0\u00bb32px\u00a0\u00bb admin_label=\u00a0\u00bbContact Author\u00a0\u00bb _builder_version=\u00a0\u00bb4.22.2&Prime; _dynamic_attributes=\u00a0\u00bbtitle\u00a0\u00bb header_font=\u00a0\u00bbAbhaya Libre|700|||||||\u00a0\u00bb header_text_color=\u00a0\u00bb#ffffff\u00a0\u00bb header_font_size=\u00a0\u00bb24px\u00a0\u00bb header_line_height=\u00a0\u00bb1.2em\u00a0\u00bb body_font=\u00a0\u00bbNunito||||||||\u00a0\u00bb body_text_color=\u00a0\u00bb#ffffff\u00a0\u00bb body_font_size=\u00a0\u00bb18px\u00a0\u00bb image_icon_custom_padding=\u00a0\u00bb25px|25px|25px|25px|false|false\u00a0\u00bb text_orientation=\u00a0\u00bbcenter\u00a0\u00bb border_radii_image=\u00a0\u00bbon|100%|100%|100%|100%\u00a0\u00bb border_width_all_image=\u00a0\u00bb3px\u00a0\u00bb border_color_all_image=\u00a0\u00bb#ffffff\u00a0\u00bb icon_font_size=\u00a0\u00bb32px\u00a0\u00bb use_circle=\u00a0\u00bbon\u00a0\u00bb use_circle_border=\u00a0\u00bbon\u00a0\u00bb circle_border_color=\u00a0\u00bb#ffffff\u00a0\u00bb circle_color=\u00a0\u00bbrgba(189,173,160,0)\u00a0\u00bb locked=\u00a0\u00bboff\u00a0\u00bb global_colors_info=\u00a0\u00bb{}\u00a0\u00bb image_icon_background_color__sticky_enabled=\u00a0\u00bb#e05814&Prime; image_icon_background_color__sticky=\u00a0\u00bb#e05814&Prime;][\/et_pb_blurb][\/et_pb_column][\/et_pb_row][\/et_pb_section]<\/p>\n","protected":false},"excerpt":{"rendered":"<p>Calendrier de la Famille Clar\u00e9taine YVMJanvier &nbsp; &nbsp; &nbsp; &nbsp;17\u00a0 \u00a0 \u00a0 \u00a0 SERVANTE DE DIEU M\u00c8RE Antonia Mar\u00eda Par\u00eds Y RIERA &#8211; Reus (ES) 1885 &#8211; Fondatrice des Religieuses Missionnaires Clar\u00e9taines de Marie Immacul\u00e9e (RMI)F\u00e9vrier &nbsp; &nbsp; &nbsp; &nbsp;01\u00a0 \u00a0 \u00a0 M\u00c9MOIRE DES B\u00c9N\u00c9FICES MISSIONNAIRES Clar\u00e9tains &#8211; 51 martyrs de Barbastro (b\u00e9atifi\u00e9s le 25\/10\/1992) [&hellip;]<\/p>\n","protected":false},"author":69,"featured_media":0,"parent":0,"menu_order":0,"comment_status":"closed","ping_status":"closed","template":"","meta":{"_et_pb_use_builder":"on","_et_pb_old_content":"","_et_gb_content_width":"","footnotes":""},"class_list":["post-159412","page","type-page","status-publish","hentry"],"jetpack_sharing_enabled":true,"jetpack_shortlink":"https:\/\/wp.me\/PdaBmi-Fta","jetpack_likes_enabled":true,"_links":{"self":[{"href":"https:\/\/www.claret.org\/fr\/wp-json\/wp\/v2\/pages\/159412","targetHints":{"allow":["GET"]}}],"collection":[{"href":"https:\/\/www.claret.org\/fr\/wp-json\/wp\/v2\/pages"}],"about":[{"href":"https:\/\/www.claret.org\/fr\/wp-json\/wp\/v2\/types\/page"}],"author":[{"embeddable":true,"href":"https:\/\/www.claret.org\/fr\/wp-json\/wp\/v2\/users\/69"}],"replies":[{"embeddable":true,"href":"https:\/\/www.claret.org\/fr\/wp-json\/wp\/v2\/comments?post=159412"}],"version-history":[{"count":0,"href":"https:\/\/www.claret.org\/fr\/wp-json\/wp\/v2\/pages\/159412\/revisions"}],"wp:attachment":[{"href":"https:\/\/www.claret.org\/fr\/wp-json\/wp\/v2\/media?parent=159412"}],"curies":[{"name":"wp","href":"https:\/\/api.w.org\/{rel}","templated":true}]}}