{"id":25088,"date":"2018-07-30T11:24:53","date_gmt":"2018-07-30T09:24:53","guid":{"rendered":"https:\/\/www.claret.org\/1-de-fevrier-attentat-contre-le-p-claret-a-holguin-cuba\/"},"modified":"2018-07-30T11:24:53","modified_gmt":"2018-07-30T09:24:53","slug":"1-de-fevrier-attentat-contre-le-p-claret-a-holguin-cuba","status":"publish","type":"page","link":"https:\/\/www.claret.org\/fr\/calendrier\/1-de-fevrier-attentat-contre-le-p-claret-a-holguin-cuba\/","title":{"rendered":"1 de F\u00e9vrier &#8211; ATTENTAT CONTRE LE P. CLARET \u00c0 HOLGU\u00cdN (CUBA)"},"content":{"rendered":"<p><img data-recalc-dims=\"1\" loading=\"lazy\" decoding=\"async\" class=\"alignleft wp-image-25080\" src=\"https:\/\/i0.wp.com\/www.claret.org\/wp-content\/uploads\/2018\/07\/04-_atentado_de_holgun.jpg?resize=415%2C623&#038;ssl=1\" alt=\"\" width=\"415\" height=\"623\" title=\"\" srcset=\"https:\/\/i0.wp.com\/www.claret.org\/wp-content\/uploads\/2018\/07\/04-_atentado_de_holgun.jpg?w=682&amp;ssl=1 682w, https:\/\/i0.wp.com\/www.claret.org\/wp-content\/uploads\/2018\/07\/04-_atentado_de_holgun.jpg?resize=200%2C300&amp;ssl=1 200w\" sizes=\"(max-width: 415px) 100vw, 415px\" \/><\/p>\n<div>Le 1er f\u00e9vrier de 1865, dans la ville d\u2019Holgu\u00edn (Cuba), saint Antoine-Marie Claret fut victime d\u2019un attentat contre sa vie. Il commen\u00e7ait, ce jour-l\u00e0, la visite \u00e0 la zone. C\u2019\u00e9tait sa quatri\u00e8me visite pastorale au dioc\u00e8se de Santiago de Cuba, dans la cinqui\u00e8me ann\u00e9e apr\u00e8s son arriv\u00e9e.<\/div>\n<div><\/div>\n<div>Holgu\u00edn est situ\u00e9e au nord-est de Santiago. \u00c0 la fin de janvier, le P\u00e8re Claret d\u00e9barqua \u00e0 Gibara, en provenance de Puerto Pr\u00edncipe o\u00f9, selon la chronique de Pedro Llaus\u00e1s (cf. 4, pp. 956-967), chapelain du P. Claret et secr\u00e9taire de la visite pastorale, quelqu\u2019un avait d\u00e9j\u00e0 essay\u00e9, sans succ\u00e8s, d\u2019attenter contre la vie de l\u2019Archev\u00eaque. Le P. Llaus\u00e1s affirme que ce fut le m\u00eame individu qui r\u00e9ussit son coup \u00e0 Holgu\u00edn, Antonio Abad Torres (cf. Aut 584). Natif des \u00celes Canaries, il \u00e9tait connu sous le nom de l\u2019Isle\u00f1o et, se trouvant incarc\u00e9r\u00e9, il avait \u00e9t\u00e9 graci\u00e9, une ann\u00e9e auparavant, \u00e0 la demande du P. Claret qui, sans le conna\u00eetre, avait c\u00e9d\u00e9 \u00e0 la pri\u00e8re de la m\u00e8re.<\/div>\n<div><\/div>\n<div>M\u00eame si l\u2019attentat fut perp\u00e9tr\u00e9 par une seule personne, l\u2019investigation a conclu qu\u2019il s\u2019agissait d\u2019une conspirtation pour finir avec la vie d\u2019Antoine-Marie Claret. M\u00eame la fausse nouvelle de la mort de l\u2019Archev\u00eaque, divulgu\u00e9e par ceux qui la d\u00e9siraient, est arriv\u00e9e \u00e0 Santiago avant que l\u2019attentat soit perp\u00e9tr\u00e9. Holgu\u00edn fut le point culminant d\u2019une pers\u00e9cution qui avait commenc\u00e9e pas mal de temps avant cette date. Quelles en furent les motivations? Simplement le fait que Claret demandait et exhortait&#8230;les chr\u00e9tiens \u00e0 mener une vie coh\u00e9rente avec l\u2019\u00c9vangile, en optant pour une vie chr\u00e9tienne engag\u00e9e&#8230; Cela d\u00e9rangeait les marchants d\u2019esclaves et les clercs de vie irr\u00e9guli\u00e8re, dont quelques-uns avaient \u00e9t\u00e9 durement sanctionn\u00e9s  par l\u2019Archev\u00eaque parce qu\u2019ils r\u00e9sistaient \u00e0 ses recommandations.<\/div>\n<div><\/div>\n<div>Cet \u00e9v\u00e9nement est un catalyseur de la spiritualit\u00e9 martyriale de saint Antoine-Marie Claret. Son d\u00e9sir de se d\u00e9vouer jusqu\u2019\u00e0 la mort se refl\u00e8te dans le r\u00e9cit qu\u2019il a fait de l\u2019attentat: la joie qui l\u2019envahit \u00e0 l\u2019occasion de l\u2019attentat fut celle de celui qui atteint ce qu\u2019il cherchait depuis quelque temps, avec la satisfaction de l\u2019avoir obtenu au moment et de la mani\u00e8re qu\u2019il ne pouvait imaginer, bien que son esprit y f\u00fbt tout \u00e0 fait pr\u00eat.<\/div>\n<div><\/div>\n<div>Holgu\u00edn fut la cons\u00e9quence d\u2019une vie coh\u00e9rente avec l\u2019imitation du Christ, une vie pleine de z\u00e8le apostolique pour que Dieu soit connu, aim\u00e9 et servi par toutes les cr\u00e9atures. Le z\u00e8le de la maison du P\u00e8re d\u00e9vora Claret, pers\u00e9cut\u00e9 pour la cause de du Fils (cf. Mt 5, 11), jusqu\u2019au rasoir d\u2019Holgu\u00edn. \u00c0 partir de ce moment, son sang vers\u00e9 comme un sceau sur les v\u00e9rit\u00e9s \u00e9vang\u00e9liques qu\u2019il pr\u00eachait le fit grandir en fid\u00e9lit\u00e9 au milieu des pers\u00e9cutions et des calomnies qui, comme lui-m\u00eame disait, contribueraient de plus en plus \u00e0 sculpter, forger, ciseler&#8230;sa figure charismatique, capable de se r\u00e9jouir dans les \u00e9preuves de chaque journ\u00e9e pour la gloire de Dieu et le salut des hommes.<\/div>\n","protected":false},"excerpt":{"rendered":"<p>Le 1er f\u00e9vrier de 1865, dans la ville d\u2019Holgu\u00edn (Cuba), saint Antoine-Marie Claret fut victime d\u2019un attentat contre sa vie. Il commen\u00e7ait, ce jour-l\u00e0, la visite \u00e0 la zone. C\u2019\u00e9tait sa quatri\u00e8me visite pastorale au dioc\u00e8se de Santiago de Cuba, dans la cinqui\u00e8me ann\u00e9e apr\u00e8s son arriv\u00e9e. Holgu\u00edn est situ\u00e9e au nord-est de Santiago. \u00c0 [&hellip;]<\/p>\n","protected":false},"author":69,"featured_media":25081,"parent":33291,"menu_order":0,"comment_status":"closed","ping_status":"closed","template":"","meta":{"_et_pb_use_builder":"","_et_pb_old_content":"","_et_gb_content_width":"","footnotes":""},"class_list":["post-25088","page","type-page","status-publish","has-post-thumbnail","hentry"],"jetpack_sharing_enabled":true,"jetpack_shortlink":"https:\/\/wp.me\/PdaBmi-6wE","jetpack_likes_enabled":true,"_links":{"self":[{"href":"https:\/\/www.claret.org\/fr\/wp-json\/wp\/v2\/pages\/25088","targetHints":{"allow":["GET"]}}],"collection":[{"href":"https:\/\/www.claret.org\/fr\/wp-json\/wp\/v2\/pages"}],"about":[{"href":"https:\/\/www.claret.org\/fr\/wp-json\/wp\/v2\/types\/page"}],"author":[{"embeddable":true,"href":"https:\/\/www.claret.org\/fr\/wp-json\/wp\/v2\/users\/69"}],"replies":[{"embeddable":true,"href":"https:\/\/www.claret.org\/fr\/wp-json\/wp\/v2\/comments?post=25088"}],"version-history":[{"count":0,"href":"https:\/\/www.claret.org\/fr\/wp-json\/wp\/v2\/pages\/25088\/revisions"}],"up":[{"embeddable":true,"href":"https:\/\/www.claret.org\/fr\/wp-json\/wp\/v2\/pages\/33291"}],"wp:featuredmedia":[{"embeddable":true,"href":"https:\/\/www.claret.org\/fr\/wp-json\/wp\/v2\/media\/25081"}],"wp:attachment":[{"href":"https:\/\/www.claret.org\/fr\/wp-json\/wp\/v2\/media?parent=25088"}],"curies":[{"name":"wp","href":"https:\/\/api.w.org\/{rel}","templated":true}]}}