{"id":27710,"date":"2018-09-04T08:57:52","date_gmt":"2018-09-04T06:57:52","guid":{"rendered":"https:\/\/www.claret.org\/fecha-7-de-mai-canonisation-du-s-antoine-m-claret\/"},"modified":"2018-09-04T08:57:52","modified_gmt":"2018-09-04T06:57:52","slug":"fecha-7-de-mai-canonisation-du-s-antoine-m-claret","status":"publish","type":"page","link":"https:\/\/www.claret.org\/fr\/calendrier\/fecha-7-de-mai-canonisation-du-s-antoine-m-claret\/","title":{"rendered":"Fecha: 7 de Mai &#8211; CANONISATION DU S. ANTOINE M. CLARET"},"content":{"rendered":"<div style=\"text-align: justify;\">Une fois proclamm\u00e9e la b\u00e9atification de notre Fondateur le 25 f\u00e9vrier 1934, la Congr\u00e9gation se pr\u00e9occupa imm\u00e9diatament de continuer le proc\u00e8s vers sa canonisation. De fait, le 6 juillet 1938, le Pape Pie XI signa la reprise de la cause du Bienheureux Antoine-M. Claret. Entre 1941 et 1948, on c\u00e9l\u00e9bra des procc\u00e8s \u00e0 Cuba, Rome, Cordoue et Barcelone. En f\u00e9vrier 1948, le Pape accorda la dispense de la discussion sur la validit\u00e9 deces proc\u00e8s, gr\u00e2ce qui n\u2019a pas \u00e9t\u00e9 accord\u00e9e que tr\u00e8s peu de fois dans l\u2019histoire des canonisations.<\/div>\n<div style=\"text-align: justify;\"><\/div>\n<div style=\"text-align: justify;\">Le 12 janvier 1950, apr\u00e8s avoir fait les demarches de rigueur, le Pape Pie XII declara qu\u2019on avait d\u00e9j\u00e0 approuv\u00e9 les deux miracles requis pour la canonisation: la gu\u00e9rison de cancer de Soeur Josefina Mar\u00edn \u00e0 Santiago de Cuba le 11 et 12 Mai 1934, et la gu\u00e9rison de Madame Elena Flores d\u2019une h\u00e9mipl\u00e9gie caus\u00e9e par une l\u00e9sion c\u00e9r\u00e9brale \u00e0 Cordoue le 9 mai 1948.<\/div>\n<div style=\"text-align: justify;\"><\/div>\n<div style=\"text-align: justify;\">Le 5 mars 1950, le Saint P\u00e8re d\u00e9clara solennellement qu\u2019on pouvait proc\u00e9der \u00e0 la canonisation solennelle. Le 26 mars, le Pape accepta le vote favorable accord\u00e9 par les Cardinaux en diff\u00e9rents consistoires c\u00e9l\u00e9br\u00e9s pr\u00e9c\u00e9demment.<\/div>\n<div style=\"text-align: justify;\"><\/div>\n<div style=\"text-align: justify;\">Le 7 mai 1950, Antoine-Marie Claret fut canonis\u00e9 par l\u2019\u00c9glise. La Basilique de Saint Pierre \u00e9tait bond\u00e9e de p\u00e9lerins. \u00c0 huits heures et demie du matin, commen\u00e7ait le rite de la canonisation et l\u2019Eucaristie pr\u00e9sid\u00e9s par le Pape Pie XII. Le moment central et le plus \u00e9mouvant fut quand le Pape pronon\u00e7a la d\u00e9claration magistrale et d\u00e9finitive : \u00abNous d\u00e9clarons et d\u00e9finissons que le bienheureux Antoine-Marie Claret, \u00c9v\u00eaque et Confesseur, est saint et nous l\u2019inscrivons dans le catalogue des saints\u00bb.<\/div>\n<div style=\"text-align: justify;\"><\/div>\n<div style=\"text-align: justify;\">Le Pape Pie XII fit une belle description du nouveau saint : \u00ab \u00c2me grande, n\u00e9e pour assembler des contrastes : il put \u00eatre humble d\u2019origine et glorieux aux yeux du monde ; petit de corps, mais d\u2019un esprit g\u00e9ant ; d\u2019apparence modeste, mais tr\u00e8s capable d\u2019imposer le respect m\u00eame aux grands de la terre ; fort de caract\u00e8re, mais dou\u00e9 de la douceur de celui qui sait appliquer le frein de l\u2019aust\u00e9rit\u00e9 et de la p\u00e9nitence ; toujours en la pr\u00e9sence de Dieu, m\u00eame au milieu de sa prodigieuse activit\u00e9 ext\u00e9rieure ; calomni\u00e9 et admir\u00e9 ; f\u00eat\u00e9 et pers\u00e9cut\u00e9. Et, entre tant de merveilles, comme une douce lumi\u00e8re qui \u00e9calaire tout, sa d\u00e9votion \u00e0 la M\u00e8re de Dieu \u00bb .<\/div>\n<div style=\"text-align: justify;\"><\/div>\n<div style=\"text-align: justify;\">Nous pouvons c\u00e9l\u00e9brer cette f\u00eate comme une invitation explicite \u00e0 vivre aujourd\u2019hui saintement, \u00e0 l\u2019exemple de notre Fondateur, notre propre vocation missionnaire. \u00ab \u2026Antoine-Marie Claret a \u00e9t\u00e9 canonis\u00e9 par l\u2019\u00c9glise. Elle a reconnu qu\u2019il est, pour tous les croyants, un paradigme de vie \u00e9vang\u00e9lique et de cons\u00e9cration missionnaire. Notre Congr\u00e9gation a une racine sainte, reconnue comme telle par l\u2019\u00c9glise. Nous pouvons donc dire que , dans la canonisation de notre Fondateur, la Congr\u00e9gation se voit, d\u2019une certaine mani\u00e8re, comme canonis\u00e9e en lui. Saint Antoine-Marie Claret est la Congr\u00e9gation qui na\u00eet de sa saintet\u00e9, de son utopie. D\u2019autre part, Antoine-Marie Claret est d\u00e9j\u00e0 la premi\u00e8re r\u00e9alisation eschatologique de la Congr\u00e9gation, et, depuis ce futur eschatologique, il nous appelle \u00e0 parcourir le chemin qui conduit \u00e0 la pl\u00e9nitude \u00bb.<\/div>\n","protected":false},"excerpt":{"rendered":"<p>Une fois proclamm\u00e9e la b\u00e9atification de notre Fondateur le 25 f\u00e9vrier 1934, la Congr\u00e9gation se pr\u00e9occupa imm\u00e9diatament de continuer le proc\u00e8s vers sa canonisation. De fait, le 6 juillet 1938, le Pape Pie XI signa la reprise de la cause du Bienheureux Antoine-M. Claret. Entre 1941 et 1948, on c\u00e9l\u00e9bra des procc\u00e8s \u00e0 Cuba, Rome, [&hellip;]<\/p>\n","protected":false},"author":69,"featured_media":0,"parent":33291,"menu_order":0,"comment_status":"closed","ping_status":"closed","template":"","meta":{"_et_pb_use_builder":"","_et_pb_old_content":"","_et_gb_content_width":"","footnotes":""},"class_list":["post-27710","page","type-page","status-publish","hentry"],"jetpack_sharing_enabled":true,"jetpack_shortlink":"https:\/\/wp.me\/PdaBmi-7cW","jetpack_likes_enabled":true,"_links":{"self":[{"href":"https:\/\/www.claret.org\/fr\/wp-json\/wp\/v2\/pages\/27710","targetHints":{"allow":["GET"]}}],"collection":[{"href":"https:\/\/www.claret.org\/fr\/wp-json\/wp\/v2\/pages"}],"about":[{"href":"https:\/\/www.claret.org\/fr\/wp-json\/wp\/v2\/types\/page"}],"author":[{"embeddable":true,"href":"https:\/\/www.claret.org\/fr\/wp-json\/wp\/v2\/users\/69"}],"replies":[{"embeddable":true,"href":"https:\/\/www.claret.org\/fr\/wp-json\/wp\/v2\/comments?post=27710"}],"version-history":[{"count":0,"href":"https:\/\/www.claret.org\/fr\/wp-json\/wp\/v2\/pages\/27710\/revisions"}],"up":[{"embeddable":true,"href":"https:\/\/www.claret.org\/fr\/wp-json\/wp\/v2\/pages\/33291"}],"wp:attachment":[{"href":"https:\/\/www.claret.org\/fr\/wp-json\/wp\/v2\/media?parent=27710"}],"curies":[{"name":"wp","href":"https:\/\/api.w.org\/{rel}","templated":true}]}}