{"id":28436,"date":"2018-09-06T08:46:51","date_gmt":"2018-09-06T06:46:51","guid":{"rendered":"https:\/\/www.claret.org\/fecha-19-de-octobre-serviteurs-de-dieu-p-jaime-giron-et-compagnons-martyrs\/"},"modified":"2022-04-07T16:26:22","modified_gmt":"2022-04-07T14:26:22","slug":"fecha-19-de-octobre-serviteurs-de-dieu-p-jaime-giron-et-compagnons-martyrs","status":"publish","type":"page","link":"https:\/\/www.claret.org\/fr\/calendrier\/fecha-19-de-octobre-serviteurs-de-dieu-p-jaime-giron-et-compagnons-martyrs\/","title":{"rendered":"Fecha: 19 de Octobre &#8211; SERVITEURS DE DIEU P. JAIME GIR\u00d3N ET COMPAGNONS Martyrs"},"content":{"rendered":"<p style=\"text-align: justify;\"><img data-recalc-dims=\"1\" loading=\"lazy\" decoding=\"async\" class=\"alignleft\" title=\"\" src=\"https:\/\/i0.wp.com\/www2.claret.org\/sites\/default\/files\/imagenes\/espiritualidad\/calendario\/62._mrtires_de_cervera.jpg?resize=237%2C145\" alt=\"\" width=\"237\" height=\"145\"><\/p>\n<div style=\"text-align: justify;\">L\u2019\u00e9difice de l\u2019ancienne Universit\u00e9 de Cevera (L\u00e9rida-Espagne), qu\u2019ocupaient les Clar\u00e9tains depuis 1887, h\u00e9bergeait en 1936 cent cinquante-quatre personnes, dont 30 P\u00e8res, 35 Fr\u00e8res, 51 \u00c9tudiants et 38 aspirants qui se pr\u00e9paraient \u00e0 commencer le noviciat. Onze de ces missionnaires demeuraient dans la propri\u00e9t\u00e9 Mas Claret, \u00e0 quelques huit kilom\u00e8tres de Cervera.<\/div>\n<div style=\"text-align: justify;\"><\/div>\n<div style=\"text-align: justify;\">Le P. Jaime Gir\u00f3n, sup\u00e9rieur de cette nombreuse communaut\u00e9, devant l\u2019allure que prennaient les \u00e9v\u00e9nements en Catalogne, organisa un plan d\u2019\u00e9vacuation des missionnaires. Cependant, il \u00e9choua parce que, avant la date pr\u00e9vue, le 21 juillet, les r\u00e9volutionnaires exig\u00e8rent que Monsieur le Maire oblige la communaut\u00e9 \u00e0 quitter l\u2019\u00e9difice dans l\u2019espace d\u2019une heure. Quand les miliciens sont arriv\u00e9s \u00e0 l\u2019heure pr\u00e9cise pour r\u00e9aliser le projet, le P. Gir\u00f3n leur demanda de les transf\u00e9rer \u00e0 Solsona, ville situ\u00e9e pr\u00e8s de la fronti\u00e8re fran\u00e7aise.<\/div>\n<div style=\"text-align: justify;\"><\/div>\n<div style=\"text-align: justify;\">\u00c0 mi-chemin, dans le village de Tor\u00e0 (L\u00e9rida), les miliciens qui dirigeaient le convoi des missionnaires d\u00e9cid\u00e8rent de faire marche arri\u00e8re jusqu\u2019au monast\u00e8re de Saint Raymond, o\u00f9 les 112 clar\u00e9tains furent accueillis fraternellement par les moines. Cependant, le lendemain, le Comit\u00e9 de Tor\u00e0 pour ne pas se compromettre, leur donna des laissez-passer, afin que tous quittent les lieux et qu\u2019ils s\u2019en \u00e9loignent. C\u2019est ainsi que commen\u00e7a la dispersion de la communaut\u00e9 en groupes.<\/div>\n<div style=\"text-align: justify;\"><\/div>\n<div style=\"text-align: justify;\">La plupart du groupe entreprirent le chemin vers le Mas Claret, mais seulement la moiti\u00e9 put s\u2019y rendre. Dans la chapelle du Mas, ils se sont offerts au bon vouloir de Dieu et promirent d\u2019\u00eatre fid\u00e8les jusqu\u2019\u00e0 la mort. Le 24 juillet, le comit\u00e9 r\u00e9volutionnaire de Cervera s\u2019empara de la ferme et de ses biens et accorda la permission de rester l\u00e0 seulement \u00e0 ceux qui y habitaient et qui \u00e9taient capables de travailler.<\/div>\n<div style=\"text-align: justify;\"><\/div>\n<div style=\"text-align: justify;\">Un groupe de 15 \u00c9tudiants, guid\u00e9s par le P. Manuel Jov\u00e9 entreprirent la fuite vers Vallbona de los Monjes (L\u00e9rida). Ils furent appr\u00e9hend\u00e9s et tortur\u00e9s. Apr\u00e8s presque sept heures de voyage, il furent conduits au cimeti\u00e8re de L\u00e9rida. L\u00e0, avant de recevoir la d\u00e9charge mortelle, ils ont r\u00e9fus\u00e9 d\u2019abjurer leur foi et proclam\u00e8rent qu\u2019ils mourraient pour le Christ.<\/div>\n<div style=\"text-align: justify;\"><\/div>\n<div style=\"text-align: justify;\">Un groupe de malades qui \u00e9taient hospitalis\u00e9s comprennait 6 P\u00e8res, 4 Fr\u00e8res et 4 \u00c9tudiants. M\u00eame si quelques-uns \u00e9taient gravement malades ou invalides, tous furent sortis de l\u2019h\u00f4pital et amen\u00e9s directement au cimeti\u00e8re de Cervera, o\u00f9 il furent fusill\u00e9s. Les missionnaires qui sont rest\u00e9s au Mas Claret ont pu mener une vie conforme au r\u00e8glement, m\u00eame s\u2019ils recevaient chaque jour la visite des miliciens. Dans l\u2019apr\u00e8s-midi du 19 octobre, les miliciens sont arriv\u00e9s avec un fotographe et, avec l\u2019excuse de leur faire une photographie, ils conduisirent les dix-huit candidats au martyre \u00e0 l\u2019aire \u00e0 battre le bl\u00e9, o\u00f9 ils les fusill\u00e8rent.<\/div>\n<div style=\"text-align: justify;\"><\/div>\n<div style=\"text-align: justify;\">Le nombre des martyrs de Cervera se compl\u00e8te avec 10 P\u00e8res, 7 Freres et 6 \u00c9tudiants, dont la plupart ont \u00e9t\u00e9 fusill\u00e9s seuls en divers lieux et en dates qui nous sont inconnues, m\u00eame si nous avons des informations sur le moment de leur arrestation. Le cas le plus connu et le plus impressionnant est celui du Fr. Fernando Saperas, martyr de la chastet\u00e9, \u00e0 cause des dures \u00e9preuves et humiliations qu\u2019on lui a inflig\u00e9es. Il fut fusill\u00e9 dans le cimeti\u00e8re de T\u00e1rrega. Sa m\u00e9moire est consign\u00e9e dans ce calendrier le 14 ao\u00fbt.<\/div>\n","protected":false},"excerpt":{"rendered":"<p>L\u2019\u00e9difice de l\u2019ancienne Universit\u00e9 de Cevera (L\u00e9rida-Espagne), qu\u2019ocupaient les Clar\u00e9tains depuis 1887, h\u00e9bergeait en 1936 cent cinquante-quatre personnes, dont 30 P\u00e8res, 35 Fr\u00e8res, 51 \u00c9tudiants et 38 aspirants qui se pr\u00e9paraient \u00e0 commencer le noviciat. Onze de ces missionnaires demeuraient dans la propri\u00e9t\u00e9 Mas Claret, \u00e0 quelques huit kilom\u00e8tres de Cervera. Le P. Jaime Gir\u00f3n, [&hellip;]<\/p>\n","protected":false},"author":69,"featured_media":28424,"parent":33291,"menu_order":0,"comment_status":"closed","ping_status":"closed","template":"","meta":{"_et_pb_use_builder":"","_et_pb_old_content":"","_et_gb_content_width":"","footnotes":""},"class_list":["post-28436","page","type-page","status-publish","has-post-thumbnail","hentry"],"jetpack_sharing_enabled":true,"jetpack_shortlink":"https:\/\/wp.me\/PdaBmi-7oE","jetpack_likes_enabled":true,"_links":{"self":[{"href":"https:\/\/www.claret.org\/fr\/wp-json\/wp\/v2\/pages\/28436","targetHints":{"allow":["GET"]}}],"collection":[{"href":"https:\/\/www.claret.org\/fr\/wp-json\/wp\/v2\/pages"}],"about":[{"href":"https:\/\/www.claret.org\/fr\/wp-json\/wp\/v2\/types\/page"}],"author":[{"embeddable":true,"href":"https:\/\/www.claret.org\/fr\/wp-json\/wp\/v2\/users\/69"}],"replies":[{"embeddable":true,"href":"https:\/\/www.claret.org\/fr\/wp-json\/wp\/v2\/comments?post=28436"}],"version-history":[{"count":0,"href":"https:\/\/www.claret.org\/fr\/wp-json\/wp\/v2\/pages\/28436\/revisions"}],"up":[{"embeddable":true,"href":"https:\/\/www.claret.org\/fr\/wp-json\/wp\/v2\/pages\/33291"}],"wp:featuredmedia":[{"embeddable":true,"href":"https:\/\/www.claret.org\/fr\/wp-json\/wp\/v2\/media\/28424"}],"wp:attachment":[{"href":"https:\/\/www.claret.org\/fr\/wp-json\/wp\/v2\/media?parent=28436"}],"curies":[{"name":"wp","href":"https:\/\/api.w.org\/{rel}","templated":true}]}}