{"id":28487,"date":"2018-09-06T10:02:42","date_gmt":"2018-09-06T08:02:42","guid":{"rendered":"https:\/\/www.claret.org\/fecha-3-de-novembre-p-joseph-xifre-cofondateur-et-superieur-general\/"},"modified":"2018-09-06T10:02:42","modified_gmt":"2018-09-06T08:02:42","slug":"fecha-3-de-novembre-p-joseph-xifre-cofondateur-et-superieur-general","status":"publish","type":"page","link":"https:\/\/www.claret.org\/fr\/calendrier\/fecha-3-de-novembre-p-joseph-xifre-cofondateur-et-superieur-general\/","title":{"rendered":"Fecha: 3 de Novembre &#8211; P. JOSEPH XIFR\u00c9 Cofondateur et Sup\u00e9rieur G\u00e9n\u00e9ral"},"content":{"rendered":"<div style=\"text-align: justify;\"><img data-recalc-dims=\"1\" loading=\"lazy\" decoding=\"async\" class=\"alignleft  wp-image-28474\" src=\"https:\/\/i0.wp.com\/www.claret.org\/wp-content\/uploads\/2018\/09\/67-xifr.jpg?resize=254%2C339&#038;ssl=1\" alt=\"\" width=\"254\" height=\"339\" title=\"\" srcset=\"https:\/\/i0.wp.com\/www.claret.org\/wp-content\/uploads\/2018\/09\/67-xifr.jpg?w=336&amp;ssl=1 336w, https:\/\/i0.wp.com\/www.claret.org\/wp-content\/uploads\/2018\/09\/67-xifr.jpg?resize=225%2C300&amp;ssl=1 225w\" sizes=\"(max-width: 254px) 100vw, 254px\" \/>Le P\u00e8re Xifr\u00e9 est n\u00e9 \u00e0 Vic (Barcelone, Espagne) le 18 f\u00e9vrier 1817. Il entra dans le s\u00e9minaire de sa ville natale en 1829. Il re\u00e7ut l\u2019ordination presbyt\u00e9rale \u00e0 Rome le 16 f\u00e9vrier 1840. Il fut un des cofondateurs de la Congr\u00e9gation de Missionaires et Sup\u00e9rieur G\u00e9n\u00e9ral, \u00e9lu en mai 1858 et r\u00e9\u00e9lu dans les Chapitres G\u00e9n\u00e9raux de 1864, 1876 et 1888. Homme dou\u00e9 d\u2019un esprit g\u00e9n\u00e9reux et droit, il fut toujours anim\u00e9 d\u2019un id\u00e9alisme tr\u00e8s noble, accompagn\u00e9 d\u2019une \u00e9nergie et d\u2019un d\u00e9vouement vraiment extraordinaires. Il mit toujours son intelligence au service de la foi, sa volont\u00e9 au service de la vetu et son coeur au service d\u2019un id\u00e9al. Il fut un homme d\u2019une foi profonde et d\u2019un grand amour \u00e0 la Congr\u00e9gation et \u00e0 l\u2019\u00c9glise. Il fut toujours en \u00e9troite relation avec le Fondateur, de 1858 jusqu\u2019\u00e0 la mort du Saint, lui demandant  toujours conseil sur les nombreuses affaires de la Congr\u00e9gation.<\/div>\n<div style=\"text-align: justify;\"><\/div>\n<div style=\"text-align: justify;\">Le P. Xifr\u00e9 lui commanda d\u2019\u00e9crire l\u2019Autobiographie (cf. Aut 1), document le plus important pour conna\u00eetre la vie de Claret et l\u2019esprit clar\u00e9tain. Apr\u00e8s une vie intense dans le gouvernement de la Congr\u00e9gation, il mourut saintement \u00e0 Cervera (L\u00e9rida, Espagne) le 3 novembre 1899. Il influen\u00e7a profond\u00e9ment le progr\u00e8s futur de la Congr\u00e9gation apr\u00e8s avoir travaill\u00e9 inlassablement \u00e0 son expansion et d\u00e9veloppement.<\/div>\n<div style=\"text-align: justify;\"><\/div>\n<div style=\"text-align: justify;\">En plus de ses nombreuses circulaires, il publia le livre Cleri Socius (1867),  L\u2019Esprit de la Congr\u00e9gation des Missionaires, Fils du Coeur Immacul\u00e9 de Marie (1867 et 1880), L\u2019Auxiliaire du Missionnaire (1892-1893) et un trait\u00e9 sur La Gr\u00e2ce Divine (1899), le Directori, publi\u00e9 en 1858. Pendant son long g\u00e9n\u00e9ralat, il commen\u00e7a la publication du Bulletin Religieux, qui devint, avec le temps, Annales de la Congr\u00e9gation, et aussi  El Iris de Paz ou Le Coeur Immacul\u00e9 de Marie, qui avait commenc\u00e9 sous le titre de Bulletin du Coeur Immacul\u00e9 de Marie.<\/div>\n<div style=\"text-align: justify;\"><\/div>\n<div style=\"text-align: justify;\">Une de ses grandes pr\u00e9occupations, ce fut la promotion de la fid\u00e9lit\u00e9 \u00e0 la vocation et l\u2019amour envers la Congr\u00e9gation. Dans sa circulaire, \u00catre fid\u00e8les \u00e0 la Congr\u00e9gation et, dans le livre d\u00e9j\u00e0 cit\u00e9, L\u2019Esprit de la Congr\u00e9gation, il exhorte ses Missionnaires et leur donne des orientations, afin de les aider \u00e0 surmonter quelques difficult\u00e9s au niveau de la vocation.<\/div>\n<div style=\"text-align: justify;\"><\/div>\n<div style=\"text-align: justify;\">Son gouvenement fut une \u00e9tape d\u00e9cisive pour l\u2019histoire des Missionnaires Fils du Coeur Imacul\u00e9 de Marie, tr\u00e8s riche en initiatives et en r\u00e9alisations. L\u2019expansion et la consolidation de l\u2019Institut pendant cette p\u00e9riode ont \u00e9t\u00e9 extraordinaires. Le P. Xifr\u00e9 commen\u00e7a son g\u00e9n\u00e9ralat avec une seule communaut\u00e9 locale, form\u00e9e par douze membres. \u00c0 sa mort, la Congr\u00e9gation \u00e9tait parfaitement organis\u00e9e en tant qu\u2019institution civile et religieuse, avec 1.700 membres, partag\u00e9s en 61 maisons en Espagne, Italie, Portugal, Guin\u00e9e \u00c9quatoriale, Chili, Mexique et Br\u00e9sil.<\/div>\n","protected":false},"excerpt":{"rendered":"<p>Le P\u00e8re Xifr\u00e9 est n\u00e9 \u00e0 Vic (Barcelone, Espagne) le 18 f\u00e9vrier 1817. Il entra dans le s\u00e9minaire de sa ville natale en 1829. Il re\u00e7ut l\u2019ordination presbyt\u00e9rale \u00e0 Rome le 16 f\u00e9vrier 1840. Il fut un des cofondateurs de la Congr\u00e9gation de Missionaires et Sup\u00e9rieur G\u00e9n\u00e9ral, \u00e9lu en mai 1858 et r\u00e9\u00e9lu dans les [&hellip;]<\/p>\n","protected":false},"author":69,"featured_media":28475,"parent":33291,"menu_order":0,"comment_status":"closed","ping_status":"closed","template":"","meta":{"_et_pb_use_builder":"","_et_pb_old_content":"","_et_gb_content_width":"","footnotes":""},"class_list":["post-28487","page","type-page","status-publish","has-post-thumbnail","hentry"],"jetpack_sharing_enabled":true,"jetpack_shortlink":"https:\/\/wp.me\/PdaBmi-7pt","jetpack_likes_enabled":true,"_links":{"self":[{"href":"https:\/\/www.claret.org\/fr\/wp-json\/wp\/v2\/pages\/28487","targetHints":{"allow":["GET"]}}],"collection":[{"href":"https:\/\/www.claret.org\/fr\/wp-json\/wp\/v2\/pages"}],"about":[{"href":"https:\/\/www.claret.org\/fr\/wp-json\/wp\/v2\/types\/page"}],"author":[{"embeddable":true,"href":"https:\/\/www.claret.org\/fr\/wp-json\/wp\/v2\/users\/69"}],"replies":[{"embeddable":true,"href":"https:\/\/www.claret.org\/fr\/wp-json\/wp\/v2\/comments?post=28487"}],"version-history":[{"count":0,"href":"https:\/\/www.claret.org\/fr\/wp-json\/wp\/v2\/pages\/28487\/revisions"}],"up":[{"embeddable":true,"href":"https:\/\/www.claret.org\/fr\/wp-json\/wp\/v2\/pages\/33291"}],"wp:featuredmedia":[{"embeddable":true,"href":"https:\/\/www.claret.org\/fr\/wp-json\/wp\/v2\/media\/28475"}],"wp:attachment":[{"href":"https:\/\/www.claret.org\/fr\/wp-json\/wp\/v2\/media?parent=28487"}],"curies":[{"name":"wp","href":"https:\/\/api.w.org\/{rel}","templated":true}]}}