{"id":28561,"date":"2018-09-06T10:46:42","date_gmt":"2018-09-06T08:46:42","guid":{"rendered":"https:\/\/www.claret.org\/fecha-8-de-decembre-fete-de-l-inmaculee-conception-de-la-sainte-vierge-marie\/"},"modified":"2018-09-06T10:46:42","modified_gmt":"2018-09-06T08:46:42","slug":"fecha-8-de-decembre-fete-de-l-inmaculee-conception-de-la-sainte-vierge-marie","status":"publish","type":"page","link":"https:\/\/www.claret.org\/fr\/calendrier\/fecha-8-de-decembre-fete-de-l-inmaculee-conception-de-la-sainte-vierge-marie\/","title":{"rendered":"Fecha: 8 de D\u00e9cembre &#8211; F\u00caTE DE L\u2019 INMACUL\u00c9E CONCEPTION DE LA SAINTE VIERGE MARIE"},"content":{"rendered":"<p style=\"text-align: justify;\"><img data-recalc-dims=\"1\" loading=\"lazy\" decoding=\"async\" class=\"alignleft\" title=\"\" src=\"https:\/\/i0.wp.com\/www2.claret.org\/sites\/default\/files\/imagenes\/espiritualidad\/calendario\/72-inmaculada_palacio_de_la_granja.jpg?resize=188%2C290\" alt=\"\" width=\"188\" height=\"290\"><\/p>\n<div>\n<div style=\"text-align: justify;\">Nous c\u00e9l\u00e9brons aujoud\u2019hui la solennit\u00e9 de l\u2019Immacul\u00e9e Conception de la sainte Vierge Marie. Les premiers indices de cette f\u00eate remontent au VII si\u00e8cle, en Orient, sur la base d\u2019une tradition qui soutenait la foi dans l\u2019inmunit\u00e9 de toute tache de p\u00e9ch\u00e9 en la M\u00e8re du Seigneur.  En Occident, par contre, la f\u00eate commen\u00e7a \u00e0 se c\u00e9l\u00e9brer d\u2019une fa\u00e7on oficielle \u00e0 partir de 1476, telle qu\u2019elle appara\u00eet dans le calendrier liturgique romain. Mais, quelques si\u00e8cles auparavant, pendant que les th\u00e9ologiens disputaient autour de la pr\u00e9servation de Marie de toute tache de p\u00e9ch\u00e9 originel, grandissait dans le peuple chr\u00e9tien la conviction de cette sp\u00e9ciale pr\u00e9rogative accord\u00e9e par Dieu \u00e0 la M\u00e8re de son Fils. Elle atteignit la cat\u00e9gorie de dogme le 8 d\u00e9cembre 1854, quand le Pape Pie IX proclama, dans la bulle  Inefabilis Deus, que Marie, en pr\u00e9vision des m\u00e9rites du Christ, fut pr\u00e9serv\u00e9e de tout p\u00e9ch\u00e9.<\/div>\n<div style=\"text-align: justify;\"><\/div>\n<div style=\"text-align: justify;\">Cette solennit\u00e9 liturgique se situe dans l\u2019Avent, comme une invitation \u00e0 contempler l\u2019image de Marie, la pleine de gr\u00e2ce, avant de contempler le myst\u00e8re entier de Betl\u00e9hem. Dans les textes bibliques de la liturgie de l\u2019Avent et dans ceux de cette solennit\u00e9, nous trouvons une base pour comprendre le dogme de l\u2019immacul\u00e9e Conception et pour l\u2019encadrer dans la vision globale du myst\u00e8re chr\u00e9tien.<\/div>\n<div style=\"text-align: justify;\"><\/div>\n<div style=\"text-align: justify;\">Or, en tant que clar\u00e9tains, nous devons aujourd\u2019hui rappeler que l\u2019adjectif immacul\u00e9 fait partie du titre officiel de notre Institut religieux et qu\u2019il s\u2019applique au C\u0153ur de Marie : \u00ab Nous nous appelons Fils du C\u0153ur Immacul\u00e9 de Marie ou Missionnaires Clar\u00e9tains \u00bb (CC 1). Il convient de bien capter la port\u00e9e charismatique de ce terme, c\u2019est-\u00e0-dire ce qu\u2019il signifie pour notre Fondateur et ce qu\u2019il doit repr\u00e9senter pour nous-m\u00eames.<\/div>\n<div style=\"text-align: justify;\"><\/div>\n<div style=\"text-align: justify;\">Pour saint Antoine-Marie Claret, le myst\u00e8re de la Conception Immacul\u00e9e a une double dimmension : personnelle et sociale. Claret le comprend, certainment, comme pl\u00e9nitude de gr\u00e2ce et de pr\u00e9servation de tout p\u00e9ch\u00e9, mais il y  d\u00e9couvre aussi une dimmension apostolique sp\u00e9ciale : il contemple le plan de Dieu qui triomphe du serpent et de sa descendance par le moyen de la Femme et de sa descendance. Pour Claret, la Femme, c\u2019est Marie et, sa descendance, ce sont tous ses enfants, sp\u00e9cialement les missionnaires (cf. Aut 686-687).<\/div>\n<div style=\"text-align: justify;\"><\/div>\n<div style=\"text-align: justify;\">Claret contemple le myst\u00e8re de l\u2019Immacul\u00e9e en un sens apostolique de lutte. Plut\u00f4t qu\u2019un myst\u00e8re de beaut\u00e9, la Vierge Immacul\u00e9e est, pour lui, la triomphatrice de Satan, qui doit continuer \u00e0 lutter et triompher en sa descendance. Et c\u2019est aussi cette signification que la pr\u00e9sence de Marie porte dans notre Congr\u00e9gation et dans notre action d\u2019\u00e9vang\u00e9lisation. Pour les clar\u00e9tains, h\u00e9ritiers de l\u2019esprit de saint Antoine-Marie Claret, Marie Immacul\u00e9e est, avant tout, la Victorieuse, la nouvelle \u00c9ve ennemie du serpent, qui lutte contre l\u2019ennemi infernal, la capitaine du combat contre le mal sous toutes ses formes. En ce jour, les Religieuses de Marie Immacul\u00e9e (Missionnaires Clar\u00e9taines) c\u00e9l\u00e8brent leur f\u00eate principale.<\/div>\n<\/div>\n","protected":false},"excerpt":{"rendered":"<p>Nous c\u00e9l\u00e9brons aujoud\u2019hui la solennit\u00e9 de l\u2019Immacul\u00e9e Conception de la sainte Vierge Marie. Les premiers indices de cette f\u00eate remontent au VII si\u00e8cle, en Orient, sur la base d\u2019une tradition qui soutenait la foi dans l\u2019inmunit\u00e9 de toute tache de p\u00e9ch\u00e9 en la M\u00e8re du Seigneur. En Occident, par contre, la f\u00eate commen\u00e7a \u00e0 se [&hellip;]<\/p>\n","protected":false},"author":69,"featured_media":28550,"parent":33291,"menu_order":0,"comment_status":"closed","ping_status":"closed","template":"","meta":{"_et_pb_use_builder":"","_et_pb_old_content":"","_et_gb_content_width":"","footnotes":""},"class_list":["post-28561","page","type-page","status-publish","has-post-thumbnail","hentry"],"jetpack_sharing_enabled":true,"jetpack_shortlink":"https:\/\/wp.me\/PdaBmi-7qF","jetpack_likes_enabled":true,"_links":{"self":[{"href":"https:\/\/www.claret.org\/fr\/wp-json\/wp\/v2\/pages\/28561","targetHints":{"allow":["GET"]}}],"collection":[{"href":"https:\/\/www.claret.org\/fr\/wp-json\/wp\/v2\/pages"}],"about":[{"href":"https:\/\/www.claret.org\/fr\/wp-json\/wp\/v2\/types\/page"}],"author":[{"embeddable":true,"href":"https:\/\/www.claret.org\/fr\/wp-json\/wp\/v2\/users\/69"}],"replies":[{"embeddable":true,"href":"https:\/\/www.claret.org\/fr\/wp-json\/wp\/v2\/comments?post=28561"}],"version-history":[{"count":0,"href":"https:\/\/www.claret.org\/fr\/wp-json\/wp\/v2\/pages\/28561\/revisions"}],"up":[{"embeddable":true,"href":"https:\/\/www.claret.org\/fr\/wp-json\/wp\/v2\/pages\/33291"}],"wp:featuredmedia":[{"embeddable":true,"href":"https:\/\/www.claret.org\/fr\/wp-json\/wp\/v2\/media\/28550"}],"wp:attachment":[{"href":"https:\/\/www.claret.org\/fr\/wp-json\/wp\/v2\/media?parent=28561"}],"curies":[{"name":"wp","href":"https:\/\/api.w.org\/{rel}","templated":true}]}}