{"id":159403,"date":"2023-10-20T11:43:15","date_gmt":"2023-10-20T09:43:15","guid":{"rendered":"https:\/\/www.claret.org\/calendario-da-juventude-e-vocacao\/"},"modified":"2023-11-22T11:38:25","modified_gmt":"2023-11-22T10:38:25","slug":"calendario-da-juventude-e-vocacao","status":"publish","type":"page","link":"https:\/\/www.claret.org\/pt-pt\/calendario-da-juventude-e-vocacao\/","title":{"rendered":"Calend\u00e1rio da Juventude e Voca\u00e7\u00e3o"},"content":{"rendered":"<p>[et_pb_section fb_built=&#8221;1&#8243; admin_label=&#8221;Page Title Section&#8221; _builder_version=&#8221;4.22.2&#8243; background_color_gradient_direction=&#8221;115deg&#8221; background_image=&#8221;https:\/\/www.claret.org\/wp-content\/uploads\/2023\/09\/law-firm-24.jpg&#8221; custom_padding=&#8221;150px||0|&#8221; global_colors_info=&#8221;{}&#8221;][et_pb_row _builder_version=&#8221;4.16&#8243; background_color=&#8221;#383e59&#8243; background_size=&#8221;initial&#8221; background_position=&#8221;top_left&#8221; background_repeat=&#8221;repeat&#8221; max_width=&#8221;960px&#8221; custom_margin=&#8221;|||0px&#8221; custom_padding=&#8221;27px|40px||10%&#8221; animation_style=&#8221;slide&#8221; animation_direction=&#8221;left&#8221; animation_intensity_slide=&#8221;2%&#8221; border_radii=&#8221;||6px|6px|&#8221; border_width_right=&#8221;30px&#8221; border_color_right=&#8221;#bdada0&#8243; box_shadow_style=&#8221;preset3&#8243; box_shadow_vertical=&#8221;35px&#8221; box_shadow_blur=&#8221;70px&#8221; box_shadow_spread=&#8221;-35px&#8221; box_shadow_color=&#8221;rgba(0,0,0,0.6)&#8221; use_custom_width=&#8221;on&#8221; custom_width_px=&#8221;960px&#8221; global_colors_info=&#8221;{}&#8221;][et_pb_column type=&#8221;4_4&#8243; _builder_version=&#8221;4.16&#8243; custom_padding=&#8221;|||&#8221; custom_padding_tablet=&#8221;|||10%&#8221; custom_padding_last_edited=&#8221;off|desktop&#8221; global_colors_info=&#8221;{}&#8221; padding_tablet=&#8221;|||10%&#8221; padding_last_edited=&#8221;off|desktop&#8221; custom_padding__hover=&#8221;|||&#8221;][et_pb_text admin_label=&#8221;Title&#8221; _builder_version=&#8221;4.22.2&#8243; text_font=&#8221;||||||||&#8221; header_font=&#8221;Abhaya Libre|700|||||||&#8221; header_font_size=&#8221;43px&#8221; header_line_height=&#8221;1.2em&#8221; header_4_font=&#8221;||||||||&#8221; background_layout=&#8221;dark&#8221; custom_margin=&#8221;|||&#8221; custom_padding=&#8221;|||&#8221; header_font_size_tablet=&#8221;40px&#8221; header_font_size_phone=&#8221;&#8221; header_font_size_last_edited=&#8221;on|tablet&#8221; global_colors_info=&#8221;{}&#8221;]<\/p>\n<h1>Calend\u00e1rio da Fam\u00edlia Claretiana YVM<\/h1>\n<p>[\/et_pb_text][\/et_pb_column][\/et_pb_row][\/et_pb_section][et_pb_section fb_built=&#8221;1&#8243; admin_label=&#8221;Events Section&#8221; _builder_version=&#8221;4.16&#8243; background_image=&#8221;https:\/\/www.claret.org\/wp-content\/uploads\/2023\/10\/paper.jpg&#8221; custom_padding=&#8221;70px||70px|&#8221; global_colors_info=&#8221;{}&#8221;][et_pb_row column_structure=&#8221;1_4,3_4&#8243; _builder_version=&#8221;4.16&#8243; custom_padding=&#8221;90px||0px|||&#8221; border_width_bottom=&#8221;1px&#8221; border_color_bottom=&#8221;rgba(0,0,0,0.12)&#8221; global_colors_info=&#8221;{}&#8221;][et_pb_column type=&#8221;1_4&#8243; _builder_version=&#8221;4.16&#8243; custom_padding=&#8221;|||&#8221; global_colors_info=&#8221;{}&#8221; custom_padding__hover=&#8221;|||&#8221;][et_pb_text _builder_version=&#8221;4.22.2&#8243; text_font=&#8221;||||||||&#8221; text_line_height=&#8221;1.8em&#8221; header_font=&#8221;||||||||&#8221; header_4_font=&#8221;Nunito|700||on|||||&#8221; header_4_text_color=&#8221;#94a6bf&#8221; header_4_letter_spacing=&#8221;2px&#8221; header_4_line_height=&#8221;1.4em&#8221; animation_style=&#8221;slide&#8221; animation_direction=&#8221;left&#8221; animation_intensity_slide=&#8221;5%&#8221; animation_starting_opacity=&#8221;100%&#8221; global_colors_info=&#8221;{}&#8221;]<\/p>\n<h2 style=\"text-align: center;\">janeiro<\/h2>\n<p>&nbsp;<\/p>\n<p>&nbsp;<\/p>\n<p>&nbsp;<\/p>\n<p>&nbsp;<\/p>\n<p>[\/et_pb_text][\/et_pb_column][et_pb_column type=&#8221;3_4&#8243; _builder_version=&#8221;4.16&#8243; custom_padding=&#8221;|||&#8221; global_colors_info=&#8221;{}&#8221; custom_padding__hover=&#8221;|||&#8221;][et_pb_text _builder_version=&#8221;4.22.2&#8243; text_font=&#8221;||||||||&#8221; text_line_height=&#8221;1.8em&#8221; header_font=&#8221;||||||||&#8221; header_3_font=&#8221;Abhaya Libre|700|||||||&#8221; header_3_font_size=&#8221;24px&#8221; header_3_line_height=&#8221;1.4em&#8221; custom_margin=&#8221;||0px|&#8221; animation_style=&#8221;slide&#8221; animation_direction=&#8221;left&#8221; animation_intensity_slide=&#8221;5%&#8221; animation_starting_opacity=&#8221;100%&#8221; global_colors_info=&#8221;{}&#8221;]<\/p>\n<p><strong><span style=\"color: #ff0000;\">17<\/span>\u00a0 \u00a0 \u00a0 \u00a0 SERVA DE DEUS M\u00c3E Antonia Mar\u00eda Par\u00eds Y RIERA &#8211; Reus (ES) 1885 &#8211; Fundadora das Irm\u00e3s Religiosas de Maria Imaculada Mission\u00e1rias Claretianas (RMI)<\/strong><\/p>\n<p>[\/et_pb_text][\/et_pb_column][\/et_pb_row][et_pb_row column_structure=&#8221;1_4,3_4&#8243; _builder_version=&#8221;4.16&#8243; custom_padding=&#8221;90px||0px|||&#8221; border_width_bottom=&#8221;1px&#8221; border_color_bottom=&#8221;rgba(0,0,0,0.12)&#8221; global_colors_info=&#8221;{}&#8221;][et_pb_column type=&#8221;1_4&#8243; _builder_version=&#8221;4.16&#8243; custom_padding=&#8221;|||&#8221; global_colors_info=&#8221;{}&#8221; custom_padding__hover=&#8221;|||&#8221;][et_pb_text _builder_version=&#8221;4.22.2&#8243; text_font=&#8221;||||||||&#8221; text_line_height=&#8221;1.8em&#8221; header_font=&#8221;||||||||&#8221; header_4_font=&#8221;Nunito|700||on|||||&#8221; header_4_text_color=&#8221;#94a6bf&#8221; header_4_letter_spacing=&#8221;2px&#8221; header_4_line_height=&#8221;1.4em&#8221; animation_style=&#8221;slide&#8221; animation_direction=&#8221;left&#8221; animation_intensity_slide=&#8221;5%&#8221; animation_starting_opacity=&#8221;100%&#8221; global_colors_info=&#8221;{}&#8221;]<\/p>\n<h2 style=\"text-align: center;\">fevereiro<\/h2>\n<p>&nbsp;<\/p>\n<p>&nbsp;<\/p>\n<p>&nbsp;<\/p>\n<p>&nbsp;<\/p>\n<p>[\/et_pb_text][\/et_pb_column][et_pb_column type=&#8221;3_4&#8243; _builder_version=&#8221;4.16&#8243; custom_padding=&#8221;|||&#8221; global_colors_info=&#8221;{}&#8221; custom_padding__hover=&#8221;|||&#8221;][et_pb_text _builder_version=&#8221;4.22.2&#8243; text_font=&#8221;||||||||&#8221; text_line_height=&#8221;1.8em&#8221; header_font=&#8221;||||||||&#8221; header_3_font=&#8221;Abhaya Libre|700|||||||&#8221; header_3_font_size=&#8221;24px&#8221; header_3_line_height=&#8221;1.4em&#8221; custom_margin=&#8221;||0px|&#8221; animation_style=&#8221;slide&#8221; animation_direction=&#8221;left&#8221; animation_intensity_slide=&#8221;5%&#8221; animation_starting_opacity=&#8221;100%&#8221; global_colors_info=&#8221;{}&#8221;]<\/p>\n<p style=\"text-align: justify;\"><strong><span style=\"color: #ff0000;\">01<\/span>\u00a0 \u00a0 \u00a0 MEM\u00d3RIA DOS BEM-AVENTURADOS MISSION\u00c1RIOS CLARETIANOS M\u00e1rtires &#8211; 51 m\u00e1rtires de Barbastro (beatificados a 25\/10\/1992); P. Andr\u00e9s Sol\u00e1 i Molist (20\/11\/2005); 23 m\u00e1rtires de Tarragona (13\/10\/2013); 109 m\u00e1rtires beatificados em Barcelona (22\/10\/2017); Beata M. Mar\u00eda Patrocinio Giner RMI (11\/03\/2001).<\/strong><\/p>\n<p>[\/et_pb_text][\/et_pb_column][\/et_pb_row][et_pb_row column_structure=&#8221;1_4,3_4&#8243; _builder_version=&#8221;4.16&#8243; custom_padding=&#8221;47px||34px|||&#8221; border_width_bottom=&#8221;1px&#8221; border_color_bottom=&#8221;rgba(0,0,0,0.12)&#8221; global_colors_info=&#8221;{}&#8221;][et_pb_column type=&#8221;1_4&#8243; _builder_version=&#8221;4.16&#8243; custom_padding=&#8221;|||&#8221; global_colors_info=&#8221;{}&#8221; custom_padding__hover=&#8221;|||&#8221;][et_pb_text _builder_version=&#8221;4.22.2&#8243; text_font=&#8221;||||||||&#8221; text_line_height=&#8221;1.8em&#8221; header_font=&#8221;||||||||&#8221; header_4_font=&#8221;Nunito|700||on|||||&#8221; header_4_text_color=&#8221;#94a6bf&#8221; header_4_letter_spacing=&#8221;2px&#8221; header_4_line_height=&#8221;1.4em&#8221; animation_style=&#8221;slide&#8221; animation_direction=&#8221;left&#8221; animation_intensity_slide=&#8221;5%&#8221; animation_starting_opacity=&#8221;100%&#8221; global_colors_info=&#8221;{}&#8221;]<\/p>\n<h2 style=\"text-align: center;\">mar\u00e7o<\/h2>\n<p>&nbsp;<\/p>\n<p>&nbsp;<\/p>\n<p>&nbsp;<\/p>\n<p>&nbsp;<\/p>\n<p>[\/et_pb_text][\/et_pb_column][et_pb_column type=&#8221;3_4&#8243; _builder_version=&#8221;4.16&#8243; custom_padding=&#8221;|||&#8221; global_colors_info=&#8221;{}&#8221; custom_padding__hover=&#8221;|||&#8221;][et_pb_text _builder_version=&#8221;4.22.2&#8243; text_font=&#8221;||||||||&#8221; text_line_height=&#8221;1.8em&#8221; header_font=&#8221;||||||||&#8221; header_3_font=&#8221;Abhaya Libre|700|||||||&#8221; header_3_font_size=&#8221;24px&#8221; header_3_line_height=&#8221;1.4em&#8221; custom_margin=&#8221;||0px|&#8221; animation_style=&#8221;slide&#8221; animation_direction=&#8221;left&#8221; animation_intensity_slide=&#8221;5%&#8221; animation_starting_opacity=&#8221;100%&#8221; global_colors_info=&#8221;{}&#8221;]<\/p>\n<p><strong><span style=\"color: #ff0000;\">19<\/span>\u00a0 \u00a0 \u00a0 \u00a0<\/strong>FUNDA\u00c7\u00c3O DA CONGREGA\u00c7\u00c3O DAS IRM\u00c3S MISSION\u00c1RIAS CORDIMARIANAS &#8211; M\u00e9xico (MX) 1921<\/p>\n<p>FUNDA\u00c7\u00c3O DA CONGREGA\u00c7\u00c3O DAS IRM\u00c3S MISSION\u00c1RIAS DE SANTO ANT\u00d3NIO MARIA CLARET &#8211; Londrina (BR) 1958<\/p>\n<p>APROVA\u00c7\u00c3O DIOCESANA DO INSTITUTO SECULAR DAS FILHAS DO IMACULADO CORA\u00c7\u00c3O DE MARIA (1971)<\/p>\n<p><strong><span style=\"color: #ff0000;\">29<\/span>\u00a0 \u00a0 \u00a0 \u00a0 <\/strong>MONS. FR. GERALDO FERNANDES BIJO CMF &#8211; S\u00e3o Paulo (BR) 1982 &#8211; Fundador das Irm\u00e3s Mission\u00e1rias de Santo Ant\u00f3nio Maria Claret<\/p>\n<p>[\/et_pb_text][\/et_pb_column][\/et_pb_row][et_pb_row column_structure=&#8221;1_4,3_4&#8243; _builder_version=&#8221;4.16&#8243; custom_margin=&#8221;86px|auto||auto||&#8221; custom_padding=&#8221;0px||0px|||&#8221; border_width_bottom=&#8221;1px&#8221; border_color_bottom=&#8221;rgba(0,0,0,0.12)&#8221; global_colors_info=&#8221;{}&#8221;][et_pb_column type=&#8221;1_4&#8243; _builder_version=&#8221;4.16&#8243; custom_padding=&#8221;|||&#8221; global_colors_info=&#8221;{}&#8221; custom_padding__hover=&#8221;|||&#8221;][et_pb_text _builder_version=&#8221;4.22.2&#8243; text_font=&#8221;||||||||&#8221; text_line_height=&#8221;1.8em&#8221; header_font=&#8221;||||||||&#8221; header_4_font=&#8221;Nunito|700||on|||||&#8221; header_4_text_color=&#8221;#94a6bf&#8221; header_4_letter_spacing=&#8221;2px&#8221; header_4_line_height=&#8221;1.4em&#8221; animation_style=&#8221;slide&#8221; animation_direction=&#8221;left&#8221; animation_intensity_slide=&#8221;5%&#8221; animation_starting_opacity=&#8221;100%&#8221; global_colors_info=&#8221;{}&#8221;]<\/p>\n<h2 style=\"text-align: center;\">abril<\/h2>\n<p>&nbsp;<\/p>\n<p>&nbsp;<\/p>\n<p>&nbsp;<\/p>\n<p>&nbsp;<\/p>\n<p>[\/et_pb_text][\/et_pb_column][et_pb_column type=&#8221;3_4&#8243; _builder_version=&#8221;4.16&#8243; custom_padding=&#8221;|||&#8221; global_colors_info=&#8221;{}&#8221; custom_padding__hover=&#8221;|||&#8221;][et_pb_text _builder_version=&#8221;4.22.2&#8243; text_font=&#8221;||||||||&#8221; text_line_height=&#8221;1.8em&#8221; header_font=&#8221;||||||||&#8221; header_3_font=&#8221;Abhaya Libre|700|||||||&#8221; header_3_font_size=&#8221;24px&#8221; header_3_line_height=&#8221;1.4em&#8221; custom_margin=&#8221;||0px|&#8221; animation_style=&#8221;slide&#8221; animation_direction=&#8221;left&#8221; animation_intensity_slide=&#8221;5%&#8221; animation_starting_opacity=&#8221;100%&#8221; global_colors_info=&#8221;{}&#8221;]<\/p>\n<p><strong><span style=\"color: #ff0000;\">20<\/span>\u00a0 \u00a0 \u00a0 \u00a0 APROVA\u00c7\u00c3O PONTIF\u00cdCIA DO MOVIMENTO LAICAL CLARETIANO (1988)<\/strong><\/p>\n<p><strong><span style=\"color: #ff0000;\">21\u00a0<\/span>\u00a0 \u00a0 \u00a0 \u00a0 MGR. FR. ARMENGOL COLL Y ARMENGOL CMF &#8211; Malabo (GQ) 1918 &#8211; Fundador das Irm\u00e3s Mission\u00e1rias de Maria Imaculada<br \/><\/strong><\/p>\n<p>[\/et_pb_text][\/et_pb_column][\/et_pb_row][et_pb_row column_structure=&#8221;1_4,3_4&#8243; _builder_version=&#8221;4.16&#8243; custom_padding=&#8221;54px||90px|||&#8221; border_width_bottom=&#8221;1px&#8221; border_color_bottom=&#8221;rgba(0,0,0,0.12)&#8221; global_colors_info=&#8221;{}&#8221;][et_pb_column type=&#8221;1_4&#8243; _builder_version=&#8221;4.16&#8243; custom_padding=&#8221;|||&#8221; global_colors_info=&#8221;{}&#8221; custom_padding__hover=&#8221;|||&#8221;][et_pb_text _builder_version=&#8221;4.22.2&#8243; text_font=&#8221;||||||||&#8221; text_line_height=&#8221;1.8em&#8221; header_font=&#8221;||||||||&#8221; header_4_font=&#8221;Nunito|700||on|||||&#8221; header_4_text_color=&#8221;#94a6bf&#8221; header_4_letter_spacing=&#8221;2px&#8221; header_4_line_height=&#8221;1.4em&#8221; animation_style=&#8221;slide&#8221; animation_direction=&#8221;left&#8221; animation_intensity_slide=&#8221;5%&#8221; animation_starting_opacity=&#8221;100%&#8221; global_colors_info=&#8221;{}&#8221;]<\/p>\n<h2 style=\"text-align: center;\">maio<\/h2>\n<p>&nbsp;<\/p>\n<p>&nbsp;<\/p>\n<p>&nbsp;<\/p>\n<p>&nbsp;<\/p>\n<p>&nbsp;<\/p>\n<p>[\/et_pb_text][\/et_pb_column][et_pb_column type=&#8221;3_4&#8243; _builder_version=&#8221;4.16&#8243; custom_padding=&#8221;|||&#8221; global_colors_info=&#8221;{}&#8221; custom_padding__hover=&#8221;|||&#8221;][et_pb_text _builder_version=&#8221;4.22.2&#8243; text_font=&#8221;||||||||&#8221; text_line_height=&#8221;1.8em&#8221; header_font=&#8221;||||||||&#8221; header_3_font=&#8221;Abhaya Libre|700|||||||&#8221; header_3_font_size=&#8221;24px&#8221; header_3_line_height=&#8221;1.4em&#8221; custom_margin=&#8221;||0px|&#8221; animation_style=&#8221;slide&#8221; animation_direction=&#8221;left&#8221; animation_intensity_slide=&#8221;5%&#8221; animation_starting_opacity=&#8221;100%&#8221; global_colors_info=&#8221;{}&#8221;]<\/p>\n<p style=\"text-align: justify;\"><strong><span style=\"color: #ff0000;\">08P\u00a0<\/span>\u00a0 \u00a0 \u00a0 LUIS PUJOL TORDERA CMF &#8211; Vic (ES) 1976 &#8211; Fundador das Irm\u00e3s Mission\u00e1rias da Institui\u00e7\u00e3o Claretiana<\/strong><\/p>\n<p style=\"text-align: justify;\"><strong><span style=\"color: #ff0000;\">26P\u00a0<\/span>\u00a0 \u00a0 JULI\u00c1N COLLEL Y GUIX CMF &#8211; Toluca (MX) 1937 &#8211; Fundador das Irm\u00e3s Mission\u00e1rias Cordimarianas<br \/><\/strong><\/p>\n<p style=\"text-align: justify;\"><strong><span style=\"color: #ff0000;\">28\u00a0<\/span>\u00a0 \u00a0 \u00a0 \u00a0 FUNDA\u00c7\u00c3O DA CONGREGA\u00c7\u00c3O DAS IRM\u00c3S MISSION\u00c1RIAS DA INSTITUI\u00c7\u00c3O CLARETIANA &#8211; Vic (ES) 1951<\/strong><\/p>\n<p style=\"text-align: justify;\"><strong><span style=\"color: #ff0000;\">29<\/span>\u00a0 \u00a0 \u00a0 \u00a0 \u00a0 M\u00c3E IMELDA MAKOLE MMI &#8211; Fundadora das Irm\u00e3s Mission\u00e1rias de Maria Imaculada (Malabo GQ)<\/strong><\/p>\n<p style=\"text-align: justify;\"><strong><span style=\"color: #ff0000;\">31\u00a0<\/span>\u00a0 \u00a0 \u00a0 \u00a0 \u00a0 DIA DAS VOCA\u00c7\u00d5ES CLARETIANAS<\/strong><\/p>\n<p>[\/et_pb_text][\/et_pb_column][\/et_pb_row][et_pb_row column_structure=&#8221;1_4,3_4&#8243; _builder_version=&#8221;4.16&#8243; custom_margin=&#8221;-2px|auto||auto||&#8221; custom_padding=&#8221;54px||0px|||&#8221; border_width_bottom=&#8221;1px&#8221; border_color_bottom=&#8221;rgba(0,0,0,0.12)&#8221; global_colors_info=&#8221;{}&#8221;][et_pb_column type=&#8221;1_4&#8243; _builder_version=&#8221;4.16&#8243; custom_padding=&#8221;|||&#8221; global_colors_info=&#8221;{}&#8221; custom_padding__hover=&#8221;|||&#8221;][et_pb_text _builder_version=&#8221;4.22.2&#8243; text_font=&#8221;||||||||&#8221; text_line_height=&#8221;1.8em&#8221; header_font=&#8221;||||||||&#8221; header_4_font=&#8221;Nunito|700||on|||||&#8221; header_4_text_color=&#8221;#94a6bf&#8221; header_4_letter_spacing=&#8221;2px&#8221; header_4_line_height=&#8221;1.4em&#8221; animation_style=&#8221;slide&#8221; animation_direction=&#8221;left&#8221; animation_intensity_slide=&#8221;5%&#8221; animation_starting_opacity=&#8221;100%&#8221; global_colors_info=&#8221;{}&#8221;]<\/p>\n<h2 style=\"text-align: center;\">julho<\/h2>\n<p>&nbsp;<\/p>\n<p>&nbsp;<\/p>\n<p>&nbsp;<\/p>\n<p>&nbsp;<\/p>\n<p>&nbsp;<\/p>\n<p>[\/et_pb_text][\/et_pb_column][et_pb_column type=&#8221;3_4&#8243; _builder_version=&#8221;4.16&#8243; custom_padding=&#8221;|||&#8221; global_colors_info=&#8221;{}&#8221; custom_padding__hover=&#8221;|||&#8221;][et_pb_text _builder_version=&#8221;4.22.2&#8243; text_font=&#8221;||||||||&#8221; text_line_height=&#8221;1.8em&#8221; header_font=&#8221;||||||||&#8221; header_3_font=&#8221;Abhaya Libre|700|||||||&#8221; header_3_font_size=&#8221;24px&#8221; header_3_line_height=&#8221;1.4em&#8221; custom_margin=&#8221;||0px|&#8221; animation_style=&#8221;slide&#8221; animation_direction=&#8221;left&#8221; animation_intensity_slide=&#8221;5%&#8221; animation_starting_opacity=&#8221;100%&#8221; global_colors_info=&#8221;{}&#8221;]<\/p>\n<p><strong><span style=\"color: #ff0000;\">10\u00a0<\/span>\u00a0 \u00a0 \u00a0 \u00a0 CONSTITUI\u00c7\u00c3O DO MOVIMENTO LEIGO CLARETIANO &#8211; Villa de Leiva (CO) 1983<\/strong><\/p>\n<p><strong><span style=\"color: #ff0000;\">16\u00a0<\/span>\u00a0 \u00a0 \u00a0 \u00a0 FUNDA\u00c7\u00c3O DA CONGREGA\u00c7\u00c3O DOS FILHOS MISSION\u00c1RIOS DO CORA\u00c7\u00c3O IMACULADO DE MARIA &#8211; CLARETIANOS &#8211; Vic (ES) 1949<\/strong><\/p>\n<p><strong><span style=\"color: #ff0000;\">22\u00a0<\/span>\u00a0 \u00a0 \u00a0 \u00a0 M\u00c3E LEONIA MILITO MSAMC- Fundadora das Irm\u00e3s Mission\u00e1rias de Santo Ant\u00f3nio Maria Claret &#8211; Londrina (BR) 1980<\/strong><\/p>\n<p>[\/et_pb_text][\/et_pb_column][\/et_pb_row][et_pb_row column_structure=&#8221;1_4,3_4&#8243; _builder_version=&#8221;4.16&#8243; custom_margin=&#8221;|auto|-7px|auto||&#8221; custom_padding=&#8221;54px||0px|||&#8221; border_width_bottom=&#8221;1px&#8221; border_color_bottom=&#8221;rgba(0,0,0,0.12)&#8221; global_colors_info=&#8221;{}&#8221;][et_pb_column type=&#8221;1_4&#8243; _builder_version=&#8221;4.16&#8243; custom_padding=&#8221;|||&#8221; global_colors_info=&#8221;{}&#8221; custom_padding__hover=&#8221;|||&#8221;][et_pb_text _builder_version=&#8221;4.22.2&#8243; text_font=&#8221;||||||||&#8221; text_line_height=&#8221;1.8em&#8221; header_font=&#8221;||||||||&#8221; header_4_font=&#8221;Nunito|700||on|||||&#8221; header_4_text_color=&#8221;#94a6bf&#8221; header_4_letter_spacing=&#8221;2px&#8221; header_4_line_height=&#8221;1.4em&#8221; animation_style=&#8221;slide&#8221; animation_direction=&#8221;left&#8221; animation_intensity_slide=&#8221;5%&#8221; animation_starting_opacity=&#8221;100%&#8221; global_colors_info=&#8221;{}&#8221;]<\/p>\n<h2 style=\"text-align: center;\">agosto<\/h2>\n<p>&nbsp;<\/p>\n<p>&nbsp;<\/p>\n<p>&nbsp;<\/p>\n<p>&nbsp;<\/p>\n<p>&nbsp;<\/p>\n<p>[\/et_pb_text][\/et_pb_column][et_pb_column type=&#8221;3_4&#8243; _builder_version=&#8221;4.16&#8243; custom_padding=&#8221;|||&#8221; global_colors_info=&#8221;{}&#8221; custom_padding__hover=&#8221;|||&#8221;][et_pb_text _builder_version=&#8221;4.22.2&#8243; text_font=&#8221;||||||||&#8221; text_line_height=&#8221;1.8em&#8221; header_font=&#8221;||||||||&#8221; header_3_font=&#8221;Abhaya Libre|700|||||||&#8221; header_3_font_size=&#8221;24px&#8221; header_3_line_height=&#8221;1.4em&#8221; custom_margin=&#8221;||0px|&#8221; animation_style=&#8221;slide&#8221; animation_direction=&#8221;left&#8221; animation_intensity_slide=&#8221;5%&#8221; animation_starting_opacity=&#8221;100%&#8221; global_colors_info=&#8221;{}&#8221;]<\/p>\n<p><strong><span style=\"color: #ff0000;\">16<\/span>\u00a0 \u00a0 \u00a0 \u00a0 M\u00c3E CARMEN SERRANO Y RUGAMA MCM &#8211; Fundadora das Irm\u00e3s Mission\u00e1rias Cordimarianas<\/strong><\/p>\n<p><strong><span style=\"color: #ff0000;\">25<\/span>\u00a0 \u00a0 \u00a0 \u00a0 FUNDA\u00c7\u00c3O DA CONGREGA\u00c7\u00c3O DAS IRM\u00c3S MISSION\u00c1RIAS CLARETIANAS RMI &#8211; Santiago (CU) 1855<\/strong><\/p>\n<p>[\/et_pb_text][\/et_pb_column][\/et_pb_row][et_pb_row column_structure=&#8221;1_4,3_4&#8243; _builder_version=&#8221;4.16&#8243; custom_margin=&#8221;9px|auto||auto||&#8221; custom_padding=&#8221;54px||0px|||&#8221; border_width_bottom=&#8221;1px&#8221; border_color_bottom=&#8221;rgba(0,0,0,0.12)&#8221; global_colors_info=&#8221;{}&#8221;][et_pb_column type=&#8221;1_4&#8243; _builder_version=&#8221;4.16&#8243; custom_padding=&#8221;|||&#8221; global_colors_info=&#8221;{}&#8221; custom_padding__hover=&#8221;|||&#8221;][et_pb_text _builder_version=&#8221;4.22.2&#8243; text_font=&#8221;||||||||&#8221; text_line_height=&#8221;1.8em&#8221; header_font=&#8221;||||||||&#8221; header_4_font=&#8221;Nunito|700||on|||||&#8221; header_4_text_color=&#8221;#94a6bf&#8221; header_4_letter_spacing=&#8221;2px&#8221; header_4_line_height=&#8221;1.4em&#8221; animation_style=&#8221;slide&#8221; animation_direction=&#8221;left&#8221; animation_intensity_slide=&#8221;5%&#8221; animation_starting_opacity=&#8221;100%&#8221; global_colors_info=&#8221;{}&#8221;]<\/p>\n<h2 style=\"text-align: center;\">outubro<\/h2>\n<p>&nbsp;<\/p>\n<p>&nbsp;<\/p>\n<p>&nbsp;<\/p>\n<p>&nbsp;<\/p>\n<p>&nbsp;<\/p>\n<p>[\/et_pb_text][\/et_pb_column][et_pb_column type=&#8221;3_4&#8243; _builder_version=&#8221;4.16&#8243; custom_padding=&#8221;|||&#8221; global_colors_info=&#8221;{}&#8221; custom_padding__hover=&#8221;|||&#8221;][et_pb_text _builder_version=&#8221;4.22.2&#8243; text_font=&#8221;||||||||&#8221; text_line_height=&#8221;1.8em&#8221; header_font=&#8221;||||||||&#8221; header_3_font=&#8221;Abhaya Libre|700|||||||&#8221; header_3_font_size=&#8221;24px&#8221; header_3_line_height=&#8221;1.4em&#8221; custom_margin=&#8221;||0px|&#8221; animation_style=&#8221;slide&#8221; animation_direction=&#8221;left&#8221; animation_intensity_slide=&#8221;5%&#8221; animation_starting_opacity=&#8221;100%&#8221; global_colors_info=&#8221;{}&#8221;]<\/p>\n<p><strong><span style=\"color: #ff0000;\">07<\/span>\u00a0 \u00a0 \u00a0 \u00a0 FUNDA\u00c7\u00c3O DA CONGREGA\u00c7\u00c3O DAS IRM\u00c3S MISSION\u00c1RIAS DE MARIA IMACULADA (MMI) &#8211; Malabo (GQ) 1909<\/strong><\/p>\n<p><strong><span style=\"color: #ff0000;\">24<\/span>\u00a0 \u00a0 \u00a0 \u00a0 FESTA DE S\u00c3O ANT\u00d3NIO MARIA CLARET &#8211; Vic (ES) 1870<\/strong><\/p>\n<p>[\/et_pb_text][\/et_pb_column][\/et_pb_row][et_pb_row column_structure=&#8221;1_4,3_4&#8243; _builder_version=&#8221;4.16&#8243; custom_padding=&#8221;54px||0px|||&#8221; border_width_bottom=&#8221;1px&#8221; border_color_bottom=&#8221;rgba(0,0,0,0.12)&#8221; global_colors_info=&#8221;{}&#8221; custom_margin=&#8221;|auto|42px|auto||&#8221;][et_pb_column type=&#8221;1_4&#8243; _builder_version=&#8221;4.16&#8243; custom_padding=&#8221;|||&#8221; global_colors_info=&#8221;{}&#8221; custom_padding__hover=&#8221;|||&#8221;][et_pb_text _builder_version=&#8221;4.22.2&#8243; text_font=&#8221;||||||||&#8221; text_line_height=&#8221;1.8em&#8221; header_font=&#8221;||||||||&#8221; header_4_font=&#8221;Nunito|700||on|||||&#8221; header_4_text_color=&#8221;#94a6bf&#8221; header_4_letter_spacing=&#8221;2px&#8221; header_4_line_height=&#8221;1.4em&#8221; animation_style=&#8221;slide&#8221; animation_direction=&#8221;left&#8221; animation_intensity_slide=&#8221;5%&#8221; animation_starting_opacity=&#8221;100%&#8221; global_colors_info=&#8221;{}&#8221;]<\/p>\n<h2 style=\"text-align: center;\">novembro<\/h2>\n<p>&nbsp;<\/p>\n<p>&nbsp;<\/p>\n<p>&nbsp;<\/p>\n<p>&nbsp;<\/p>\n<p>&nbsp;<\/p>\n<p>[\/et_pb_text][\/et_pb_column][et_pb_column type=&#8221;3_4&#8243; _builder_version=&#8221;4.16&#8243; custom_padding=&#8221;|||&#8221; global_colors_info=&#8221;{}&#8221; custom_padding__hover=&#8221;|||&#8221;][et_pb_text _builder_version=&#8221;4.22.2&#8243; text_font=&#8221;||||||||&#8221; text_line_height=&#8221;1.8em&#8221; header_font=&#8221;||||||||&#8221; header_3_font=&#8221;Abhaya Libre|700|||||||&#8221; header_3_font_size=&#8221;24px&#8221; header_3_line_height=&#8221;1.4em&#8221; custom_margin=&#8221;||0px|&#8221; animation_style=&#8221;slide&#8221; animation_direction=&#8221;left&#8221; animation_intensity_slide=&#8221;5%&#8221; animation_starting_opacity=&#8221;100%&#8221; global_colors_info=&#8221;{}&#8221;]<\/p>\n<p><strong><span style=\"color: #ff0000;\">11<\/span>\u00a0 \u00a0 \u00a0 \u00a0 M\u00c3E MARIA DOLORS SOL\u00c1 E CAROL MIC &#8211; Barcelona (ES) 1996<\/strong><\/p>\n<p><strong><span style=\"color: #ff0000;\">21\u00a0<\/span>\u00a0 \u00a0 \u00a0 \u00a0 APROVA\u00c7\u00c3O PONTIF\u00cdCIA DO INSTITUTO SECULAR DAS FILHAS DO IMACULADO CORA\u00c7\u00c3O DE MARIA &#8211; 1973<\/strong><\/p>\n<p>[\/et_pb_text][\/et_pb_column][\/et_pb_row][et_pb_row column_structure=&#8221;1_4,3_4&#8243; _builder_version=&#8221;4.16&#8243; custom_padding=&#8221;0px||0px|||&#8221; border_width_bottom=&#8221;1px&#8221; border_color_bottom=&#8221;rgba(0,0,0,0.12)&#8221; global_colors_info=&#8221;{}&#8221; min_height=&#8221;240px&#8221;][et_pb_column type=&#8221;1_4&#8243; _builder_version=&#8221;4.16&#8243; custom_padding=&#8221;|||&#8221; global_colors_info=&#8221;{}&#8221; custom_padding__hover=&#8221;|||&#8221;][et_pb_text _builder_version=&#8221;4.22.2&#8243; text_font=&#8221;||||||||&#8221; text_line_height=&#8221;1.8em&#8221; header_font=&#8221;||||||||&#8221; header_4_font=&#8221;Nunito|700||on|||||&#8221; header_4_text_color=&#8221;#94a6bf&#8221; header_4_letter_spacing=&#8221;2px&#8221; header_4_line_height=&#8221;1.4em&#8221; animation_style=&#8221;slide&#8221; animation_direction=&#8221;left&#8221; animation_intensity_slide=&#8221;5%&#8221; animation_starting_opacity=&#8221;100%&#8221; global_colors_info=&#8221;{}&#8221;]<\/p>\n<h2 style=\"text-align: center;\">dezembro<\/h2>\n<p>&nbsp;<\/p>\n<p>&nbsp;<\/p>\n<p>&nbsp;<\/p>\n<p>&nbsp;<\/p>\n<p>&nbsp;<\/p>\n<p>[\/et_pb_text][\/et_pb_column][et_pb_column type=&#8221;3_4&#8243; _builder_version=&#8221;4.16&#8243; custom_padding=&#8221;|||&#8221; global_colors_info=&#8221;{}&#8221; custom_padding__hover=&#8221;|||&#8221;][et_pb_text _builder_version=&#8221;4.22.2&#8243; text_font=&#8221;||||||||&#8221; text_line_height=&#8221;1.8em&#8221; header_font=&#8221;||||||||&#8221; header_3_font=&#8221;Abhaya Libre|700|||||||&#8221; header_3_font_size=&#8221;24px&#8221; header_3_line_height=&#8221;1.4em&#8221; custom_margin=&#8221;||0px|&#8221; animation_style=&#8221;slide&#8221; animation_direction=&#8221;left&#8221; animation_intensity_slide=&#8221;5%&#8221; animation_starting_opacity=&#8221;100%&#8221; hover_enabled=&#8221;0&#8243; global_colors_info=&#8221;{}&#8221; sticky_enabled=&#8221;0&#8243;]<\/p>\n<p><strong><span style=\"color: #ff0000;\">08<\/span>\u00a0 \u00a0 \u00a0 \u00a0 SOLENIDADE DE MARIA IMACULADA<\/strong><\/p>\n<p>[\/et_pb_text][\/et_pb_column][\/et_pb_row][et_pb_row column_structure=&#8221;1_4,3_4&#8243; _builder_version=&#8221;4.16&#8243; custom_padding=&#8221;0px||93px|||&#8221; border_width_bottom=&#8221;1px&#8221; border_color_bottom=&#8221;rgba(0,0,0,0.12)&#8221; global_colors_info=&#8221;{}&#8221; custom_margin=&#8221;50px|auto||auto||&#8221;][et_pb_column type=&#8221;1_4&#8243; _builder_version=&#8221;4.16&#8243; custom_padding=&#8221;|||&#8221; global_colors_info=&#8221;{}&#8221; custom_padding__hover=&#8221;|||&#8221;][et_pb_text _builder_version=&#8221;4.22.2&#8243; text_font=&#8221;||||||||&#8221; text_line_height=&#8221;1.8em&#8221; header_font=&#8221;||||||||&#8221; header_4_font=&#8221;Nunito|700||on|||||&#8221; header_4_text_color=&#8221;#94a6bf&#8221; header_4_letter_spacing=&#8221;2px&#8221; header_4_line_height=&#8221;1.4em&#8221; animation_style=&#8221;slide&#8221; animation_direction=&#8221;left&#8221; animation_intensity_slide=&#8221;5%&#8221; animation_starting_opacity=&#8221;100%&#8221; hover_enabled=&#8221;0&#8243; global_colors_info=&#8221;{}&#8221; sticky_enabled=&#8221;0&#8243;]<\/p>\n<h2 style=\"text-align: center;\">Datas m\u00f3veis<\/h2>\n<p>&nbsp;<\/p>\n<p>&nbsp;<\/p>\n<p>&nbsp;<\/p>\n<p>&nbsp;<\/p>\n<p>&nbsp;<\/p>\n<p>[\/et_pb_text][\/et_pb_column][et_pb_column type=&#8221;3_4&#8243; _builder_version=&#8221;4.16&#8243; custom_padding=&#8221;|||&#8221; global_colors_info=&#8221;{}&#8221; custom_padding__hover=&#8221;|||&#8221;][et_pb_text _builder_version=&#8221;4.22.2&#8243; text_font=&#8221;||||||||&#8221; text_line_height=&#8221;1.8em&#8221; header_font=&#8221;||||||||&#8221; header_3_font=&#8221;Abhaya Libre|700|||||||&#8221; header_3_font_size=&#8221;24px&#8221; header_3_line_height=&#8221;1.4em&#8221; custom_margin=&#8221;||0px|47px||&#8221; animation_style=&#8221;slide&#8221; animation_direction=&#8221;left&#8221; animation_intensity_slide=&#8221;5%&#8221; animation_starting_opacity=&#8221;100%&#8221; hover_enabled=&#8221;0&#8243; global_colors_info=&#8221;{}&#8221; sticky_enabled=&#8221;0&#8243;]<\/p>\n<p>2\u00ba s\u00e1bado depois da celebra\u00e7\u00e3o do Corpus Christi &#8211; Festa do Imaculado Cora\u00e7\u00e3o de Maria<\/p>\n<p>4\u00ba Domingo de P\u00e1scoa &#8211; Dia Mundial de Ora\u00e7\u00e3o pelas Voca\u00e7\u00f5es<\/p>\n<p>Solenidade de Cristo Rei &#8211; Dia Mundial da Juventude nas Igrejas LocaisClaretianos<\/p>\n<p>[\/et_pb_text][\/et_pb_column][\/et_pb_row][\/et_pb_section][et_pb_section fb_built=&#8221;1&#8243; admin_label=&#8221;Footer Section&#8221; _builder_version=&#8221;4.16&#8243; background_color=&#8221;#22262d&#8221; custom_padding=&#8221;100px||100px|&#8221; global_colors_info=&#8221;{}&#8221;][et_pb_row column_structure=&#8221;1_3,1_3,1_3&#8243; custom_padding_last_edited=&#8221;on|phone&#8221; _builder_version=&#8221;4.16&#8243; background_color=&#8221;#bcaca0&#8243; custom_margin=&#8221;-10%|||&#8221; custom_padding=&#8221;70px|3%|70px|3%&#8221; custom_padding_tablet=&#8221;&#8221; custom_padding_phone=&#8221;&#8221; border_radii=&#8221;on|10px|10px|10px|10px&#8221; box_shadow_style=&#8221;preset2&#8243; box_shadow_horizontal=&#8221;0px&#8221; box_shadow_vertical=&#8221;35px&#8221; box_shadow_blur=&#8221;65px&#8221; box_shadow_color=&#8221;rgba(188,163,146,0.1)&#8221; global_colors_info=&#8221;{}&#8221;][et_pb_column type=&#8221;1_3&#8243; _builder_version=&#8221;4.16&#8243; custom_padding=&#8221;|||&#8221; global_colors_info=&#8221;{}&#8221; custom_padding__hover=&#8221;|||&#8221;][et_pb_blurb title=&#8221;Claretianos&#8221; url=&#8221;https:\/\/www.claret.org\/pt-pt\/&#8221; use_icon=&#8221;on&#8221; font_icon=&#8221;&#xe0e3;||divi||400&#8243; icon_color=&#8221;#ffffff&#8221; image_icon_background_color=&#8221;rgba(189,173,160,0)&#8221; image_icon_width=&#8221;32px&#8221; admin_label=&#8221;Where To Buy&#8221; _builder_version=&#8221;4.22.2&#8243; header_font=&#8221;Abhaya Libre|700|||||||&#8221; header_text_color=&#8221;#ffffff&#8221; header_font_size=&#8221;24px&#8221; header_line_height=&#8221;1.2em&#8221; body_font=&#8221;Nunito||||||||&#8221; body_text_color=&#8221;#ffffff&#8221; body_font_size=&#8221;18px&#8221; image_icon_custom_padding=&#8221;25px|25px|25px|25px|false|false&#8221; text_orientation=&#8221;center&#8221; border_radii_image=&#8221;on|100%|100%|100%|100%&#8221; border_width_all_image=&#8221;3px&#8221; border_color_all_image=&#8221;#ffffff&#8221; icon_font_size=&#8221;32px&#8221; use_circle=&#8221;on&#8221; use_circle_border=&#8221;on&#8221; circle_border_color=&#8221;#ffffff&#8221; circle_color=&#8221;rgba(189,173,160,0)&#8221; global_colors_info=&#8221;{}&#8221; image_icon_background_color__sticky_enabled=&#8221;#e05814&#8243; image_icon_background_color__sticky=&#8221;#e05814&#8243;][\/et_pb_blurb][\/et_pb_column][et_pb_column type=&#8221;1_3&#8243; _builder_version=&#8221;4.16&#8243; custom_padding=&#8221;|||&#8221; global_colors_info=&#8221;{}&#8221; custom_padding__hover=&#8221;|||&#8221;][et_pb_blurb title=&#8221;Calend\u00e1rio Claretiano&#8221; url=&#8221;https:\/\/www.claret.org\/pt-pt\/efemerides\/&#8221; use_icon=&#8221;on&#8221; font_icon=&#8221;&#xe023;||divi||400&#8243; icon_color=&#8221;#ffffff&#8221; image_icon_background_color=&#8221;rgba(189,173,160,0)&#8221; image_icon_width=&#8221;32px&#8221; admin_label=&#8221;Contact Manager&#8221; _builder_version=&#8221;4.22.2&#8243; header_font=&#8221;Abhaya Libre|700|||||||&#8221; header_text_color=&#8221;#ffffff&#8221; header_font_size=&#8221;24px&#8221; header_line_height=&#8221;1.2em&#8221; body_font=&#8221;Nunito||||||||&#8221; body_text_color=&#8221;#ffffff&#8221; body_font_size=&#8221;18px&#8221; image_icon_custom_padding=&#8221;25px|25px|25px|25px|false|false&#8221; text_orientation=&#8221;center&#8221; border_radii_image=&#8221;on|100%|100%|100%|100%&#8221; border_width_all_image=&#8221;3px&#8221; border_color_all_image=&#8221;#ffffff&#8221; icon_font_size=&#8221;32px&#8221; use_circle=&#8221;on&#8221; use_circle_border=&#8221;on&#8221; circle_border_color=&#8221;#ffffff&#8221; circle_color=&#8221;rgba(189,173,160,0)&#8221; locked=&#8221;off&#8221; global_colors_info=&#8221;{}&#8221; image_icon_background_color__sticky_enabled=&#8221;#e05814&#8243; image_icon_background_color__sticky=&#8221;#e05814&#8243;][\/et_pb_blurb][\/et_pb_column][et_pb_column type=&#8221;1_3&#8243; _builder_version=&#8221;4.16&#8243; custom_padding=&#8221;|||&#8221; global_colors_info=&#8221;{}&#8221; custom_padding__hover=&#8221;|||&#8221;][et_pb_blurb title=&#8221;@ET-DC@eyJkeW5hbWljIjp0cnVlLCJjb250ZW50IjoicG9zdF9saW5rIiwic2V0dGluZ3MiOnsiYmVmb3JlIjoiIiwiYWZ0ZXIiOiIiLCJ0ZXh0IjoicG9zdF90aXRsZSIsImN1c3RvbV90ZXh0IjoiIn19@&#8221; use_icon=&#8221;on&#8221; font_icon=&#8221;&#xe026;||divi||400&#8243; icon_color=&#8221;#ffffff&#8221; image_icon_background_color=&#8221;rgba(189,173,160,0)&#8221; image_icon_width=&#8221;32px&#8221; admin_label=&#8221;Contact Author&#8221; _builder_version=&#8221;4.22.2&#8243; _dynamic_attributes=&#8221;title&#8221; header_font=&#8221;Abhaya Libre|700|||||||&#8221; header_text_color=&#8221;#ffffff&#8221; header_font_size=&#8221;24px&#8221; header_line_height=&#8221;1.2em&#8221; body_font=&#8221;Nunito||||||||&#8221; body_text_color=&#8221;#ffffff&#8221; body_font_size=&#8221;18px&#8221; image_icon_custom_padding=&#8221;25px|25px|25px|25px|false|false&#8221; text_orientation=&#8221;center&#8221; border_radii_image=&#8221;on|100%|100%|100%|100%&#8221; border_width_all_image=&#8221;3px&#8221; border_color_all_image=&#8221;#ffffff&#8221; icon_font_size=&#8221;32px&#8221; use_circle=&#8221;on&#8221; use_circle_border=&#8221;on&#8221; circle_border_color=&#8221;#ffffff&#8221; circle_color=&#8221;rgba(189,173,160,0)&#8221; locked=&#8221;off&#8221; global_colors_info=&#8221;{}&#8221; image_icon_background_color__sticky_enabled=&#8221;#e05814&#8243; image_icon_background_color__sticky=&#8221;#e05814&#8243;][\/et_pb_blurb][\/et_pb_column][\/et_pb_row][\/et_pb_section]<\/p>\n","protected":false},"excerpt":{"rendered":"<p>Calend\u00e1rio da Fam\u00edlia Claretiana YVMjaneiro &nbsp; &nbsp; &nbsp; &nbsp;17\u00a0 \u00a0 \u00a0 \u00a0 SERVA DE DEUS M\u00c3E Antonia Mar\u00eda Par\u00eds Y RIERA &#8211; Reus (ES) 1885 &#8211; Fundadora das Irm\u00e3s Religiosas de Maria Imaculada Mission\u00e1rias Claretianas (RMI)fevereiro &nbsp; &nbsp; &nbsp; &nbsp;01\u00a0 \u00a0 \u00a0 MEM\u00d3RIA DOS BEM-AVENTURADOS MISSION\u00c1RIOS CLARETIANOS M\u00e1rtires &#8211; 51 m\u00e1rtires de Barbastro (beatificados a [&hellip;]<\/p>\n","protected":false},"author":69,"featured_media":0,"parent":0,"menu_order":0,"comment_status":"closed","ping_status":"closed","template":"","meta":{"_et_pb_use_builder":"on","_et_pb_old_content":"","_et_gb_content_width":"","footnotes":""},"class_list":["post-159403","page","type-page","status-publish","hentry"],"jetpack_sharing_enabled":true,"jetpack_shortlink":"https:\/\/wp.me\/PdaBmi-Ft1","jetpack_likes_enabled":true,"_links":{"self":[{"href":"https:\/\/www.claret.org\/pt-pt\/wp-json\/wp\/v2\/pages\/159403","targetHints":{"allow":["GET"]}}],"collection":[{"href":"https:\/\/www.claret.org\/pt-pt\/wp-json\/wp\/v2\/pages"}],"about":[{"href":"https:\/\/www.claret.org\/pt-pt\/wp-json\/wp\/v2\/types\/page"}],"author":[{"embeddable":true,"href":"https:\/\/www.claret.org\/pt-pt\/wp-json\/wp\/v2\/users\/69"}],"replies":[{"embeddable":true,"href":"https:\/\/www.claret.org\/pt-pt\/wp-json\/wp\/v2\/comments?post=159403"}],"version-history":[{"count":0,"href":"https:\/\/www.claret.org\/pt-pt\/wp-json\/wp\/v2\/pages\/159403\/revisions"}],"wp:attachment":[{"href":"https:\/\/www.claret.org\/pt-pt\/wp-json\/wp\/v2\/media?parent=159403"}],"curies":[{"name":"wp","href":"https:\/\/api.w.org\/{rel}","templated":true}]}}