{"id":185730,"date":"2026-02-14T11:24:38","date_gmt":"2026-02-14T10:24:38","guid":{"rendered":"https:\/\/www.claret.org\/juventude-e-vocacao-2026\/"},"modified":"2026-02-19T18:24:18","modified_gmt":"2026-02-19T17:24:18","slug":"juventude-e-vocacao-2026","status":"publish","type":"page","link":"https:\/\/www.claret.org\/pt-pt\/juventude-e-vocacao-2026\/","title":{"rendered":"Juventude e Vocacao 2026"},"content":{"rendered":"<p>[et_pb_section fb_built=&#8221;1&#8243; fullwidth=&#8221;on&#8221; _builder_version=&#8221;4.27.5&#8243; _module_preset=&#8221;default&#8221; global_colors_info=&#8221;{}&#8221;][et_pb_fullwidth_slider _builder_version=&#8221;4.27.5&#8243; _module_preset=&#8221;default&#8221; background_image=&#8221;https:\/\/www.claret.org\/wp-content\/uploads\/2026\/02\/On-the-way-1.jpg&#8221; animation_style=&#8221;fade&#8221; auto=&#8221;on&#8221; global_colors_info=&#8221;{}&#8221;][et_pb_slide heading=&#8221;A\u00e7\u00e3o pastoral voltada \u00e0 juventude e \u00e0s voca\u00e7\u00f5es&#8221; button_text=&#8221;Mission\u00e1rios Claretianos&#8221; button_link=&#8221;https:\/\/www.claret.org\/pt-pt\/&#8221; url_new_window=&#8221;on&#8221; use_bg_overlay=&#8221;on&#8221; use_text_overlay=&#8221;off&#8221; _builder_version=&#8221;4.27.5&#8243; _module_preset=&#8221;default&#8221; background_image=&#8221;https:\/\/www.claret.org\/wp-content\/uploads\/2026\/02\/Imagen-de-WhatsApp-2025-09-20-a-las-13.28.10_75a67b8b.jpg&#8221; background_enable_image=&#8221;on&#8221; custom_button=&#8221;on&#8221; button_text_size=&#8221;15px&#8221; button_text_color=&#8221;#000000&#8243; button_bg_color=&#8221;#FFFFFF&#8221; button_border_width=&#8221;0px&#8221; button_border_color=&#8221;RGBA(255,255,255,0)&#8221; button_border_radius=&#8221;0px&#8221; text_orientation=&#8221;center&#8221; global_colors_info=&#8221;{}&#8221; sticky_transition=&#8221;on&#8221;]<\/p>\n<p>Prefeitura Geral da PJV<\/p>\n<p>[\/et_pb_slide][et_pb_slide heading=&#8221;A\u00e7\u00e3o pastoral voltada \u00e0 juventude e \u00e0s voca\u00e7\u00f5es&#8221; button_text=&#8221;Mission\u00e1rios Claretianos&#8221; button_link=&#8221;https:\/\/www.claret.org\/pt-pt\/&#8221; _builder_version=&#8221;4.27.5&#8243; _module_preset=&#8221;default&#8221; background_image=&#8221;https:\/\/www.claret.org\/wp-content\/uploads\/2026\/02\/cover.jpg&#8221; background_enable_image=&#8221;on&#8221; custom_button=&#8221;on&#8221; button_text_size=&#8221;15px&#8221; button_text_color=&#8221;#000000&#8243; button_bg_color=&#8221;#FFFFFF&#8221; button_border_width=&#8221;-24px&#8221; button_border_color=&#8221;RGBA(255,255,255,0)&#8221; global_colors_info=&#8221;{}&#8221; sticky_transition=&#8221;on&#8221;]<\/p>\n<p>Prefeitura Geral da PJV<\/p>\n<p>[\/et_pb_slide][et_pb_slide heading=&#8221;A\u00e7\u00e3o pastoral voltada \u00e0 juventude e \u00e0s voca\u00e7\u00f5es&#8221; button_text=&#8221;Mission\u00e1rios Claretianos&#8221; button_link=&#8221;https:\/\/www.claret.org\/pt-pt\/&#8221; _builder_version=&#8221;4.27.5&#8243; _module_preset=&#8221;default&#8221; background_image=&#8221;https:\/\/www.claret.org\/wp-content\/uploads\/2026\/02\/EAD-2.jpg&#8221; background_enable_image=&#8221;on&#8221; custom_button=&#8221;on&#8221; button_text_size=&#8221;15px&#8221; button_text_color=&#8221;#000000&#8243; button_bg_color=&#8221;#FFFFFF&#8221; button_border_color=&#8221;RGBA(255,255,255,0)&#8221; global_colors_info=&#8221;{}&#8221; sticky_transition=&#8221;on&#8221;]<\/p>\n<p>Prefeitura Geral da PJV<\/p>\n<p>[\/et_pb_slide][et_pb_slide heading=&#8221;A\u00e7\u00e3o pastoral voltada \u00e0 juventude e \u00e0s voca\u00e7\u00f5es&#8221; button_text=&#8221;Mission\u00e1rios Claretianos&#8221; button_link=&#8221;https:\/\/www.claret.org\/pt-pt\/&#8221; url_new_window=&#8221;on&#8221; _builder_version=&#8221;4.27.5&#8243; _module_preset=&#8221;default&#8221; custom_button=&#8221;on&#8221; button_text_size=&#8221;15px&#8221; button_text_color=&#8221;#000000&#8243; button_bg_color=&#8221;#FFFFFF&#8221; button_border_color=&#8221;RGBA(255,255,255,0)&#8221; global_colors_info=&#8221;{}&#8221; sticky_transition=&#8221;on&#8221;]<\/p>\n<p>Prefeitura Geral da PJV<\/p>\n<p>[\/et_pb_slide][\/et_pb_fullwidth_slider][\/et_pb_section][et_pb_section fb_built=&#8221;1&#8243; _builder_version=&#8221;4.27.5&#8243; _module_preset=&#8221;default&#8221; background_color=&#8221;#E06100&#8243; global_colors_info=&#8221;{}&#8221;][et_pb_row column_structure=&#8221;1_2,1_2&#8243; _builder_version=&#8221;4.27.5&#8243; _module_preset=&#8221;default&#8221; background_color=&#8221;#E06100&#8243; global_colors_info=&#8221;{}&#8221;][et_pb_column type=&#8221;1_2&#8243; _builder_version=&#8221;4.27.5&#8243; _module_preset=&#8221;default&#8221; global_colors_info=&#8221;{}&#8221;][et_pb_text _builder_version=&#8221;4.27.5&#8243; _module_preset=&#8221;default&#8221; text_font=&#8221;|700|||||||&#8221; text_text_color=&#8221;#FFFFFF&#8221; text_font_size=&#8221;19px&#8221; header_font=&#8221;|700|||||||&#8221; header_text_color=&#8221;#FFFFFF&#8221; header_2_font=&#8221;Abhaya Libre||||||||&#8221; header_2_text_align=&#8221;center&#8221; header_2_text_color=&#8221;#FFFFFF&#8221; header_2_font_size=&#8221;63px&#8221; header_3_text_color=&#8221;#FFFFFF&#8221; background_color=&#8221;#E06100&#8243; text_orientation=&#8221;center&#8221; custom_padding=&#8221;|||0px||&#8221; global_colors_info=&#8221;{}&#8221;]<\/p>\n<p>Prefeitura Geral da PJV CMF<\/p>\n<p>[\/et_pb_text][\/et_pb_column][et_pb_column type=&#8221;1_2&#8243; _builder_version=&#8221;4.27.5&#8243; _module_preset=&#8221;default&#8221; global_colors_info=&#8221;{}&#8221;][et_pb_text _builder_version=&#8221;4.27.5&#8243; _module_preset=&#8221;default&#8221; text_text_color=&#8221;#FFFFFF&#8221; text_font_size=&#8221;18px&#8221; global_colors_info=&#8221;{}&#8221;]<\/p>\n<p>&#8211; Anima e acompanha os respons\u00e1veis pela Pastoral Juvenil e Vocacional na miss\u00e3o da Congrega\u00e7\u00e3o.<\/p>\n<p><\/p>\n<p>&#8211; Promove a miss\u00e3o compartilhada, participando de f\u00f3runs e encontros da PJV com a Fam\u00edlia Claretiana.<\/p>\n<p><\/p>\n<p>&#8211; Articula e coordena a a\u00e7\u00e3o pastoral, em sintonia com o Plano de A\u00e7\u00e3o do Governo Geral e do Conselho Geral da PJV.<\/p>\n<p>[\/et_pb_text][et_pb_button button_text=&#8221;Veja o que fazemos&#8221; _builder_version=&#8221;4.27.5&#8243; _module_preset=&#8221;default&#8221; custom_button=&#8221;on&#8221; button_text_size=&#8221;16px&#8221; button_text_color=&#8221;#000000&#8243; button_bg_color=&#8221;#FFFFFF&#8221; button_border_color=&#8221;RGBA(255,255,255,0)&#8221; custom_margin=&#8221;-30px|||||&#8221; global_colors_info=&#8221;{}&#8221;][\/et_pb_button][\/et_pb_column][\/et_pb_row][\/et_pb_section][et_pb_section fb_built=&#8221;1&#8243; _builder_version=&#8221;4.27.5&#8243; _module_preset=&#8221;default&#8221; background_color=&#8221;#0092cc&#8221; global_colors_info=&#8221;{}&#8221;][et_pb_row column_structure=&#8221;1_4,1_4,1_4,1_4&#8243; _builder_version=&#8221;4.27.5&#8243; _module_preset=&#8221;default&#8221; background_color=&#8221;#FFFFFF&#8221; custom_padding=&#8221;|22px|0px|22px|false|false&#8221; global_colors_info=&#8221;{}&#8221;][et_pb_column type=&#8221;1_4&#8243; _builder_version=&#8221;4.27.5&#8243; _module_preset=&#8221;default&#8221; global_colors_info=&#8221;{}&#8221;][et_pb_blurb title=&#8221;Hist\u00f3rias de voca\u00e7\u00e3o&#8221; image=&#8221;https:\/\/www.claret.org\/wp-content\/uploads\/2026\/02\/COL-1-1.jpg&#8221; _builder_version=&#8221;4.27.5&#8243; _module_preset=&#8221;default&#8221; header_text_align=&#8221;center&#8221; header_font_size=&#8221;17px&#8221; hover_enabled=&#8221;0&#8243; border_color_all_image=&#8221;#000000&#8243; border_style_all_image=&#8221;ridge&#8221; global_colors_info=&#8221;{}&#8221; url=&#8221;@ET-DC@eyJkeW5hbWljIjp0cnVlLCJjb250ZW50IjoicG9zdF9saW5rX3VybF9wYWdlIiwic2V0dGluZ3MiOnsicG9zdF9pZCI6IjE4NTczNiJ9fQ==@&#8221; _dynamic_attributes=&#8221;url&#8221; sticky_enabled=&#8221;0&#8243;][\/et_pb_blurb][\/et_pb_column][et_pb_column type=&#8221;1_4&#8243; _builder_version=&#8221;4.27.5&#8243; _module_preset=&#8221;default&#8221; global_colors_info=&#8221;{}&#8221;][et_pb_blurb title=&#8221;Boas Novas \/ Ha-Mebasser&#8221; image=&#8221;https:\/\/www.claret.org\/wp-content\/uploads\/2026\/02\/COL-2-1.jpg&#8221; _builder_version=&#8221;4.27.5&#8243; _module_preset=&#8221;default&#8221; text_orientation=&#8221;center&#8221; global_colors_info=&#8221;{}&#8221;][\/et_pb_blurb][\/et_pb_column][et_pb_column type=&#8221;1_4&#8243; _builder_version=&#8221;4.27.5&#8243; _module_preset=&#8221;default&#8221; global_colors_info=&#8221;{}&#8221;][et_pb_blurb title=&#8221;Rede mundial de jovens da FC&#8221; image=&#8221;https:\/\/www.claret.org\/wp-content\/uploads\/2026\/02\/COL-3.jpg&#8221; _builder_version=&#8221;4.27.5&#8243; _module_preset=&#8221;default&#8221; header_font_size=&#8221;18px&#8221; text_orientation=&#8221;center&#8221; global_colors_info=&#8221;{}&#8221;][\/et_pb_blurb][\/et_pb_column][et_pb_column type=&#8221;1_4&#8243; _builder_version=&#8221;4.27.5&#8243; _module_preset=&#8221;default&#8221; global_colors_info=&#8221;{}&#8221;][et_pb_blurb title=&#8221;Dia das voca\u00e7\u00f5es claretianas&#8221; image=&#8221;https:\/\/www.claret.org\/wp-content\/uploads\/2026\/02\/COL-4.jpg&#8221; _builder_version=&#8221;4.27.5&#8243; _module_preset=&#8221;default&#8221; header_font_size=&#8221;18px&#8221; header_letter_spacing=&#8221;-2px&#8221; text_orientation=&#8221;center&#8221; global_colors_info=&#8221;{}&#8221;][\/et_pb_blurb][\/et_pb_column][\/et_pb_row][et_pb_row column_structure=&#8221;1_4,1_4,1_4,1_4&#8243; _builder_version=&#8221;4.27.5&#8243; _module_preset=&#8221;default&#8221; background_color=&#8221;#FFFFFF&#8221; custom_padding=&#8221;|22px||22px|false|false&#8221; global_colors_info=&#8221;{}&#8221;][et_pb_column type=&#8221;1_4&#8243; _builder_version=&#8221;4.27.5&#8243; _module_preset=&#8221;default&#8221; global_colors_info=&#8221;{}&#8221;][et_pb_blurb title=&#8221;Voluntariado mission\u00e1rio&#8221; image=&#8221;https:\/\/www.claret.org\/wp-content\/uploads\/2026\/02\/COL-5.jpg&#8221; _builder_version=&#8221;4.27.5&#8243; _module_preset=&#8221;default&#8221; header_font_size=&#8221;16px&#8221; header_letter_spacing=&#8221;-1px&#8221; text_orientation=&#8221;center&#8221; global_colors_info=&#8221;{}&#8221;][\/et_pb_blurb][\/et_pb_column][et_pb_column type=&#8221;1_4&#8243; _builder_version=&#8221;4.27.5&#8243; _module_preset=&#8221;default&#8221; global_colors_info=&#8221;{}&#8221;][et_pb_blurb title=&#8221;Discernimento, B\u00edblia e Ora\u00e7\u00f5es&#8221; image=&#8221;https:\/\/www.claret.org\/wp-content\/uploads\/2026\/02\/COL-6.jpg&#8221; _builder_version=&#8221;4.27.5&#8243; _module_preset=&#8221;default&#8221; header_font_size=&#8221;18px&#8221; text_orientation=&#8221;center&#8221; global_colors_info=&#8221;{}&#8221;][\/et_pb_blurb][\/et_pb_column][et_pb_column type=&#8221;1_4&#8243; _builder_version=&#8221;4.27.5&#8243; _module_preset=&#8221;default&#8221; global_colors_info=&#8221;{}&#8221;][et_pb_blurb title=&#8221;JMJ Claret Way &#8211; Seul 2027&#8243; image=&#8221;https:\/\/www.claret.org\/wp-content\/uploads\/2026\/02\/COL-7.jpg&#8221; _builder_version=&#8221;4.27.5&#8243; _module_preset=&#8221;default&#8221; header_letter_spacing=&#8221;-1px&#8221; text_orientation=&#8221;center&#8221; global_colors_info=&#8221;{}&#8221;][\/et_pb_blurb][\/et_pb_column][et_pb_column type=&#8221;1_4&#8243; _builder_version=&#8221;4.27.5&#8243; _module_preset=&#8221;default&#8221; global_colors_info=&#8221;{}&#8221;][et_pb_blurb title=&#8221;Subs\u00eddios da PJV CMF&#8221; image=&#8221;https:\/\/www.claret.org\/wp-content\/uploads\/2026\/02\/COL-8.jpg&#8221; _builder_version=&#8221;4.27.5&#8243; _module_preset=&#8221;default&#8221; global_colors_info=&#8221;{}&#8221;][\/et_pb_blurb][\/et_pb_column][\/et_pb_row][\/et_pb_section][et_pb_section fb_built=&#8221;1&#8243; _builder_version=&#8221;4.27.5&#8243; _module_preset=&#8221;default&#8221; background_color=&#8221;#242424&#8243; global_colors_info=&#8221;{}&#8221;][et_pb_row column_structure=&#8221;1_3,1_3,1_3&#8243; _builder_version=&#8221;4.27.5&#8243; _module_preset=&#8221;default&#8221; global_colors_info=&#8221;{}&#8221;][et_pb_column type=&#8221;1_3&#8243; _builder_version=&#8221;4.27.5&#8243; _module_preset=&#8221;default&#8221; global_colors_info=&#8221;{}&#8221;][et_pb_text _builder_version=&#8221;4.27.5&#8243; _module_preset=&#8221;default&#8221; global_colors_info=&#8221;{}&#8221;][\/et_pb_text][et_pb_text _builder_version=&#8221;4.27.5&#8243; _module_preset=&#8221;default&#8221; header_2_font=&#8221;Actor|700|||||||&#8221; header_2_text_align=&#8221;center&#8221; header_2_text_color=&#8221;#FFFFFF&#8221; header_2_font_size=&#8221;41px&#8221; global_colors_info=&#8221;{}&#8221;]<\/p>\n<p>Prefeitura Geral da PJV CMF<\/p>\n<p>[\/et_pb_text][et_pb_text _builder_version=&#8221;4.27.5&#8243; _module_preset=&#8221;default&#8221; global_colors_info=&#8221;{}&#8221;][\/et_pb_text][\/et_pb_column][et_pb_column type=&#8221;1_3&#8243; _builder_version=&#8221;4.27.5&#8243; _module_preset=&#8221;default&#8221; global_colors_info=&#8221;{}&#8221;][et_pb_text _builder_version=&#8221;4.27.5&#8243; _module_preset=&#8221;default&#8221; text_text_color=&#8221;#FFFFFF&#8221; text_font_size=&#8221;15px&#8221; text_line_height=&#8221;1.3em&#8221; header_text_color=&#8221;#FFFFFF&#8221; header_font_size=&#8221;22px&#8221; header_3_text_color=&#8221;#FFFFFF&#8221; header_3_font_size=&#8221;18px&#8221; header_3_line_height=&#8221;1.3em&#8221; background_color=&#8221;#651906&#8243; width=&#8221;100%&#8221; custom_padding=&#8221;22px|22px|18px|22px|false|false&#8221; border_radii=&#8221;on|22px|22px|22px|22px&#8221; global_colors_info=&#8221;{}&#8221;]<\/p>\n<p>Calend\u00e1rio da PJV CMF ano 2026<\/p>\n<p><\/p>\n<p>&nbsp;<\/p>\n<p>[\/et_pb_text][et_pb_text _builder_version=&#8221;4.27.5&#8243; _module_preset=&#8221;default&#8221; text_text_color=&#8221;#FFFFFF&#8221; text_font_size=&#8221;15px&#8221; text_line_height=&#8221;1.3em&#8221; header_text_color=&#8221;#FFFFFF&#8221; header_font_size=&#8221;22px&#8221; header_3_text_color=&#8221;#FFFFFF&#8221; header_3_font_size=&#8221;18px&#8221; background_color=&#8221;#424400&#8243; width=&#8221;100%&#8221; custom_margin=&#8221;-8px|||||&#8221; custom_padding=&#8221;22px|22px|18px|22px|false|false&#8221; border_radii=&#8221;on|22px|22px|22px|22px&#8221; global_colors_info=&#8221;{}&#8221;]<\/p>\n<p>Documentos oficiais<\/p>\n<p><\/p>\n<p>Baixe aqui os documentos da prefeitura geral da PJV<\/p>\n<p>[\/et_pb_text][\/et_pb_column][et_pb_column type=&#8221;1_3&#8243; _builder_version=&#8221;4.27.5&#8243; _module_preset=&#8221;default&#8221; global_colors_info=&#8221;{}&#8221;][et_pb_text _builder_version=&#8221;4.27.5&#8243; _module_preset=&#8221;default&#8221; text_text_color=&#8221;#FFFFFF&#8221; text_font_size=&#8221;15px&#8221; text_line_height=&#8221;1.3em&#8221; header_text_color=&#8221;#FFFFFF&#8221; header_font_size=&#8221;22px&#8221; header_3_text_color=&#8221;#FFFFFF&#8221; header_3_font_size=&#8221;18px&#8221; background_color=&#8221;#44580E&#8221; width=&#8221;100%&#8221; custom_padding=&#8221;22px|22px|18px|22px|false|false&#8221; border_radii=&#8221;on|22px|22px|22px|22px&#8221; global_colors_info=&#8221;{}&#8221;]<\/p>\n<p>Comunica\u00e7\u00f5es da Prefeitura Geral<\/p>\n<p><\/p>\n<p>Cartas e lembretes do prefeito geral para os referentes da PJV CMF<\/p>\n<p>[\/et_pb_text][et_pb_text _builder_version=&#8221;4.27.5&#8243; _module_preset=&#8221;default&#8221; text_text_color=&#8221;#FFFFFF&#8221; text_font_size=&#8221;15px&#8221; text_line_height=&#8221;1.3em&#8221; header_text_color=&#8221;#FFFFFF&#8221; header_font_size=&#8221;22px&#8221; header_3_text_color=&#8221;#FFFFFF&#8221; header_3_font_size=&#8221;18px&#8221; background_color=&#8221;#651906&#8243; width=&#8221;100%&#8221; custom_margin=&#8221;1px||-4px|||&#8221; custom_padding=&#8221;22px|22px|18px|22px|false|false&#8221; border_radii=&#8221;on|22px|22px|22px|22px&#8221; global_colors_info=&#8221;{}&#8221;]<\/p>\n<p>Cultura do cuidado<\/p>\n<p><\/p>\n<p>Preven\u00e7\u00e3o de abusos de menores e pessoas vulner\u00e1veis<\/p>\n<p>[\/et_pb_text][\/et_pb_column][\/et_pb_row][\/et_pb_section][et_pb_section fb_built=&#8221;1&#8243; _builder_version=&#8221;4.27.5&#8243; _module_preset=&#8221;default&#8221; background_image=&#8221;https:\/\/www.claret.org\/wp-content\/uploads\/2026\/02\/Screenshot-2026-02-15-154257.png&#8221; custom_padding=&#8221;113px||71px|||&#8221; global_colors_info=&#8221;{}&#8221;][et_pb_row _builder_version=&#8221;4.27.5&#8243; _module_preset=&#8221;default&#8221; global_colors_info=&#8221;{}&#8221;][et_pb_column type=&#8221;4_4&#8243; _builder_version=&#8221;4.27.5&#8243; _module_preset=&#8221;default&#8221; global_colors_info=&#8221;{}&#8221;][et_pb_text _builder_version=&#8221;4.27.5&#8243; _module_preset=&#8221;default&#8221; header_3_text_color=&#8221;#FFFFFF&#8221; text_orientation=&#8221;center&#8221; custom_margin=&#8221;4px|||||&#8221; custom_padding=&#8221;||0px|||&#8221; global_colors_info=&#8221;{}&#8221;]<\/p>\n<p>Contamos suas hist\u00f3rias da PJV e voca\u00e7\u00e3o<\/p>\n<p>[\/et_pb_text][\/et_pb_column][\/et_pb_row][et_pb_row column_structure=&#8221;1_2,1_2&#8243; _builder_version=&#8221;4.27.5&#8243; _module_preset=&#8221;default&#8221; global_colors_info=&#8221;{}&#8221;][et_pb_column type=&#8221;1_2&#8243; _builder_version=&#8221;4.27.5&#8243; _module_preset=&#8221;default&#8221; global_colors_info=&#8221;{}&#8221;][et_pb_text _builder_version=&#8221;4.27.5&#8243; _module_preset=&#8221;default&#8221; text_font_size=&#8221;15px&#8221; header_3_font_size=&#8221;32px&#8221; background_color=&#8221;#FFFFFF&#8221; text_orientation=&#8221;center&#8221; custom_margin=&#8221;-32px|||||&#8221; custom_padding=&#8221;22px|15px|22px|15px|false|false&#8221; global_colors_info=&#8221;{}&#8221;]<\/p>\n<p>CONTATO<\/p>\n<p><\/p>\n<p>prefpjv@cmfgen.org<\/p>\n<p>[\/et_pb_text][\/et_pb_column][et_pb_column type=&#8221;1_2&#8243; _builder_version=&#8221;4.27.5&#8243; _module_preset=&#8221;default&#8221; global_colors_info=&#8221;{}&#8221;][et_pb_text _builder_version=&#8221;4.27.5&#8243; _module_preset=&#8221;default&#8221; text_text_color=&#8221;#FFFFFF&#8221; header_text_color=&#8221;#FFFFFF&#8221; header_2_text_color=&#8221;#FFFFFF&#8221; header_3_text_color=&#8221;#FFFFFF&#8221; header_3_font_size=&#8221;31px&#8221; background_color=&#8221;#E06100&#8243; text_orientation=&#8221;center&#8221; custom_margin=&#8221;-36px|||||&#8221; custom_padding=&#8221;22px|22px|22px|22px|false|false&#8221; global_colors_info=&#8221;{}&#8221;]<\/p>\n<p>SEGUIR<\/p>\n<p>[\/et_pb_text][\/et_pb_column][\/et_pb_row][\/et_pb_section]<\/p>\n","protected":false},"excerpt":{"rendered":"<p>Prefeitura Geral da PJVPrefeitura Geral da PJVPrefeitura Geral da PJVPrefeitura Geral da PJVPrefeitura Geral da PJV CMF- Anima e acompanha os respons\u00e1veis pela Pastoral Juvenil e Vocacional na miss\u00e3o da Congrega\u00e7\u00e3o.- Promove a miss\u00e3o compartilhada, participando de f\u00f3runs e encontros da PJV com a Fam\u00edlia Claretiana.- Articula e coordena a a\u00e7\u00e3o pastoral, em sintonia com [&hellip;]<\/p>\n","protected":false},"author":69,"featured_media":185426,"parent":0,"menu_order":0,"comment_status":"closed","ping_status":"closed","template":"","meta":{"_et_pb_use_builder":"on","_et_pb_old_content":"","_et_gb_content_width":"","footnotes":""},"class_list":["post-185730","page","type-page","status-publish","has-post-thumbnail","hentry"],"jetpack_sharing_enabled":true,"jetpack_shortlink":"https:\/\/wp.me\/PdaBmi-MjE","jetpack_likes_enabled":true,"_links":{"self":[{"href":"https:\/\/www.claret.org\/pt-pt\/wp-json\/wp\/v2\/pages\/185730","targetHints":{"allow":["GET"]}}],"collection":[{"href":"https:\/\/www.claret.org\/pt-pt\/wp-json\/wp\/v2\/pages"}],"about":[{"href":"https:\/\/www.claret.org\/pt-pt\/wp-json\/wp\/v2\/types\/page"}],"author":[{"embeddable":true,"href":"https:\/\/www.claret.org\/pt-pt\/wp-json\/wp\/v2\/users\/69"}],"replies":[{"embeddable":true,"href":"https:\/\/www.claret.org\/pt-pt\/wp-json\/wp\/v2\/comments?post=185730"}],"version-history":[{"count":3,"href":"https:\/\/www.claret.org\/pt-pt\/wp-json\/wp\/v2\/pages\/185730\/revisions"}],"predecessor-version":[{"id":186198,"href":"https:\/\/www.claret.org\/pt-pt\/wp-json\/wp\/v2\/pages\/185730\/revisions\/186198"}],"wp:featuredmedia":[{"embeddable":true,"href":"https:\/\/www.claret.org\/pt-pt\/wp-json\/wp\/v2\/media\/185426"}],"wp:attachment":[{"href":"https:\/\/www.claret.org\/pt-pt\/wp-json\/wp\/v2\/media?parent=185730"}],"curies":[{"name":"wp","href":"https:\/\/api.w.org\/{rel}","templated":true}]}}